{"id":69319,"date":"2023-10-11T15:08:53","date_gmt":"2023-10-11T13:08:53","guid":{"rendered":"https:\/\/swissbaker.ch\/?post_type=photogallery&#038;p=69319"},"modified":"2023-10-31T07:50:51","modified_gmt":"2023-10-31T06:50:51","slug":"brotfest-in-oesterreich","status":"publish","type":"photogallery","link":"https:\/\/swissbaker.ch\/fr\/panissimo-news\/galerie\/brotfest-in-oesterreich\/","title":{"rendered":"BROTFEST IN \u00d6STERREICH"},"content":{"rendered":"\n<p>Das f\u00fcnfte Rauriser Brotfest fand vom 30. September bis 1. Oktober in Rauris<br>(AT) statt. Am Samstag standen reichlich Symposien von internationalen G\u00e4sten<br>aus der B\u00e4cker-Confiseurbranche auf dem Programm, zu denen auch der<br>B\u00e4ckerkronengewinner 2022 Daniel Amrein aus Wauwil (LU) und Werner Kast<br>der B\u00e4ckerei Kast aus Reute (AR) z\u00e4hlten. Als Abrundung strahlte ein Brotkino<br>die Dokumentationsreihe \u00abDie Brotrebellen\u00bb des Bayrischen Rundfunks aus. Die<br>durch das Raurisertal verteilten Holzback\u00f6fen wurden am Sonntag mit Unterst\u00fctzung<br>der geladenen G\u00e4ste eingeheizt und konnten so in vollem Einsatz<br>bestaunt werden.<\/p>\n\n\n\n<p class=\"has-text-align-right\"><em>com<\/em><\/p>\n","protected":false},"excerpt":{"rendered":"<p>Das f\u00fcnfte Rauriser Brotfest fand vom 30. September bis 1. Oktober in Rauris(AT) statt. Am Samstag standen reichlich Symposien von internationalen G\u00e4stenaus der B\u00e4cker-Confiseurbranche auf dem Programm, zu denen auch derB\u00e4ckerkronengewinner 2022 Daniel Amrein aus Wauwil (LU) und Werner Kastder B\u00e4ckerei Kast aus Reute (AR) z\u00e4hlten. Als Abrundung strahlte ein Brotkinodie Dokumentationsreihe \u00abDie Brotrebellen\u00bb des Bayrischen Rundfunks aus. Diedurch das [&hellip;]<\/p>\n","protected":false},"author":14,"featured_media":69344,"menu_order":0,"template":"","class_list":["post-69319","photogallery","type-photogallery","status-publish","has-post-thumbnail","hentry"],"acf":[],"yoast_head":"<!-- This site is optimized with the Yoast SEO Premium plugin v26.8 (Yoast SEO v26.8) - https:\/\/yoast.com\/product\/yoast-seo-premium-wordpress\/ -->\n<title>BROTFEST IN \u00d6STERREICH | SBC<\/title>\n<meta name=\"robots\" content=\"index, follow, max-snippet:-1, max-image-preview:large, max-video-preview:-1\" \/>\n<link rel=\"canonical\" href=\"https:\/\/swissbaker.ch\/fr\/panissimo-news\/galerie\/brotfest-in-oesterreich\/\" \/>\n<meta property=\"og:locale\" content=\"fr_FR\" \/>\n<meta property=\"og:type\" content=\"article\" \/>\n<meta property=\"og:title\" content=\"BROTFEST IN \u00d6STERREICH\" \/>\n<meta property=\"og:description\" content=\"Das f\u00fcnfte Rauriser Brotfest fand vom 30. September bis 1. Oktober in Rauris(AT) statt. Am Samstag standen reichlich Symposien von internationalen G\u00e4stenaus der B\u00e4cker-Confiseurbranche auf dem Programm, zu denen auch derB\u00e4ckerkronengewinner 2022 Daniel Amrein aus Wauwil (LU) und Werner Kastder B\u00e4ckerei Kast aus Reute (AR) z\u00e4hlten. Als Abrundung strahlte ein Brotkinodie Dokumentationsreihe \u00abDie Brotrebellen\u00bb des Bayrischen Rundfunks aus. Diedurch das [&hellip;]\" \/>\n<meta property=\"og:url\" content=\"https:\/\/swissbaker.ch\/fr\/panissimo-news\/galerie\/brotfest-in-oesterreich\/\" \/>\n<meta property=\"og:site_name\" content=\"SBC\" \/>\n<meta property=\"article:publisher\" content=\"https:\/\/www.facebook.com\/swissbaker.ch\" \/>\n<meta property=\"article:modified_time\" content=\"2023-10-31T06:50:51+00:00\" \/>\n<meta property=\"og:image\" content=\"https:\/\/swissbaker.ch\/wp-content\/uploads\/2023\/10\/brotfest-rauris-1422-scaled.jpg\" \/>\n\t<meta property=\"og:image:width\" content=\"2048\" \/>\n\t<meta property=\"og:image:height\" content=\"1367\" \/>\n\t<meta property=\"og:image:type\" content=\"image\/jpeg\" \/>\n<meta name=\"twitter:card\" content=\"summary_large_image\" \/>\n<meta name=\"twitter:site\" content=\"@ch_swissbaker\" \/>\n<script type=\"application\/ld+json\" class=\"yoast-schema-graph\">{\"@context\":\"https:\/\/schema.org\",\"@graph\":[{\"@type\":\"WebPage\",\"@id\":\"https:\/\/swissbaker.ch\/fr\/panissimo-news\/galerie\/brotfest-in-oesterreich\/\",\"url\":\"https:\/\/swissbaker.ch\/fr\/panissimo-news\/galerie\/brotfest-in-oesterreich\/\",\"name\":\"BROTFEST IN \u00d6STERREICH | SBC\",\"isPartOf\":{\"@id\":\"https:\/\/swissbaker.ch\/fr\/#website\"},\"primaryImageOfPage\":{\"@id\":\"https:\/\/swissbaker.ch\/fr\/panissimo-news\/galerie\/brotfest-in-oesterreich\/#primaryimage\"},\"image\":{\"@id\":\"https:\/\/swissbaker.ch\/fr\/panissimo-news\/galerie\/brotfest-in-oesterreich\/#primaryimage\"},\"thumbnailUrl\":\"https:\/\/swissbaker.ch\/wp-content\/uploads\/2023\/10\/brotfest-rauris-1422-scaled.jpg\",\"datePublished\":\"2023-10-11T13:08:53+00:00\",\"dateModified\":\"2023-10-31T06:50:51+00:00\",\"breadcrumb\":{\"@id\":\"https:\/\/swissbaker.ch\/fr\/panissimo-news\/galerie\/brotfest-in-oesterreich\/#breadcrumb\"},\"inLanguage\":\"fr-FR\",\"potentialAction\":[{\"@type\":\"ReadAction\",\"target\":[\"https:\/\/swissbaker.ch\/fr\/panissimo-news\/galerie\/brotfest-in-oesterreich\/\"]}]},{\"@type\":\"ImageObject\",\"inLanguage\":\"fr-FR\",\"@id\":\"https:\/\/swissbaker.ch\/fr\/panissimo-news\/galerie\/brotfest-in-oesterreich\/#primaryimage\",\"url\":\"https:\/\/swissbaker.ch\/wp-content\/uploads\/2023\/10\/brotfest-rauris-1422-scaled.jpg\",\"contentUrl\":\"https:\/\/swissbaker.ch\/wp-content\/uploads\/2023\/10\/brotfest-rauris-1422-scaled.jpg\",\"width\":2048,\"height\":1367},{\"@type\":\"BreadcrumbList\",\"@id\":\"https:\/\/swissbaker.ch\/fr\/panissimo-news\/galerie\/brotfest-in-oesterreich\/#breadcrumb\",\"itemListElement\":[{\"@type\":\"ListItem\",\"position\":1,\"name\":\"\",\"item\":\"https:\/\/swissbaker.ch\/fr\/\"},{\"@type\":\"ListItem\",\"position\":2,\"name\":\"Galerie de photos\",\"item\":\"https:\/\/swissbaker.ch\/fr\/panissimo-news\/galerie\/\"},{\"@type\":\"ListItem\",\"position\":3,\"name\":\"BROTFEST IN \u00d6STERREICH\"}]},{\"@type\":\"WebSite\",\"@id\":\"https:\/\/swissbaker.ch\/fr\/#website\",\"url\":\"https:\/\/swissbaker.ch\/fr\/\",\"name\":\"SBC\",\"description\":\"\",\"publisher\":{\"@id\":\"https:\/\/swissbaker.ch\/fr\/#organization\"},\"potentialAction\":[{\"@type\":\"SearchAction\",\"target\":{\"@type\":\"EntryPoint\",\"urlTemplate\":\"https:\/\/swissbaker.ch\/fr\/?s={search_term_string}\"},\"query-input\":{\"@type\":\"PropertyValueSpecification\",\"valueRequired\":true,\"valueName\":\"search_term_string\"}}],\"inLanguage\":\"fr-FR\"},{\"@type\":\"Organization\",\"@id\":\"https:\/\/swissbaker.ch\/fr\/#organization\",\"name\":\"Schweizerischer B\u00e4cker-Confiseurmeister-Verband\",\"url\":\"https:\/\/swissbaker.ch\/fr\/\",\"logo\":{\"@type\":\"ImageObject\",\"inLanguage\":\"fr-FR\",\"@id\":\"https:\/\/swissbaker.ch\/fr\/#\/schema\/logo\/image\/\",\"url\":\"https:\/\/swissbaker.ch\/wp-content\/uploads\/2022\/04\/sbc-logo-yoast.jpg\",\"contentUrl\":\"https:\/\/swissbaker.ch\/wp-content\/uploads\/2022\/04\/sbc-logo-yoast.jpg\",\"width\":512,\"height\":512,\"caption\":\"Schweizerischer B\u00e4cker-Confiseurmeister-Verband\"},\"image\":{\"@id\":\"https:\/\/swissbaker.ch\/fr\/#\/schema\/logo\/image\/\"},\"sameAs\":[\"https:\/\/www.facebook.com\/swissbaker.ch\",\"https:\/\/x.com\/ch_swissbaker\"]}]}<\/script>\n<!-- \/ Yoast SEO Premium plugin. -->","yoast_head_json":{"title":"BROTFEST IN \u00d6STERREICH | SBC","robots":{"index":"index","follow":"follow","max-snippet":"max-snippet:-1","max-image-preview":"max-image-preview:large","max-video-preview":"max-video-preview:-1"},"canonical":"https:\/\/swissbaker.ch\/fr\/panissimo-news\/galerie\/brotfest-in-oesterreich\/","og_locale":"fr_FR","og_type":"article","og_title":"BROTFEST IN \u00d6STERREICH","og_description":"Das f\u00fcnfte Rauriser Brotfest fand vom 30. September bis 1. Oktober in Rauris(AT) statt. Am Samstag standen reichlich Symposien von internationalen G\u00e4stenaus der B\u00e4cker-Confiseurbranche auf dem Programm, zu denen auch derB\u00e4ckerkronengewinner 2022 Daniel Amrein aus Wauwil (LU) und Werner Kastder B\u00e4ckerei Kast aus Reute (AR) z\u00e4hlten. Als Abrundung strahlte ein Brotkinodie Dokumentationsreihe \u00abDie Brotrebellen\u00bb des Bayrischen Rundfunks aus. Diedurch das [&hellip;]","og_url":"https:\/\/swissbaker.ch\/fr\/panissimo-news\/galerie\/brotfest-in-oesterreich\/","og_site_name":"SBC","article_publisher":"https:\/\/www.facebook.com\/swissbaker.ch","article_modified_time":"2023-10-31T06:50:51+00:00","og_image":[{"width":2048,"height":1367,"url":"https:\/\/swissbaker.ch\/wp-content\/uploads\/2023\/10\/brotfest-rauris-1422-scaled.jpg","type":"image\/jpeg"}],"twitter_card":"summary_large_image","twitter_site":"@ch_swissbaker","schema":{"@context":"https:\/\/schema.org","@graph":[{"@type":"WebPage","@id":"https:\/\/swissbaker.ch\/fr\/panissimo-news\/galerie\/brotfest-in-oesterreich\/","url":"https:\/\/swissbaker.ch\/fr\/panissimo-news\/galerie\/brotfest-in-oesterreich\/","name":"BROTFEST IN \u00d6STERREICH | SBC","isPartOf":{"@id":"https:\/\/swissbaker.ch\/fr\/#website"},"primaryImageOfPage":{"@id":"https:\/\/swissbaker.ch\/fr\/panissimo-news\/galerie\/brotfest-in-oesterreich\/#primaryimage"},"image":{"@id":"https:\/\/swissbaker.ch\/fr\/panissimo-news\/galerie\/brotfest-in-oesterreich\/#primaryimage"},"thumbnailUrl":"https:\/\/swissbaker.ch\/wp-content\/uploads\/2023\/10\/brotfest-rauris-1422-scaled.jpg","datePublished":"2023-10-11T13:08:53+00:00","dateModified":"2023-10-31T06:50:51+00:00","breadcrumb":{"@id":"https:\/\/swissbaker.ch\/fr\/panissimo-news\/galerie\/brotfest-in-oesterreich\/#breadcrumb"},"inLanguage":"fr-FR","potentialAction":[{"@type":"ReadAction","target":["https:\/\/swissbaker.ch\/fr\/panissimo-news\/galerie\/brotfest-in-oesterreich\/"]}]},{"@type":"ImageObject","inLanguage":"fr-FR","@id":"https:\/\/swissbaker.ch\/fr\/panissimo-news\/galerie\/brotfest-in-oesterreich\/#primaryimage","url":"https:\/\/swissbaker.ch\/wp-content\/uploads\/2023\/10\/brotfest-rauris-1422-scaled.jpg","contentUrl":"https:\/\/swissbaker.ch\/wp-content\/uploads\/2023\/10\/brotfest-rauris-1422-scaled.jpg","width":2048,"height":1367},{"@type":"BreadcrumbList","@id":"https:\/\/swissbaker.ch\/fr\/panissimo-news\/galerie\/brotfest-in-oesterreich\/#breadcrumb","itemListElement":[{"@type":"ListItem","position":1,"name":"","item":"https:\/\/swissbaker.ch\/fr\/"},{"@type":"ListItem","position":2,"name":"Galerie de photos","item":"https:\/\/swissbaker.ch\/fr\/panissimo-news\/galerie\/"},{"@type":"ListItem","position":3,"name":"BROTFEST IN \u00d6STERREICH"}]},{"@type":"WebSite","@id":"https:\/\/swissbaker.ch\/fr\/#website","url":"https:\/\/swissbaker.ch\/fr\/","name":"SBC","description":"","publisher":{"@id":"https:\/\/swissbaker.ch\/fr\/#organization"},"potentialAction":[{"@type":"SearchAction","target":{"@type":"EntryPoint","urlTemplate":"https:\/\/swissbaker.ch\/fr\/?s={search_term_string}"},"query-input":{"@type":"PropertyValueSpecification","valueRequired":true,"valueName":"search_term_string"}}],"inLanguage":"fr-FR"},{"@type":"Organization","@id":"https:\/\/swissbaker.ch\/fr\/#organization","name":"Schweizerischer B\u00e4cker-Confiseurmeister-Verband","url":"https:\/\/swissbaker.ch\/fr\/","logo":{"@type":"ImageObject","inLanguage":"fr-FR","@id":"https:\/\/swissbaker.ch\/fr\/#\/schema\/logo\/image\/","url":"https:\/\/swissbaker.ch\/wp-content\/uploads\/2022\/04\/sbc-logo-yoast.jpg","contentUrl":"https:\/\/swissbaker.ch\/wp-content\/uploads\/2022\/04\/sbc-logo-yoast.jpg","width":512,"height":512,"caption":"Schweizerischer B\u00e4cker-Confiseurmeister-Verband"},"image":{"@id":"https:\/\/swissbaker.ch\/fr\/#\/schema\/logo\/image\/"},"sameAs":["https:\/\/www.facebook.com\/swissbaker.ch","https:\/\/x.com\/ch_swissbaker"]}]}},"_links":{"self":[{"href":"https:\/\/swissbaker.ch\/fr\/wp-json\/wp\/v2\/photogallery\/69319","targetHints":{"allow":["GET"]}}],"collection":[{"href":"https:\/\/swissbaker.ch\/fr\/wp-json\/wp\/v2\/photogallery"}],"about":[{"href":"https:\/\/swissbaker.ch\/fr\/wp-json\/wp\/v2\/types\/photogallery"}],"author":[{"embeddable":true,"href":"https:\/\/swissbaker.ch\/fr\/wp-json\/wp\/v2\/users\/14"}],"version-history":[{"count":0,"href":"https:\/\/swissbaker.ch\/fr\/wp-json\/wp\/v2\/photogallery\/69319\/revisions"}],"wp:featuredmedia":[{"embeddable":true,"href":"https:\/\/swissbaker.ch\/fr\/wp-json\/wp\/v2\/media\/69344"}],"wp:attachment":[{"href":"https:\/\/swissbaker.ch\/fr\/wp-json\/wp\/v2\/media?parent=69319"}],"curies":[{"name":"wp","href":"https:\/\/api.w.org\/{rel}","templated":true}]}}