{"id":65559,"date":"2023-07-13T13:28:21","date_gmt":"2023-07-13T11:28:21","guid":{"rendered":"https:\/\/swissbaker.ch\/?post_type=photogallery&#038;p=65559"},"modified":"2023-07-13T13:32:45","modified_gmt":"2023-07-13T11:32:45","slug":"topwetter-fuer-swiss-baker-golf-trophy-in-andermatt","status":"publish","type":"photogallery","link":"https:\/\/swissbaker.ch\/fr\/panissimo-news\/galerie\/topwetter-fuer-swiss-baker-golf-trophy-in-andermatt\/","title":{"rendered":"Topwetter f\u00fcr Swiss Baker Golf Trophy in Andermatt"},"content":{"rendered":"\n<p><strong>Ende Juni fand in Andermatt (UR) die 27. Swiss Baker Golf Trophy statt. 35 Fachleute aus der B\u00e4ckerei-Konditorei-Confiserie-Branche, dem Detailhandel, aber auch Partner und G\u00e4ste folgten der Einladung der Organisatoren Adi Baggenstos und J\u00fcrg Wieland. Der traditionelle Anlass findet seit beinahe 30 Jahren immer am letzten Montag im Juni statt. Am Vortag hatten die Teilnehmenden, unter ihnen auch f\u00fcnf Urner Golfer die Gelegenheit, den anspruchsvollen, wundersch\u00f6nen 18-Loch Andermatt Swiss Alps Golf Course mit einer Proberunde kennenzulernen. Die Golfer*innen und Golfer merkten schnell, dass der landschaftlich einmalig angelegte Golfplatz eine nicht ganz leichte Herausforderung ist.<\/strong><\/p>\n\n\n\n<p>Dank dem B\u00e4ckermeisterverband Uri und vielen anderen Sponsoren konnte ein attraktiver Gabentempel zur Verf\u00fcgung gestellt werden. Bei herrlichem Wetter und angenehmen Temperaturen starteten die ersten Teilnehmenden von insgesamt zw\u00f6lf Fligth\u2019s. Nach neun gespielten L\u00f6chern konnten sie sich mit Sandwiches, Fr\u00fcchten und Getr\u00e4nken st\u00e4rken, bevor die weiteren neun L\u00f6cher in Angriff genommen wurden. Nachdem alle Spielerinnen und Spieler ohne nennenswerte Vorkommnisse zur\u00fcckgekehrt waren, traf man sich im Clubhaus zur Rangverk\u00fcndigung und zum anschliessenden Abendessen. Der Anlass wurde von allen Teilnehmerinnen und Teilnehmern als grosser Erfolg gewertet. Es gab viel Lob f\u00fcr die Organisatoren, zum Course, zum Wetter und schliesslich zum grossz\u00fcgigen Gabentempel. J\u00fcrg Wieland verstand es, mit viel Humor und ausgefallenen Ideen fast alle Teilnehmerinnen und Teilnehmer zu beschenken.<\/p>\n\n\n\n<p><strong>Knappe Ergebnisse bei den Damen<\/strong><\/p>\n\n\n\n<p>Das Turnier wurde im Z\u00e4hlspiel nach Stableford und nach Handicap im Punktesystem durchgef\u00fchrt und gewertet. Eine sehr starke Leistung gelang Nils Gn\u00e4diger, Golfclub Goldenberg, mit 51 Punkten in der Kategorie Netto Herren. Er distanzierte Karl Lutz, Waldkirch, und Martin Bucher, Fl\u00fchli S\u00f6renberg, um volle 16 Punkte. Christian Schillig, Golfclub Andermatt Realp, der Kassier des B\u00e4ckermeisterverbandes Uri, verpasste hier das Podest auf Rang 4 relativ knapp. Sehr eng wurde es in der Wertung Netto Damen, hier siegte Judith Freudiger, ASG GolfCard Migros, mit 38 Punkten vor Margrit Bachmann, Waldkirch, und Ramona Marggi, Ybrig, mit je 37 Punkten. Die Kategorie Netto mixed G\u00e4ste gewann Sebastian Wieland mit 36 Punkten vor Werner Gisler, Golfclub Saint Apollinaire mit 34 und Thomas Widmer, ASG GolfCard Migros, mit 29 Punkten. Die Kategorie Brutto Herren meisterte Hans Freudiger, Golfclub Bern, vor Hanspeter Aebischer, Rheinfelden, und Martin Bucher, Fl\u00fchli S\u00f6renberg. Einen klaren Sieg mit 20 Punkten gab es in der Wertung Brutto Damen mit Ramona Marggi, Ybrig, vor Simone Sutter, Basel, und Judith Freudiger, ASG GolfCard Migros. Mit einem Geschenk bedankte sich Adi Baggenstos beim Hauptorganisator J\u00fcrg Wieland. Wo die n\u00e4chste Swiss Baker Trophy stattfinden wird, konnte noch nicht bekannt gegeben werden. Einig war man sich in Andermatt, einer der attraktivsten Golfpl\u00e4tze der Alpen, bei idealen Verh\u00e4ltnissen genossen zu haben. <\/p>\n\n\n\n<figure class=\"wp-block-image size-large\"><img decoding=\"async\" width=\"1024\" height=\"683\" src=\"https:\/\/swissbaker.ch\/wp-content\/uploads\/2023\/07\/dsc_0232-1-1024x683.jpg\" alt=\"\" class=\"wp-image-65585\" srcset=\"https:\/\/swissbaker.ch\/wp-content\/uploads\/2023\/07\/dsc_0232-1-1024x683.jpg 1024w, https:\/\/swissbaker.ch\/wp-content\/uploads\/2023\/07\/dsc_0232-1-768x512.jpg 768w, https:\/\/swissbaker.ch\/wp-content\/uploads\/2023\/07\/dsc_0232-1-1536x1024.jpg 1536w, https:\/\/swissbaker.ch\/wp-content\/uploads\/2023\/07\/dsc_0232-1-scaled.jpg 2048w\" sizes=\"(max-width: 1024px) 100vw, 1024px\" \/><figcaption class=\"wp-element-caption\"><br>Sieger*innen der Swiss Baker Golf Trophy (v.l.): Sebastian Wieland, Ramona Marggi, Nils Gn\u00e4diger, Judith Freudiger und Hans Freudiger<\/figcaption><\/figure>\n\n\n\n<p><strong>Auszug aus den Ranglisten<\/strong><\/p>\n\n\n\n<p><strong>Brutto Herren: <\/strong>1. Hans Freudiger, Bern 18 Punkte; 2. Hanspeter Aebischer, Rheinfelden, 16; 3. Martin Bucher, Fl\u00fchli DS\u00f6renberg, 15; 4. J\u00fcrg Z\u00fcllig, <a>ASG ColfCard Migros<\/a>, 14; 5. Thomas Widmer, ASG GolfCard Migros, 13.<\/p>\n\n\n\n<p><strong>Brutto Damen: <\/strong>1. Ramona Marggi, Ybrig, 20; 2. Simone Sutter, 9; 3. Judith Freudiger, 6; 4. Catharina Bucher, Fl\u00fchli S\u00f6renberg\/Margrit Bachmann, Waldkirch und Renata Bonderer Domat\/Ems je 5.<\/p>\n\n\n\n<p><strong>Netto Herren:<\/strong> 1. Nils Gn\u00e4diger, Goldenberg, 51; 2. Sebastian Wieland, ASG ColfCard Migros, 36; 3. Karl Lutz Waldkirch und Martin Bucher, Fl\u00fchli S\u00f6renberg, je 35; 5. Werner Gisler, St. Apollinaire, 34; 6. Hanstoni Gisler, ASG ColfCard Migros, 33; 7. Christian Schillig, Andermatt Realp\/Kurt Hueber, Oberkirch und Stephan Krenger, ASGI je 31.<\/p>\n\n\n\n<p><strong>Netto Damen:<\/strong> 1. Judith Freudiger, ASG GolfCard Migros, 38; 2. Margrit Bachmann, Waldkirch, und Ramona Marggi je 37; 4. Simone Sutter, Basel, 29; 5. Renata Bonderer, Domat\/Ems und Christina Blanc, Gruy\u00e8re je 24.<\/p>\n\n\n\n<p><strong>Netto mixed G\u00e4ste:<\/strong> 1. Sebastian Wieland, ASG GolfCard Migros 36; 2. Werner Gisler, St. Apollinaire, 34; 3. Thomas Widmer, ASG GolfCard Migros, 29.<\/p>\n\n\n\n<p class=\"has-text-align-right\">Georg Epp<\/p>\n\n\n\n<figure class=\"wp-block-image size-large\"><img decoding=\"async\" width=\"1024\" height=\"683\" src=\"https:\/\/swissbaker.ch\/wp-content\/uploads\/2023\/07\/wanderpreis-1-1024x683.jpg\" alt=\"\" class=\"wp-image-65593\" srcset=\"https:\/\/swissbaker.ch\/wp-content\/uploads\/2023\/07\/wanderpreis-1-1024x683.jpg 1024w, https:\/\/swissbaker.ch\/wp-content\/uploads\/2023\/07\/wanderpreis-1-768x512.jpg 768w, https:\/\/swissbaker.ch\/wp-content\/uploads\/2023\/07\/wanderpreis-1-1536x1024.jpg 1536w, https:\/\/swissbaker.ch\/wp-content\/uploads\/2023\/07\/wanderpreis-1-scaled.jpg 2048w\" sizes=\"(max-width: 1024px) 100vw, 1024px\" \/><figcaption class=\"wp-element-caption\">Judith Freudiger \u00fcbernimmt den Wanderpreis \u00abNetto Damen\u00bb von Organisator J\u00fcrg Wieland.<\/figcaption><\/figure>\n\n\n\n<div class=\"wp-block-columns\">\n<div class=\"wp-block-column\">\n<figure class=\"wp-block-image size-large\"><img decoding=\"async\" width=\"683\" height=\"1024\" src=\"https:\/\/swissbaker.ch\/wp-content\/uploads\/2023\/07\/organisatoren-2-683x1024.jpg\" alt=\"\" class=\"wp-image-65587\" srcset=\"https:\/\/swissbaker.ch\/wp-content\/uploads\/2023\/07\/organisatoren-2-683x1024.jpg 683w, https:\/\/swissbaker.ch\/wp-content\/uploads\/2023\/07\/organisatoren-2-768x1152.jpg 768w, https:\/\/swissbaker.ch\/wp-content\/uploads\/2023\/07\/organisatoren-2-1024x1536.jpg 1024w, https:\/\/swissbaker.ch\/wp-content\/uploads\/2023\/07\/organisatoren-2-1365x2048.jpg 1365w, https:\/\/swissbaker.ch\/wp-content\/uploads\/2023\/07\/organisatoren-2-scaled.jpg 1366w\" sizes=\"(max-width: 683px) 100vw, 683px\" \/><figcaption class=\"wp-element-caption\">F\u00fcr die Organisatoren J\u00fcrg Wieland (links) und Adi Baggenstos gab es am Abend viel Lob und Anerkennung.<\/figcaption><\/figure>\n<\/div>\n\n\n\n<div class=\"wp-block-column\">\n<figure class=\"wp-block-image size-large\"><img decoding=\"async\" width=\"1024\" height=\"683\" src=\"https:\/\/swissbaker.ch\/wp-content\/uploads\/2023\/07\/verhaeltnisse-1-1024x683.jpg\" alt=\"\" class=\"wp-image-65591\" srcset=\"https:\/\/swissbaker.ch\/wp-content\/uploads\/2023\/07\/verhaeltnisse-1-1024x683.jpg 1024w, https:\/\/swissbaker.ch\/wp-content\/uploads\/2023\/07\/verhaeltnisse-1-768x512.jpg 768w, https:\/\/swissbaker.ch\/wp-content\/uploads\/2023\/07\/verhaeltnisse-1-1536x1024.jpg 1536w, https:\/\/swissbaker.ch\/wp-content\/uploads\/2023\/07\/verhaeltnisse-1-scaled.jpg 2048w\" sizes=\"(max-width: 1024px) 100vw, 1024px\" \/><\/figure>\n\n\n\n<figure class=\"wp-block-image size-large\"><img decoding=\"async\" width=\"1024\" height=\"683\" src=\"https:\/\/swissbaker.ch\/wp-content\/uploads\/2023\/07\/urner-im-einsatz-1-1024x683.jpg\" alt=\"\" class=\"wp-image-65589\" srcset=\"https:\/\/swissbaker.ch\/wp-content\/uploads\/2023\/07\/urner-im-einsatz-1-1024x683.jpg 1024w, https:\/\/swissbaker.ch\/wp-content\/uploads\/2023\/07\/urner-im-einsatz-1-768x512.jpg 768w, https:\/\/swissbaker.ch\/wp-content\/uploads\/2023\/07\/urner-im-einsatz-1-1536x1024.jpg 1536w, https:\/\/swissbaker.ch\/wp-content\/uploads\/2023\/07\/urner-im-einsatz-1-scaled.jpg 2048w\" sizes=\"(max-width: 1024px) 100vw, 1024px\" \/><figcaption class=\"wp-element-caption\">An der Swiss Baker Golf Trophy in Andermatt gab es Topverh\u00e4ltnisse.<\/figcaption><\/figure>\n<\/div>\n<\/div>\n","protected":false},"excerpt":{"rendered":"<p>Ende Juni fand in Andermatt (UR) die 27. Swiss Baker Golf Trophy statt. 35 Fachleute aus der B\u00e4ckerei-Konditorei-Confiserie-Branche, dem Detailhandel, aber auch Partner und G\u00e4ste folgten der Einladung der Organisatoren Adi Baggenstos und J\u00fcrg Wieland.<\/p>\n","protected":false},"author":14,"featured_media":65589,"menu_order":0,"template":"","class_list":["post-65559","photogallery","type-photogallery","status-publish","has-post-thumbnail","hentry"],"acf":[],"yoast_head":"<!-- This site is optimized with the Yoast SEO Premium plugin v26.8 (Yoast SEO v26.8) - https:\/\/yoast.com\/product\/yoast-seo-premium-wordpress\/ -->\n<title>Topwetter f\u00fcr Swiss Baker Golf Trophy in Andermatt | SBC<\/title>\n<meta name=\"robots\" content=\"index, follow, max-snippet:-1, max-image-preview:large, max-video-preview:-1\" \/>\n<link rel=\"canonical\" href=\"https:\/\/swissbaker.ch\/fr\/panissimo-news\/galerie\/topwetter-fuer-swiss-baker-golf-trophy-in-andermatt\/\" \/>\n<meta property=\"og:locale\" content=\"fr_FR\" \/>\n<meta property=\"og:type\" content=\"article\" \/>\n<meta property=\"og:title\" content=\"Topwetter f\u00fcr Swiss Baker Golf Trophy in Andermatt\" \/>\n<meta property=\"og:description\" content=\"Ende Juni fand in Andermatt (UR) die 27. Swiss Baker Golf Trophy statt. 35 Fachleute aus der B\u00e4ckerei-Konditorei-Confiserie-Branche, dem Detailhandel, aber auch Partner und G\u00e4ste folgten der Einladung der Organisatoren Adi Baggenstos und J\u00fcrg Wieland.\" \/>\n<meta property=\"og:url\" content=\"https:\/\/swissbaker.ch\/fr\/panissimo-news\/galerie\/topwetter-fuer-swiss-baker-golf-trophy-in-andermatt\/\" \/>\n<meta property=\"og:site_name\" content=\"SBC\" \/>\n<meta property=\"article:publisher\" content=\"https:\/\/www.facebook.com\/swissbaker.ch\" \/>\n<meta property=\"article:modified_time\" content=\"2023-07-13T11:32:45+00:00\" \/>\n<meta property=\"og:image\" content=\"https:\/\/swissbaker.ch\/wp-content\/uploads\/2023\/07\/urner-im-einsatz-1-scaled.jpg\" \/>\n\t<meta property=\"og:image:width\" content=\"2048\" \/>\n\t<meta property=\"og:image:height\" content=\"1366\" \/>\n\t<meta property=\"og:image:type\" content=\"image\/jpeg\" \/>\n<meta name=\"twitter:card\" content=\"summary_large_image\" \/>\n<meta name=\"twitter:site\" content=\"@ch_swissbaker\" \/>\n<meta name=\"twitter:label1\" content=\"Est. reading time\" \/>\n\t<meta name=\"twitter:data1\" content=\"5 minutes\" \/>\n<script type=\"application\/ld+json\" class=\"yoast-schema-graph\">{\"@context\":\"https:\/\/schema.org\",\"@graph\":[{\"@type\":\"WebPage\",\"@id\":\"https:\/\/swissbaker.ch\/fr\/panissimo-news\/galerie\/topwetter-fuer-swiss-baker-golf-trophy-in-andermatt\/\",\"url\":\"https:\/\/swissbaker.ch\/fr\/panissimo-news\/galerie\/topwetter-fuer-swiss-baker-golf-trophy-in-andermatt\/\",\"name\":\"Topwetter f\u00fcr Swiss Baker Golf Trophy in Andermatt | SBC\",\"isPartOf\":{\"@id\":\"https:\/\/swissbaker.ch\/fr\/#website\"},\"primaryImageOfPage\":{\"@id\":\"https:\/\/swissbaker.ch\/fr\/panissimo-news\/galerie\/topwetter-fuer-swiss-baker-golf-trophy-in-andermatt\/#primaryimage\"},\"image\":{\"@id\":\"https:\/\/swissbaker.ch\/fr\/panissimo-news\/galerie\/topwetter-fuer-swiss-baker-golf-trophy-in-andermatt\/#primaryimage\"},\"thumbnailUrl\":\"https:\/\/swissbaker.ch\/wp-content\/uploads\/2023\/07\/urner-im-einsatz-1-scaled.jpg\",\"datePublished\":\"2023-07-13T11:28:21+00:00\",\"dateModified\":\"2023-07-13T11:32:45+00:00\",\"breadcrumb\":{\"@id\":\"https:\/\/swissbaker.ch\/fr\/panissimo-news\/galerie\/topwetter-fuer-swiss-baker-golf-trophy-in-andermatt\/#breadcrumb\"},\"inLanguage\":\"fr-FR\",\"potentialAction\":[{\"@type\":\"ReadAction\",\"target\":[\"https:\/\/swissbaker.ch\/fr\/panissimo-news\/galerie\/topwetter-fuer-swiss-baker-golf-trophy-in-andermatt\/\"]}]},{\"@type\":\"ImageObject\",\"inLanguage\":\"fr-FR\",\"@id\":\"https:\/\/swissbaker.ch\/fr\/panissimo-news\/galerie\/topwetter-fuer-swiss-baker-golf-trophy-in-andermatt\/#primaryimage\",\"url\":\"https:\/\/swissbaker.ch\/wp-content\/uploads\/2023\/07\/urner-im-einsatz-1-scaled.jpg\",\"contentUrl\":\"https:\/\/swissbaker.ch\/wp-content\/uploads\/2023\/07\/urner-im-einsatz-1-scaled.jpg\",\"width\":2048,\"height\":1366},{\"@type\":\"BreadcrumbList\",\"@id\":\"https:\/\/swissbaker.ch\/fr\/panissimo-news\/galerie\/topwetter-fuer-swiss-baker-golf-trophy-in-andermatt\/#breadcrumb\",\"itemListElement\":[{\"@type\":\"ListItem\",\"position\":1,\"name\":\"\",\"item\":\"https:\/\/swissbaker.ch\/fr\/\"},{\"@type\":\"ListItem\",\"position\":2,\"name\":\"Galerie de photos\",\"item\":\"https:\/\/swissbaker.ch\/fr\/panissimo-news\/galerie\/\"},{\"@type\":\"ListItem\",\"position\":3,\"name\":\"Topwetter f\u00fcr Swiss Baker Golf Trophy in Andermatt\"}]},{\"@type\":\"WebSite\",\"@id\":\"https:\/\/swissbaker.ch\/fr\/#website\",\"url\":\"https:\/\/swissbaker.ch\/fr\/\",\"name\":\"SBC\",\"description\":\"\",\"publisher\":{\"@id\":\"https:\/\/swissbaker.ch\/fr\/#organization\"},\"potentialAction\":[{\"@type\":\"SearchAction\",\"target\":{\"@type\":\"EntryPoint\",\"urlTemplate\":\"https:\/\/swissbaker.ch\/fr\/?s={search_term_string}\"},\"query-input\":{\"@type\":\"PropertyValueSpecification\",\"valueRequired\":true,\"valueName\":\"search_term_string\"}}],\"inLanguage\":\"fr-FR\"},{\"@type\":\"Organization\",\"@id\":\"https:\/\/swissbaker.ch\/fr\/#organization\",\"name\":\"Schweizerischer B\u00e4cker-Confiseurmeister-Verband\",\"url\":\"https:\/\/swissbaker.ch\/fr\/\",\"logo\":{\"@type\":\"ImageObject\",\"inLanguage\":\"fr-FR\",\"@id\":\"https:\/\/swissbaker.ch\/fr\/#\/schema\/logo\/image\/\",\"url\":\"https:\/\/swissbaker.ch\/wp-content\/uploads\/2022\/04\/sbc-logo-yoast.jpg\",\"contentUrl\":\"https:\/\/swissbaker.ch\/wp-content\/uploads\/2022\/04\/sbc-logo-yoast.jpg\",\"width\":512,\"height\":512,\"caption\":\"Schweizerischer B\u00e4cker-Confiseurmeister-Verband\"},\"image\":{\"@id\":\"https:\/\/swissbaker.ch\/fr\/#\/schema\/logo\/image\/\"},\"sameAs\":[\"https:\/\/www.facebook.com\/swissbaker.ch\",\"https:\/\/x.com\/ch_swissbaker\"]}]}<\/script>\n<!-- \/ Yoast SEO Premium plugin. -->","yoast_head_json":{"title":"Topwetter f\u00fcr Swiss Baker Golf Trophy in Andermatt | SBC","robots":{"index":"index","follow":"follow","max-snippet":"max-snippet:-1","max-image-preview":"max-image-preview:large","max-video-preview":"max-video-preview:-1"},"canonical":"https:\/\/swissbaker.ch\/fr\/panissimo-news\/galerie\/topwetter-fuer-swiss-baker-golf-trophy-in-andermatt\/","og_locale":"fr_FR","og_type":"article","og_title":"Topwetter f\u00fcr Swiss Baker Golf Trophy in Andermatt","og_description":"Ende Juni fand in Andermatt (UR) die 27. Swiss Baker Golf Trophy statt. 35 Fachleute aus der B\u00e4ckerei-Konditorei-Confiserie-Branche, dem Detailhandel, aber auch Partner und G\u00e4ste folgten der Einladung der Organisatoren Adi Baggenstos und J\u00fcrg Wieland.","og_url":"https:\/\/swissbaker.ch\/fr\/panissimo-news\/galerie\/topwetter-fuer-swiss-baker-golf-trophy-in-andermatt\/","og_site_name":"SBC","article_publisher":"https:\/\/www.facebook.com\/swissbaker.ch","article_modified_time":"2023-07-13T11:32:45+00:00","og_image":[{"width":2048,"height":1366,"url":"https:\/\/swissbaker.ch\/wp-content\/uploads\/2023\/07\/urner-im-einsatz-1-scaled.jpg","type":"image\/jpeg"}],"twitter_card":"summary_large_image","twitter_site":"@ch_swissbaker","twitter_misc":{"Est. reading time":"5 minutes"},"schema":{"@context":"https:\/\/schema.org","@graph":[{"@type":"WebPage","@id":"https:\/\/swissbaker.ch\/fr\/panissimo-news\/galerie\/topwetter-fuer-swiss-baker-golf-trophy-in-andermatt\/","url":"https:\/\/swissbaker.ch\/fr\/panissimo-news\/galerie\/topwetter-fuer-swiss-baker-golf-trophy-in-andermatt\/","name":"Topwetter f\u00fcr Swiss Baker Golf Trophy in Andermatt | SBC","isPartOf":{"@id":"https:\/\/swissbaker.ch\/fr\/#website"},"primaryImageOfPage":{"@id":"https:\/\/swissbaker.ch\/fr\/panissimo-news\/galerie\/topwetter-fuer-swiss-baker-golf-trophy-in-andermatt\/#primaryimage"},"image":{"@id":"https:\/\/swissbaker.ch\/fr\/panissimo-news\/galerie\/topwetter-fuer-swiss-baker-golf-trophy-in-andermatt\/#primaryimage"},"thumbnailUrl":"https:\/\/swissbaker.ch\/wp-content\/uploads\/2023\/07\/urner-im-einsatz-1-scaled.jpg","datePublished":"2023-07-13T11:28:21+00:00","dateModified":"2023-07-13T11:32:45+00:00","breadcrumb":{"@id":"https:\/\/swissbaker.ch\/fr\/panissimo-news\/galerie\/topwetter-fuer-swiss-baker-golf-trophy-in-andermatt\/#breadcrumb"},"inLanguage":"fr-FR","potentialAction":[{"@type":"ReadAction","target":["https:\/\/swissbaker.ch\/fr\/panissimo-news\/galerie\/topwetter-fuer-swiss-baker-golf-trophy-in-andermatt\/"]}]},{"@type":"ImageObject","inLanguage":"fr-FR","@id":"https:\/\/swissbaker.ch\/fr\/panissimo-news\/galerie\/topwetter-fuer-swiss-baker-golf-trophy-in-andermatt\/#primaryimage","url":"https:\/\/swissbaker.ch\/wp-content\/uploads\/2023\/07\/urner-im-einsatz-1-scaled.jpg","contentUrl":"https:\/\/swissbaker.ch\/wp-content\/uploads\/2023\/07\/urner-im-einsatz-1-scaled.jpg","width":2048,"height":1366},{"@type":"BreadcrumbList","@id":"https:\/\/swissbaker.ch\/fr\/panissimo-news\/galerie\/topwetter-fuer-swiss-baker-golf-trophy-in-andermatt\/#breadcrumb","itemListElement":[{"@type":"ListItem","position":1,"name":"","item":"https:\/\/swissbaker.ch\/fr\/"},{"@type":"ListItem","position":2,"name":"Galerie de photos","item":"https:\/\/swissbaker.ch\/fr\/panissimo-news\/galerie\/"},{"@type":"ListItem","position":3,"name":"Topwetter f\u00fcr Swiss Baker Golf Trophy in Andermatt"}]},{"@type":"WebSite","@id":"https:\/\/swissbaker.ch\/fr\/#website","url":"https:\/\/swissbaker.ch\/fr\/","name":"SBC","description":"","publisher":{"@id":"https:\/\/swissbaker.ch\/fr\/#organization"},"potentialAction":[{"@type":"SearchAction","target":{"@type":"EntryPoint","urlTemplate":"https:\/\/swissbaker.ch\/fr\/?s={search_term_string}"},"query-input":{"@type":"PropertyValueSpecification","valueRequired":true,"valueName":"search_term_string"}}],"inLanguage":"fr-FR"},{"@type":"Organization","@id":"https:\/\/swissbaker.ch\/fr\/#organization","name":"Schweizerischer B\u00e4cker-Confiseurmeister-Verband","url":"https:\/\/swissbaker.ch\/fr\/","logo":{"@type":"ImageObject","inLanguage":"fr-FR","@id":"https:\/\/swissbaker.ch\/fr\/#\/schema\/logo\/image\/","url":"https:\/\/swissbaker.ch\/wp-content\/uploads\/2022\/04\/sbc-logo-yoast.jpg","contentUrl":"https:\/\/swissbaker.ch\/wp-content\/uploads\/2022\/04\/sbc-logo-yoast.jpg","width":512,"height":512,"caption":"Schweizerischer B\u00e4cker-Confiseurmeister-Verband"},"image":{"@id":"https:\/\/swissbaker.ch\/fr\/#\/schema\/logo\/image\/"},"sameAs":["https:\/\/www.facebook.com\/swissbaker.ch","https:\/\/x.com\/ch_swissbaker"]}]}},"_links":{"self":[{"href":"https:\/\/swissbaker.ch\/fr\/wp-json\/wp\/v2\/photogallery\/65559","targetHints":{"allow":["GET"]}}],"collection":[{"href":"https:\/\/swissbaker.ch\/fr\/wp-json\/wp\/v2\/photogallery"}],"about":[{"href":"https:\/\/swissbaker.ch\/fr\/wp-json\/wp\/v2\/types\/photogallery"}],"author":[{"embeddable":true,"href":"https:\/\/swissbaker.ch\/fr\/wp-json\/wp\/v2\/users\/14"}],"version-history":[{"count":0,"href":"https:\/\/swissbaker.ch\/fr\/wp-json\/wp\/v2\/photogallery\/65559\/revisions"}],"wp:featuredmedia":[{"embeddable":true,"href":"https:\/\/swissbaker.ch\/fr\/wp-json\/wp\/v2\/media\/65589"}],"wp:attachment":[{"href":"https:\/\/swissbaker.ch\/fr\/wp-json\/wp\/v2\/media?parent=65559"}],"curies":[{"name":"wp","href":"https:\/\/api.w.org\/{rel}","templated":true}]}}