{"id":63993,"date":"2023-07-13T12:55:00","date_gmt":"2023-07-13T10:55:00","guid":{"rendered":"https:\/\/swissbaker.ch\/?post_type=photogallery&#038;p=63993"},"modified":"2023-06-30T09:13:03","modified_gmt":"2023-06-30T07:13:03","slug":"ausgezeichnet-unterwegs","status":"publish","type":"photogallery","link":"https:\/\/swissbaker.ch\/fr\/panissimo-news\/galerie\/ausgezeichnet-unterwegs\/","title":{"rendered":"Ausgezeichnet unterwegs"},"content":{"rendered":"\n<p><strong>Die lauschigen Gassen mit den Riegelh\u00e4usern in Marthalen (ZH) laden zum Verweilen ein \u2013 zum Beispiel auf der Terrasse der B\u00e4ckerei Gut. Ob Dorfbewohner*innen oder Wanderer*innen \u2013 der Laden ist gut frequentiert und bietet nebst gluschtigen Produkten einen freundlichen Service. Das best\u00e4tigt auch die F\u00fcnf Sterne B\u00e4cker Gesellschaft, welche Beck Gut im M\u00e4rz die Auszeichnung \u00abF\u00fcnf Sterne\u00bb verliehen hat.<\/strong><\/p>\n","protected":false},"excerpt":{"rendered":"<p>Die lauschigen Gassen mit den Riegelh\u00e4usern in Marthalen (ZH) laden zum Verweilen ein \u2013 zum Beispiel auf der Terrasse der B\u00e4ckerei Gut. Ob Dorfbewohner*innen oder Wanderer*innen \u2013 der Laden ist gut frequentiert und bietet nebst gluschtigen Produkten einen freundlichen Service. Das best\u00e4tigt auch die F\u00fcnf Sterne B\u00e4cker Gesellschaft, welche Beck Gut im M\u00e4rz die Auszeichnung \u00abF\u00fcnf Sterne\u00bb verliehen hat.<\/p>\n","protected":false},"author":5,"featured_media":64252,"menu_order":0,"template":"","class_list":["post-63993","photogallery","type-photogallery","status-publish","has-post-thumbnail","hentry"],"acf":[],"yoast_head":"<!-- This site is optimized with the Yoast SEO Premium plugin v26.8 (Yoast SEO v26.8) - https:\/\/yoast.com\/product\/yoast-seo-premium-wordpress\/ -->\n<title>Ausgezeichnet unterwegs | SBC<\/title>\n<meta name=\"robots\" content=\"index, follow, max-snippet:-1, max-image-preview:large, max-video-preview:-1\" \/>\n<link rel=\"canonical\" href=\"https:\/\/swissbaker.ch\/fr\/panissimo-news\/galerie\/ausgezeichnet-unterwegs\/\" \/>\n<meta property=\"og:locale\" content=\"fr_FR\" \/>\n<meta property=\"og:type\" content=\"article\" \/>\n<meta property=\"og:title\" content=\"Ausgezeichnet unterwegs\" \/>\n<meta property=\"og:description\" content=\"Die lauschigen Gassen mit den Riegelh\u00e4usern in Marthalen (ZH) laden zum Verweilen ein \u2013 zum Beispiel auf der Terrasse der B\u00e4ckerei Gut. Ob Dorfbewohner*innen oder Wanderer*innen \u2013 der Laden ist gut frequentiert und bietet nebst gluschtigen Produkten einen freundlichen Service. Das best\u00e4tigt auch die F\u00fcnf Sterne B\u00e4cker Gesellschaft, welche Beck Gut im M\u00e4rz die Auszeichnung \u00abF\u00fcnf Sterne\u00bb verliehen hat.\" \/>\n<meta property=\"og:url\" content=\"https:\/\/swissbaker.ch\/fr\/panissimo-news\/galerie\/ausgezeichnet-unterwegs\/\" \/>\n<meta property=\"og:site_name\" content=\"SBC\" \/>\n<meta property=\"article:publisher\" content=\"https:\/\/www.facebook.com\/swissbaker.ch\" \/>\n<meta property=\"og:image\" content=\"https:\/\/swissbaker.ch\/wp-content\/uploads\/2023\/07\/dsc_0684_korr_a-scaled.jpg\" \/>\n\t<meta property=\"og:image:width\" content=\"1365\" \/>\n\t<meta property=\"og:image:height\" content=\"2048\" \/>\n\t<meta property=\"og:image:type\" content=\"image\/jpeg\" \/>\n<meta name=\"twitter:card\" content=\"summary_large_image\" \/>\n<meta name=\"twitter:site\" content=\"@ch_swissbaker\" \/>\n<meta name=\"twitter:label1\" content=\"Est. reading time\" \/>\n\t<meta name=\"twitter:data1\" content=\"1 minute\" \/>\n<script type=\"application\/ld+json\" class=\"yoast-schema-graph\">{\"@context\":\"https:\/\/schema.org\",\"@graph\":[{\"@type\":\"WebPage\",\"@id\":\"https:\/\/swissbaker.ch\/fr\/panissimo-news\/galerie\/ausgezeichnet-unterwegs\/\",\"url\":\"https:\/\/swissbaker.ch\/fr\/panissimo-news\/galerie\/ausgezeichnet-unterwegs\/\",\"name\":\"Ausgezeichnet unterwegs | SBC\",\"isPartOf\":{\"@id\":\"https:\/\/swissbaker.ch\/fr\/#website\"},\"primaryImageOfPage\":{\"@id\":\"https:\/\/swissbaker.ch\/fr\/panissimo-news\/galerie\/ausgezeichnet-unterwegs\/#primaryimage\"},\"image\":{\"@id\":\"https:\/\/swissbaker.ch\/fr\/panissimo-news\/galerie\/ausgezeichnet-unterwegs\/#primaryimage\"},\"thumbnailUrl\":\"https:\/\/swissbaker.ch\/wp-content\/uploads\/2023\/07\/dsc_0684_korr_a-scaled.jpg\",\"datePublished\":\"2023-07-13T10:55:00+00:00\",\"breadcrumb\":{\"@id\":\"https:\/\/swissbaker.ch\/fr\/panissimo-news\/galerie\/ausgezeichnet-unterwegs\/#breadcrumb\"},\"inLanguage\":\"fr-FR\",\"potentialAction\":[{\"@type\":\"ReadAction\",\"target\":[\"https:\/\/swissbaker.ch\/fr\/panissimo-news\/galerie\/ausgezeichnet-unterwegs\/\"]}]},{\"@type\":\"ImageObject\",\"inLanguage\":\"fr-FR\",\"@id\":\"https:\/\/swissbaker.ch\/fr\/panissimo-news\/galerie\/ausgezeichnet-unterwegs\/#primaryimage\",\"url\":\"https:\/\/swissbaker.ch\/wp-content\/uploads\/2023\/07\/dsc_0684_korr_a-scaled.jpg\",\"contentUrl\":\"https:\/\/swissbaker.ch\/wp-content\/uploads\/2023\/07\/dsc_0684_korr_a-scaled.jpg\",\"width\":1365,\"height\":2048},{\"@type\":\"BreadcrumbList\",\"@id\":\"https:\/\/swissbaker.ch\/fr\/panissimo-news\/galerie\/ausgezeichnet-unterwegs\/#breadcrumb\",\"itemListElement\":[{\"@type\":\"ListItem\",\"position\":1,\"name\":\"\",\"item\":\"https:\/\/swissbaker.ch\/fr\/\"},{\"@type\":\"ListItem\",\"position\":2,\"name\":\"Galerie de photos\",\"item\":\"https:\/\/swissbaker.ch\/fr\/panissimo-news\/galerie\/\"},{\"@type\":\"ListItem\",\"position\":3,\"name\":\"Ausgezeichnet unterwegs\"}]},{\"@type\":\"WebSite\",\"@id\":\"https:\/\/swissbaker.ch\/fr\/#website\",\"url\":\"https:\/\/swissbaker.ch\/fr\/\",\"name\":\"SBC\",\"description\":\"\",\"publisher\":{\"@id\":\"https:\/\/swissbaker.ch\/fr\/#organization\"},\"potentialAction\":[{\"@type\":\"SearchAction\",\"target\":{\"@type\":\"EntryPoint\",\"urlTemplate\":\"https:\/\/swissbaker.ch\/fr\/?s={search_term_string}\"},\"query-input\":{\"@type\":\"PropertyValueSpecification\",\"valueRequired\":true,\"valueName\":\"search_term_string\"}}],\"inLanguage\":\"fr-FR\"},{\"@type\":\"Organization\",\"@id\":\"https:\/\/swissbaker.ch\/fr\/#organization\",\"name\":\"Schweizerischer B\u00e4cker-Confiseurmeister-Verband\",\"url\":\"https:\/\/swissbaker.ch\/fr\/\",\"logo\":{\"@type\":\"ImageObject\",\"inLanguage\":\"fr-FR\",\"@id\":\"https:\/\/swissbaker.ch\/fr\/#\/schema\/logo\/image\/\",\"url\":\"https:\/\/swissbaker.ch\/wp-content\/uploads\/2022\/04\/sbc-logo-yoast.jpg\",\"contentUrl\":\"https:\/\/swissbaker.ch\/wp-content\/uploads\/2022\/04\/sbc-logo-yoast.jpg\",\"width\":512,\"height\":512,\"caption\":\"Schweizerischer B\u00e4cker-Confiseurmeister-Verband\"},\"image\":{\"@id\":\"https:\/\/swissbaker.ch\/fr\/#\/schema\/logo\/image\/\"},\"sameAs\":[\"https:\/\/www.facebook.com\/swissbaker.ch\",\"https:\/\/x.com\/ch_swissbaker\"]}]}<\/script>\n<!-- \/ Yoast SEO Premium plugin. -->","yoast_head_json":{"title":"Ausgezeichnet unterwegs | SBC","robots":{"index":"index","follow":"follow","max-snippet":"max-snippet:-1","max-image-preview":"max-image-preview:large","max-video-preview":"max-video-preview:-1"},"canonical":"https:\/\/swissbaker.ch\/fr\/panissimo-news\/galerie\/ausgezeichnet-unterwegs\/","og_locale":"fr_FR","og_type":"article","og_title":"Ausgezeichnet unterwegs","og_description":"Die lauschigen Gassen mit den Riegelh\u00e4usern in Marthalen (ZH) laden zum Verweilen ein \u2013 zum Beispiel auf der Terrasse der B\u00e4ckerei Gut. Ob Dorfbewohner*innen oder Wanderer*innen \u2013 der Laden ist gut frequentiert und bietet nebst gluschtigen Produkten einen freundlichen Service. Das best\u00e4tigt auch die F\u00fcnf Sterne B\u00e4cker Gesellschaft, welche Beck Gut im M\u00e4rz die Auszeichnung \u00abF\u00fcnf Sterne\u00bb verliehen hat.","og_url":"https:\/\/swissbaker.ch\/fr\/panissimo-news\/galerie\/ausgezeichnet-unterwegs\/","og_site_name":"SBC","article_publisher":"https:\/\/www.facebook.com\/swissbaker.ch","og_image":[{"width":1365,"height":2048,"url":"https:\/\/swissbaker.ch\/wp-content\/uploads\/2023\/07\/dsc_0684_korr_a-scaled.jpg","type":"image\/jpeg"}],"twitter_card":"summary_large_image","twitter_site":"@ch_swissbaker","twitter_misc":{"Est. reading time":"1 minute"},"schema":{"@context":"https:\/\/schema.org","@graph":[{"@type":"WebPage","@id":"https:\/\/swissbaker.ch\/fr\/panissimo-news\/galerie\/ausgezeichnet-unterwegs\/","url":"https:\/\/swissbaker.ch\/fr\/panissimo-news\/galerie\/ausgezeichnet-unterwegs\/","name":"Ausgezeichnet unterwegs | SBC","isPartOf":{"@id":"https:\/\/swissbaker.ch\/fr\/#website"},"primaryImageOfPage":{"@id":"https:\/\/swissbaker.ch\/fr\/panissimo-news\/galerie\/ausgezeichnet-unterwegs\/#primaryimage"},"image":{"@id":"https:\/\/swissbaker.ch\/fr\/panissimo-news\/galerie\/ausgezeichnet-unterwegs\/#primaryimage"},"thumbnailUrl":"https:\/\/swissbaker.ch\/wp-content\/uploads\/2023\/07\/dsc_0684_korr_a-scaled.jpg","datePublished":"2023-07-13T10:55:00+00:00","breadcrumb":{"@id":"https:\/\/swissbaker.ch\/fr\/panissimo-news\/galerie\/ausgezeichnet-unterwegs\/#breadcrumb"},"inLanguage":"fr-FR","potentialAction":[{"@type":"ReadAction","target":["https:\/\/swissbaker.ch\/fr\/panissimo-news\/galerie\/ausgezeichnet-unterwegs\/"]}]},{"@type":"ImageObject","inLanguage":"fr-FR","@id":"https:\/\/swissbaker.ch\/fr\/panissimo-news\/galerie\/ausgezeichnet-unterwegs\/#primaryimage","url":"https:\/\/swissbaker.ch\/wp-content\/uploads\/2023\/07\/dsc_0684_korr_a-scaled.jpg","contentUrl":"https:\/\/swissbaker.ch\/wp-content\/uploads\/2023\/07\/dsc_0684_korr_a-scaled.jpg","width":1365,"height":2048},{"@type":"BreadcrumbList","@id":"https:\/\/swissbaker.ch\/fr\/panissimo-news\/galerie\/ausgezeichnet-unterwegs\/#breadcrumb","itemListElement":[{"@type":"ListItem","position":1,"name":"","item":"https:\/\/swissbaker.ch\/fr\/"},{"@type":"ListItem","position":2,"name":"Galerie de photos","item":"https:\/\/swissbaker.ch\/fr\/panissimo-news\/galerie\/"},{"@type":"ListItem","position":3,"name":"Ausgezeichnet unterwegs"}]},{"@type":"WebSite","@id":"https:\/\/swissbaker.ch\/fr\/#website","url":"https:\/\/swissbaker.ch\/fr\/","name":"SBC","description":"","publisher":{"@id":"https:\/\/swissbaker.ch\/fr\/#organization"},"potentialAction":[{"@type":"SearchAction","target":{"@type":"EntryPoint","urlTemplate":"https:\/\/swissbaker.ch\/fr\/?s={search_term_string}"},"query-input":{"@type":"PropertyValueSpecification","valueRequired":true,"valueName":"search_term_string"}}],"inLanguage":"fr-FR"},{"@type":"Organization","@id":"https:\/\/swissbaker.ch\/fr\/#organization","name":"Schweizerischer B\u00e4cker-Confiseurmeister-Verband","url":"https:\/\/swissbaker.ch\/fr\/","logo":{"@type":"ImageObject","inLanguage":"fr-FR","@id":"https:\/\/swissbaker.ch\/fr\/#\/schema\/logo\/image\/","url":"https:\/\/swissbaker.ch\/wp-content\/uploads\/2022\/04\/sbc-logo-yoast.jpg","contentUrl":"https:\/\/swissbaker.ch\/wp-content\/uploads\/2022\/04\/sbc-logo-yoast.jpg","width":512,"height":512,"caption":"Schweizerischer B\u00e4cker-Confiseurmeister-Verband"},"image":{"@id":"https:\/\/swissbaker.ch\/fr\/#\/schema\/logo\/image\/"},"sameAs":["https:\/\/www.facebook.com\/swissbaker.ch","https:\/\/x.com\/ch_swissbaker"]}]}},"_links":{"self":[{"href":"https:\/\/swissbaker.ch\/fr\/wp-json\/wp\/v2\/photogallery\/63993","targetHints":{"allow":["GET"]}}],"collection":[{"href":"https:\/\/swissbaker.ch\/fr\/wp-json\/wp\/v2\/photogallery"}],"about":[{"href":"https:\/\/swissbaker.ch\/fr\/wp-json\/wp\/v2\/types\/photogallery"}],"author":[{"embeddable":true,"href":"https:\/\/swissbaker.ch\/fr\/wp-json\/wp\/v2\/users\/5"}],"version-history":[{"count":0,"href":"https:\/\/swissbaker.ch\/fr\/wp-json\/wp\/v2\/photogallery\/63993\/revisions"}],"wp:featuredmedia":[{"embeddable":true,"href":"https:\/\/swissbaker.ch\/fr\/wp-json\/wp\/v2\/media\/64252"}],"wp:attachment":[{"href":"https:\/\/swissbaker.ch\/fr\/wp-json\/wp\/v2\/media?parent=63993"}],"curies":[{"name":"wp","href":"https:\/\/api.w.org\/{rel}","templated":true}]}}