{"id":58054,"date":"2023-03-13T15:17:52","date_gmt":"2023-03-13T14:17:52","guid":{"rendered":"https:\/\/swissbaker.ch\/?post_type=photogallery&#038;p=58054"},"modified":"2023-03-16T16:28:34","modified_gmt":"2023-03-16T15:28:34","slug":"1-brotpruefung-in-weinfelden-tg","status":"publish","type":"photogallery","link":"https:\/\/swissbaker.ch\/fr\/panissimo-news\/galerie\/1-brotpruefung-in-weinfelden-tg\/","title":{"rendered":"\u00d6ffentliche Brotpr\u00fcfung in Weinfelden (TG)"},"content":{"rendered":"\n<p>Am Samstag, 11. M\u00e4rz, fand im Rahmen der Messe Schlaraffia in Weinfelden eine \u00f6ffentliche Brotpr\u00fcfung statt. Organisiert wurde diese vom Thurgauer B\u00e4cker-Confiseur Verband TGBC. Die Jury bestand aus Freddy Bau, Marcel Ammon und dem deutschen Brotpr\u00fcfer Manfred Stiefel. Total wurden 48 Brote aus 10 Thurgauer Betrieben gepr\u00fcft, 45 davon wurden mit dem Pr\u00e4dikat \u201esehr gut\u201c oder \u201egut\u201c pr\u00e4miert.<\/p>\n\n\n\n<div class=\"wp-block-group\"><div class=\"wp-block-group__inner-container\">\n<figure class=\"wp-block-gallery has-nested-images columns-default is-cropped wp-block-gallery-1\"><\/figure>\n<\/div><\/div>\n","protected":false},"excerpt":{"rendered":"<p>Am Samstag, 11. M\u00e4rz, fand im Rahmen der Messe Schlaraffia in Weinfelden eine \u00f6ffentliche Brotpr\u00fcfung statt. Organisiert wurde diese vom Thurgauer B\u00e4cker-Confiseur Verband TGBC. Die Jury bestand aus Freddy Bau, Marcel Ammon und dem deutschen Brotpr\u00fcfer Manfred Stiefel. Total wurden 48 Brote aus 10 Thurgauer Betrieben gepr\u00fcft, 45 davon wurden mit dem Pr\u00e4dikat \u201esehr gut\u201c oder \u201egut\u201c pr\u00e4miert.<\/p>\n","protected":false},"author":5,"featured_media":58070,"menu_order":0,"template":"","class_list":["post-58054","photogallery","type-photogallery","status-publish","has-post-thumbnail","hentry"],"acf":[],"yoast_head":"<!-- This site is optimized with the Yoast SEO Premium plugin v26.8 (Yoast SEO v26.8) - https:\/\/yoast.com\/product\/yoast-seo-premium-wordpress\/ -->\n<title>\u00d6ffentliche Brotpr\u00fcfung in Weinfelden (TG) | SBC<\/title>\n<meta name=\"robots\" content=\"index, follow, max-snippet:-1, max-image-preview:large, max-video-preview:-1\" \/>\n<link rel=\"canonical\" href=\"https:\/\/swissbaker.ch\/fr\/panissimo-news\/galerie\/1-brotpruefung-in-weinfelden-tg\/\" \/>\n<meta property=\"og:locale\" content=\"fr_FR\" \/>\n<meta property=\"og:type\" content=\"article\" \/>\n<meta property=\"og:title\" content=\"\u00d6ffentliche Brotpr\u00fcfung in Weinfelden (TG)\" \/>\n<meta property=\"og:description\" content=\"Am Samstag, 11. M\u00e4rz, fand im Rahmen der Messe Schlaraffia in Weinfelden eine \u00f6ffentliche Brotpr\u00fcfung statt. Organisiert wurde diese vom Thurgauer B\u00e4cker-Confiseur Verband TGBC. Die Jury bestand aus Freddy Bau, Marcel Ammon und dem deutschen Brotpr\u00fcfer Manfred Stiefel. Total wurden 48 Brote aus 10 Thurgauer Betrieben gepr\u00fcft, 45 davon wurden mit dem Pr\u00e4dikat \u201esehr gut\u201c oder \u201egut\u201c pr\u00e4miert.\" \/>\n<meta property=\"og:url\" content=\"https:\/\/swissbaker.ch\/fr\/panissimo-news\/galerie\/1-brotpruefung-in-weinfelden-tg\/\" \/>\n<meta property=\"og:site_name\" content=\"SBC\" \/>\n<meta property=\"article:publisher\" content=\"https:\/\/www.facebook.com\/swissbaker.ch\" \/>\n<meta property=\"article:modified_time\" content=\"2023-03-16T15:28:34+00:00\" \/>\n<meta property=\"og:image\" content=\"https:\/\/swissbaker.ch\/wp-content\/uploads\/2023\/03\/dsc0443-scaled.jpg\" \/>\n\t<meta property=\"og:image:width\" content=\"2048\" \/>\n\t<meta property=\"og:image:height\" content=\"1367\" \/>\n\t<meta property=\"og:image:type\" content=\"image\/jpeg\" \/>\n<meta name=\"twitter:card\" content=\"summary_large_image\" \/>\n<meta name=\"twitter:site\" content=\"@ch_swissbaker\" \/>\n<meta name=\"twitter:label1\" content=\"Est. reading time\" \/>\n\t<meta name=\"twitter:data1\" content=\"1 minute\" \/>\n<script type=\"application\/ld+json\" class=\"yoast-schema-graph\">{\"@context\":\"https:\/\/schema.org\",\"@graph\":[{\"@type\":\"WebPage\",\"@id\":\"https:\/\/swissbaker.ch\/fr\/panissimo-news\/galerie\/1-brotpruefung-in-weinfelden-tg\/\",\"url\":\"https:\/\/swissbaker.ch\/fr\/panissimo-news\/galerie\/1-brotpruefung-in-weinfelden-tg\/\",\"name\":\"\u00d6ffentliche Brotpr\u00fcfung in Weinfelden (TG) | SBC\",\"isPartOf\":{\"@id\":\"https:\/\/swissbaker.ch\/fr\/#website\"},\"primaryImageOfPage\":{\"@id\":\"https:\/\/swissbaker.ch\/fr\/panissimo-news\/galerie\/1-brotpruefung-in-weinfelden-tg\/#primaryimage\"},\"image\":{\"@id\":\"https:\/\/swissbaker.ch\/fr\/panissimo-news\/galerie\/1-brotpruefung-in-weinfelden-tg\/#primaryimage\"},\"thumbnailUrl\":\"https:\/\/swissbaker.ch\/wp-content\/uploads\/2023\/03\/dsc0443-scaled.jpg\",\"datePublished\":\"2023-03-13T14:17:52+00:00\",\"dateModified\":\"2023-03-16T15:28:34+00:00\",\"breadcrumb\":{\"@id\":\"https:\/\/swissbaker.ch\/fr\/panissimo-news\/galerie\/1-brotpruefung-in-weinfelden-tg\/#breadcrumb\"},\"inLanguage\":\"fr-FR\",\"potentialAction\":[{\"@type\":\"ReadAction\",\"target\":[\"https:\/\/swissbaker.ch\/fr\/panissimo-news\/galerie\/1-brotpruefung-in-weinfelden-tg\/\"]}]},{\"@type\":\"ImageObject\",\"inLanguage\":\"fr-FR\",\"@id\":\"https:\/\/swissbaker.ch\/fr\/panissimo-news\/galerie\/1-brotpruefung-in-weinfelden-tg\/#primaryimage\",\"url\":\"https:\/\/swissbaker.ch\/wp-content\/uploads\/2023\/03\/dsc0443-scaled.jpg\",\"contentUrl\":\"https:\/\/swissbaker.ch\/wp-content\/uploads\/2023\/03\/dsc0443-scaled.jpg\",\"width\":2048,\"height\":1367,\"caption\":\"7\"},{\"@type\":\"BreadcrumbList\",\"@id\":\"https:\/\/swissbaker.ch\/fr\/panissimo-news\/galerie\/1-brotpruefung-in-weinfelden-tg\/#breadcrumb\",\"itemListElement\":[{\"@type\":\"ListItem\",\"position\":1,\"name\":\"\",\"item\":\"https:\/\/swissbaker.ch\/fr\/\"},{\"@type\":\"ListItem\",\"position\":2,\"name\":\"Galerie de photos\",\"item\":\"https:\/\/swissbaker.ch\/fr\/panissimo-news\/galerie\/\"},{\"@type\":\"ListItem\",\"position\":3,\"name\":\"\u00d6ffentliche Brotpr\u00fcfung in Weinfelden (TG)\"}]},{\"@type\":\"WebSite\",\"@id\":\"https:\/\/swissbaker.ch\/fr\/#website\",\"url\":\"https:\/\/swissbaker.ch\/fr\/\",\"name\":\"SBC\",\"description\":\"\",\"publisher\":{\"@id\":\"https:\/\/swissbaker.ch\/fr\/#organization\"},\"potentialAction\":[{\"@type\":\"SearchAction\",\"target\":{\"@type\":\"EntryPoint\",\"urlTemplate\":\"https:\/\/swissbaker.ch\/fr\/?s={search_term_string}\"},\"query-input\":{\"@type\":\"PropertyValueSpecification\",\"valueRequired\":true,\"valueName\":\"search_term_string\"}}],\"inLanguage\":\"fr-FR\"},{\"@type\":\"Organization\",\"@id\":\"https:\/\/swissbaker.ch\/fr\/#organization\",\"name\":\"Schweizerischer B\u00e4cker-Confiseurmeister-Verband\",\"url\":\"https:\/\/swissbaker.ch\/fr\/\",\"logo\":{\"@type\":\"ImageObject\",\"inLanguage\":\"fr-FR\",\"@id\":\"https:\/\/swissbaker.ch\/fr\/#\/schema\/logo\/image\/\",\"url\":\"https:\/\/swissbaker.ch\/wp-content\/uploads\/2022\/04\/sbc-logo-yoast.jpg\",\"contentUrl\":\"https:\/\/swissbaker.ch\/wp-content\/uploads\/2022\/04\/sbc-logo-yoast.jpg\",\"width\":512,\"height\":512,\"caption\":\"Schweizerischer B\u00e4cker-Confiseurmeister-Verband\"},\"image\":{\"@id\":\"https:\/\/swissbaker.ch\/fr\/#\/schema\/logo\/image\/\"},\"sameAs\":[\"https:\/\/www.facebook.com\/swissbaker.ch\",\"https:\/\/x.com\/ch_swissbaker\"]}]}<\/script>\n<!-- \/ Yoast SEO Premium plugin. -->","yoast_head_json":{"title":"\u00d6ffentliche Brotpr\u00fcfung in Weinfelden (TG) | SBC","robots":{"index":"index","follow":"follow","max-snippet":"max-snippet:-1","max-image-preview":"max-image-preview:large","max-video-preview":"max-video-preview:-1"},"canonical":"https:\/\/swissbaker.ch\/fr\/panissimo-news\/galerie\/1-brotpruefung-in-weinfelden-tg\/","og_locale":"fr_FR","og_type":"article","og_title":"\u00d6ffentliche Brotpr\u00fcfung in Weinfelden (TG)","og_description":"Am Samstag, 11. M\u00e4rz, fand im Rahmen der Messe Schlaraffia in Weinfelden eine \u00f6ffentliche Brotpr\u00fcfung statt. Organisiert wurde diese vom Thurgauer B\u00e4cker-Confiseur Verband TGBC. Die Jury bestand aus Freddy Bau, Marcel Ammon und dem deutschen Brotpr\u00fcfer Manfred Stiefel. Total wurden 48 Brote aus 10 Thurgauer Betrieben gepr\u00fcft, 45 davon wurden mit dem Pr\u00e4dikat \u201esehr gut\u201c oder \u201egut\u201c pr\u00e4miert.","og_url":"https:\/\/swissbaker.ch\/fr\/panissimo-news\/galerie\/1-brotpruefung-in-weinfelden-tg\/","og_site_name":"SBC","article_publisher":"https:\/\/www.facebook.com\/swissbaker.ch","article_modified_time":"2023-03-16T15:28:34+00:00","og_image":[{"width":2048,"height":1367,"url":"https:\/\/swissbaker.ch\/wp-content\/uploads\/2023\/03\/dsc0443-scaled.jpg","type":"image\/jpeg"}],"twitter_card":"summary_large_image","twitter_site":"@ch_swissbaker","twitter_misc":{"Est. reading time":"1 minute"},"schema":{"@context":"https:\/\/schema.org","@graph":[{"@type":"WebPage","@id":"https:\/\/swissbaker.ch\/fr\/panissimo-news\/galerie\/1-brotpruefung-in-weinfelden-tg\/","url":"https:\/\/swissbaker.ch\/fr\/panissimo-news\/galerie\/1-brotpruefung-in-weinfelden-tg\/","name":"\u00d6ffentliche Brotpr\u00fcfung in Weinfelden (TG) | SBC","isPartOf":{"@id":"https:\/\/swissbaker.ch\/fr\/#website"},"primaryImageOfPage":{"@id":"https:\/\/swissbaker.ch\/fr\/panissimo-news\/galerie\/1-brotpruefung-in-weinfelden-tg\/#primaryimage"},"image":{"@id":"https:\/\/swissbaker.ch\/fr\/panissimo-news\/galerie\/1-brotpruefung-in-weinfelden-tg\/#primaryimage"},"thumbnailUrl":"https:\/\/swissbaker.ch\/wp-content\/uploads\/2023\/03\/dsc0443-scaled.jpg","datePublished":"2023-03-13T14:17:52+00:00","dateModified":"2023-03-16T15:28:34+00:00","breadcrumb":{"@id":"https:\/\/swissbaker.ch\/fr\/panissimo-news\/galerie\/1-brotpruefung-in-weinfelden-tg\/#breadcrumb"},"inLanguage":"fr-FR","potentialAction":[{"@type":"ReadAction","target":["https:\/\/swissbaker.ch\/fr\/panissimo-news\/galerie\/1-brotpruefung-in-weinfelden-tg\/"]}]},{"@type":"ImageObject","inLanguage":"fr-FR","@id":"https:\/\/swissbaker.ch\/fr\/panissimo-news\/galerie\/1-brotpruefung-in-weinfelden-tg\/#primaryimage","url":"https:\/\/swissbaker.ch\/wp-content\/uploads\/2023\/03\/dsc0443-scaled.jpg","contentUrl":"https:\/\/swissbaker.ch\/wp-content\/uploads\/2023\/03\/dsc0443-scaled.jpg","width":2048,"height":1367,"caption":"7"},{"@type":"BreadcrumbList","@id":"https:\/\/swissbaker.ch\/fr\/panissimo-news\/galerie\/1-brotpruefung-in-weinfelden-tg\/#breadcrumb","itemListElement":[{"@type":"ListItem","position":1,"name":"","item":"https:\/\/swissbaker.ch\/fr\/"},{"@type":"ListItem","position":2,"name":"Galerie de photos","item":"https:\/\/swissbaker.ch\/fr\/panissimo-news\/galerie\/"},{"@type":"ListItem","position":3,"name":"\u00d6ffentliche Brotpr\u00fcfung in Weinfelden (TG)"}]},{"@type":"WebSite","@id":"https:\/\/swissbaker.ch\/fr\/#website","url":"https:\/\/swissbaker.ch\/fr\/","name":"SBC","description":"","publisher":{"@id":"https:\/\/swissbaker.ch\/fr\/#organization"},"potentialAction":[{"@type":"SearchAction","target":{"@type":"EntryPoint","urlTemplate":"https:\/\/swissbaker.ch\/fr\/?s={search_term_string}"},"query-input":{"@type":"PropertyValueSpecification","valueRequired":true,"valueName":"search_term_string"}}],"inLanguage":"fr-FR"},{"@type":"Organization","@id":"https:\/\/swissbaker.ch\/fr\/#organization","name":"Schweizerischer B\u00e4cker-Confiseurmeister-Verband","url":"https:\/\/swissbaker.ch\/fr\/","logo":{"@type":"ImageObject","inLanguage":"fr-FR","@id":"https:\/\/swissbaker.ch\/fr\/#\/schema\/logo\/image\/","url":"https:\/\/swissbaker.ch\/wp-content\/uploads\/2022\/04\/sbc-logo-yoast.jpg","contentUrl":"https:\/\/swissbaker.ch\/wp-content\/uploads\/2022\/04\/sbc-logo-yoast.jpg","width":512,"height":512,"caption":"Schweizerischer B\u00e4cker-Confiseurmeister-Verband"},"image":{"@id":"https:\/\/swissbaker.ch\/fr\/#\/schema\/logo\/image\/"},"sameAs":["https:\/\/www.facebook.com\/swissbaker.ch","https:\/\/x.com\/ch_swissbaker"]}]}},"_links":{"self":[{"href":"https:\/\/swissbaker.ch\/fr\/wp-json\/wp\/v2\/photogallery\/58054","targetHints":{"allow":["GET"]}}],"collection":[{"href":"https:\/\/swissbaker.ch\/fr\/wp-json\/wp\/v2\/photogallery"}],"about":[{"href":"https:\/\/swissbaker.ch\/fr\/wp-json\/wp\/v2\/types\/photogallery"}],"author":[{"embeddable":true,"href":"https:\/\/swissbaker.ch\/fr\/wp-json\/wp\/v2\/users\/5"}],"version-history":[{"count":0,"href":"https:\/\/swissbaker.ch\/fr\/wp-json\/wp\/v2\/photogallery\/58054\/revisions"}],"wp:featuredmedia":[{"embeddable":true,"href":"https:\/\/swissbaker.ch\/fr\/wp-json\/wp\/v2\/media\/58070"}],"wp:attachment":[{"href":"https:\/\/swissbaker.ch\/fr\/wp-json\/wp\/v2\/media?parent=58054"}],"curies":[{"name":"wp","href":"https:\/\/api.w.org\/{rel}","templated":true}]}}