{"id":56227,"date":"2023-01-31T15:16:16","date_gmt":"2023-01-31T14:16:16","guid":{"rendered":"https:\/\/swissbaker.ch\/?post_type=photogallery&#038;p=56227"},"modified":"2023-01-31T15:19:58","modified_gmt":"2023-01-31T14:19:58","slug":"sigep-2023","status":"publish","type":"photogallery","link":"https:\/\/swissbaker.ch\/fr\/panissimo-news\/galerie\/sigep-2023\/","title":{"rendered":"Sigep 2023"},"content":{"rendered":"\n<p>La Sigep s&#8217;est d\u00e9roul\u00e9 du 21 au 25 janvier \u00e0 Rimini. Depuis plus de 40 ans, Sigep est le point de r\u00e9f\u00e9rence pour les innovations dans l&#8217;ensemble du secteur des desserts et des caf\u00e9s de la restauration collective, et fournit un aper\u00e7u complet de toutes les nouvelles \u00e9volutions du march\u00e9 : mati\u00e8res premi\u00e8res et ingr\u00e9dients, machines et \u00e9quipements, ainsi que mobilier, emballages et services.<\/p>\n","protected":false},"excerpt":{"rendered":"<p>La Sigep s&#8217;est d\u00e9roul\u00e9 du 21 au 25 janvier \u00e0 Rimini. Depuis plus de 40 ans, Sigep est le point de r\u00e9f\u00e9rence pour les innovations dans l&#8217;ensemble du secteur des desserts et des caf\u00e9s de la restauration collective, et fournit un aper\u00e7u complet de toutes les nouvelles \u00e9volutions du march\u00e9 : mati\u00e8res premi\u00e8res et ingr\u00e9dients, machines et \u00e9quipements, ainsi que [&hellip;]<\/p>\n","protected":false},"author":4,"featured_media":56151,"menu_order":0,"template":"","class_list":["post-56227","photogallery","type-photogallery","status-publish","has-post-thumbnail","hentry"],"acf":[],"yoast_head":"<!-- This site is optimized with the Yoast SEO Premium plugin v26.8 (Yoast SEO v26.8) - https:\/\/yoast.com\/product\/yoast-seo-premium-wordpress\/ -->\n<title>Sigep 2023 | SBC<\/title>\n<meta name=\"description\" content=\"Depuis plus de 40 ans, Sigep est le point de r\u00e9f\u00e9rence pour les innovations dans l&#039;ensemble du secteur des desserts et des caf\u00e9s de la restauration collective.\" \/>\n<meta name=\"robots\" content=\"index, follow, max-snippet:-1, max-image-preview:large, max-video-preview:-1\" \/>\n<link rel=\"canonical\" href=\"https:\/\/swissbaker.ch\/fr\/panissimo-news\/galerie\/sigep-2023\/\" \/>\n<meta property=\"og:locale\" content=\"fr_FR\" \/>\n<meta property=\"og:type\" content=\"article\" \/>\n<meta property=\"og:title\" content=\"Sigep 2023\" \/>\n<meta property=\"og:description\" content=\"Depuis plus de 40 ans, Sigep est le point de r\u00e9f\u00e9rence pour les innovations dans l&#039;ensemble du secteur des desserts et des caf\u00e9s de la restauration collective.\" \/>\n<meta property=\"og:url\" content=\"https:\/\/swissbaker.ch\/fr\/panissimo-news\/galerie\/sigep-2023\/\" \/>\n<meta property=\"og:site_name\" content=\"SBC\" \/>\n<meta property=\"article:publisher\" content=\"https:\/\/www.facebook.com\/swissbaker.ch\" \/>\n<meta property=\"article:modified_time\" content=\"2023-01-31T14:19:58+00:00\" \/>\n<meta property=\"og:image\" content=\"https:\/\/swissbaker.ch\/wp-content\/uploads\/2023\/01\/sigep23__a5-dettagli__zani3251-scaled.jpg\" \/>\n\t<meta property=\"og:image:width\" content=\"2048\" \/>\n\t<meta property=\"og:image:height\" content=\"1365\" \/>\n\t<meta property=\"og:image:type\" content=\"image\/jpeg\" \/>\n<meta name=\"twitter:card\" content=\"summary_large_image\" \/>\n<meta name=\"twitter:site\" content=\"@ch_swissbaker\" \/>\n<meta name=\"twitter:label1\" content=\"Est. reading time\" \/>\n\t<meta name=\"twitter:data1\" content=\"1 minute\" \/>\n<script type=\"application\/ld+json\" class=\"yoast-schema-graph\">{\"@context\":\"https:\/\/schema.org\",\"@graph\":[{\"@type\":\"WebPage\",\"@id\":\"https:\/\/swissbaker.ch\/fr\/panissimo-news\/galerie\/sigep-2023\/\",\"url\":\"https:\/\/swissbaker.ch\/fr\/panissimo-news\/galerie\/sigep-2023\/\",\"name\":\"Sigep 2023 | SBC\",\"isPartOf\":{\"@id\":\"https:\/\/swissbaker.ch\/fr\/#website\"},\"primaryImageOfPage\":{\"@id\":\"https:\/\/swissbaker.ch\/fr\/panissimo-news\/galerie\/sigep-2023\/#primaryimage\"},\"image\":{\"@id\":\"https:\/\/swissbaker.ch\/fr\/panissimo-news\/galerie\/sigep-2023\/#primaryimage\"},\"thumbnailUrl\":\"https:\/\/swissbaker.ch\/wp-content\/uploads\/2023\/01\/sigep23__a5-dettagli__zani3251-scaled.jpg\",\"datePublished\":\"2023-01-31T14:16:16+00:00\",\"dateModified\":\"2023-01-31T14:19:58+00:00\",\"description\":\"Depuis plus de 40 ans, Sigep est le point de r\u00e9f\u00e9rence pour les innovations dans l'ensemble du secteur des desserts et des caf\u00e9s de la restauration collective.\",\"breadcrumb\":{\"@id\":\"https:\/\/swissbaker.ch\/fr\/panissimo-news\/galerie\/sigep-2023\/#breadcrumb\"},\"inLanguage\":\"fr-FR\",\"potentialAction\":[{\"@type\":\"ReadAction\",\"target\":[\"https:\/\/swissbaker.ch\/fr\/panissimo-news\/galerie\/sigep-2023\/\"]}]},{\"@type\":\"ImageObject\",\"inLanguage\":\"fr-FR\",\"@id\":\"https:\/\/swissbaker.ch\/fr\/panissimo-news\/galerie\/sigep-2023\/#primaryimage\",\"url\":\"https:\/\/swissbaker.ch\/wp-content\/uploads\/2023\/01\/sigep23__a5-dettagli__zani3251-scaled.jpg\",\"contentUrl\":\"https:\/\/swissbaker.ch\/wp-content\/uploads\/2023\/01\/sigep23__a5-dettagli__zani3251-scaled.jpg\",\"width\":2048,\"height\":1365,\"caption\":\"SIGEP 2023.\"},{\"@type\":\"BreadcrumbList\",\"@id\":\"https:\/\/swissbaker.ch\/fr\/panissimo-news\/galerie\/sigep-2023\/#breadcrumb\",\"itemListElement\":[{\"@type\":\"ListItem\",\"position\":1,\"name\":\"\",\"item\":\"https:\/\/swissbaker.ch\/fr\/\"},{\"@type\":\"ListItem\",\"position\":2,\"name\":\"Galerie de photos\",\"item\":\"https:\/\/swissbaker.ch\/fr\/panissimo-news\/galerie\/\"},{\"@type\":\"ListItem\",\"position\":3,\"name\":\"Sigep 2023\"}]},{\"@type\":\"WebSite\",\"@id\":\"https:\/\/swissbaker.ch\/fr\/#website\",\"url\":\"https:\/\/swissbaker.ch\/fr\/\",\"name\":\"SBC\",\"description\":\"\",\"publisher\":{\"@id\":\"https:\/\/swissbaker.ch\/fr\/#organization\"},\"potentialAction\":[{\"@type\":\"SearchAction\",\"target\":{\"@type\":\"EntryPoint\",\"urlTemplate\":\"https:\/\/swissbaker.ch\/fr\/?s={search_term_string}\"},\"query-input\":{\"@type\":\"PropertyValueSpecification\",\"valueRequired\":true,\"valueName\":\"search_term_string\"}}],\"inLanguage\":\"fr-FR\"},{\"@type\":\"Organization\",\"@id\":\"https:\/\/swissbaker.ch\/fr\/#organization\",\"name\":\"Schweizerischer B\u00e4cker-Confiseurmeister-Verband\",\"url\":\"https:\/\/swissbaker.ch\/fr\/\",\"logo\":{\"@type\":\"ImageObject\",\"inLanguage\":\"fr-FR\",\"@id\":\"https:\/\/swissbaker.ch\/fr\/#\/schema\/logo\/image\/\",\"url\":\"https:\/\/swissbaker.ch\/wp-content\/uploads\/2022\/04\/sbc-logo-yoast.jpg\",\"contentUrl\":\"https:\/\/swissbaker.ch\/wp-content\/uploads\/2022\/04\/sbc-logo-yoast.jpg\",\"width\":512,\"height\":512,\"caption\":\"Schweizerischer B\u00e4cker-Confiseurmeister-Verband\"},\"image\":{\"@id\":\"https:\/\/swissbaker.ch\/fr\/#\/schema\/logo\/image\/\"},\"sameAs\":[\"https:\/\/www.facebook.com\/swissbaker.ch\",\"https:\/\/x.com\/ch_swissbaker\"]}]}<\/script>\n<!-- \/ Yoast SEO Premium plugin. -->","yoast_head_json":{"title":"Sigep 2023 | SBC","description":"Depuis plus de 40 ans, Sigep est le point de r\u00e9f\u00e9rence pour les innovations dans l'ensemble du secteur des desserts et des caf\u00e9s de la restauration collective.","robots":{"index":"index","follow":"follow","max-snippet":"max-snippet:-1","max-image-preview":"max-image-preview:large","max-video-preview":"max-video-preview:-1"},"canonical":"https:\/\/swissbaker.ch\/fr\/panissimo-news\/galerie\/sigep-2023\/","og_locale":"fr_FR","og_type":"article","og_title":"Sigep 2023","og_description":"Depuis plus de 40 ans, Sigep est le point de r\u00e9f\u00e9rence pour les innovations dans l'ensemble du secteur des desserts et des caf\u00e9s de la restauration collective.","og_url":"https:\/\/swissbaker.ch\/fr\/panissimo-news\/galerie\/sigep-2023\/","og_site_name":"SBC","article_publisher":"https:\/\/www.facebook.com\/swissbaker.ch","article_modified_time":"2023-01-31T14:19:58+00:00","og_image":[{"width":2048,"height":1365,"url":"https:\/\/swissbaker.ch\/wp-content\/uploads\/2023\/01\/sigep23__a5-dettagli__zani3251-scaled.jpg","type":"image\/jpeg"}],"twitter_card":"summary_large_image","twitter_site":"@ch_swissbaker","twitter_misc":{"Est. reading time":"1 minute"},"schema":{"@context":"https:\/\/schema.org","@graph":[{"@type":"WebPage","@id":"https:\/\/swissbaker.ch\/fr\/panissimo-news\/galerie\/sigep-2023\/","url":"https:\/\/swissbaker.ch\/fr\/panissimo-news\/galerie\/sigep-2023\/","name":"Sigep 2023 | SBC","isPartOf":{"@id":"https:\/\/swissbaker.ch\/fr\/#website"},"primaryImageOfPage":{"@id":"https:\/\/swissbaker.ch\/fr\/panissimo-news\/galerie\/sigep-2023\/#primaryimage"},"image":{"@id":"https:\/\/swissbaker.ch\/fr\/panissimo-news\/galerie\/sigep-2023\/#primaryimage"},"thumbnailUrl":"https:\/\/swissbaker.ch\/wp-content\/uploads\/2023\/01\/sigep23__a5-dettagli__zani3251-scaled.jpg","datePublished":"2023-01-31T14:16:16+00:00","dateModified":"2023-01-31T14:19:58+00:00","description":"Depuis plus de 40 ans, Sigep est le point de r\u00e9f\u00e9rence pour les innovations dans l'ensemble du secteur des desserts et des caf\u00e9s de la restauration collective.","breadcrumb":{"@id":"https:\/\/swissbaker.ch\/fr\/panissimo-news\/galerie\/sigep-2023\/#breadcrumb"},"inLanguage":"fr-FR","potentialAction":[{"@type":"ReadAction","target":["https:\/\/swissbaker.ch\/fr\/panissimo-news\/galerie\/sigep-2023\/"]}]},{"@type":"ImageObject","inLanguage":"fr-FR","@id":"https:\/\/swissbaker.ch\/fr\/panissimo-news\/galerie\/sigep-2023\/#primaryimage","url":"https:\/\/swissbaker.ch\/wp-content\/uploads\/2023\/01\/sigep23__a5-dettagli__zani3251-scaled.jpg","contentUrl":"https:\/\/swissbaker.ch\/wp-content\/uploads\/2023\/01\/sigep23__a5-dettagli__zani3251-scaled.jpg","width":2048,"height":1365,"caption":"SIGEP 2023."},{"@type":"BreadcrumbList","@id":"https:\/\/swissbaker.ch\/fr\/panissimo-news\/galerie\/sigep-2023\/#breadcrumb","itemListElement":[{"@type":"ListItem","position":1,"name":"","item":"https:\/\/swissbaker.ch\/fr\/"},{"@type":"ListItem","position":2,"name":"Galerie de photos","item":"https:\/\/swissbaker.ch\/fr\/panissimo-news\/galerie\/"},{"@type":"ListItem","position":3,"name":"Sigep 2023"}]},{"@type":"WebSite","@id":"https:\/\/swissbaker.ch\/fr\/#website","url":"https:\/\/swissbaker.ch\/fr\/","name":"SBC","description":"","publisher":{"@id":"https:\/\/swissbaker.ch\/fr\/#organization"},"potentialAction":[{"@type":"SearchAction","target":{"@type":"EntryPoint","urlTemplate":"https:\/\/swissbaker.ch\/fr\/?s={search_term_string}"},"query-input":{"@type":"PropertyValueSpecification","valueRequired":true,"valueName":"search_term_string"}}],"inLanguage":"fr-FR"},{"@type":"Organization","@id":"https:\/\/swissbaker.ch\/fr\/#organization","name":"Schweizerischer B\u00e4cker-Confiseurmeister-Verband","url":"https:\/\/swissbaker.ch\/fr\/","logo":{"@type":"ImageObject","inLanguage":"fr-FR","@id":"https:\/\/swissbaker.ch\/fr\/#\/schema\/logo\/image\/","url":"https:\/\/swissbaker.ch\/wp-content\/uploads\/2022\/04\/sbc-logo-yoast.jpg","contentUrl":"https:\/\/swissbaker.ch\/wp-content\/uploads\/2022\/04\/sbc-logo-yoast.jpg","width":512,"height":512,"caption":"Schweizerischer B\u00e4cker-Confiseurmeister-Verband"},"image":{"@id":"https:\/\/swissbaker.ch\/fr\/#\/schema\/logo\/image\/"},"sameAs":["https:\/\/www.facebook.com\/swissbaker.ch","https:\/\/x.com\/ch_swissbaker"]}]}},"_links":{"self":[{"href":"https:\/\/swissbaker.ch\/fr\/wp-json\/wp\/v2\/photogallery\/56227","targetHints":{"allow":["GET"]}}],"collection":[{"href":"https:\/\/swissbaker.ch\/fr\/wp-json\/wp\/v2\/photogallery"}],"about":[{"href":"https:\/\/swissbaker.ch\/fr\/wp-json\/wp\/v2\/types\/photogallery"}],"author":[{"embeddable":true,"href":"https:\/\/swissbaker.ch\/fr\/wp-json\/wp\/v2\/users\/4"}],"version-history":[{"count":0,"href":"https:\/\/swissbaker.ch\/fr\/wp-json\/wp\/v2\/photogallery\/56227\/revisions"}],"wp:featuredmedia":[{"embeddable":true,"href":"https:\/\/swissbaker.ch\/fr\/wp-json\/wp\/v2\/media\/56151"}],"wp:attachment":[{"href":"https:\/\/swissbaker.ch\/fr\/wp-json\/wp\/v2\/media?parent=56227"}],"curies":[{"name":"wp","href":"https:\/\/api.w.org\/{rel}","templated":true}]}}