{"id":52883,"date":"2022-11-15T13:51:22","date_gmt":"2022-11-15T12:51:22","guid":{"rendered":"https:\/\/swissbaker.ch\/?post_type=photogallery&#038;p=52883"},"modified":"2022-11-17T14:52:50","modified_gmt":"2022-11-17T13:52:50","slug":"12-conditoria","status":"publish","type":"photogallery","link":"https:\/\/swissbaker.ch\/fr\/panissimo-news\/galerie\/12-conditoria\/","title":{"rendered":"12. Conditoria"},"content":{"rendered":"\n<p>Die Lernendenausstellung Conditoria fand vom 7. bis 12. November bereits zum 12. Mal statt. In der Eingangshalle des Shopping Centers City West in Chur konnten die Besuchenden die Kunstwerke der Lernenden B\u00e4cker-Konditor*in und Konditor-Confiseur*in bestaunen. Mitgemacht haben Auszubildende aus dem Kanton Graub\u00fcnden, dem St. Galler Oberland und aus dem F\u00fcrstentum Lichtenstein.<\/p>\n\n\n\n<p>Die Aufgabenstellung lautete bei beiden Berufsrichtungen wie folgt:<br>2. Lehrjahr: Ein Schaust\u00fcck zum Thema \u00abDisney World\u00bb<br>3. Lehrjahr: Ein Schaust\u00fcck zum Thema \u00abAstronomie\u00bb<\/p>\n","protected":false},"excerpt":{"rendered":"<p>Die Lernendenausstellung Conditoria fand vom 7. bis 12. November bereits zum 12. Mal statt. In der Eingangshalle des Shopping Centers City West in Chur konnten die Besuchenden die Kunstwerke der Lernenden B\u00e4cker-Konditor*in und Konditor-Confiseur*in bestaunen. Mitgemacht haben Auszubildende aus dem Kanton Graub\u00fcnden, dem St. Galler Oberland und aus dem F\u00fcrstentum Lichtenstein. Die Aufgabenstellung lautete bei beiden Berufsrichtungen wie folgt:2. Lehrjahr: [&hellip;]<\/p>\n","protected":false},"author":4,"featured_media":52908,"menu_order":0,"template":"","class_list":["post-52883","photogallery","type-photogallery","status-publish","has-post-thumbnail","hentry"],"acf":[],"yoast_head":"<!-- This site is optimized with the Yoast SEO Premium plugin v26.8 (Yoast SEO v26.8) - https:\/\/yoast.com\/product\/yoast-seo-premium-wordpress\/ -->\n<title>12. Conditoria | SBC<\/title>\n<meta name=\"description\" content=\"Vom 7. bis 12. November konnten Besuchende in der Eingangshalle des Shopping Centers City West in Chur die Kunstwerke der B\u00e4cker-Confiseur-Lernenden bestaunen.\" \/>\n<meta name=\"robots\" content=\"index, follow, max-snippet:-1, max-image-preview:large, max-video-preview:-1\" \/>\n<link rel=\"canonical\" href=\"https:\/\/swissbaker.ch\/fr\/panissimo-news\/galerie\/12-conditoria\/\" \/>\n<meta property=\"og:locale\" content=\"fr_FR\" \/>\n<meta property=\"og:type\" content=\"article\" \/>\n<meta property=\"og:title\" content=\"12. Conditoria\" \/>\n<meta property=\"og:description\" content=\"Vom 7. bis 12. November konnten Besuchende in der Eingangshalle des Shopping Centers City West in Chur die Kunstwerke der B\u00e4cker-Confiseur-Lernenden bestaunen.\" \/>\n<meta property=\"og:url\" content=\"https:\/\/swissbaker.ch\/fr\/panissimo-news\/galerie\/12-conditoria\/\" \/>\n<meta property=\"og:site_name\" content=\"SBC\" \/>\n<meta property=\"article:publisher\" content=\"https:\/\/www.facebook.com\/swissbaker.ch\" \/>\n<meta property=\"article:modified_time\" content=\"2022-11-17T13:52:50+00:00\" \/>\n<meta property=\"og:image\" content=\"https:\/\/swissbaker.ch\/wp-content\/uploads\/2022\/11\/foto-09.11.22-13-58-04-scaled.jpg\" \/>\n\t<meta property=\"og:image:width\" content=\"1536\" \/>\n\t<meta property=\"og:image:height\" content=\"2048\" \/>\n\t<meta property=\"og:image:type\" content=\"image\/jpeg\" \/>\n<meta name=\"twitter:card\" content=\"summary_large_image\" \/>\n<meta name=\"twitter:site\" content=\"@ch_swissbaker\" \/>\n<meta name=\"twitter:label1\" content=\"Est. reading time\" \/>\n\t<meta name=\"twitter:data1\" content=\"1 minute\" \/>\n<script type=\"application\/ld+json\" class=\"yoast-schema-graph\">{\"@context\":\"https:\/\/schema.org\",\"@graph\":[{\"@type\":\"WebPage\",\"@id\":\"https:\/\/swissbaker.ch\/fr\/panissimo-news\/galerie\/12-conditoria\/\",\"url\":\"https:\/\/swissbaker.ch\/fr\/panissimo-news\/galerie\/12-conditoria\/\",\"name\":\"12. Conditoria | SBC\",\"isPartOf\":{\"@id\":\"https:\/\/swissbaker.ch\/fr\/#website\"},\"primaryImageOfPage\":{\"@id\":\"https:\/\/swissbaker.ch\/fr\/panissimo-news\/galerie\/12-conditoria\/#primaryimage\"},\"image\":{\"@id\":\"https:\/\/swissbaker.ch\/fr\/panissimo-news\/galerie\/12-conditoria\/#primaryimage\"},\"thumbnailUrl\":\"https:\/\/swissbaker.ch\/wp-content\/uploads\/2022\/11\/foto-09.11.22-13-58-04-scaled.jpg\",\"datePublished\":\"2022-11-15T12:51:22+00:00\",\"dateModified\":\"2022-11-17T13:52:50+00:00\",\"description\":\"Vom 7. bis 12. November konnten Besuchende in der Eingangshalle des Shopping Centers City West in Chur die Kunstwerke der B\u00e4cker-Confiseur-Lernenden bestaunen.\",\"breadcrumb\":{\"@id\":\"https:\/\/swissbaker.ch\/fr\/panissimo-news\/galerie\/12-conditoria\/#breadcrumb\"},\"inLanguage\":\"fr-FR\",\"potentialAction\":[{\"@type\":\"ReadAction\",\"target\":[\"https:\/\/swissbaker.ch\/fr\/panissimo-news\/galerie\/12-conditoria\/\"]}]},{\"@type\":\"ImageObject\",\"inLanguage\":\"fr-FR\",\"@id\":\"https:\/\/swissbaker.ch\/fr\/panissimo-news\/galerie\/12-conditoria\/#primaryimage\",\"url\":\"https:\/\/swissbaker.ch\/wp-content\/uploads\/2022\/11\/foto-09.11.22-13-58-04-scaled.jpg\",\"contentUrl\":\"https:\/\/swissbaker.ch\/wp-content\/uploads\/2022\/11\/foto-09.11.22-13-58-04-scaled.jpg\",\"width\":1536,\"height\":2048},{\"@type\":\"BreadcrumbList\",\"@id\":\"https:\/\/swissbaker.ch\/fr\/panissimo-news\/galerie\/12-conditoria\/#breadcrumb\",\"itemListElement\":[{\"@type\":\"ListItem\",\"position\":1,\"name\":\"\",\"item\":\"https:\/\/swissbaker.ch\/fr\/\"},{\"@type\":\"ListItem\",\"position\":2,\"name\":\"Galerie de photos\",\"item\":\"https:\/\/swissbaker.ch\/fr\/panissimo-news\/galerie\/\"},{\"@type\":\"ListItem\",\"position\":3,\"name\":\"12. Conditoria\"}]},{\"@type\":\"WebSite\",\"@id\":\"https:\/\/swissbaker.ch\/fr\/#website\",\"url\":\"https:\/\/swissbaker.ch\/fr\/\",\"name\":\"SBC\",\"description\":\"\",\"publisher\":{\"@id\":\"https:\/\/swissbaker.ch\/fr\/#organization\"},\"potentialAction\":[{\"@type\":\"SearchAction\",\"target\":{\"@type\":\"EntryPoint\",\"urlTemplate\":\"https:\/\/swissbaker.ch\/fr\/?s={search_term_string}\"},\"query-input\":{\"@type\":\"PropertyValueSpecification\",\"valueRequired\":true,\"valueName\":\"search_term_string\"}}],\"inLanguage\":\"fr-FR\"},{\"@type\":\"Organization\",\"@id\":\"https:\/\/swissbaker.ch\/fr\/#organization\",\"name\":\"Schweizerischer B\u00e4cker-Confiseurmeister-Verband\",\"url\":\"https:\/\/swissbaker.ch\/fr\/\",\"logo\":{\"@type\":\"ImageObject\",\"inLanguage\":\"fr-FR\",\"@id\":\"https:\/\/swissbaker.ch\/fr\/#\/schema\/logo\/image\/\",\"url\":\"https:\/\/swissbaker.ch\/wp-content\/uploads\/2022\/04\/sbc-logo-yoast.jpg\",\"contentUrl\":\"https:\/\/swissbaker.ch\/wp-content\/uploads\/2022\/04\/sbc-logo-yoast.jpg\",\"width\":512,\"height\":512,\"caption\":\"Schweizerischer B\u00e4cker-Confiseurmeister-Verband\"},\"image\":{\"@id\":\"https:\/\/swissbaker.ch\/fr\/#\/schema\/logo\/image\/\"},\"sameAs\":[\"https:\/\/www.facebook.com\/swissbaker.ch\",\"https:\/\/x.com\/ch_swissbaker\"]}]}<\/script>\n<!-- \/ Yoast SEO Premium plugin. -->","yoast_head_json":{"title":"12. Conditoria | SBC","description":"Vom 7. bis 12. November konnten Besuchende in der Eingangshalle des Shopping Centers City West in Chur die Kunstwerke der B\u00e4cker-Confiseur-Lernenden bestaunen.","robots":{"index":"index","follow":"follow","max-snippet":"max-snippet:-1","max-image-preview":"max-image-preview:large","max-video-preview":"max-video-preview:-1"},"canonical":"https:\/\/swissbaker.ch\/fr\/panissimo-news\/galerie\/12-conditoria\/","og_locale":"fr_FR","og_type":"article","og_title":"12. Conditoria","og_description":"Vom 7. bis 12. November konnten Besuchende in der Eingangshalle des Shopping Centers City West in Chur die Kunstwerke der B\u00e4cker-Confiseur-Lernenden bestaunen.","og_url":"https:\/\/swissbaker.ch\/fr\/panissimo-news\/galerie\/12-conditoria\/","og_site_name":"SBC","article_publisher":"https:\/\/www.facebook.com\/swissbaker.ch","article_modified_time":"2022-11-17T13:52:50+00:00","og_image":[{"width":1536,"height":2048,"url":"https:\/\/swissbaker.ch\/wp-content\/uploads\/2022\/11\/foto-09.11.22-13-58-04-scaled.jpg","type":"image\/jpeg"}],"twitter_card":"summary_large_image","twitter_site":"@ch_swissbaker","twitter_misc":{"Est. reading time":"1 minute"},"schema":{"@context":"https:\/\/schema.org","@graph":[{"@type":"WebPage","@id":"https:\/\/swissbaker.ch\/fr\/panissimo-news\/galerie\/12-conditoria\/","url":"https:\/\/swissbaker.ch\/fr\/panissimo-news\/galerie\/12-conditoria\/","name":"12. Conditoria | SBC","isPartOf":{"@id":"https:\/\/swissbaker.ch\/fr\/#website"},"primaryImageOfPage":{"@id":"https:\/\/swissbaker.ch\/fr\/panissimo-news\/galerie\/12-conditoria\/#primaryimage"},"image":{"@id":"https:\/\/swissbaker.ch\/fr\/panissimo-news\/galerie\/12-conditoria\/#primaryimage"},"thumbnailUrl":"https:\/\/swissbaker.ch\/wp-content\/uploads\/2022\/11\/foto-09.11.22-13-58-04-scaled.jpg","datePublished":"2022-11-15T12:51:22+00:00","dateModified":"2022-11-17T13:52:50+00:00","description":"Vom 7. bis 12. November konnten Besuchende in der Eingangshalle des Shopping Centers City West in Chur die Kunstwerke der B\u00e4cker-Confiseur-Lernenden bestaunen.","breadcrumb":{"@id":"https:\/\/swissbaker.ch\/fr\/panissimo-news\/galerie\/12-conditoria\/#breadcrumb"},"inLanguage":"fr-FR","potentialAction":[{"@type":"ReadAction","target":["https:\/\/swissbaker.ch\/fr\/panissimo-news\/galerie\/12-conditoria\/"]}]},{"@type":"ImageObject","inLanguage":"fr-FR","@id":"https:\/\/swissbaker.ch\/fr\/panissimo-news\/galerie\/12-conditoria\/#primaryimage","url":"https:\/\/swissbaker.ch\/wp-content\/uploads\/2022\/11\/foto-09.11.22-13-58-04-scaled.jpg","contentUrl":"https:\/\/swissbaker.ch\/wp-content\/uploads\/2022\/11\/foto-09.11.22-13-58-04-scaled.jpg","width":1536,"height":2048},{"@type":"BreadcrumbList","@id":"https:\/\/swissbaker.ch\/fr\/panissimo-news\/galerie\/12-conditoria\/#breadcrumb","itemListElement":[{"@type":"ListItem","position":1,"name":"","item":"https:\/\/swissbaker.ch\/fr\/"},{"@type":"ListItem","position":2,"name":"Galerie de photos","item":"https:\/\/swissbaker.ch\/fr\/panissimo-news\/galerie\/"},{"@type":"ListItem","position":3,"name":"12. Conditoria"}]},{"@type":"WebSite","@id":"https:\/\/swissbaker.ch\/fr\/#website","url":"https:\/\/swissbaker.ch\/fr\/","name":"SBC","description":"","publisher":{"@id":"https:\/\/swissbaker.ch\/fr\/#organization"},"potentialAction":[{"@type":"SearchAction","target":{"@type":"EntryPoint","urlTemplate":"https:\/\/swissbaker.ch\/fr\/?s={search_term_string}"},"query-input":{"@type":"PropertyValueSpecification","valueRequired":true,"valueName":"search_term_string"}}],"inLanguage":"fr-FR"},{"@type":"Organization","@id":"https:\/\/swissbaker.ch\/fr\/#organization","name":"Schweizerischer B\u00e4cker-Confiseurmeister-Verband","url":"https:\/\/swissbaker.ch\/fr\/","logo":{"@type":"ImageObject","inLanguage":"fr-FR","@id":"https:\/\/swissbaker.ch\/fr\/#\/schema\/logo\/image\/","url":"https:\/\/swissbaker.ch\/wp-content\/uploads\/2022\/04\/sbc-logo-yoast.jpg","contentUrl":"https:\/\/swissbaker.ch\/wp-content\/uploads\/2022\/04\/sbc-logo-yoast.jpg","width":512,"height":512,"caption":"Schweizerischer B\u00e4cker-Confiseurmeister-Verband"},"image":{"@id":"https:\/\/swissbaker.ch\/fr\/#\/schema\/logo\/image\/"},"sameAs":["https:\/\/www.facebook.com\/swissbaker.ch","https:\/\/x.com\/ch_swissbaker"]}]}},"_links":{"self":[{"href":"https:\/\/swissbaker.ch\/fr\/wp-json\/wp\/v2\/photogallery\/52883","targetHints":{"allow":["GET"]}}],"collection":[{"href":"https:\/\/swissbaker.ch\/fr\/wp-json\/wp\/v2\/photogallery"}],"about":[{"href":"https:\/\/swissbaker.ch\/fr\/wp-json\/wp\/v2\/types\/photogallery"}],"author":[{"embeddable":true,"href":"https:\/\/swissbaker.ch\/fr\/wp-json\/wp\/v2\/users\/4"}],"version-history":[{"count":0,"href":"https:\/\/swissbaker.ch\/fr\/wp-json\/wp\/v2\/photogallery\/52883\/revisions"}],"wp:featuredmedia":[{"embeddable":true,"href":"https:\/\/swissbaker.ch\/fr\/wp-json\/wp\/v2\/media\/52908"}],"wp:attachment":[{"href":"https:\/\/swissbaker.ch\/fr\/wp-json\/wp\/v2\/media?parent=52883"}],"curies":[{"name":"wp","href":"https:\/\/api.w.org\/{rel}","templated":true}]}}