{"id":51380,"date":"2022-10-18T16:21:10","date_gmt":"2022-10-18T14:21:10","guid":{"rendered":"https:\/\/swissbaker.ch\/?post_type=photogallery&#038;p=51380"},"modified":"2022-10-20T15:37:17","modified_gmt":"2022-10-20T13:37:17","slug":"st-galler-baecker-an-der-olma","status":"publish","type":"photogallery","link":"https:\/\/swissbaker.ch\/fr\/panissimo-news\/galerie\/st-galler-baecker-an-der-olma\/","title":{"rendered":"St. Galler B\u00e4cker-Confiseure an der Olma"},"content":{"rendered":"\n<p>Die St. Galler B\u00e4cker verw\u00f6hnen an der Olma die Besucherinnen und Besucher mit wunderbaren K\u00f6stlichkeiten (Halle 9.1, Stand 9.1.58). An ihrem traditionellen Ap\u00e9ro wurde auf die neue Weltmeisterin in der Konditorei-Confiserie Juliana Th\u00f6ny und auf die Bronzemedaille von Vera Stocker in der B\u00e4ckerei-Konditorei an den WorldSkills angestossen. Die St. Galler Confiseure betreiben das Restaurant \u00abZunft zum Schneebesen\u00bb (Halle 3), wo es feinste Patisserie, duftenden Kaffee und vieles mehr zu geniessen gibt.<br><\/p>\n","protected":false},"excerpt":{"rendered":"<p>Die St. Galler B\u00e4cker verw\u00f6hnen an der Olma die Besucherinnen und Besucher mit wunderbaren K\u00f6stlichkeiten (Halle 9.1, Stand 9.1.58). An ihrem traditionellen Ap\u00e9ro wurde auf die neue Weltmeisterin in der Konditorei-Confiserie Juliana Th\u00f6ny und auf die Bronzemedaille von Vera Stocker in der B\u00e4ckerei-Konditorei an den WorldSkills angestossen. Die St. Galler Confiseure betreiben das Restaurant \u00abZunft zum Schneebesen\u00bb (Halle 3), wo [&hellip;]<\/p>\n","protected":false},"author":3,"featured_media":51427,"menu_order":0,"template":"","class_list":["post-51380","photogallery","type-photogallery","status-publish","has-post-thumbnail","hentry"],"acf":[],"yoast_head":"<!-- This site is optimized with the Yoast SEO Premium plugin v26.8 (Yoast SEO v26.8) - https:\/\/yoast.com\/product\/yoast-seo-premium-wordpress\/ -->\n<title>St. Galler B\u00e4cker-Confiseure an der Olma | SBC<\/title>\n<meta name=\"description\" content=\"Die St. Galler B\u00e4cker verw\u00f6hnen an der Olma die Besucherinnen und Besucher mit wunderbaren K\u00f6stlichkeiten (Halle 9.1, Stand 9.1.58). An ihrem traditionellen Ap\u00e9ro wurde auf die neue Weltmeisterin in der Konditorei-Confiserie Juliana Th\u00f6ny und auf die Bronzemedaille von Vera Stocker in der B\u00e4ckerei-Konditorei an den WorldSkills angestossen.\" \/>\n<meta name=\"robots\" content=\"index, follow, max-snippet:-1, max-image-preview:large, max-video-preview:-1\" \/>\n<link rel=\"canonical\" href=\"https:\/\/swissbaker.ch\/fr\/panissimo-news\/galerie\/st-galler-baecker-an-der-olma\/\" \/>\n<meta property=\"og:locale\" content=\"fr_FR\" \/>\n<meta property=\"og:type\" content=\"article\" \/>\n<meta property=\"og:title\" content=\"St. Galler B\u00e4cker-Confiseure an der Olma\" \/>\n<meta property=\"og:description\" content=\"Die St. Galler B\u00e4cker verw\u00f6hnen an der Olma die Besucherinnen und Besucher mit wunderbaren K\u00f6stlichkeiten (Halle 9.1, Stand 9.1.58). An ihrem traditionellen Ap\u00e9ro wurde auf die neue Weltmeisterin in der Konditorei-Confiserie Juliana Th\u00f6ny und auf die Bronzemedaille von Vera Stocker in der B\u00e4ckerei-Konditorei an den WorldSkills angestossen.\" \/>\n<meta property=\"og:url\" content=\"https:\/\/swissbaker.ch\/fr\/panissimo-news\/galerie\/st-galler-baecker-an-der-olma\/\" \/>\n<meta property=\"og:site_name\" content=\"SBC\" \/>\n<meta property=\"article:publisher\" content=\"https:\/\/www.facebook.com\/swissbaker.ch\" \/>\n<meta property=\"article:modified_time\" content=\"2022-10-20T13:37:17+00:00\" \/>\n<meta property=\"og:image\" content=\"https:\/\/swissbaker.ch\/wp-content\/uploads\/2022\/10\/olma_baecker_24-scaled.jpg\" \/>\n\t<meta property=\"og:image:width\" content=\"2048\" \/>\n\t<meta property=\"og:image:height\" content=\"1536\" \/>\n\t<meta property=\"og:image:type\" content=\"image\/jpeg\" \/>\n<meta name=\"twitter:card\" content=\"summary_large_image\" \/>\n<meta name=\"twitter:site\" content=\"@ch_swissbaker\" \/>\n<meta name=\"twitter:label1\" content=\"Est. reading time\" \/>\n\t<meta name=\"twitter:data1\" content=\"1 minute\" \/>\n<script type=\"application\/ld+json\" class=\"yoast-schema-graph\">{\"@context\":\"https:\/\/schema.org\",\"@graph\":[{\"@type\":\"WebPage\",\"@id\":\"https:\/\/swissbaker.ch\/fr\/panissimo-news\/galerie\/st-galler-baecker-an-der-olma\/\",\"url\":\"https:\/\/swissbaker.ch\/fr\/panissimo-news\/galerie\/st-galler-baecker-an-der-olma\/\",\"name\":\"St. Galler B\u00e4cker-Confiseure an der Olma | SBC\",\"isPartOf\":{\"@id\":\"https:\/\/swissbaker.ch\/fr\/#website\"},\"primaryImageOfPage\":{\"@id\":\"https:\/\/swissbaker.ch\/fr\/panissimo-news\/galerie\/st-galler-baecker-an-der-olma\/#primaryimage\"},\"image\":{\"@id\":\"https:\/\/swissbaker.ch\/fr\/panissimo-news\/galerie\/st-galler-baecker-an-der-olma\/#primaryimage\"},\"thumbnailUrl\":\"https:\/\/swissbaker.ch\/wp-content\/uploads\/2022\/10\/olma_baecker_24-scaled.jpg\",\"datePublished\":\"2022-10-18T14:21:10+00:00\",\"dateModified\":\"2022-10-20T13:37:17+00:00\",\"description\":\"Die St. Galler B\u00e4cker verw\u00f6hnen an der Olma die Besucherinnen und Besucher mit wunderbaren K\u00f6stlichkeiten (Halle 9.1, Stand 9.1.58). An ihrem traditionellen Ap\u00e9ro wurde auf die neue Weltmeisterin in der Konditorei-Confiserie Juliana Th\u00f6ny und auf die Bronzemedaille von Vera Stocker in der B\u00e4ckerei-Konditorei an den WorldSkills angestossen.\",\"breadcrumb\":{\"@id\":\"https:\/\/swissbaker.ch\/fr\/panissimo-news\/galerie\/st-galler-baecker-an-der-olma\/#breadcrumb\"},\"inLanguage\":\"fr-FR\",\"potentialAction\":[{\"@type\":\"ReadAction\",\"target\":[\"https:\/\/swissbaker.ch\/fr\/panissimo-news\/galerie\/st-galler-baecker-an-der-olma\/\"]}]},{\"@type\":\"ImageObject\",\"inLanguage\":\"fr-FR\",\"@id\":\"https:\/\/swissbaker.ch\/fr\/panissimo-news\/galerie\/st-galler-baecker-an-der-olma\/#primaryimage\",\"url\":\"https:\/\/swissbaker.ch\/wp-content\/uploads\/2022\/10\/olma_baecker_24-scaled.jpg\",\"contentUrl\":\"https:\/\/swissbaker.ch\/wp-content\/uploads\/2022\/10\/olma_baecker_24-scaled.jpg\",\"width\":2048,\"height\":1536},{\"@type\":\"BreadcrumbList\",\"@id\":\"https:\/\/swissbaker.ch\/fr\/panissimo-news\/galerie\/st-galler-baecker-an-der-olma\/#breadcrumb\",\"itemListElement\":[{\"@type\":\"ListItem\",\"position\":1,\"name\":\"\",\"item\":\"https:\/\/swissbaker.ch\/fr\/\"},{\"@type\":\"ListItem\",\"position\":2,\"name\":\"Galerie de photos\",\"item\":\"https:\/\/swissbaker.ch\/fr\/panissimo-news\/galerie\/\"},{\"@type\":\"ListItem\",\"position\":3,\"name\":\"St. Galler B\u00e4cker-Confiseure an der Olma\"}]},{\"@type\":\"WebSite\",\"@id\":\"https:\/\/swissbaker.ch\/fr\/#website\",\"url\":\"https:\/\/swissbaker.ch\/fr\/\",\"name\":\"SBC\",\"description\":\"\",\"publisher\":{\"@id\":\"https:\/\/swissbaker.ch\/fr\/#organization\"},\"potentialAction\":[{\"@type\":\"SearchAction\",\"target\":{\"@type\":\"EntryPoint\",\"urlTemplate\":\"https:\/\/swissbaker.ch\/fr\/?s={search_term_string}\"},\"query-input\":{\"@type\":\"PropertyValueSpecification\",\"valueRequired\":true,\"valueName\":\"search_term_string\"}}],\"inLanguage\":\"fr-FR\"},{\"@type\":\"Organization\",\"@id\":\"https:\/\/swissbaker.ch\/fr\/#organization\",\"name\":\"Schweizerischer B\u00e4cker-Confiseurmeister-Verband\",\"url\":\"https:\/\/swissbaker.ch\/fr\/\",\"logo\":{\"@type\":\"ImageObject\",\"inLanguage\":\"fr-FR\",\"@id\":\"https:\/\/swissbaker.ch\/fr\/#\/schema\/logo\/image\/\",\"url\":\"https:\/\/swissbaker.ch\/wp-content\/uploads\/2022\/04\/sbc-logo-yoast.jpg\",\"contentUrl\":\"https:\/\/swissbaker.ch\/wp-content\/uploads\/2022\/04\/sbc-logo-yoast.jpg\",\"width\":512,\"height\":512,\"caption\":\"Schweizerischer B\u00e4cker-Confiseurmeister-Verband\"},\"image\":{\"@id\":\"https:\/\/swissbaker.ch\/fr\/#\/schema\/logo\/image\/\"},\"sameAs\":[\"https:\/\/www.facebook.com\/swissbaker.ch\",\"https:\/\/x.com\/ch_swissbaker\"]}]}<\/script>\n<!-- \/ Yoast SEO Premium plugin. -->","yoast_head_json":{"title":"St. Galler B\u00e4cker-Confiseure an der Olma | SBC","description":"Die St. Galler B\u00e4cker verw\u00f6hnen an der Olma die Besucherinnen und Besucher mit wunderbaren K\u00f6stlichkeiten (Halle 9.1, Stand 9.1.58). An ihrem traditionellen Ap\u00e9ro wurde auf die neue Weltmeisterin in der Konditorei-Confiserie Juliana Th\u00f6ny und auf die Bronzemedaille von Vera Stocker in der B\u00e4ckerei-Konditorei an den WorldSkills angestossen.","robots":{"index":"index","follow":"follow","max-snippet":"max-snippet:-1","max-image-preview":"max-image-preview:large","max-video-preview":"max-video-preview:-1"},"canonical":"https:\/\/swissbaker.ch\/fr\/panissimo-news\/galerie\/st-galler-baecker-an-der-olma\/","og_locale":"fr_FR","og_type":"article","og_title":"St. Galler B\u00e4cker-Confiseure an der Olma","og_description":"Die St. Galler B\u00e4cker verw\u00f6hnen an der Olma die Besucherinnen und Besucher mit wunderbaren K\u00f6stlichkeiten (Halle 9.1, Stand 9.1.58). An ihrem traditionellen Ap\u00e9ro wurde auf die neue Weltmeisterin in der Konditorei-Confiserie Juliana Th\u00f6ny und auf die Bronzemedaille von Vera Stocker in der B\u00e4ckerei-Konditorei an den WorldSkills angestossen.","og_url":"https:\/\/swissbaker.ch\/fr\/panissimo-news\/galerie\/st-galler-baecker-an-der-olma\/","og_site_name":"SBC","article_publisher":"https:\/\/www.facebook.com\/swissbaker.ch","article_modified_time":"2022-10-20T13:37:17+00:00","og_image":[{"width":2048,"height":1536,"url":"https:\/\/swissbaker.ch\/wp-content\/uploads\/2022\/10\/olma_baecker_24-scaled.jpg","type":"image\/jpeg"}],"twitter_card":"summary_large_image","twitter_site":"@ch_swissbaker","twitter_misc":{"Est. reading time":"1 minute"},"schema":{"@context":"https:\/\/schema.org","@graph":[{"@type":"WebPage","@id":"https:\/\/swissbaker.ch\/fr\/panissimo-news\/galerie\/st-galler-baecker-an-der-olma\/","url":"https:\/\/swissbaker.ch\/fr\/panissimo-news\/galerie\/st-galler-baecker-an-der-olma\/","name":"St. Galler B\u00e4cker-Confiseure an der Olma | SBC","isPartOf":{"@id":"https:\/\/swissbaker.ch\/fr\/#website"},"primaryImageOfPage":{"@id":"https:\/\/swissbaker.ch\/fr\/panissimo-news\/galerie\/st-galler-baecker-an-der-olma\/#primaryimage"},"image":{"@id":"https:\/\/swissbaker.ch\/fr\/panissimo-news\/galerie\/st-galler-baecker-an-der-olma\/#primaryimage"},"thumbnailUrl":"https:\/\/swissbaker.ch\/wp-content\/uploads\/2022\/10\/olma_baecker_24-scaled.jpg","datePublished":"2022-10-18T14:21:10+00:00","dateModified":"2022-10-20T13:37:17+00:00","description":"Die St. Galler B\u00e4cker verw\u00f6hnen an der Olma die Besucherinnen und Besucher mit wunderbaren K\u00f6stlichkeiten (Halle 9.1, Stand 9.1.58). An ihrem traditionellen Ap\u00e9ro wurde auf die neue Weltmeisterin in der Konditorei-Confiserie Juliana Th\u00f6ny und auf die Bronzemedaille von Vera Stocker in der B\u00e4ckerei-Konditorei an den WorldSkills angestossen.","breadcrumb":{"@id":"https:\/\/swissbaker.ch\/fr\/panissimo-news\/galerie\/st-galler-baecker-an-der-olma\/#breadcrumb"},"inLanguage":"fr-FR","potentialAction":[{"@type":"ReadAction","target":["https:\/\/swissbaker.ch\/fr\/panissimo-news\/galerie\/st-galler-baecker-an-der-olma\/"]}]},{"@type":"ImageObject","inLanguage":"fr-FR","@id":"https:\/\/swissbaker.ch\/fr\/panissimo-news\/galerie\/st-galler-baecker-an-der-olma\/#primaryimage","url":"https:\/\/swissbaker.ch\/wp-content\/uploads\/2022\/10\/olma_baecker_24-scaled.jpg","contentUrl":"https:\/\/swissbaker.ch\/wp-content\/uploads\/2022\/10\/olma_baecker_24-scaled.jpg","width":2048,"height":1536},{"@type":"BreadcrumbList","@id":"https:\/\/swissbaker.ch\/fr\/panissimo-news\/galerie\/st-galler-baecker-an-der-olma\/#breadcrumb","itemListElement":[{"@type":"ListItem","position":1,"name":"","item":"https:\/\/swissbaker.ch\/fr\/"},{"@type":"ListItem","position":2,"name":"Galerie de photos","item":"https:\/\/swissbaker.ch\/fr\/panissimo-news\/galerie\/"},{"@type":"ListItem","position":3,"name":"St. Galler B\u00e4cker-Confiseure an der Olma"}]},{"@type":"WebSite","@id":"https:\/\/swissbaker.ch\/fr\/#website","url":"https:\/\/swissbaker.ch\/fr\/","name":"SBC","description":"","publisher":{"@id":"https:\/\/swissbaker.ch\/fr\/#organization"},"potentialAction":[{"@type":"SearchAction","target":{"@type":"EntryPoint","urlTemplate":"https:\/\/swissbaker.ch\/fr\/?s={search_term_string}"},"query-input":{"@type":"PropertyValueSpecification","valueRequired":true,"valueName":"search_term_string"}}],"inLanguage":"fr-FR"},{"@type":"Organization","@id":"https:\/\/swissbaker.ch\/fr\/#organization","name":"Schweizerischer B\u00e4cker-Confiseurmeister-Verband","url":"https:\/\/swissbaker.ch\/fr\/","logo":{"@type":"ImageObject","inLanguage":"fr-FR","@id":"https:\/\/swissbaker.ch\/fr\/#\/schema\/logo\/image\/","url":"https:\/\/swissbaker.ch\/wp-content\/uploads\/2022\/04\/sbc-logo-yoast.jpg","contentUrl":"https:\/\/swissbaker.ch\/wp-content\/uploads\/2022\/04\/sbc-logo-yoast.jpg","width":512,"height":512,"caption":"Schweizerischer B\u00e4cker-Confiseurmeister-Verband"},"image":{"@id":"https:\/\/swissbaker.ch\/fr\/#\/schema\/logo\/image\/"},"sameAs":["https:\/\/www.facebook.com\/swissbaker.ch","https:\/\/x.com\/ch_swissbaker"]}]}},"_links":{"self":[{"href":"https:\/\/swissbaker.ch\/fr\/wp-json\/wp\/v2\/photogallery\/51380","targetHints":{"allow":["GET"]}}],"collection":[{"href":"https:\/\/swissbaker.ch\/fr\/wp-json\/wp\/v2\/photogallery"}],"about":[{"href":"https:\/\/swissbaker.ch\/fr\/wp-json\/wp\/v2\/types\/photogallery"}],"author":[{"embeddable":true,"href":"https:\/\/swissbaker.ch\/fr\/wp-json\/wp\/v2\/users\/3"}],"version-history":[{"count":0,"href":"https:\/\/swissbaker.ch\/fr\/wp-json\/wp\/v2\/photogallery\/51380\/revisions"}],"wp:featuredmedia":[{"embeddable":true,"href":"https:\/\/swissbaker.ch\/fr\/wp-json\/wp\/v2\/media\/51427"}],"wp:attachment":[{"href":"https:\/\/swissbaker.ch\/fr\/wp-json\/wp\/v2\/media?parent=51380"}],"curies":[{"name":"wp","href":"https:\/\/api.w.org\/{rel}","templated":true}]}}