{"id":121619,"date":"2025-06-16T14:26:09","date_gmt":"2025-06-16T12:26:09","guid":{"rendered":"https:\/\/swissbaker.ch\/?post_type=photogallery&#038;p=121619"},"modified":"2025-06-18T14:40:09","modified_gmt":"2025-06-18T12:40:09","slug":"schlussfeier-der-berufspruefung-2025","status":"publish","type":"photogallery","link":"https:\/\/swissbaker.ch\/fr\/panissimo-news\/galerie\/schlussfeier-der-berufspruefung-2025\/","title":{"rendered":"Schlussfeier der Berufspr\u00fcfung 2025"},"content":{"rendered":"\n<p><strong>Am 14. Juni\u00a0 fand in der Richemont Fachschule in Luzern die feierliche Schlussfeier der Berufspr\u00fcfung statt. Die Branche ehrte an diesem Tag die erfolgreichen Absolventinnen und Absolventen f\u00fcr ihre herausragenden Leistungen im Rahmen einer w\u00fcrdigen Zeremonie.<\/strong><\/p>\n\n\n\n<p><a id=\"_msocom_1\"><\/a><\/p>\n","protected":false},"excerpt":{"rendered":"<p>Am 14. Juni\u00a0 fand in der Richemont Fachschule in Luzern die feierliche Schlussfeier der Berufspr\u00fcfung statt. Die Branche ehrte an diesem Tag die erfolgreichen Absolventinnen und Absolventen f\u00fcr ihre herausragenden Leistungen im Rahmen einer w\u00fcrdigen Zeremonie.<\/p>\n","protected":false},"author":5,"featured_media":121628,"menu_order":0,"template":"","class_list":["post-121619","photogallery","type-photogallery","status-publish","has-post-thumbnail","hentry"],"acf":[],"yoast_head":"<!-- This site is optimized with the Yoast SEO Premium plugin v26.8 (Yoast SEO v26.8) - https:\/\/yoast.com\/product\/yoast-seo-premium-wordpress\/ -->\n<title>Schlussfeier der Berufspr\u00fcfung 2025 | SBC<\/title>\n<meta name=\"robots\" content=\"index, follow, max-snippet:-1, max-image-preview:large, max-video-preview:-1\" \/>\n<link rel=\"canonical\" href=\"https:\/\/swissbaker.ch\/fr\/panissimo-news\/galerie\/schlussfeier-der-berufspruefung-2025\/\" \/>\n<meta property=\"og:locale\" content=\"fr_FR\" \/>\n<meta property=\"og:type\" content=\"article\" \/>\n<meta property=\"og:title\" content=\"Schlussfeier der Berufspr\u00fcfung 2025\" \/>\n<meta property=\"og:description\" content=\"Am 14. Juni\u00a0 fand in der Richemont Fachschule in Luzern die feierliche Schlussfeier der Berufspr\u00fcfung statt. Die Branche ehrte an diesem Tag die erfolgreichen Absolventinnen und Absolventen f\u00fcr ihre herausragenden Leistungen im Rahmen einer w\u00fcrdigen Zeremonie.\" \/>\n<meta property=\"og:url\" content=\"https:\/\/swissbaker.ch\/fr\/panissimo-news\/galerie\/schlussfeier-der-berufspruefung-2025\/\" \/>\n<meta property=\"og:site_name\" content=\"SBC\" \/>\n<meta property=\"article:publisher\" content=\"https:\/\/www.facebook.com\/swissbaker.ch\" \/>\n<meta property=\"article:modified_time\" content=\"2025-06-18T12:40:09+00:00\" \/>\n<meta property=\"og:image\" content=\"https:\/\/swissbaker.ch\/wp-content\/uploads\/2025\/06\/alle-erfolgreichen-absolventen-2025.jpg\" \/>\n\t<meta property=\"og:image:width\" content=\"1920\" \/>\n\t<meta property=\"og:image:height\" content=\"1280\" \/>\n\t<meta property=\"og:image:type\" content=\"image\/jpeg\" \/>\n<meta name=\"twitter:card\" content=\"summary_large_image\" \/>\n<meta name=\"twitter:site\" content=\"@ch_swissbaker\" \/>\n<script type=\"application\/ld+json\" class=\"yoast-schema-graph\">{\"@context\":\"https:\/\/schema.org\",\"@graph\":[{\"@type\":\"WebPage\",\"@id\":\"https:\/\/swissbaker.ch\/fr\/panissimo-news\/galerie\/schlussfeier-der-berufspruefung-2025\/\",\"url\":\"https:\/\/swissbaker.ch\/fr\/panissimo-news\/galerie\/schlussfeier-der-berufspruefung-2025\/\",\"name\":\"Schlussfeier der Berufspr\u00fcfung 2025 | SBC\",\"isPartOf\":{\"@id\":\"https:\/\/swissbaker.ch\/fr\/#website\"},\"primaryImageOfPage\":{\"@id\":\"https:\/\/swissbaker.ch\/fr\/panissimo-news\/galerie\/schlussfeier-der-berufspruefung-2025\/#primaryimage\"},\"image\":{\"@id\":\"https:\/\/swissbaker.ch\/fr\/panissimo-news\/galerie\/schlussfeier-der-berufspruefung-2025\/#primaryimage\"},\"thumbnailUrl\":\"https:\/\/swissbaker.ch\/wp-content\/uploads\/2025\/06\/alle-erfolgreichen-absolventen-2025.jpg\",\"datePublished\":\"2025-06-16T12:26:09+00:00\",\"dateModified\":\"2025-06-18T12:40:09+00:00\",\"breadcrumb\":{\"@id\":\"https:\/\/swissbaker.ch\/fr\/panissimo-news\/galerie\/schlussfeier-der-berufspruefung-2025\/#breadcrumb\"},\"inLanguage\":\"fr-FR\",\"potentialAction\":[{\"@type\":\"ReadAction\",\"target\":[\"https:\/\/swissbaker.ch\/fr\/panissimo-news\/galerie\/schlussfeier-der-berufspruefung-2025\/\"]}]},{\"@type\":\"ImageObject\",\"inLanguage\":\"fr-FR\",\"@id\":\"https:\/\/swissbaker.ch\/fr\/panissimo-news\/galerie\/schlussfeier-der-berufspruefung-2025\/#primaryimage\",\"url\":\"https:\/\/swissbaker.ch\/wp-content\/uploads\/2025\/06\/alle-erfolgreichen-absolventen-2025.jpg\",\"contentUrl\":\"https:\/\/swissbaker.ch\/wp-content\/uploads\/2025\/06\/alle-erfolgreichen-absolventen-2025.jpg\",\"width\":1920,\"height\":1280},{\"@type\":\"BreadcrumbList\",\"@id\":\"https:\/\/swissbaker.ch\/fr\/panissimo-news\/galerie\/schlussfeier-der-berufspruefung-2025\/#breadcrumb\",\"itemListElement\":[{\"@type\":\"ListItem\",\"position\":1,\"name\":\"\",\"item\":\"https:\/\/swissbaker.ch\/fr\/\"},{\"@type\":\"ListItem\",\"position\":2,\"name\":\"Galerie de photos\",\"item\":\"https:\/\/swissbaker.ch\/fr\/panissimo-news\/galerie\/\"},{\"@type\":\"ListItem\",\"position\":3,\"name\":\"Schlussfeier der Berufspr\u00fcfung 2025\"}]},{\"@type\":\"WebSite\",\"@id\":\"https:\/\/swissbaker.ch\/fr\/#website\",\"url\":\"https:\/\/swissbaker.ch\/fr\/\",\"name\":\"SBC\",\"description\":\"\",\"publisher\":{\"@id\":\"https:\/\/swissbaker.ch\/fr\/#organization\"},\"potentialAction\":[{\"@type\":\"SearchAction\",\"target\":{\"@type\":\"EntryPoint\",\"urlTemplate\":\"https:\/\/swissbaker.ch\/fr\/?s={search_term_string}\"},\"query-input\":{\"@type\":\"PropertyValueSpecification\",\"valueRequired\":true,\"valueName\":\"search_term_string\"}}],\"inLanguage\":\"fr-FR\"},{\"@type\":\"Organization\",\"@id\":\"https:\/\/swissbaker.ch\/fr\/#organization\",\"name\":\"Schweizerischer B\u00e4cker-Confiseurmeister-Verband\",\"url\":\"https:\/\/swissbaker.ch\/fr\/\",\"logo\":{\"@type\":\"ImageObject\",\"inLanguage\":\"fr-FR\",\"@id\":\"https:\/\/swissbaker.ch\/fr\/#\/schema\/logo\/image\/\",\"url\":\"https:\/\/swissbaker.ch\/wp-content\/uploads\/2022\/04\/sbc-logo-yoast.jpg\",\"contentUrl\":\"https:\/\/swissbaker.ch\/wp-content\/uploads\/2022\/04\/sbc-logo-yoast.jpg\",\"width\":512,\"height\":512,\"caption\":\"Schweizerischer B\u00e4cker-Confiseurmeister-Verband\"},\"image\":{\"@id\":\"https:\/\/swissbaker.ch\/fr\/#\/schema\/logo\/image\/\"},\"sameAs\":[\"https:\/\/www.facebook.com\/swissbaker.ch\",\"https:\/\/x.com\/ch_swissbaker\"]}]}<\/script>\n<!-- \/ Yoast SEO Premium plugin. -->","yoast_head_json":{"title":"Schlussfeier der Berufspr\u00fcfung 2025 | SBC","robots":{"index":"index","follow":"follow","max-snippet":"max-snippet:-1","max-image-preview":"max-image-preview:large","max-video-preview":"max-video-preview:-1"},"canonical":"https:\/\/swissbaker.ch\/fr\/panissimo-news\/galerie\/schlussfeier-der-berufspruefung-2025\/","og_locale":"fr_FR","og_type":"article","og_title":"Schlussfeier der Berufspr\u00fcfung 2025","og_description":"Am 14. Juni\u00a0 fand in der Richemont Fachschule in Luzern die feierliche Schlussfeier der Berufspr\u00fcfung statt. Die Branche ehrte an diesem Tag die erfolgreichen Absolventinnen und Absolventen f\u00fcr ihre herausragenden Leistungen im Rahmen einer w\u00fcrdigen Zeremonie.","og_url":"https:\/\/swissbaker.ch\/fr\/panissimo-news\/galerie\/schlussfeier-der-berufspruefung-2025\/","og_site_name":"SBC","article_publisher":"https:\/\/www.facebook.com\/swissbaker.ch","article_modified_time":"2025-06-18T12:40:09+00:00","og_image":[{"width":1920,"height":1280,"url":"https:\/\/swissbaker.ch\/wp-content\/uploads\/2025\/06\/alle-erfolgreichen-absolventen-2025.jpg","type":"image\/jpeg"}],"twitter_card":"summary_large_image","twitter_site":"@ch_swissbaker","schema":{"@context":"https:\/\/schema.org","@graph":[{"@type":"WebPage","@id":"https:\/\/swissbaker.ch\/fr\/panissimo-news\/galerie\/schlussfeier-der-berufspruefung-2025\/","url":"https:\/\/swissbaker.ch\/fr\/panissimo-news\/galerie\/schlussfeier-der-berufspruefung-2025\/","name":"Schlussfeier der Berufspr\u00fcfung 2025 | SBC","isPartOf":{"@id":"https:\/\/swissbaker.ch\/fr\/#website"},"primaryImageOfPage":{"@id":"https:\/\/swissbaker.ch\/fr\/panissimo-news\/galerie\/schlussfeier-der-berufspruefung-2025\/#primaryimage"},"image":{"@id":"https:\/\/swissbaker.ch\/fr\/panissimo-news\/galerie\/schlussfeier-der-berufspruefung-2025\/#primaryimage"},"thumbnailUrl":"https:\/\/swissbaker.ch\/wp-content\/uploads\/2025\/06\/alle-erfolgreichen-absolventen-2025.jpg","datePublished":"2025-06-16T12:26:09+00:00","dateModified":"2025-06-18T12:40:09+00:00","breadcrumb":{"@id":"https:\/\/swissbaker.ch\/fr\/panissimo-news\/galerie\/schlussfeier-der-berufspruefung-2025\/#breadcrumb"},"inLanguage":"fr-FR","potentialAction":[{"@type":"ReadAction","target":["https:\/\/swissbaker.ch\/fr\/panissimo-news\/galerie\/schlussfeier-der-berufspruefung-2025\/"]}]},{"@type":"ImageObject","inLanguage":"fr-FR","@id":"https:\/\/swissbaker.ch\/fr\/panissimo-news\/galerie\/schlussfeier-der-berufspruefung-2025\/#primaryimage","url":"https:\/\/swissbaker.ch\/wp-content\/uploads\/2025\/06\/alle-erfolgreichen-absolventen-2025.jpg","contentUrl":"https:\/\/swissbaker.ch\/wp-content\/uploads\/2025\/06\/alle-erfolgreichen-absolventen-2025.jpg","width":1920,"height":1280},{"@type":"BreadcrumbList","@id":"https:\/\/swissbaker.ch\/fr\/panissimo-news\/galerie\/schlussfeier-der-berufspruefung-2025\/#breadcrumb","itemListElement":[{"@type":"ListItem","position":1,"name":"","item":"https:\/\/swissbaker.ch\/fr\/"},{"@type":"ListItem","position":2,"name":"Galerie de photos","item":"https:\/\/swissbaker.ch\/fr\/panissimo-news\/galerie\/"},{"@type":"ListItem","position":3,"name":"Schlussfeier der Berufspr\u00fcfung 2025"}]},{"@type":"WebSite","@id":"https:\/\/swissbaker.ch\/fr\/#website","url":"https:\/\/swissbaker.ch\/fr\/","name":"SBC","description":"","publisher":{"@id":"https:\/\/swissbaker.ch\/fr\/#organization"},"potentialAction":[{"@type":"SearchAction","target":{"@type":"EntryPoint","urlTemplate":"https:\/\/swissbaker.ch\/fr\/?s={search_term_string}"},"query-input":{"@type":"PropertyValueSpecification","valueRequired":true,"valueName":"search_term_string"}}],"inLanguage":"fr-FR"},{"@type":"Organization","@id":"https:\/\/swissbaker.ch\/fr\/#organization","name":"Schweizerischer B\u00e4cker-Confiseurmeister-Verband","url":"https:\/\/swissbaker.ch\/fr\/","logo":{"@type":"ImageObject","inLanguage":"fr-FR","@id":"https:\/\/swissbaker.ch\/fr\/#\/schema\/logo\/image\/","url":"https:\/\/swissbaker.ch\/wp-content\/uploads\/2022\/04\/sbc-logo-yoast.jpg","contentUrl":"https:\/\/swissbaker.ch\/wp-content\/uploads\/2022\/04\/sbc-logo-yoast.jpg","width":512,"height":512,"caption":"Schweizerischer B\u00e4cker-Confiseurmeister-Verband"},"image":{"@id":"https:\/\/swissbaker.ch\/fr\/#\/schema\/logo\/image\/"},"sameAs":["https:\/\/www.facebook.com\/swissbaker.ch","https:\/\/x.com\/ch_swissbaker"]}]}},"_links":{"self":[{"href":"https:\/\/swissbaker.ch\/fr\/wp-json\/wp\/v2\/photogallery\/121619","targetHints":{"allow":["GET"]}}],"collection":[{"href":"https:\/\/swissbaker.ch\/fr\/wp-json\/wp\/v2\/photogallery"}],"about":[{"href":"https:\/\/swissbaker.ch\/fr\/wp-json\/wp\/v2\/types\/photogallery"}],"author":[{"embeddable":true,"href":"https:\/\/swissbaker.ch\/fr\/wp-json\/wp\/v2\/users\/5"}],"version-history":[{"count":0,"href":"https:\/\/swissbaker.ch\/fr\/wp-json\/wp\/v2\/photogallery\/121619\/revisions"}],"wp:featuredmedia":[{"embeddable":true,"href":"https:\/\/swissbaker.ch\/fr\/wp-json\/wp\/v2\/media\/121628"}],"wp:attachment":[{"href":"https:\/\/swissbaker.ch\/fr\/wp-json\/wp\/v2\/media?parent=121619"}],"curies":[{"name":"wp","href":"https:\/\/api.w.org\/{rel}","templated":true}]}}