{"id":61141,"date":"2023-05-10T10:26:40","date_gmt":"2023-05-10T08:26:40","guid":{"rendered":"https:\/\/swissbaker.ch\/?page_id=61141"},"modified":"2026-04-22T16:34:52","modified_gmt":"2026-04-22T14:34:52","slug":"actualites","status":"publish","type":"page","link":"https:\/\/swissbaker.ch\/fr\/actualites\/","title":{"rendered":"Actualit\u00e9s"},"content":{"rendered":"\n<p><\/p>\n\n\n\n<h2 class=\"wp-block-heading\" id=\"h-journees-chaudes-transports-frigorifiques\">Journ\u00e9es chaudes, transports frigorifiques<\/h2>\n\n\n\n<p>10.4.2026: L\u2019ann\u00e9e derni\u00e8re, environ 650 camions frigorifiques ont \u00e9t\u00e9 contr\u00f4l\u00e9s. Avec la hausse des temp\u00e9ratures, la probabilit\u00e9 que de tels contr\u00f4les al\u00e9atoires aient lieu augmente \u00e0 nouveau.<\/p>\n\n\n\n<div class=\"wp-block-file\"><a id=\"wp-block-file--media-77eef2ed-d01b-4efe-b6d6-a11afb2424be\" href=\"https:\/\/swissbaker.ch\/wp-content\/uploads\/2026\/04\/journees-chaudes-transports-frigorifiques.pdf\">Journees chaudes transports frigorifiques<\/a><a href=\"https:\/\/swissbaker.ch\/wp-content\/uploads\/2026\/04\/journees-chaudes-transports-frigorifiques.pdf\" class=\"wp-block-file__button wp-element-button\" download aria-describedby=\"wp-block-file--media-77eef2ed-d01b-4efe-b6d6-a11afb2424be\">Herunterladen<\/a><\/div>\n\n\n\n<div style=\"height:25px\" aria-hidden=\"true\" class=\"wp-block-spacer\"><\/div>\n\n\n\n<h2 class=\"wp-block-heading\" id=\"h-communication\">Communication<\/h2>\n\n\n\n<div class=\"wp-block-file\"><a id=\"wp-block-file--media-04625b50-b24c-49e7-aa4f-bd969cbc0e6c\" href=\"https:\/\/swissbaker.ch\/wp-content\/uploads\/2025\/10\/202508_medien-handbuch_f.pdf\">Guide: communication_avec_les_m\u00e9dias I 2025<\/a><a href=\"https:\/\/swissbaker.ch\/wp-content\/uploads\/2025\/10\/202508_medien-handbuch_f.pdf\" class=\"wp-block-file__button wp-element-button\" download aria-describedby=\"wp-block-file--media-04625b50-b24c-49e7-aa4f-bd969cbc0e6c\">Herunterladen<\/a><\/div>\n\n\n\n<div style=\"height:26px\" aria-hidden=\"true\" class=\"wp-block-spacer\"><\/div>\n\n\n\n<h2 class=\"wp-block-heading\" id=\"h-avenant-aux-contrats-d-apprentissage-debutant-a-l-ete-2025\">Avenant aux contrats d&#8217;apprentissage d\u00e9butant \u00e0 l&#8217;\u00e9t\u00e9 2025<\/h2>\n\n\n\n<div class=\"wp-block-file\"><a id=\"wp-block-file--media-35a528a5-c9ff-4920-8593-b783c4b9dfda\" href=\"https:\/\/swissbaker.ch\/wp-content\/uploads\/2025\/09\/2507xx-ver_aenderung-lehrvertrag_f.docx\">Adaptation du contrat d\u2019apprentissage<\/a><a href=\"https:\/\/swissbaker.ch\/wp-content\/uploads\/2025\/09\/2507xx-ver_aenderung-lehrvertrag_f.docx\" class=\"wp-block-file__button wp-element-button\" download aria-describedby=\"wp-block-file--media-35a528a5-c9ff-4920-8593-b783c4b9dfda\">Herunterladen<\/a><\/div>\n\n\n\n<p><em>Remarque: la convention pour apprentis n\u2019est pas obligatoire pour les apprentis et apprenties avanc\u00e9s, c&#8217;est-\u00e0-dire ceux et celles qui entrent en deuxi\u00e8me ou troisi\u00e8me ann\u00e9e d&#8217;apprentissage.<\/em><\/p>\n\n\n\n<h2 class=\"wp-block-heading\" id=\"h-calcul-de-la-majoration\">Calcul de la majoration<\/h2>\n\n\n\n<div class=\"wp-block-file\"><a id=\"wp-block-file--media-0f2b67b9-c9ee-4c80-ae79-0af5c602254e\" href=\"https:\/\/swissbaker.ch\/wp-content\/uploads\/2024\/06\/zuschlagskalkulation_juni-2024_f.pdf\">Calcul de la majoration: explication<\/a><a href=\"https:\/\/swissbaker.ch\/wp-content\/uploads\/2024\/06\/zuschlagskalkulation_juni-2024_f.pdf\" class=\"wp-block-file__button wp-element-button\" download aria-describedby=\"wp-block-file--media-0f2b67b9-c9ee-4c80-ae79-0af5c602254e\">Herunterladen<\/a><\/div>\n\n\n\n<p class=\"has-small-font-size\">(<strong>Avec des exemples de prix pour les petits pains du 1<sup>er<\/sup> ao\u00fbt, les bonhommes en p\u00e2te et les galettes des Rois<\/strong>)<\/p>\n\n\n\n<div class=\"wp-block-file\"><a id=\"wp-block-file--media-793f27a6-0d98-4af4-ac8e-f537110b510a\" href=\"https:\/\/swissbaker.ch\/wp-content\/uploads\/2024\/06\/grundkostenzuschlaege_f.xlsx\">Calcul de la majoration.xlsx<\/a><a href=\"https:\/\/swissbaker.ch\/wp-content\/uploads\/2024\/06\/grundkostenzuschlaege_f.xlsx\" class=\"wp-block-file__button wp-element-button\" download aria-describedby=\"wp-block-file--media-793f27a6-0d98-4af4-ac8e-f537110b510a\">Herunterladen<\/a><\/div>\n\n\n\n<div style=\"height:27px\" aria-hidden=\"true\" class=\"wp-block-spacer\"><\/div>\n\n\n\n<h2 class=\"wp-block-heading\" id=\"h-securite-au-travail-et-protection-de-la-sante\">S\u00e9curit\u00e9 au travail et protection de la sant\u00e9<\/h2>\n\n\n\n<p><a href=\"https:\/\/swissbaker.ch\/wp-content\/uploads\/2025\/02\/nachtarbeit_intranet_f.pdf\">Travail de nuit : chapitre actualis\u00e9 : 25.02.2025<\/a><\/p>\n\n\n\n<div style=\"height:27px\" aria-hidden=\"true\" class=\"wp-block-spacer\"><\/div>\n\n\n\n<h2 class=\"wp-block-heading\" id=\"h-cybersecurite\">Cybersecurit\u00e9<\/h2>\n\n\n\n<div class=\"wp-block-file\"><a id=\"wp-block-file--media-716cdee6-66c9-4104-810d-22780034dd07\" href=\"https:\/\/swissbaker.ch\/wp-content\/uploads\/2024\/12\/astuces_cybersecurite_12_2024.pdf\">Ab\u00e9c\u00e9daire de l\u2019hygi\u00e8ne informatique<\/a><a href=\"https:\/\/swissbaker.ch\/wp-content\/uploads\/2024\/12\/astuces_cybersecurite_12_2024.pdf\" class=\"wp-block-file__button wp-element-button\" download aria-describedby=\"wp-block-file--media-716cdee6-66c9-4104-810d-22780034dd07\">Herunterladen<\/a><\/div>\n\n\n\n<div style=\"height:38px\" aria-hidden=\"true\" class=\"wp-block-spacer\"><\/div>\n\n\n\n<h2 class=\"wp-block-heading\" id=\"h-enquete-de-la-bcs-2024\">Enqu\u00eate de la BCS 2024<\/h2>\n\n\n\n<div class=\"wp-block-file\"><a id=\"wp-block-file--media-36017a77-33c6-4dcd-89d7-2dc6d2b1cef6\" href=\"https:\/\/swissbaker.ch\/wp-content\/uploads\/2024\/06\/mitgliederumfrage_2024_fr.pdf\">Enqu\u00eate de la BCS : les r\u00e9sultats<\/a><a href=\"https:\/\/swissbaker.ch\/wp-content\/uploads\/2024\/06\/mitgliederumfrage_2024_fr.pdf\" class=\"wp-block-file__button wp-element-button\" download aria-describedby=\"wp-block-file--media-36017a77-33c6-4dcd-89d7-2dc6d2b1cef6\">Herunterladen<\/a><\/div>\n\n\n\n<div style=\"height:26px\" aria-hidden=\"true\" class=\"wp-block-spacer\"><\/div>\n\n\n\n<div style=\"height:25px\" aria-hidden=\"true\" class=\"wp-block-spacer\"><\/div>\n\n\n\n<h2 class=\"wp-block-heading\" id=\"h-\"><\/h2>\n","protected":false},"excerpt":{"rendered":"<p>Journ\u00e9es chaudes, transports frigorifiques 10.4.2026: L\u2019ann\u00e9e derni\u00e8re, environ 650 camions frigorifiques ont \u00e9t\u00e9 contr\u00f4l\u00e9s. Avec la hausse des temp\u00e9ratures, la probabilit\u00e9 que de tels contr\u00f4les al\u00e9atoires aient lieu augmente \u00e0 nouveau. Communication Avenant aux contrats d&#8217;apprentissage d\u00e9butant \u00e0 l&#8217;\u00e9t\u00e9 2025 Remarque: la convention pour apprentis n\u2019est pas obligatoire pour les apprentis et apprenties avanc\u00e9s, c&#8217;est-\u00e0-dire ceux et celles qui entrent [&hellip;]<\/p>\n","protected":false},"author":5,"featured_media":0,"parent":0,"menu_order":0,"comment_status":"closed","ping_status":"closed","template":"page-intranet.php","meta":{"_acf_changed":false,"footnotes":""},"class_list":["post-61141","page","type-page","status-publish","hentry"],"acf":[],"yoast_head":"<!-- This site is optimized with the Yoast SEO Premium plugin v26.8 (Yoast SEO v26.8) - https:\/\/yoast.com\/product\/yoast-seo-premium-wordpress\/ -->\n<title>Actualit\u00e9s | SBC<\/title>\n<meta name=\"robots\" content=\"index, follow, max-snippet:-1, max-image-preview:large, max-video-preview:-1\" \/>\n<link rel=\"canonical\" href=\"https:\/\/swissbaker.ch\/fr\/actualites\/\" \/>\n<meta property=\"og:locale\" content=\"fr_FR\" \/>\n<meta property=\"og:type\" content=\"article\" \/>\n<meta property=\"og:title\" content=\"Actualit\u00e9s\" \/>\n<meta property=\"og:description\" content=\"Journ\u00e9es chaudes, transports frigorifiques 10.4.2026: L\u2019ann\u00e9e derni\u00e8re, environ 650 camions frigorifiques ont \u00e9t\u00e9 contr\u00f4l\u00e9s. Avec la hausse des temp\u00e9ratures, la probabilit\u00e9 que de tels contr\u00f4les al\u00e9atoires aient lieu augmente \u00e0 nouveau. Communication Avenant aux contrats d&#8217;apprentissage d\u00e9butant \u00e0 l&#8217;\u00e9t\u00e9 2025 Remarque: la convention pour apprentis n\u2019est pas obligatoire pour les apprentis et apprenties avanc\u00e9s, c&#8217;est-\u00e0-dire ceux et celles qui entrent [&hellip;]\" \/>\n<meta property=\"og:url\" content=\"https:\/\/swissbaker.ch\/fr\/actualites\/\" \/>\n<meta property=\"og:site_name\" content=\"SBC\" \/>\n<meta property=\"article:publisher\" content=\"https:\/\/www.facebook.com\/swissbaker.ch\" \/>\n<meta property=\"article:modified_time\" content=\"2026-04-22T14:34:52+00:00\" \/>\n<meta property=\"og:image\" content=\"https:\/\/swissbaker.ch\/wp-content\/uploads\/2022\/04\/sbc-logo-yoast.jpg\" \/>\n\t<meta property=\"og:image:width\" content=\"512\" \/>\n\t<meta property=\"og:image:height\" content=\"512\" \/>\n\t<meta property=\"og:image:type\" content=\"image\/jpeg\" \/>\n<meta name=\"twitter:card\" content=\"summary_large_image\" \/>\n<meta name=\"twitter:site\" content=\"@ch_swissbaker\" \/>\n<meta name=\"twitter:label1\" content=\"Est. reading time\" \/>\n\t<meta name=\"twitter:data1\" content=\"2 minutes\" \/>\n<script type=\"application\/ld+json\" class=\"yoast-schema-graph\">{\"@context\":\"https:\/\/schema.org\",\"@graph\":[{\"@type\":\"WebPage\",\"@id\":\"https:\/\/swissbaker.ch\/fr\/actualites\/\",\"url\":\"https:\/\/swissbaker.ch\/fr\/actualites\/\",\"name\":\"Actualit\u00e9s | SBC\",\"isPartOf\":{\"@id\":\"https:\/\/swissbaker.ch\/fr\/#website\"},\"datePublished\":\"2023-05-10T08:26:40+00:00\",\"dateModified\":\"2026-04-22T14:34:52+00:00\",\"breadcrumb\":{\"@id\":\"https:\/\/swissbaker.ch\/fr\/actualites\/#breadcrumb\"},\"inLanguage\":\"fr-FR\",\"potentialAction\":[{\"@type\":\"ReadAction\",\"target\":[\"https:\/\/swissbaker.ch\/fr\/actualites\/\"]}]},{\"@type\":\"BreadcrumbList\",\"@id\":\"https:\/\/swissbaker.ch\/fr\/actualites\/#breadcrumb\",\"itemListElement\":[{\"@type\":\"ListItem\",\"position\":1,\"name\":\"\",\"item\":\"https:\/\/swissbaker.ch\/fr\/\"},{\"@type\":\"ListItem\",\"position\":2,\"name\":\"Actualit\u00e9s\"}]},{\"@type\":\"WebSite\",\"@id\":\"https:\/\/swissbaker.ch\/fr\/#website\",\"url\":\"https:\/\/swissbaker.ch\/fr\/\",\"name\":\"SBC\",\"description\":\"\",\"publisher\":{\"@id\":\"https:\/\/swissbaker.ch\/fr\/#organization\"},\"potentialAction\":[{\"@type\":\"SearchAction\",\"target\":{\"@type\":\"EntryPoint\",\"urlTemplate\":\"https:\/\/swissbaker.ch\/fr\/?s={search_term_string}\"},\"query-input\":{\"@type\":\"PropertyValueSpecification\",\"valueRequired\":true,\"valueName\":\"search_term_string\"}}],\"inLanguage\":\"fr-FR\"},{\"@type\":\"Organization\",\"@id\":\"https:\/\/swissbaker.ch\/fr\/#organization\",\"name\":\"Schweizerischer B\u00e4cker-Confiseurmeister-Verband\",\"url\":\"https:\/\/swissbaker.ch\/fr\/\",\"logo\":{\"@type\":\"ImageObject\",\"inLanguage\":\"fr-FR\",\"@id\":\"https:\/\/swissbaker.ch\/fr\/#\/schema\/logo\/image\/\",\"url\":\"https:\/\/swissbaker.ch\/wp-content\/uploads\/2022\/04\/sbc-logo-yoast.jpg\",\"contentUrl\":\"https:\/\/swissbaker.ch\/wp-content\/uploads\/2022\/04\/sbc-logo-yoast.jpg\",\"width\":512,\"height\":512,\"caption\":\"Schweizerischer B\u00e4cker-Confiseurmeister-Verband\"},\"image\":{\"@id\":\"https:\/\/swissbaker.ch\/fr\/#\/schema\/logo\/image\/\"},\"sameAs\":[\"https:\/\/www.facebook.com\/swissbaker.ch\",\"https:\/\/x.com\/ch_swissbaker\"]}]}<\/script>\n<!-- \/ Yoast SEO Premium plugin. -->","yoast_head_json":{"title":"Actualit\u00e9s | SBC","robots":{"index":"index","follow":"follow","max-snippet":"max-snippet:-1","max-image-preview":"max-image-preview:large","max-video-preview":"max-video-preview:-1"},"canonical":"https:\/\/swissbaker.ch\/fr\/actualites\/","og_locale":"fr_FR","og_type":"article","og_title":"Actualit\u00e9s","og_description":"Journ\u00e9es chaudes, transports frigorifiques 10.4.2026: L\u2019ann\u00e9e derni\u00e8re, environ 650 camions frigorifiques ont \u00e9t\u00e9 contr\u00f4l\u00e9s. Avec la hausse des temp\u00e9ratures, la probabilit\u00e9 que de tels contr\u00f4les al\u00e9atoires aient lieu augmente \u00e0 nouveau. Communication Avenant aux contrats d&#8217;apprentissage d\u00e9butant \u00e0 l&#8217;\u00e9t\u00e9 2025 Remarque: la convention pour apprentis n\u2019est pas obligatoire pour les apprentis et apprenties avanc\u00e9s, c&#8217;est-\u00e0-dire ceux et celles qui entrent [&hellip;]","og_url":"https:\/\/swissbaker.ch\/fr\/actualites\/","og_site_name":"SBC","article_publisher":"https:\/\/www.facebook.com\/swissbaker.ch","article_modified_time":"2026-04-22T14:34:52+00:00","og_image":[{"width":512,"height":512,"url":"https:\/\/swissbaker.ch\/wp-content\/uploads\/2022\/04\/sbc-logo-yoast.jpg","type":"image\/jpeg"}],"twitter_card":"summary_large_image","twitter_site":"@ch_swissbaker","twitter_misc":{"Est. reading time":"2 minutes"},"schema":{"@context":"https:\/\/schema.org","@graph":[{"@type":"WebPage","@id":"https:\/\/swissbaker.ch\/fr\/actualites\/","url":"https:\/\/swissbaker.ch\/fr\/actualites\/","name":"Actualit\u00e9s | SBC","isPartOf":{"@id":"https:\/\/swissbaker.ch\/fr\/#website"},"datePublished":"2023-05-10T08:26:40+00:00","dateModified":"2026-04-22T14:34:52+00:00","breadcrumb":{"@id":"https:\/\/swissbaker.ch\/fr\/actualites\/#breadcrumb"},"inLanguage":"fr-FR","potentialAction":[{"@type":"ReadAction","target":["https:\/\/swissbaker.ch\/fr\/actualites\/"]}]},{"@type":"BreadcrumbList","@id":"https:\/\/swissbaker.ch\/fr\/actualites\/#breadcrumb","itemListElement":[{"@type":"ListItem","position":1,"name":"","item":"https:\/\/swissbaker.ch\/fr\/"},{"@type":"ListItem","position":2,"name":"Actualit\u00e9s"}]},{"@type":"WebSite","@id":"https:\/\/swissbaker.ch\/fr\/#website","url":"https:\/\/swissbaker.ch\/fr\/","name":"SBC","description":"","publisher":{"@id":"https:\/\/swissbaker.ch\/fr\/#organization"},"potentialAction":[{"@type":"SearchAction","target":{"@type":"EntryPoint","urlTemplate":"https:\/\/swissbaker.ch\/fr\/?s={search_term_string}"},"query-input":{"@type":"PropertyValueSpecification","valueRequired":true,"valueName":"search_term_string"}}],"inLanguage":"fr-FR"},{"@type":"Organization","@id":"https:\/\/swissbaker.ch\/fr\/#organization","name":"Schweizerischer B\u00e4cker-Confiseurmeister-Verband","url":"https:\/\/swissbaker.ch\/fr\/","logo":{"@type":"ImageObject","inLanguage":"fr-FR","@id":"https:\/\/swissbaker.ch\/fr\/#\/schema\/logo\/image\/","url":"https:\/\/swissbaker.ch\/wp-content\/uploads\/2022\/04\/sbc-logo-yoast.jpg","contentUrl":"https:\/\/swissbaker.ch\/wp-content\/uploads\/2022\/04\/sbc-logo-yoast.jpg","width":512,"height":512,"caption":"Schweizerischer B\u00e4cker-Confiseurmeister-Verband"},"image":{"@id":"https:\/\/swissbaker.ch\/fr\/#\/schema\/logo\/image\/"},"sameAs":["https:\/\/www.facebook.com\/swissbaker.ch","https:\/\/x.com\/ch_swissbaker"]}]}},"_links":{"self":[{"href":"https:\/\/swissbaker.ch\/fr\/wp-json\/wp\/v2\/pages\/61141","targetHints":{"allow":["GET"]}}],"collection":[{"href":"https:\/\/swissbaker.ch\/fr\/wp-json\/wp\/v2\/pages"}],"about":[{"href":"https:\/\/swissbaker.ch\/fr\/wp-json\/wp\/v2\/types\/page"}],"author":[{"embeddable":true,"href":"https:\/\/swissbaker.ch\/fr\/wp-json\/wp\/v2\/users\/5"}],"replies":[{"embeddable":true,"href":"https:\/\/swissbaker.ch\/fr\/wp-json\/wp\/v2\/comments?post=61141"}],"version-history":[{"count":0,"href":"https:\/\/swissbaker.ch\/fr\/wp-json\/wp\/v2\/pages\/61141\/revisions"}],"wp:attachment":[{"href":"https:\/\/swissbaker.ch\/fr\/wp-json\/wp\/v2\/media?parent=61141"}],"curies":[{"name":"wp","href":"https:\/\/api.w.org\/{rel}","templated":true}]}}