{"id":40497,"date":"2022-06-28T11:36:45","date_gmt":"2022-06-28T09:36:45","guid":{"rendered":"https:\/\/swissbaker.ch\/?page_id=40497"},"modified":"2026-03-04T08:14:39","modified_gmt":"2026-03-04T07:14:39","slug":"installations-accessoires","status":"publish","type":"page","link":"https:\/\/swissbaker.ch\/fr\/news-panissimo\/prestataires-et-fournisseurs\/installations-accessoires\/","title":{"rendered":"Installations\/Accessoires"},"content":{"rendered":"\n<div class=\"wp-block-columns\">\n<div class=\"wp-block-column\">\n<figure class=\"wp-block-image size-full is-resized\"><img decoding=\"async\" width=\"320\" height=\"140\" src=\"https:\/\/swissbaker.ch\/wp-content\/uploads\/2025\/01\/aredi_bakegastro.png\" alt=\"\" class=\"wp-image-116161\" style=\"width:291px;height:auto\"\/><\/figure>\n<\/div>\n\n\n\n<div class=\"wp-block-column\">\n<p><strong>Arredi Bake Gastro<br><\/strong>Maschines et solutions pour boulangeries, p\u00e2tisseries, gastronomie<br>Tel. 078 697 67 75<br><a href=\"https:\/\/www.frebaco.ch\/\" target=\"_blank\" rel=\"noreferrer noopener\">www.frebaco.ch<\/a><\/p>\n<\/div>\n<\/div>\n\n\n\n<div class=\"wp-block-columns\">\n<div class=\"wp-block-column\">\n<figure class=\"wp-block-image size-full\"><img decoding=\"async\" width=\"280\" height=\"123\" src=\"https:\/\/swissbaker.ch\/wp-content\/uploads\/2022\/06\/csm_kreativ_kaelte_451f5483eb-1.png\" alt=\"\" class=\"wp-image-40468\"\/><\/figure>\n<\/div>\n\n\n\n<div class=\"wp-block-column\">\n<p><strong>Creativ-K\u00e4lte GmbH<br><\/strong>6312 Steinhausen<br><a href=\"http:\/\/www.creativ-kaelte.ch\/\" target=\"_blank\" rel=\"noreferrer noopener\">www.creativ-kaelte.ch<\/a><\/p>\n<\/div>\n<\/div>\n\n\n\n<div class=\"wp-block-columns\">\n<div class=\"wp-block-column\">\n<figure class=\"wp-block-image size-full\"><img decoding=\"async\" width=\"280\" height=\"123\" src=\"https:\/\/swissbaker.ch\/wp-content\/uploads\/2022\/06\/csm_duebuer_46d0a5ac36.png\" alt=\"\" class=\"wp-image-40470\"\/><\/figure>\n<\/div>\n\n\n\n<div class=\"wp-block-column\">\n<p><strong>D\u00fcb\u00f6r<\/strong><br>Backtrennmittel und Apparatebau AG<br>5074 Eiken<br><a href=\"http:\/\/www.dueboer.ch\/\" target=\"_blank\" rel=\"noreferrer noopener\">www.dueboer.ch<\/a><\/p>\n<\/div>\n<\/div>\n\n\n\n<div class=\"wp-block-columns\">\n<div class=\"wp-block-column\">\n<figure class=\"wp-block-image size-full\"><img decoding=\"async\" width=\"280\" height=\"123\" src=\"https:\/\/swissbaker.ch\/wp-content\/uploads\/2022\/06\/csm_hofmann_servicetechnik_563c5ecbfe.png\" alt=\"\" class=\"wp-image-40472\"\/><\/figure>\n<\/div>\n\n\n\n<div class=\"wp-block-column\">\n<p><strong>Hofmann Servicetechnik AG<\/strong><br>Gaswerkstrasse 33<br>4900 Langenthal<br>Tel. <a href=\"tel:0629234363\">062 923 43 63<\/a><br><a href=\"http:\/\/www.aufschnittmaschinen.ch\/\" target=\"_blank\" rel=\"noreferrer noopener\">www.aufschnittmaschinen.ch<\/a><\/p>\n<\/div>\n<\/div>\n\n\n\n<div class=\"wp-block-columns\">\n<div class=\"wp-block-column\">\n<figure class=\"wp-block-image size-full\"><img decoding=\"async\" width=\"280\" height=\"123\" src=\"https:\/\/swissbaker.ch\/wp-content\/uploads\/2022\/06\/csm_lcm_schokolademaschinen_408c909367-1.png\" alt=\"\" class=\"wp-image-40474\"\/><\/figure>\n<\/div>\n\n\n\n<div class=\"wp-block-column\">\n<p><strong>LCM Schokoladenmaschinen GmbH<\/strong><br>D-88287 Gr\u00fcnkraut-Gullen<br><a href=\"https:\/\/www.lcm.de\/\" target=\"_blank\" rel=\"noreferrer noopener\">www.lcm.de<\/a><\/p>\n<\/div>\n<\/div>\n\n\n\n<div class=\"wp-block-columns\">\n<div class=\"wp-block-column\">\n<figure class=\"wp-block-image size-full\"><img decoding=\"async\" width=\"280\" height=\"123\" src=\"https:\/\/swissbaker.ch\/wp-content\/uploads\/2022\/06\/csm_leutenegger_frei_fdece9b98c.png\" alt=\"\" class=\"wp-image-40476\"\/><\/figure>\n<\/div>\n\n\n\n<div class=\"wp-block-column\">\n<p><strong>Leutenegger + Frei AG<br><\/strong>Back\u00f6fen und K\u00fchlung<br>9204 Andwil\/SG<br>Tel. <a href=\"tel:0713888484\">071 388 84 84<\/a><br><a href=\"https:\/\/www.leutenegger.com\/\" target=\"_blank\" rel=\"noreferrer noopener\">www.leutenegger.com<\/a><\/p>\n<\/div>\n<\/div>\n\n\n\n<div class=\"wp-block-columns\">\n<div class=\"wp-block-column\">\n<figure class=\"wp-block-image size-full\"><img decoding=\"async\" width=\"280\" height=\"123\" src=\"https:\/\/swissbaker.ch\/wp-content\/uploads\/2022\/06\/csm_miwe_4be320d4c7.png\" alt=\"\" class=\"wp-image-40478\"\/><\/figure>\n<\/div>\n\n\n\n<div class=\"wp-block-column\">\n<p><strong>MIWE B\u00e4ckereitechnik AG<\/strong><br>B\u00e4chigenstrasse 18<br>9212 Arnegg<br>Tel. <a href=\"tel:0713883088\">071 388 30 88<\/a><br><a href=\"http:\/\/www.miwe.ch\/\" target=\"_blank\" rel=\"noreferrer noopener\">www.miwe.ch<\/a><\/p>\n<\/div>\n<\/div>\n\n\n\n<div class=\"wp-block-columns\">\n<div class=\"wp-block-column\">\n<figure class=\"wp-block-image size-full is-resized\"><img decoding=\"async\" width=\"320\" height=\"140\" src=\"https:\/\/swissbaker.ch\/wp-content\/uploads\/2024\/05\/pitec_2024.png\" alt=\"\" class=\"wp-image-78811\" style=\"width:302px;height:auto\"\/><\/figure>\n<\/div>\n\n\n\n<div class=\"wp-block-column\">\n<p><strong>Pitec AG&nbsp;<\/strong><br>B\u00e4ckerei- und Gastrotechnik<br>Staatsstrasse 51<br>9463 Oberriet SG<br>Tel: <a href=\"tel:0844845123\">0844 845 123<\/a><br>&nbsp;<br><strong>Pitec SA<\/strong><br>Technique de boulangerie et gastronomie<br>Z.I. La Pierreire<br>1029 Villars Ste-Croix<br>T\u00e9l. <a href=\"tel:0216329494\">021 632 94 94<\/a><\/p>\n\n\n\n<p><a href=\"http:\/\/www.pitec.ch\/\" target=\"_blank\" rel=\"noreferrer noopener\">www.pitec.ch<\/a><\/p>\n<\/div>\n<\/div>\n\n\n\n<div class=\"wp-block-columns\">\n<div class=\"wp-block-column\">\n<figure class=\"wp-block-image size-full\"><img decoding=\"async\" src=\"https:\/\/swissbaker.ch\/wp-content\/uploads\/2022\/06\/rondo.png\" alt=\"\" class=\"wp-image-40482\"\/><\/figure>\n<\/div>\n\n\n\n<div class=\"wp-block-column\">\n<p><strong>Rondo Burgdorf AG &nbsp;<\/strong><br>B\u00e4ckereimaschinen<br>3400 Burgdorf<br><a href=\"http:\/\/www.rondo-online.com\/\" target=\"_blank\" rel=\"noreferrer noopener\">www.rondo-online.com<\/a><\/p>\n<\/div>\n<\/div>\n\n\n\n<div class=\"wp-block-columns\">\n<div class=\"wp-block-column\">\n<figure class=\"wp-block-image size-full\"><img decoding=\"async\" width=\"280\" height=\"123\" src=\"https:\/\/swissbaker.ch\/wp-content\/uploads\/2022\/06\/csm_swisswagen_e7b17d3c53.png\" alt=\"\" class=\"wp-image-40486\"\/><\/figure>\n<\/div>\n\n\n\n<div class=\"wp-block-column\">\n<p><strong>Swiss Waagen GmbH<\/strong><br>Freiestr. 13<br>8610 Uster<br>Tel. <a href=\"tel:0438439590\">043 843 95 90<\/a><br><a href=\"http:\/\/www.swisswaagen.ch\/\" target=\"_blank\" rel=\"noreferrer noopener\">www.swisswaagen.ch<\/a><\/p>\n<\/div>\n<\/div>\n\n\n\n<div class=\"wp-block-columns\">\n<div class=\"wp-block-column\">\n<figure class=\"wp-block-image size-full\"><img decoding=\"async\" width=\"280\" height=\"123\" src=\"https:\/\/swissbaker.ch\/wp-content\/uploads\/2022\/06\/csm_wieland_boku_5d403988a9.png\" alt=\"\" class=\"wp-image-40488\"\/><\/figure>\n<\/div>\n\n\n\n<div class=\"wp-block-column\">\n<p><strong>Wieland Boku AG<\/strong><br>B\u00e4ckereimaschinen<br><a href=\"http:\/\/www.wieland-boku.ch\/\" target=\"_blank\" rel=\"noreferrer noopener\">www.wieland-boku.ch<\/a><\/p>\n<\/div>\n<\/div>\n\n\n\n<div class=\"wp-block-columns\">\n<div class=\"wp-block-column\">\n<figure class=\"wp-block-image size-full\"><img decoding=\"async\" width=\"280\" height=\"123\" src=\"https:\/\/swissbaker.ch\/wp-content\/uploads\/2022\/06\/csm_winterhalter_b4a0ed1eff-1.png\" alt=\"\" class=\"wp-image-40490\"\/><\/figure>\n<\/div>\n\n\n\n<div class=\"wp-block-column\">\n<p><strong>Winterhalter Gastronom AG<\/strong><br>9464 R\u00fcthi<br><a href=\"http:\/\/www.winterhalter.ch\/\" target=\"_blank\" rel=\"noreferrer noopener\">www.winterhalter.ch<\/a><\/p>\n<\/div>\n<\/div>\n\n\n\n<div class=\"wp-block-columns\">\n<div class=\"wp-block-column\">\n<figure class=\"wp-block-image size-full is-resized\"><img decoding=\"async\" width=\"280\" height=\"123\" src=\"https:\/\/swissbaker.ch\/wp-content\/uploads\/2022\/06\/csm_workfasion_162e79c32d.png\" alt=\"\" class=\"wp-image-37731\" style=\"width:257px;height:auto\"\/><\/figure>\n<\/div>\n\n\n\n<div class=\"wp-block-column\">\n<p><strong>workfashion.com AG<\/strong><br>6332 Hagendorn<br><a href=\"https:\/\/workfashion.com\" target=\"_blank\" rel=\"noreferrer noopener\">workfashion.com<\/a><\/p>\n<\/div>\n<\/div>\n\n\n\n<div class=\"wp-block-columns\">\n<div class=\"wp-block-column\">\n<figure class=\"wp-block-image size-full\"><img decoding=\"async\" width=\"280\" height=\"123\" src=\"https:\/\/swissbaker.ch\/wp-content\/uploads\/2022\/06\/csm_wuest_6e25824a2f.png\" alt=\"\" class=\"wp-image-40494\"\/><\/figure>\n<\/div>\n\n\n\n<div class=\"wp-block-column\">\n<p><strong>Wuest B\u00e4ckerei- und Gastrobedarf<\/strong><br>Letzaustrasse 19<br>462 Montlingen<br>Tel. <a href=\"tel:0717636090\">071 763 60 90<\/a><br><a href=\"http:\/\/www.gwuest.ch\/\" target=\"_blank\" rel=\"noreferrer noopener\">www.gwuest.ch<\/a><\/p>\n<\/div>\n<\/div>\n","protected":false},"excerpt":{"rendered":"<p>Arredi Bake GastroMaschines et solutions pour boulangeries, p\u00e2tisseries, gastronomieTel. 078 697 67 75www.frebaco.ch Creativ-K\u00e4lte GmbH6312 Steinhausenwww.creativ-kaelte.ch D\u00fcb\u00f6rBacktrennmittel und Apparatebau AG5074 Eikenwww.dueboer.ch Hofmann Servicetechnik AGGaswerkstrasse 334900 LangenthalTel. 062 923 43 63www.aufschnittmaschinen.ch LCM Schokoladenmaschinen GmbHD-88287 Gr\u00fcnkraut-Gullenwww.lcm.de Leutenegger + Frei AGBack\u00f6fen und K\u00fchlung9204 Andwil\/SGTel. 071 388 84 84www.leutenegger.com MIWE B\u00e4ckereitechnik AGB\u00e4chigenstrasse 189212 ArneggTel. 071 388 30 88www.miwe.ch Pitec AG&nbsp;B\u00e4ckerei- und GastrotechnikStaatsstrasse 519463 Oberriet [&hellip;]<\/p>\n","protected":false},"author":1,"featured_media":0,"parent":40314,"menu_order":0,"comment_status":"closed","ping_status":"closed","template":"","meta":{"_acf_changed":false,"footnotes":""},"class_list":["post-40497","page","type-page","status-publish","hentry"],"acf":[],"yoast_head":"<!-- This site is optimized with the Yoast SEO Premium plugin v26.8 (Yoast SEO v26.8) - https:\/\/yoast.com\/product\/yoast-seo-premium-wordpress\/ -->\n<title>Installations\/Accessoires | SBC<\/title>\n<meta name=\"robots\" content=\"index, follow, max-snippet:-1, max-image-preview:large, max-video-preview:-1\" \/>\n<link rel=\"canonical\" href=\"https:\/\/swissbaker.ch\/fr\/news-panissimo\/prestataires-et-fournisseurs\/installations-accessoires\/\" \/>\n<meta property=\"og:locale\" content=\"fr_FR\" \/>\n<meta property=\"og:type\" content=\"article\" \/>\n<meta property=\"og:title\" content=\"Installations\/Accessoires\" \/>\n<meta property=\"og:description\" content=\"Arredi Bake GastroMaschines et solutions pour boulangeries, p\u00e2tisseries, gastronomieTel. 078 697 67 75www.frebaco.ch Creativ-K\u00e4lte GmbH6312 Steinhausenwww.creativ-kaelte.ch D\u00fcb\u00f6rBacktrennmittel und Apparatebau AG5074 Eikenwww.dueboer.ch Hofmann Servicetechnik AGGaswerkstrasse 334900 LangenthalTel. 062 923 43 63www.aufschnittmaschinen.ch LCM Schokoladenmaschinen GmbHD-88287 Gr\u00fcnkraut-Gullenwww.lcm.de Leutenegger + Frei AGBack\u00f6fen und K\u00fchlung9204 Andwil\/SGTel. 071 388 84 84www.leutenegger.com MIWE B\u00e4ckereitechnik AGB\u00e4chigenstrasse 189212 ArneggTel. 071 388 30 88www.miwe.ch Pitec AG&nbsp;B\u00e4ckerei- und GastrotechnikStaatsstrasse 519463 Oberriet [&hellip;]\" \/>\n<meta property=\"og:url\" content=\"https:\/\/swissbaker.ch\/fr\/news-panissimo\/prestataires-et-fournisseurs\/installations-accessoires\/\" \/>\n<meta property=\"og:site_name\" content=\"SBC\" \/>\n<meta property=\"article:publisher\" content=\"https:\/\/www.facebook.com\/swissbaker.ch\" \/>\n<meta property=\"article:modified_time\" content=\"2026-03-04T07:14:39+00:00\" \/>\n<meta property=\"og:image\" content=\"https:\/\/swissbaker.ch\/wp-content\/uploads\/2025\/01\/aredi_bakegastro.png\" \/>\n\t<meta property=\"og:image:width\" content=\"320\" \/>\n\t<meta property=\"og:image:height\" content=\"140\" \/>\n\t<meta property=\"og:image:type\" content=\"image\/png\" \/>\n<meta name=\"twitter:card\" content=\"summary_large_image\" \/>\n<meta name=\"twitter:site\" content=\"@ch_swissbaker\" \/>\n<meta name=\"twitter:label1\" content=\"Est. reading time\" \/>\n\t<meta name=\"twitter:data1\" content=\"4 minutes\" \/>\n<script type=\"application\/ld+json\" class=\"yoast-schema-graph\">{\"@context\":\"https:\/\/schema.org\",\"@graph\":[{\"@type\":\"WebPage\",\"@id\":\"https:\/\/swissbaker.ch\/fr\/news-panissimo\/prestataires-et-fournisseurs\/installations-accessoires\/\",\"url\":\"https:\/\/swissbaker.ch\/fr\/news-panissimo\/prestataires-et-fournisseurs\/installations-accessoires\/\",\"name\":\"Installations\/Accessoires | SBC\",\"isPartOf\":{\"@id\":\"https:\/\/swissbaker.ch\/fr\/#website\"},\"primaryImageOfPage\":{\"@id\":\"https:\/\/swissbaker.ch\/fr\/news-panissimo\/prestataires-et-fournisseurs\/installations-accessoires\/#primaryimage\"},\"image\":{\"@id\":\"https:\/\/swissbaker.ch\/fr\/news-panissimo\/prestataires-et-fournisseurs\/installations-accessoires\/#primaryimage\"},\"thumbnailUrl\":\"https:\/\/swissbaker.ch\/wp-content\/uploads\/2025\/01\/aredi_bakegastro.png\",\"datePublished\":\"2022-06-28T09:36:45+00:00\",\"dateModified\":\"2026-03-04T07:14:39+00:00\",\"breadcrumb\":{\"@id\":\"https:\/\/swissbaker.ch\/fr\/news-panissimo\/prestataires-et-fournisseurs\/installations-accessoires\/#breadcrumb\"},\"inLanguage\":\"fr-FR\",\"potentialAction\":[{\"@type\":\"ReadAction\",\"target\":[\"https:\/\/swissbaker.ch\/fr\/news-panissimo\/prestataires-et-fournisseurs\/installations-accessoires\/\"]}]},{\"@type\":\"ImageObject\",\"inLanguage\":\"fr-FR\",\"@id\":\"https:\/\/swissbaker.ch\/fr\/news-panissimo\/prestataires-et-fournisseurs\/installations-accessoires\/#primaryimage\",\"url\":\"https:\/\/swissbaker.ch\/wp-content\/uploads\/2025\/01\/aredi_bakegastro.png\",\"contentUrl\":\"https:\/\/swissbaker.ch\/wp-content\/uploads\/2025\/01\/aredi_bakegastro.png\"},{\"@type\":\"BreadcrumbList\",\"@id\":\"https:\/\/swissbaker.ch\/fr\/news-panissimo\/prestataires-et-fournisseurs\/installations-accessoires\/#breadcrumb\",\"itemListElement\":[{\"@type\":\"ListItem\",\"position\":1,\"name\":\"\",\"item\":\"https:\/\/swissbaker.ch\/fr\/\"},{\"@type\":\"ListItem\",\"position\":2,\"name\":\"News Panissimo\",\"item\":\"https:\/\/swissbaker.ch\/fr\/news-panissimo\/\"},{\"@type\":\"ListItem\",\"position\":3,\"name\":\"Prestataires et fournisseurs\",\"item\":\"https:\/\/swissbaker.ch\/fr\/news-panissimo\/prestataires-et-fournisseurs\/\"},{\"@type\":\"ListItem\",\"position\":4,\"name\":\"Installations\/Accessoires\"}]},{\"@type\":\"WebSite\",\"@id\":\"https:\/\/swissbaker.ch\/fr\/#website\",\"url\":\"https:\/\/swissbaker.ch\/fr\/\",\"name\":\"SBC\",\"description\":\"\",\"publisher\":{\"@id\":\"https:\/\/swissbaker.ch\/fr\/#organization\"},\"potentialAction\":[{\"@type\":\"SearchAction\",\"target\":{\"@type\":\"EntryPoint\",\"urlTemplate\":\"https:\/\/swissbaker.ch\/fr\/?s={search_term_string}\"},\"query-input\":{\"@type\":\"PropertyValueSpecification\",\"valueRequired\":true,\"valueName\":\"search_term_string\"}}],\"inLanguage\":\"fr-FR\"},{\"@type\":\"Organization\",\"@id\":\"https:\/\/swissbaker.ch\/fr\/#organization\",\"name\":\"Schweizerischer B\u00e4cker-Confiseurmeister-Verband\",\"url\":\"https:\/\/swissbaker.ch\/fr\/\",\"logo\":{\"@type\":\"ImageObject\",\"inLanguage\":\"fr-FR\",\"@id\":\"https:\/\/swissbaker.ch\/fr\/#\/schema\/logo\/image\/\",\"url\":\"https:\/\/swissbaker.ch\/wp-content\/uploads\/2022\/04\/sbc-logo-yoast.jpg\",\"contentUrl\":\"https:\/\/swissbaker.ch\/wp-content\/uploads\/2022\/04\/sbc-logo-yoast.jpg\",\"width\":512,\"height\":512,\"caption\":\"Schweizerischer B\u00e4cker-Confiseurmeister-Verband\"},\"image\":{\"@id\":\"https:\/\/swissbaker.ch\/fr\/#\/schema\/logo\/image\/\"},\"sameAs\":[\"https:\/\/www.facebook.com\/swissbaker.ch\",\"https:\/\/x.com\/ch_swissbaker\"]}]}<\/script>\n<!-- \/ Yoast SEO Premium plugin. -->","yoast_head_json":{"title":"Installations\/Accessoires | SBC","robots":{"index":"index","follow":"follow","max-snippet":"max-snippet:-1","max-image-preview":"max-image-preview:large","max-video-preview":"max-video-preview:-1"},"canonical":"https:\/\/swissbaker.ch\/fr\/news-panissimo\/prestataires-et-fournisseurs\/installations-accessoires\/","og_locale":"fr_FR","og_type":"article","og_title":"Installations\/Accessoires","og_description":"Arredi Bake GastroMaschines et solutions pour boulangeries, p\u00e2tisseries, gastronomieTel. 078 697 67 75www.frebaco.ch Creativ-K\u00e4lte GmbH6312 Steinhausenwww.creativ-kaelte.ch D\u00fcb\u00f6rBacktrennmittel und Apparatebau AG5074 Eikenwww.dueboer.ch Hofmann Servicetechnik AGGaswerkstrasse 334900 LangenthalTel. 062 923 43 63www.aufschnittmaschinen.ch LCM Schokoladenmaschinen GmbHD-88287 Gr\u00fcnkraut-Gullenwww.lcm.de Leutenegger + Frei AGBack\u00f6fen und K\u00fchlung9204 Andwil\/SGTel. 071 388 84 84www.leutenegger.com MIWE B\u00e4ckereitechnik AGB\u00e4chigenstrasse 189212 ArneggTel. 071 388 30 88www.miwe.ch Pitec AG&nbsp;B\u00e4ckerei- und GastrotechnikStaatsstrasse 519463 Oberriet [&hellip;]","og_url":"https:\/\/swissbaker.ch\/fr\/news-panissimo\/prestataires-et-fournisseurs\/installations-accessoires\/","og_site_name":"SBC","article_publisher":"https:\/\/www.facebook.com\/swissbaker.ch","article_modified_time":"2026-03-04T07:14:39+00:00","og_image":[{"width":320,"height":140,"url":"https:\/\/swissbaker.ch\/wp-content\/uploads\/2025\/01\/aredi_bakegastro.png","type":"image\/png"}],"twitter_card":"summary_large_image","twitter_site":"@ch_swissbaker","twitter_misc":{"Est. reading time":"4 minutes"},"schema":{"@context":"https:\/\/schema.org","@graph":[{"@type":"WebPage","@id":"https:\/\/swissbaker.ch\/fr\/news-panissimo\/prestataires-et-fournisseurs\/installations-accessoires\/","url":"https:\/\/swissbaker.ch\/fr\/news-panissimo\/prestataires-et-fournisseurs\/installations-accessoires\/","name":"Installations\/Accessoires | SBC","isPartOf":{"@id":"https:\/\/swissbaker.ch\/fr\/#website"},"primaryImageOfPage":{"@id":"https:\/\/swissbaker.ch\/fr\/news-panissimo\/prestataires-et-fournisseurs\/installations-accessoires\/#primaryimage"},"image":{"@id":"https:\/\/swissbaker.ch\/fr\/news-panissimo\/prestataires-et-fournisseurs\/installations-accessoires\/#primaryimage"},"thumbnailUrl":"https:\/\/swissbaker.ch\/wp-content\/uploads\/2025\/01\/aredi_bakegastro.png","datePublished":"2022-06-28T09:36:45+00:00","dateModified":"2026-03-04T07:14:39+00:00","breadcrumb":{"@id":"https:\/\/swissbaker.ch\/fr\/news-panissimo\/prestataires-et-fournisseurs\/installations-accessoires\/#breadcrumb"},"inLanguage":"fr-FR","potentialAction":[{"@type":"ReadAction","target":["https:\/\/swissbaker.ch\/fr\/news-panissimo\/prestataires-et-fournisseurs\/installations-accessoires\/"]}]},{"@type":"ImageObject","inLanguage":"fr-FR","@id":"https:\/\/swissbaker.ch\/fr\/news-panissimo\/prestataires-et-fournisseurs\/installations-accessoires\/#primaryimage","url":"https:\/\/swissbaker.ch\/wp-content\/uploads\/2025\/01\/aredi_bakegastro.png","contentUrl":"https:\/\/swissbaker.ch\/wp-content\/uploads\/2025\/01\/aredi_bakegastro.png"},{"@type":"BreadcrumbList","@id":"https:\/\/swissbaker.ch\/fr\/news-panissimo\/prestataires-et-fournisseurs\/installations-accessoires\/#breadcrumb","itemListElement":[{"@type":"ListItem","position":1,"name":"","item":"https:\/\/swissbaker.ch\/fr\/"},{"@type":"ListItem","position":2,"name":"News Panissimo","item":"https:\/\/swissbaker.ch\/fr\/news-panissimo\/"},{"@type":"ListItem","position":3,"name":"Prestataires et fournisseurs","item":"https:\/\/swissbaker.ch\/fr\/news-panissimo\/prestataires-et-fournisseurs\/"},{"@type":"ListItem","position":4,"name":"Installations\/Accessoires"}]},{"@type":"WebSite","@id":"https:\/\/swissbaker.ch\/fr\/#website","url":"https:\/\/swissbaker.ch\/fr\/","name":"SBC","description":"","publisher":{"@id":"https:\/\/swissbaker.ch\/fr\/#organization"},"potentialAction":[{"@type":"SearchAction","target":{"@type":"EntryPoint","urlTemplate":"https:\/\/swissbaker.ch\/fr\/?s={search_term_string}"},"query-input":{"@type":"PropertyValueSpecification","valueRequired":true,"valueName":"search_term_string"}}],"inLanguage":"fr-FR"},{"@type":"Organization","@id":"https:\/\/swissbaker.ch\/fr\/#organization","name":"Schweizerischer B\u00e4cker-Confiseurmeister-Verband","url":"https:\/\/swissbaker.ch\/fr\/","logo":{"@type":"ImageObject","inLanguage":"fr-FR","@id":"https:\/\/swissbaker.ch\/fr\/#\/schema\/logo\/image\/","url":"https:\/\/swissbaker.ch\/wp-content\/uploads\/2022\/04\/sbc-logo-yoast.jpg","contentUrl":"https:\/\/swissbaker.ch\/wp-content\/uploads\/2022\/04\/sbc-logo-yoast.jpg","width":512,"height":512,"caption":"Schweizerischer B\u00e4cker-Confiseurmeister-Verband"},"image":{"@id":"https:\/\/swissbaker.ch\/fr\/#\/schema\/logo\/image\/"},"sameAs":["https:\/\/www.facebook.com\/swissbaker.ch","https:\/\/x.com\/ch_swissbaker"]}]}},"_links":{"self":[{"href":"https:\/\/swissbaker.ch\/fr\/wp-json\/wp\/v2\/pages\/40497","targetHints":{"allow":["GET"]}}],"collection":[{"href":"https:\/\/swissbaker.ch\/fr\/wp-json\/wp\/v2\/pages"}],"about":[{"href":"https:\/\/swissbaker.ch\/fr\/wp-json\/wp\/v2\/types\/page"}],"author":[{"embeddable":true,"href":"https:\/\/swissbaker.ch\/fr\/wp-json\/wp\/v2\/users\/1"}],"replies":[{"embeddable":true,"href":"https:\/\/swissbaker.ch\/fr\/wp-json\/wp\/v2\/comments?post=40497"}],"version-history":[{"count":0,"href":"https:\/\/swissbaker.ch\/fr\/wp-json\/wp\/v2\/pages\/40497\/revisions"}],"up":[{"embeddable":true,"href":"https:\/\/swissbaker.ch\/fr\/wp-json\/wp\/v2\/pages\/40314"}],"wp:attachment":[{"href":"https:\/\/swissbaker.ch\/fr\/wp-json\/wp\/v2\/media?parent=40497"}],"curies":[{"name":"wp","href":"https:\/\/api.w.org\/{rel}","templated":true}]}}