{"id":38992,"date":"2022-06-22T08:44:50","date_gmt":"2022-06-22T06:44:50","guid":{"rendered":"https:\/\/swissbaker.ch\/?page_id=38992"},"modified":"2026-04-30T07:44:08","modified_gmt":"2026-04-30T05:44:08","slug":"dokumente-gav-recht","status":"publish","type":"page","link":"https:\/\/swissbaker.ch\/fr\/intranet\/dokumente-gav-recht\/","title":{"rendered":"CCT \/ Droit"},"content":{"rendered":"\n<h2 class=\"wp-block-heading\" id=\"h-suggestions-et-objections-avant-les-negociations-de-la-cct\">Suggestions et objections avant les n\u00e9gociations de la CCT<\/h2>\n\n\n\n<p>En vue des prochaines n\u00e9gociations de la convention collective de travail (CCT), nous recueillons en permanence des suggestions et des objections \u00e0 la CCT actuellement en vigueur. Celles-ci peuvent \u00eatre annonc\u00e9es dans ce document:<\/p>\n\n\n\n<div class=\"wp-block-file\"><a id=\"wp-block-file--media-af887bd7-1eb6-4d4d-9807-36648bd4fa20\" href=\"https:\/\/swissbaker.ch\/wp-content\/uploads\/2026\/04\/demande_cct_bcs_2027.pdf\">Demande d\u2019amendement de la CCT<\/a><a href=\"https:\/\/swissbaker.ch\/wp-content\/uploads\/2026\/04\/demande_cct_bcs_2027.pdf\" class=\"wp-block-file__button wp-element-button\" download aria-describedby=\"wp-block-file--media-af887bd7-1eb6-4d4d-9807-36648bd4fa20\">Herunterladen<\/a><\/div>\n\n\n\n<div style=\"height:28px\" aria-hidden=\"true\" class=\"wp-block-spacer\"><\/div>\n\n\n\n<h2 class=\"wp-block-heading\" id=\"h-modifications-des-salaires-2026\">Modifications des salaires 2026<\/h2>\n\n\n\n<div class=\"wp-block-file\"><a id=\"wp-block-file--media-14a75119-b09d-42a3-b5e2-afe075ac50a2\" href=\"https:\/\/swissbaker.ch\/wp-content\/uploads\/2026\/02\/bareme-des-salaires-pour-le-personnel-de-restauration-2026-2.pdf\" target=\"_blank\" rel=\"noreferrer noopener\">Bar\u00e8me des salaires pour le personnel de restauration 2026<\/a><a href=\"https:\/\/swissbaker.ch\/wp-content\/uploads\/2026\/02\/bareme-des-salaires-pour-le-personnel-de-restauration-2026-2.pdf\" class=\"wp-block-file__button wp-element-button\" download aria-describedby=\"wp-block-file--media-14a75119-b09d-42a3-b5e2-afe075ac50a2\">Herunterladen<\/a><\/div>\n\n\n\n<div class=\"wp-block-file\"><a id=\"wp-block-file--media-0921277b-f46b-4243-947e-41cdb6912772\" href=\"https:\/\/swissbaker.ch\/wp-content\/uploads\/2026\/01\/baecker_konditoren_confiserie-branche_aend_13_01_2026_fr.pdf\">Arr\u00eat\u00e9 du Conseil f\u00e9d\u00e9ral<\/a><a href=\"https:\/\/swissbaker.ch\/wp-content\/uploads\/2026\/01\/baecker_konditoren_confiserie-branche_aend_13_01_2026_fr.pdf\" class=\"wp-block-file__button wp-element-button\" download aria-describedby=\"wp-block-file--media-0921277b-f46b-4243-947e-41cdb6912772\">Herunterladen<\/a><\/div>\n\n\n\n<p><em>Les modifications apport\u00e9es \u00e0 la r\u00e9glementation salariale pour le personnel de la restauration ont \u00e9t\u00e9 d\u00e9clar\u00e9es d&#8217;application g\u00e9n\u00e9rale au 1<sup>er<\/sup> f\u00e9vrier 2026. \u00c0 partir du 1<sup>er<\/sup> f\u00e9vrier 2026 (et non d\u00e8s le 1<sup>er<\/sup> janvier 2026), les salaires minimaux suivants devront \u00eatre respect\u00e9s pour le personnel de restauration soumis \u00e0 la CCT de la branche de la boulangerie-confiserie. Les salaires contractuels sup\u00e9rieurs aux nouveaux salaires minimaux ne doivent pas n\u00e9cessairement \u00eatre augment\u00e9s.<\/em><\/p>\n\n\n\n<div style=\"height:22px\" aria-hidden=\"true\" class=\"wp-block-spacer\"><\/div>\n\n\n\n<h2 class=\"wp-block-heading\" id=\"h-convention-collective-de-travail-2025\">Convention collective de travail 2025<\/h2>\n\n\n\n<p><strong>En vigeur \u00e0 partir de 1<sup>er <\/sup>juillet<\/strong><\/p>\n\n\n\n<div class=\"wp-block-file\"><a id=\"wp-block-file--media-fdbca6b2-87ca-4947-9057-d46b6f2c43d0\" href=\"https:\/\/swissbaker.ch\/wp-content\/uploads\/2025\/06\/cct_2025_francais.pdf\">Convention collective de travail_2025<\/a><a href=\"https:\/\/swissbaker.ch\/wp-content\/uploads\/2025\/06\/cct_2025_francais.pdf\" class=\"wp-block-file__button wp-element-button\" download aria-describedby=\"wp-block-file--media-fdbca6b2-87ca-4947-9057-d46b6f2c43d0\">Herunterladen<\/a><\/div>\n\n\n\n<div class=\"wp-block-file\"><a id=\"wp-block-file--media-54b0d0be-c2ad-45bd-ae37-498ffe55c215\" href=\"https:\/\/swissbaker.ch\/wp-content\/uploads\/2024\/11\/241110-DIV_GAV-Synopsis-F-bereinigt.pdf\">Comparaison CCT 2019 \u2013 CCT 2025 (Synopsis)<\/a><a href=\"https:\/\/swissbaker.ch\/wp-content\/uploads\/2024\/11\/241110-DIV_GAV-Synopsis-F-bereinigt.pdf\" class=\"wp-block-file__button wp-element-button\" download aria-describedby=\"wp-block-file--media-54b0d0be-c2ad-45bd-ae37-498ffe55c215\">Herunterladen<\/a><\/div>\n\n\n\n<div class=\"wp-block-file\"><a id=\"wp-block-file--media-bc21d3ff-5ebd-45c8-a5e1-72fb998428f3\" href=\"https:\/\/swissbaker.ch\/wp-content\/uploads\/2025\/06\/convention-pour-apprentis-2025.pdf\">Convention pour apprentis 2025<\/a><a href=\"https:\/\/swissbaker.ch\/wp-content\/uploads\/2025\/06\/convention-pour-apprentis-2025.pdf\" class=\"wp-block-file__button wp-element-button\" download aria-describedby=\"wp-block-file--media-bc21d3ff-5ebd-45c8-a5e1-72fb998428f3\">Herunterladen<\/a><\/div>\n\n\n\n<div class=\"wp-block-file\"><a id=\"wp-block-file--media-e77666b2-5389-45ba-b230-8673580fd202\" href=\"https:\/\/swissbaker.ch\/wp-content\/uploads\/2025\/06\/250715-div_muster-arbeitsvertrag-nach-gav-2025_f.doc\">Contrat de travail type selon CCT 2025<\/a><a href=\"https:\/\/swissbaker.ch\/wp-content\/uploads\/2025\/06\/250715-div_muster-arbeitsvertrag-nach-gav-2025_f.doc\" class=\"wp-block-file__button wp-element-button\" download aria-describedby=\"wp-block-file--media-e77666b2-5389-45ba-b230-8673580fd202\">Herunterladen<\/a><\/div>\n\n\n\n<div style=\"height:28px\" aria-hidden=\"true\" class=\"wp-block-spacer\"><\/div>\n\n\n\n<h2 class=\"wp-block-heading\" id=\"h-avenant-aux-contrats-d-apprentissage-debutant-a-l-ete-2025\">Avenant aux contrats d&#8217;apprentissage d\u00e9butant \u00e0 l&#8217;\u00e9t\u00e9 2025<\/h2>\n\n\n\n<div class=\"wp-block-file\"><a id=\"wp-block-file--media-e820efe6-b537-4b7d-8619-6c9ebaf2bf4b\" href=\"https:\/\/swissbaker.ch\/wp-content\/uploads\/2025\/09\/2507xx-ver_aenderung-lehrvertrag_f.docx\">Adaptation du contrat d\u2019apprentissage<\/a><a href=\"https:\/\/swissbaker.ch\/wp-content\/uploads\/2025\/09\/2507xx-ver_aenderung-lehrvertrag_f.docx\" class=\"wp-block-file__button wp-element-button\" download aria-describedby=\"wp-block-file--media-e820efe6-b537-4b7d-8619-6c9ebaf2bf4b\">Herunterladen<\/a><\/div>\n\n\n\n<p><em>Remarque: la convention pour apprentis n\u2019est pas obligatoire pour les apprentis et apprenties avanc\u00e9s, c&#8217;est-\u00e0-dire ceux et celles qui entrent en deuxi\u00e8me ou troisi\u00e8me ann\u00e9e d&#8217;apprentissage.<\/em><\/p>\n\n\n\n<div style=\"height:27px\" aria-hidden=\"true\" class=\"wp-block-spacer\"><\/div>\n\n\n\n<h2 class=\"wp-block-heading\" id=\"h-presentation-du-cct-2025\">Pr\u00e9sentation du CCT 2025<\/h2>\n\n\n\n<div class=\"wp-block-file\"><a id=\"wp-block-file--media-bb833cb1-5979-4d4e-971c-4445b40833d4\" href=\"https:\/\/swissbaker.ch\/wp-content\/uploads\/2024\/11\/cct-info_18_11_2024_f.pdf\">Pr\u00e9sentation du CCT 2025 de la s\u00e9ance d&#8217;information du 18.11.2024<\/a><a href=\"https:\/\/swissbaker.ch\/wp-content\/uploads\/2024\/11\/cct-info_18_11_2024_f.pdf\" class=\"wp-block-file__button wp-element-button\" download aria-describedby=\"wp-block-file--media-bb833cb1-5979-4d4e-971c-4445b40833d4\">Herunterladen<\/a><\/div>\n\n\n\n<figure class=\"wp-block-embed is-type-video is-provider-youtube wp-block-embed-youtube wp-embed-aspect-16-9 wp-has-aspect-ratio\"><div class=\"wp-block-embed__wrapper\">\n<iframe title=\"Pr\u00e9sentation sur la CCT 2025\" width=\"800\" height=\"450\" src=\"https:\/\/www.youtube.com\/embed\/cQUF_8TG8Yw?feature=oembed\" frameborder=\"0\" allow=\"accelerometer; autoplay; clipboard-write; encrypted-media; gyroscope; picture-in-picture; web-share\" referrerpolicy=\"strict-origin-when-cross-origin\" allowfullscreen><\/iframe>\n<\/div><\/figure>\n\n\n\n<h2 class=\"wp-block-heading\" id=\"h-baremes-des-salaires-2025\">Bar\u00e8mes des salaires 2025<\/h2>\n\n\n\n<p><strong>En vigeur \u00e0 partir de 1<sup>er <\/sup>janvier<\/strong><\/p>\n\n\n\n<div class=\"wp-block-file\"><a id=\"wp-block-file--media-198f0c15-e028-40da-a160-fd00974b6e46\" href=\"https:\/\/swissbaker.ch\/wp-content\/uploads\/2024\/08\/240531-ver_lohnregulativ_f_produktion-verkauf-2025.pdf\">Bar\u00e8me des salaires pour le personnel de production et la vente d\u00e8s 2025<\/a><a href=\"https:\/\/swissbaker.ch\/wp-content\/uploads\/2024\/08\/240531-ver_lohnregulativ_f_produktion-verkauf-2025.pdf\" class=\"wp-block-file__button wp-element-button\" download aria-describedby=\"wp-block-file--media-198f0c15-e028-40da-a160-fd00974b6e46\">Herunterladen<\/a><\/div>\n\n\n\n<div class=\"wp-block-file\"><a id=\"wp-block-file--media-f45d8c98-b7b2-4831-90c1-a6a6a5a897d1\" href=\"https:\/\/swissbaker.ch\/wp-content\/uploads\/2024\/08\/240531-ver_lohnregulativ_f_gastronomie-2025.pdf\">Bar\u00e8me des salaires pour le personnel de restauration d\u00e8s 2025<\/a><a href=\"https:\/\/swissbaker.ch\/wp-content\/uploads\/2024\/08\/240531-ver_lohnregulativ_f_gastronomie-2025.pdf\" class=\"wp-block-file__button wp-element-button\" download aria-describedby=\"wp-block-file--media-f45d8c98-b7b2-4831-90c1-a6a6a5a897d1\">Herunterladen<\/a><\/div>\n\n\n\n<div class=\"wp-block-file\"><a id=\"wp-block-file--media-ca2da2a1-7ec8-47fd-bf9e-32abf64c10e3\" href=\"https:\/\/swissbaker.ch\/wp-content\/uploads\/2024\/08\/240531-ver_lohnregulativ_f_weiteres-personal-2025.pdf\">Bar\u00e8me des salaires pour autre personnel d\u00e8s 2025<\/a><a href=\"https:\/\/swissbaker.ch\/wp-content\/uploads\/2024\/08\/240531-ver_lohnregulativ_f_weiteres-personal-2025.pdf\" class=\"wp-block-file__button wp-element-button\" download aria-describedby=\"wp-block-file--media-ca2da2a1-7ec8-47fd-bf9e-32abf64c10e3\">Herunterladen<\/a><\/div>\n\n\n\n<div style=\"height:28px\" aria-hidden=\"true\" class=\"wp-block-spacer\"><\/div>\n\n\n\n<h2 class=\"wp-block-heading\" id=\"h-documents-cct-cct-2019\">Documents CCT (CCT 2019)<\/h2>\n\n\n\n<div class=\"wp-block-file\"><a id=\"wp-block-file--media-8926df0c-0868-4998-8062-47e3f5ef8a7c\" href=\"https:\/\/swissbaker.ch\/wp-content\/uploads\/2022\/06\/commentaire_de_la_cct.pdf\" target=\"_blank\" rel=\"noreferrer noopener\">Commentaire de la CCT.pdf<\/a><a href=\"https:\/\/swissbaker.ch\/wp-content\/uploads\/2022\/06\/commentaire_de_la_cct.pdf\" class=\"wp-block-file__button wp-element-button\" download aria-describedby=\"wp-block-file--media-8926df0c-0868-4998-8062-47e3f5ef8a7c\">Herunterladen<\/a><\/div>\n\n\n\n<div class=\"wp-block-file\"><a id=\"wp-block-file--media-8de38021-c837-4421-8898-65147bb3bc5d\" href=\"https:\/\/swissbaker.ch\/wp-content\/uploads\/2022\/06\/comparaison_cct_2015-2019_f.pdf\" target=\"_blank\" rel=\"noreferrer noopener\">Comparaison CCT 2015-2019.pdf<\/a><a href=\"https:\/\/swissbaker.ch\/wp-content\/uploads\/2022\/06\/comparaison_cct_2015-2019_f.pdf\" class=\"wp-block-file__button wp-element-button\" download aria-describedby=\"wp-block-file--media-8de38021-c837-4421-8898-65147bb3bc5d\">Herunterladen<\/a><\/div>\n\n\n\n<div class=\"wp-block-file\"><a id=\"wp-block-file--media-fad889cc-6872-4660-9279-48905c4e68b8\" href=\"https:\/\/swissbaker.ch\/wp-content\/uploads\/2023\/01\/calculer-correctement-le-salaire-horaire.pdf\" target=\"_blank\" rel=\"noreferrer noopener\">Calculer correctement le salaire horaire<\/a><a href=\"https:\/\/swissbaker.ch\/wp-content\/uploads\/2023\/01\/calculer-correctement-le-salaire-horaire.pdf\" class=\"wp-block-file__button wp-element-button\" download aria-describedby=\"wp-block-file--media-fad889cc-6872-4660-9279-48905c4e68b8\">Herunterladen<\/a><\/div>\n\n\n\n<div class=\"wp-block-file\"><a id=\"wp-block-file--media-c26bec15-e9d4-4164-ab46-f2cefb807198\" href=\"https:\/\/swissbaker.ch\/wp-content\/uploads\/2023\/02\/entschadigung_von_uberstunden_02_2023_f.pdf\">Indemnisation des heures suppl\u00e9mentaires<\/a><a href=\"https:\/\/swissbaker.ch\/wp-content\/uploads\/2023\/02\/entschadigung_von_uberstunden_02_2023_f.pdf\" class=\"wp-block-file__button wp-element-button\" download aria-describedby=\"wp-block-file--media-c26bec15-e9d4-4164-ab46-f2cefb807198\">Herunterladen<\/a><\/div>\n\n\n\n<div class=\"wp-block-file\"><a id=\"wp-block-file--media-14084456-c674-4d67-a4d4-f17e6f81ac81\" href=\"https:\/\/swissbaker.ch\/wp-content\/uploads\/2022\/06\/informations_supplementaires_cct_2019_f.pdf\" target=\"_blank\" rel=\"noreferrer noopener\">Informations supplementaires CCT 2019.pdf<\/a><a href=\"https:\/\/swissbaker.ch\/wp-content\/uploads\/2022\/06\/informations_supplementaires_cct_2019_f.pdf\" class=\"wp-block-file__button wp-element-button\" download aria-describedby=\"wp-block-file--media-14084456-c674-4d67-a4d4-f17e6f81ac81\">Herunterladen<\/a><\/div>\n\n\n\n<div class=\"wp-block-file\"><a id=\"wp-block-file--media-ef7302ed-84c3-4958-b5a2-4f5d85c12241\" href=\"https:\/\/swissbaker.ch\/wp-content\/uploads\/2022\/06\/notice_salaire_afferent_aux_vacances.pdf\" target=\"_blank\" rel=\"noreferrer noopener\">Notice salaire afferent aux vacances.pdf<\/a><a href=\"https:\/\/swissbaker.ch\/wp-content\/uploads\/2022\/06\/notice_salaire_afferent_aux_vacances.pdf\" class=\"wp-block-file__button wp-element-button\" download aria-describedby=\"wp-block-file--media-ef7302ed-84c3-4958-b5a2-4f5d85c12241\">Herunterladen<\/a><\/div>\n\n\n\n<div style=\"height:25px\" aria-hidden=\"true\" class=\"wp-block-spacer\"><\/div>\n\n\n\n<h2 class=\"wp-block-heading\"><strong>Obligation d&#8217;annoncer les postes<\/strong><\/h2>\n\n\n\n<div class=\"wp-block-file\"><a id=\"wp-block-file--media-8345c8ec-dfd8-4e79-9816-712444a0b69e\" href=\"https:\/\/swissbaker.ch\/wp-content\/uploads\/2022\/12\/221202-div_merkblatt-stellenmeldepflicht-2023179342.2_f.pdf\">Aide-m\u00e9moire sur l\u2019obligation d&#8217;annoncer les postes va-cants en 2023<\/a><a href=\"https:\/\/swissbaker.ch\/wp-content\/uploads\/2022\/12\/221202-div_merkblatt-stellenmeldepflicht-2023179342.2_f.pdf\" class=\"wp-block-file__button wp-element-button\" download aria-describedby=\"wp-block-file--media-8345c8ec-dfd8-4e79-9816-712444a0b69e\">Herunterladen<\/a><\/div>\n\n\n\n<hr class=\"wp-block-separator has-alpha-channel-opacity\"\/>\n\n\n\n<h2 class=\"wp-block-heading\" id=\"h-avis-de-non-responsabilite\"><strong>Avis de non-responsabilit\u00e9<\/strong><\/h2>\n\n\n\n<p>La BCS, respectivement l\u2019exploitant de ce site internet, v\u00e9rifie avec le plus grand soin le contenu mis \u00e0 disposition sur ce site. Aucune garantie ne peut n\u00e9anmoins \u00eatre donn\u00e9e quant \u00e0 l\u2019exhaustivit\u00e9, l\u2019actualit\u00e9 et l\u2019exactitude du contenu. Aucune pr\u00e9tention juridique ne peut \u00eatre d\u00e9duite des informations et documents mis \u00e0 disposition, qui ne sauraient remplacer un conseil juridique au cas par cas. La BCS, respectivement l\u2019exploitant de ce site internet, d\u00e9cline toute responsabilit\u00e9 pour les \u00e9ventuels dommages d\u00e9coulant de l\u2019utilisation du contenu de ce site internet.<\/p>\n","protected":false},"excerpt":{"rendered":"<p>Suggestions et objections avant les n\u00e9gociations de la CCT En vue des prochaines n\u00e9gociations de la convention collective de travail (CCT), nous recueillons en permanence des suggestions et des objections \u00e0 la CCT actuellement en vigueur. Celles-ci peuvent \u00eatre annonc\u00e9es dans ce document: Modifications des salaires 2026 Les modifications apport\u00e9es \u00e0 la r\u00e9glementation salariale pour le personnel de la restauration [&hellip;]<\/p>\n","protected":false},"author":1,"featured_media":0,"parent":31863,"menu_order":0,"comment_status":"closed","ping_status":"closed","template":"page-intranet.php","meta":{"_acf_changed":false,"footnotes":""},"class_list":["post-38992","page","type-page","status-publish","hentry"],"acf":[],"yoast_head":"<!-- This site is optimized with the Yoast SEO Premium plugin v26.8 (Yoast SEO v26.8) - https:\/\/yoast.com\/product\/yoast-seo-premium-wordpress\/ -->\n<title>CCT \/ Droit | SBC<\/title>\n<meta name=\"robots\" content=\"index, follow, max-snippet:-1, max-image-preview:large, max-video-preview:-1\" \/>\n<link rel=\"canonical\" href=\"https:\/\/swissbaker.ch\/fr\/intranet\/dokumente-gav-recht\/\" \/>\n<meta property=\"og:locale\" content=\"fr_FR\" \/>\n<meta property=\"og:type\" content=\"article\" \/>\n<meta property=\"og:title\" content=\"CCT \/ Droit\" \/>\n<meta property=\"og:description\" content=\"Suggestions et objections avant les n\u00e9gociations de la CCT En vue des prochaines n\u00e9gociations de la convention collective de travail (CCT), nous recueillons en permanence des suggestions et des objections \u00e0 la CCT actuellement en vigueur. Celles-ci peuvent \u00eatre annonc\u00e9es dans ce document: Modifications des salaires 2026 Les modifications apport\u00e9es \u00e0 la r\u00e9glementation salariale pour le personnel de la restauration [&hellip;]\" \/>\n<meta property=\"og:url\" content=\"https:\/\/swissbaker.ch\/fr\/intranet\/dokumente-gav-recht\/\" \/>\n<meta property=\"og:site_name\" content=\"SBC\" \/>\n<meta property=\"article:publisher\" content=\"https:\/\/www.facebook.com\/swissbaker.ch\" \/>\n<meta property=\"article:modified_time\" content=\"2026-04-30T05:44:08+00:00\" \/>\n<meta property=\"og:image\" content=\"https:\/\/swissbaker.ch\/wp-content\/uploads\/2022\/04\/sbc-logo-yoast.jpg\" \/>\n\t<meta property=\"og:image:width\" content=\"512\" \/>\n\t<meta property=\"og:image:height\" content=\"512\" \/>\n\t<meta property=\"og:image:type\" content=\"image\/jpeg\" \/>\n<meta name=\"twitter:card\" content=\"summary_large_image\" \/>\n<meta name=\"twitter:site\" content=\"@ch_swissbaker\" \/>\n<meta name=\"twitter:label1\" content=\"Est. reading time\" \/>\n\t<meta name=\"twitter:data1\" content=\"1 minute\" \/>\n<script type=\"application\/ld+json\" class=\"yoast-schema-graph\">{\"@context\":\"https:\/\/schema.org\",\"@graph\":[{\"@type\":\"WebPage\",\"@id\":\"https:\/\/swissbaker.ch\/fr\/intranet\/dokumente-gav-recht\/\",\"url\":\"https:\/\/swissbaker.ch\/fr\/intranet\/dokumente-gav-recht\/\",\"name\":\"CCT \/ Droit | SBC\",\"isPartOf\":{\"@id\":\"https:\/\/swissbaker.ch\/fr\/#website\"},\"datePublished\":\"2022-06-22T06:44:50+00:00\",\"dateModified\":\"2026-04-30T05:44:08+00:00\",\"breadcrumb\":{\"@id\":\"https:\/\/swissbaker.ch\/fr\/intranet\/dokumente-gav-recht\/#breadcrumb\"},\"inLanguage\":\"fr-FR\",\"potentialAction\":[{\"@type\":\"ReadAction\",\"target\":[\"https:\/\/swissbaker.ch\/fr\/intranet\/dokumente-gav-recht\/\"]}]},{\"@type\":\"BreadcrumbList\",\"@id\":\"https:\/\/swissbaker.ch\/fr\/intranet\/dokumente-gav-recht\/#breadcrumb\",\"itemListElement\":[{\"@type\":\"ListItem\",\"position\":1,\"name\":\"\",\"item\":\"https:\/\/swissbaker.ch\/fr\/\"},{\"@type\":\"ListItem\",\"position\":2,\"name\":\"Intranet\",\"item\":\"https:\/\/swissbaker.ch\/fr\/intranet\/\"},{\"@type\":\"ListItem\",\"position\":3,\"name\":\"CCT \/ Droit\"}]},{\"@type\":\"WebSite\",\"@id\":\"https:\/\/swissbaker.ch\/fr\/#website\",\"url\":\"https:\/\/swissbaker.ch\/fr\/\",\"name\":\"SBC\",\"description\":\"\",\"publisher\":{\"@id\":\"https:\/\/swissbaker.ch\/fr\/#organization\"},\"potentialAction\":[{\"@type\":\"SearchAction\",\"target\":{\"@type\":\"EntryPoint\",\"urlTemplate\":\"https:\/\/swissbaker.ch\/fr\/?s={search_term_string}\"},\"query-input\":{\"@type\":\"PropertyValueSpecification\",\"valueRequired\":true,\"valueName\":\"search_term_string\"}}],\"inLanguage\":\"fr-FR\"},{\"@type\":\"Organization\",\"@id\":\"https:\/\/swissbaker.ch\/fr\/#organization\",\"name\":\"Schweizerischer B\u00e4cker-Confiseurmeister-Verband\",\"url\":\"https:\/\/swissbaker.ch\/fr\/\",\"logo\":{\"@type\":\"ImageObject\",\"inLanguage\":\"fr-FR\",\"@id\":\"https:\/\/swissbaker.ch\/fr\/#\/schema\/logo\/image\/\",\"url\":\"https:\/\/swissbaker.ch\/wp-content\/uploads\/2022\/04\/sbc-logo-yoast.jpg\",\"contentUrl\":\"https:\/\/swissbaker.ch\/wp-content\/uploads\/2022\/04\/sbc-logo-yoast.jpg\",\"width\":512,\"height\":512,\"caption\":\"Schweizerischer B\u00e4cker-Confiseurmeister-Verband\"},\"image\":{\"@id\":\"https:\/\/swissbaker.ch\/fr\/#\/schema\/logo\/image\/\"},\"sameAs\":[\"https:\/\/www.facebook.com\/swissbaker.ch\",\"https:\/\/x.com\/ch_swissbaker\"]}]}<\/script>\n<!-- \/ Yoast SEO Premium plugin. -->","yoast_head_json":{"title":"CCT \/ Droit | SBC","robots":{"index":"index","follow":"follow","max-snippet":"max-snippet:-1","max-image-preview":"max-image-preview:large","max-video-preview":"max-video-preview:-1"},"canonical":"https:\/\/swissbaker.ch\/fr\/intranet\/dokumente-gav-recht\/","og_locale":"fr_FR","og_type":"article","og_title":"CCT \/ Droit","og_description":"Suggestions et objections avant les n\u00e9gociations de la CCT En vue des prochaines n\u00e9gociations de la convention collective de travail (CCT), nous recueillons en permanence des suggestions et des objections \u00e0 la CCT actuellement en vigueur. Celles-ci peuvent \u00eatre annonc\u00e9es dans ce document: Modifications des salaires 2026 Les modifications apport\u00e9es \u00e0 la r\u00e9glementation salariale pour le personnel de la restauration [&hellip;]","og_url":"https:\/\/swissbaker.ch\/fr\/intranet\/dokumente-gav-recht\/","og_site_name":"SBC","article_publisher":"https:\/\/www.facebook.com\/swissbaker.ch","article_modified_time":"2026-04-30T05:44:08+00:00","og_image":[{"width":512,"height":512,"url":"https:\/\/swissbaker.ch\/wp-content\/uploads\/2022\/04\/sbc-logo-yoast.jpg","type":"image\/jpeg"}],"twitter_card":"summary_large_image","twitter_site":"@ch_swissbaker","twitter_misc":{"Est. reading time":"1 minute"},"schema":{"@context":"https:\/\/schema.org","@graph":[{"@type":"WebPage","@id":"https:\/\/swissbaker.ch\/fr\/intranet\/dokumente-gav-recht\/","url":"https:\/\/swissbaker.ch\/fr\/intranet\/dokumente-gav-recht\/","name":"CCT \/ Droit | SBC","isPartOf":{"@id":"https:\/\/swissbaker.ch\/fr\/#website"},"datePublished":"2022-06-22T06:44:50+00:00","dateModified":"2026-04-30T05:44:08+00:00","breadcrumb":{"@id":"https:\/\/swissbaker.ch\/fr\/intranet\/dokumente-gav-recht\/#breadcrumb"},"inLanguage":"fr-FR","potentialAction":[{"@type":"ReadAction","target":["https:\/\/swissbaker.ch\/fr\/intranet\/dokumente-gav-recht\/"]}]},{"@type":"BreadcrumbList","@id":"https:\/\/swissbaker.ch\/fr\/intranet\/dokumente-gav-recht\/#breadcrumb","itemListElement":[{"@type":"ListItem","position":1,"name":"","item":"https:\/\/swissbaker.ch\/fr\/"},{"@type":"ListItem","position":2,"name":"Intranet","item":"https:\/\/swissbaker.ch\/fr\/intranet\/"},{"@type":"ListItem","position":3,"name":"CCT \/ Droit"}]},{"@type":"WebSite","@id":"https:\/\/swissbaker.ch\/fr\/#website","url":"https:\/\/swissbaker.ch\/fr\/","name":"SBC","description":"","publisher":{"@id":"https:\/\/swissbaker.ch\/fr\/#organization"},"potentialAction":[{"@type":"SearchAction","target":{"@type":"EntryPoint","urlTemplate":"https:\/\/swissbaker.ch\/fr\/?s={search_term_string}"},"query-input":{"@type":"PropertyValueSpecification","valueRequired":true,"valueName":"search_term_string"}}],"inLanguage":"fr-FR"},{"@type":"Organization","@id":"https:\/\/swissbaker.ch\/fr\/#organization","name":"Schweizerischer B\u00e4cker-Confiseurmeister-Verband","url":"https:\/\/swissbaker.ch\/fr\/","logo":{"@type":"ImageObject","inLanguage":"fr-FR","@id":"https:\/\/swissbaker.ch\/fr\/#\/schema\/logo\/image\/","url":"https:\/\/swissbaker.ch\/wp-content\/uploads\/2022\/04\/sbc-logo-yoast.jpg","contentUrl":"https:\/\/swissbaker.ch\/wp-content\/uploads\/2022\/04\/sbc-logo-yoast.jpg","width":512,"height":512,"caption":"Schweizerischer B\u00e4cker-Confiseurmeister-Verband"},"image":{"@id":"https:\/\/swissbaker.ch\/fr\/#\/schema\/logo\/image\/"},"sameAs":["https:\/\/www.facebook.com\/swissbaker.ch","https:\/\/x.com\/ch_swissbaker"]}]}},"_links":{"self":[{"href":"https:\/\/swissbaker.ch\/fr\/wp-json\/wp\/v2\/pages\/38992","targetHints":{"allow":["GET"]}}],"collection":[{"href":"https:\/\/swissbaker.ch\/fr\/wp-json\/wp\/v2\/pages"}],"about":[{"href":"https:\/\/swissbaker.ch\/fr\/wp-json\/wp\/v2\/types\/page"}],"author":[{"embeddable":true,"href":"https:\/\/swissbaker.ch\/fr\/wp-json\/wp\/v2\/users\/1"}],"replies":[{"embeddable":true,"href":"https:\/\/swissbaker.ch\/fr\/wp-json\/wp\/v2\/comments?post=38992"}],"version-history":[{"count":0,"href":"https:\/\/swissbaker.ch\/fr\/wp-json\/wp\/v2\/pages\/38992\/revisions"}],"up":[{"embeddable":true,"href":"https:\/\/swissbaker.ch\/fr\/wp-json\/wp\/v2\/pages\/31863"}],"wp:attachment":[{"href":"https:\/\/swissbaker.ch\/fr\/wp-json\/wp\/v2\/media?parent=38992"}],"curies":[{"name":"wp","href":"https:\/\/api.w.org\/{rel}","templated":true}]}}