{"id":38356,"date":"2022-06-14T14:20:10","date_gmt":"2022-06-14T12:20:10","guid":{"rendered":"https:\/\/swissbaker.ch\/?page_id=38356"},"modified":"2024-11-29T08:51:56","modified_gmt":"2024-11-29T07:51:56","slug":"concours-international-des-jeunes-boulangers-2019","status":"publish","type":"page","link":"https:\/\/swissbaker.ch\/fr\/releve\/concours-professionnels\/concours-uibc\/concours-international-des-jeunes-boulangers-2019\/","title":{"rendered":"Boulangerie Lyon 2019"},"content":{"rendered":"\n<p><strong><strong>Le 48<sup>e<\/sup>&nbsp;concours international des jeunes boulangers organis\u00e9 par l\u2019UIBC a eu lieu&nbsp;du 29&nbsp;au 30&nbsp;janvier&nbsp;2019 \u00e0 Lyon (F). La Suisse \u00e9tait&nbsp;repr\u00e9sent\u00e9e par Natalie Steiner, de Gross (SZ) et Dominique Buchmann, de M\u00fcnchenstein (BL).<\/strong><\/strong><\/p>\n\n\n\n<figure class=\"wp-block-image size-full is-resized\"><img decoding=\"async\" src=\"https:\/\/swissbaker.ch\/wp-content\/uploads\/2022\/06\/csm_lyon_19_buchmann_steiner_ba7ca26396.jpg\" alt=\"\" class=\"wp-image-38349\" width=\"551\" height=\"327\"\/><figcaption>Natalie Steiner (\u00e0 gauche), Dominique Buchmann et leur coach Ramona Bolliger (\u00e0 droite).<br><\/figcaption><\/figure>\n\n\n\n<p><strong>Malheureusement, l&#8217;\u00e9quipe suisse, Natalie Steiner et Dominique Buchmann, n&#8217;a pas termin\u00e9 sur le podium. Nous sommes cependant fiers de nos repr\u00e9sentants. Nous les f\u00e9licitons pour leur fantastique prestation. La Chine remporte les deux premi\u00e8res places, l&#8217;Allemagne la troisi\u00e8me.<\/strong><\/p>\n\n\n\n<p><strong>Natalie Steiner<\/strong>, de Gross (SZ), est la vice-championne suisse en titre dans l\u2019orientation boulangerie-p\u00e2tisserie. Elle travaille actuellement dans la boulangerie-p\u00e2tisserie Schefer&nbsp;SA \u00e0 Einsiedeln (SZ), o\u00f9 elle a \u00e9galement effectu\u00e9 sa formation.<\/p>\n\n\n\n<p><strong>Dominique Buchmann<\/strong>, de M\u00fcnchenstein (BL), a remport\u00e9 le titre de champion suisse dans l\u2019orientation boulangerie-p\u00e2tisserie en&nbsp;2017, et celui de vice-champion suisse dans la p\u00e2tisserie-confiserie en 2016. Il travaille actuellement dans l\u2019entreprise familiale, la p\u00e2tisserie Buchmann&nbsp;SA \u00e0 M\u00fcnchenstein (BL).<\/p>\n\n\n\n<p>Chaque candidate et candidat aurait huit heures pour r\u00e9aliser des pains, des petits pains, des produits en p\u00e2te lev\u00e9e sucr\u00e9e, des frivolit\u00e9s danoises ainsi qu\u2019une pi\u00e8ce d\u2019exposition, le th\u00e8me du concours \u00e9tant \u00abPr\u00e9sentez votre propre pays\u00bb. Les deux talentueux boulangers-p\u00e2tissiers-confiseurs \u00e9taient coach\u00e9s par la championne du monde de boulangerie en titre, Ramona Bolliger. Urs R\u00f6thlin, de Richemont centre de comp\u00e9tence boulangerie p\u00e2tisserie confiserie \u00e0 Lucerne, officierait&nbsp;pour sa part en tant que membre du jury pour la Suisse.<\/p>\n\n\n\n<p><strong>La BCS remercie de leur g\u00e9n\u00e9reux soutien les entreprises qui ont form\u00e9 les candidates, et celles qui les emploient actuellement:<\/strong><\/p>\n\n\n\n<ul class=\"wp-block-list\"><li><a href=\"http:\/\/www.baeckerei-schefer.ch\/\" target=\"_blank\" rel=\"noreferrer noopener\">Schefer B\u00e4ckerei Konditorei AG<\/a><\/li><li><a href=\"https:\/\/www.konditorei-buchmann.ch\/\" target=\"_blank\" rel=\"noreferrer noopener\">Konditorei Buchmann AG<\/a><\/li><li><a href=\"http:\/\/www.braendli-basel.ch\/\" target=\"_blank\" rel=\"noreferrer noopener\">Confiserie Br\u00e4ndli AG<\/a><\/li><li><a href=\"https:\/\/www.kreyenbuehl.ch\/\" target=\"_blank\" rel=\"noreferrer noopener\">Kreyenb\u00fchl B\u00e4ckerei Confiserie Caf\u00e9 AG<\/a><\/li><\/ul>\n","protected":false},"excerpt":{"rendered":"<p>Le 48e&nbsp;concours international des jeunes boulangers organis\u00e9 par l\u2019UIBC a eu lieu&nbsp;du 29&nbsp;au 30&nbsp;janvier&nbsp;2019 \u00e0 Lyon (F). La Suisse \u00e9tait&nbsp;repr\u00e9sent\u00e9e par Natalie Steiner, de Gross (SZ) et Dominique Buchmann, de M\u00fcnchenstein (BL). Malheureusement, l&#8217;\u00e9quipe suisse, Natalie Steiner et Dominique Buchmann, n&#8217;a pas termin\u00e9 sur le podium. Nous sommes cependant fiers de nos repr\u00e9sentants. Nous les f\u00e9licitons pour leur fantastique prestation. [&hellip;]<\/p>\n","protected":false},"author":1,"featured_media":0,"parent":38342,"menu_order":0,"comment_status":"closed","ping_status":"closed","template":"","meta":{"_acf_changed":true,"footnotes":""},"class_list":["post-38356","page","type-page","status-publish","hentry"],"acf":[],"yoast_head":"<!-- This site is optimized with the Yoast SEO Premium plugin v26.8 (Yoast SEO v26.8) - https:\/\/yoast.com\/product\/yoast-seo-premium-wordpress\/ -->\n<title>Boulangerie Lyon 2019 | SBC<\/title>\n<meta name=\"robots\" content=\"index, follow, max-snippet:-1, max-image-preview:large, max-video-preview:-1\" \/>\n<link rel=\"canonical\" href=\"https:\/\/swissbaker.ch\/fr\/releve\/concours-professionnels\/concours-uibc\/concours-international-des-jeunes-boulangers-2019\/\" \/>\n<meta property=\"og:locale\" content=\"fr_FR\" \/>\n<meta property=\"og:type\" content=\"article\" \/>\n<meta property=\"og:title\" content=\"Boulangerie Lyon 2019\" \/>\n<meta property=\"og:description\" content=\"Le 48e&nbsp;concours international des jeunes boulangers organis\u00e9 par l\u2019UIBC a eu lieu&nbsp;du 29&nbsp;au 30&nbsp;janvier&nbsp;2019 \u00e0 Lyon (F). La Suisse \u00e9tait&nbsp;repr\u00e9sent\u00e9e par Natalie Steiner, de Gross (SZ) et Dominique Buchmann, de M\u00fcnchenstein (BL). Malheureusement, l&#8217;\u00e9quipe suisse, Natalie Steiner et Dominique Buchmann, n&#8217;a pas termin\u00e9 sur le podium. Nous sommes cependant fiers de nos repr\u00e9sentants. Nous les f\u00e9licitons pour leur fantastique prestation. [&hellip;]\" \/>\n<meta property=\"og:url\" content=\"https:\/\/swissbaker.ch\/fr\/releve\/concours-professionnels\/concours-uibc\/concours-international-des-jeunes-boulangers-2019\/\" \/>\n<meta property=\"og:site_name\" content=\"SBC\" \/>\n<meta property=\"article:publisher\" content=\"https:\/\/www.facebook.com\/swissbaker.ch\" \/>\n<meta property=\"article:modified_time\" content=\"2024-11-29T07:51:56+00:00\" \/>\n<meta property=\"og:image\" content=\"https:\/\/swissbaker.ch\/wp-content\/uploads\/2022\/06\/csm_lyon_19_buchmann_steiner_ba7ca26396.jpg\" \/>\n<meta name=\"twitter:card\" content=\"summary_large_image\" \/>\n<meta name=\"twitter:site\" content=\"@ch_swissbaker\" \/>\n<meta name=\"twitter:label1\" content=\"Est. reading time\" \/>\n\t<meta name=\"twitter:data1\" content=\"2 minutes\" \/>\n<script type=\"application\/ld+json\" class=\"yoast-schema-graph\">{\"@context\":\"https:\/\/schema.org\",\"@graph\":[{\"@type\":\"WebPage\",\"@id\":\"https:\/\/swissbaker.ch\/fr\/releve\/concours-professionnels\/concours-uibc\/concours-international-des-jeunes-boulangers-2019\/\",\"url\":\"https:\/\/swissbaker.ch\/fr\/releve\/concours-professionnels\/concours-uibc\/concours-international-des-jeunes-boulangers-2019\/\",\"name\":\"Boulangerie Lyon 2019 | SBC\",\"isPartOf\":{\"@id\":\"https:\/\/swissbaker.ch\/fr\/#website\"},\"primaryImageOfPage\":{\"@id\":\"https:\/\/swissbaker.ch\/fr\/releve\/concours-professionnels\/concours-uibc\/concours-international-des-jeunes-boulangers-2019\/#primaryimage\"},\"image\":{\"@id\":\"https:\/\/swissbaker.ch\/fr\/releve\/concours-professionnels\/concours-uibc\/concours-international-des-jeunes-boulangers-2019\/#primaryimage\"},\"thumbnailUrl\":\"https:\/\/swissbaker.ch\/wp-content\/uploads\/2022\/06\/csm_lyon_19_buchmann_steiner_ba7ca26396.jpg\",\"datePublished\":\"2022-06-14T12:20:10+00:00\",\"dateModified\":\"2024-11-29T07:51:56+00:00\",\"breadcrumb\":{\"@id\":\"https:\/\/swissbaker.ch\/fr\/releve\/concours-professionnels\/concours-uibc\/concours-international-des-jeunes-boulangers-2019\/#breadcrumb\"},\"inLanguage\":\"fr-FR\",\"potentialAction\":[{\"@type\":\"ReadAction\",\"target\":[\"https:\/\/swissbaker.ch\/fr\/releve\/concours-professionnels\/concours-uibc\/concours-international-des-jeunes-boulangers-2019\/\"]}]},{\"@type\":\"ImageObject\",\"inLanguage\":\"fr-FR\",\"@id\":\"https:\/\/swissbaker.ch\/fr\/releve\/concours-professionnels\/concours-uibc\/concours-international-des-jeunes-boulangers-2019\/#primaryimage\",\"url\":\"https:\/\/swissbaker.ch\/wp-content\/uploads\/2022\/06\/csm_lyon_19_buchmann_steiner_ba7ca26396.jpg\",\"contentUrl\":\"https:\/\/swissbaker.ch\/wp-content\/uploads\/2022\/06\/csm_lyon_19_buchmann_steiner_ba7ca26396.jpg\"},{\"@type\":\"BreadcrumbList\",\"@id\":\"https:\/\/swissbaker.ch\/fr\/releve\/concours-professionnels\/concours-uibc\/concours-international-des-jeunes-boulangers-2019\/#breadcrumb\",\"itemListElement\":[{\"@type\":\"ListItem\",\"position\":1,\"name\":\"\",\"item\":\"https:\/\/swissbaker.ch\/fr\/\"},{\"@type\":\"ListItem\",\"position\":2,\"name\":\"Rel\u00e8ve\",\"item\":\"https:\/\/swissbaker.ch\/fr\/releve\/\"},{\"@type\":\"ListItem\",\"position\":3,\"name\":\"Concours professionnels\",\"item\":\"https:\/\/swissbaker.ch\/fr\/releve\/concours-professionnels\/\"},{\"@type\":\"ListItem\",\"position\":4,\"name\":\"Concours UIBC\",\"item\":\"https:\/\/swissbaker.ch\/fr\/releve\/concours-professionnels\/concours-uibc\/\"},{\"@type\":\"ListItem\",\"position\":5,\"name\":\"Boulangerie Lyon 2019\"}]},{\"@type\":\"WebSite\",\"@id\":\"https:\/\/swissbaker.ch\/fr\/#website\",\"url\":\"https:\/\/swissbaker.ch\/fr\/\",\"name\":\"SBC\",\"description\":\"\",\"publisher\":{\"@id\":\"https:\/\/swissbaker.ch\/fr\/#organization\"},\"potentialAction\":[{\"@type\":\"SearchAction\",\"target\":{\"@type\":\"EntryPoint\",\"urlTemplate\":\"https:\/\/swissbaker.ch\/fr\/?s={search_term_string}\"},\"query-input\":{\"@type\":\"PropertyValueSpecification\",\"valueRequired\":true,\"valueName\":\"search_term_string\"}}],\"inLanguage\":\"fr-FR\"},{\"@type\":\"Organization\",\"@id\":\"https:\/\/swissbaker.ch\/fr\/#organization\",\"name\":\"Schweizerischer B\u00e4cker-Confiseurmeister-Verband\",\"url\":\"https:\/\/swissbaker.ch\/fr\/\",\"logo\":{\"@type\":\"ImageObject\",\"inLanguage\":\"fr-FR\",\"@id\":\"https:\/\/swissbaker.ch\/fr\/#\/schema\/logo\/image\/\",\"url\":\"https:\/\/swissbaker.ch\/wp-content\/uploads\/2022\/04\/sbc-logo-yoast.jpg\",\"contentUrl\":\"https:\/\/swissbaker.ch\/wp-content\/uploads\/2022\/04\/sbc-logo-yoast.jpg\",\"width\":512,\"height\":512,\"caption\":\"Schweizerischer B\u00e4cker-Confiseurmeister-Verband\"},\"image\":{\"@id\":\"https:\/\/swissbaker.ch\/fr\/#\/schema\/logo\/image\/\"},\"sameAs\":[\"https:\/\/www.facebook.com\/swissbaker.ch\",\"https:\/\/x.com\/ch_swissbaker\"]}]}<\/script>\n<!-- \/ Yoast SEO Premium plugin. -->","yoast_head_json":{"title":"Boulangerie Lyon 2019 | SBC","robots":{"index":"index","follow":"follow","max-snippet":"max-snippet:-1","max-image-preview":"max-image-preview:large","max-video-preview":"max-video-preview:-1"},"canonical":"https:\/\/swissbaker.ch\/fr\/releve\/concours-professionnels\/concours-uibc\/concours-international-des-jeunes-boulangers-2019\/","og_locale":"fr_FR","og_type":"article","og_title":"Boulangerie Lyon 2019","og_description":"Le 48e&nbsp;concours international des jeunes boulangers organis\u00e9 par l\u2019UIBC a eu lieu&nbsp;du 29&nbsp;au 30&nbsp;janvier&nbsp;2019 \u00e0 Lyon (F). La Suisse \u00e9tait&nbsp;repr\u00e9sent\u00e9e par Natalie Steiner, de Gross (SZ) et Dominique Buchmann, de M\u00fcnchenstein (BL). Malheureusement, l&#8217;\u00e9quipe suisse, Natalie Steiner et Dominique Buchmann, n&#8217;a pas termin\u00e9 sur le podium. Nous sommes cependant fiers de nos repr\u00e9sentants. Nous les f\u00e9licitons pour leur fantastique prestation. [&hellip;]","og_url":"https:\/\/swissbaker.ch\/fr\/releve\/concours-professionnels\/concours-uibc\/concours-international-des-jeunes-boulangers-2019\/","og_site_name":"SBC","article_publisher":"https:\/\/www.facebook.com\/swissbaker.ch","article_modified_time":"2024-11-29T07:51:56+00:00","og_image":[{"url":"https:\/\/swissbaker.ch\/wp-content\/uploads\/2022\/06\/csm_lyon_19_buchmann_steiner_ba7ca26396.jpg","type":"","width":"","height":""}],"twitter_card":"summary_large_image","twitter_site":"@ch_swissbaker","twitter_misc":{"Est. reading time":"2 minutes"},"schema":{"@context":"https:\/\/schema.org","@graph":[{"@type":"WebPage","@id":"https:\/\/swissbaker.ch\/fr\/releve\/concours-professionnels\/concours-uibc\/concours-international-des-jeunes-boulangers-2019\/","url":"https:\/\/swissbaker.ch\/fr\/releve\/concours-professionnels\/concours-uibc\/concours-international-des-jeunes-boulangers-2019\/","name":"Boulangerie Lyon 2019 | SBC","isPartOf":{"@id":"https:\/\/swissbaker.ch\/fr\/#website"},"primaryImageOfPage":{"@id":"https:\/\/swissbaker.ch\/fr\/releve\/concours-professionnels\/concours-uibc\/concours-international-des-jeunes-boulangers-2019\/#primaryimage"},"image":{"@id":"https:\/\/swissbaker.ch\/fr\/releve\/concours-professionnels\/concours-uibc\/concours-international-des-jeunes-boulangers-2019\/#primaryimage"},"thumbnailUrl":"https:\/\/swissbaker.ch\/wp-content\/uploads\/2022\/06\/csm_lyon_19_buchmann_steiner_ba7ca26396.jpg","datePublished":"2022-06-14T12:20:10+00:00","dateModified":"2024-11-29T07:51:56+00:00","breadcrumb":{"@id":"https:\/\/swissbaker.ch\/fr\/releve\/concours-professionnels\/concours-uibc\/concours-international-des-jeunes-boulangers-2019\/#breadcrumb"},"inLanguage":"fr-FR","potentialAction":[{"@type":"ReadAction","target":["https:\/\/swissbaker.ch\/fr\/releve\/concours-professionnels\/concours-uibc\/concours-international-des-jeunes-boulangers-2019\/"]}]},{"@type":"ImageObject","inLanguage":"fr-FR","@id":"https:\/\/swissbaker.ch\/fr\/releve\/concours-professionnels\/concours-uibc\/concours-international-des-jeunes-boulangers-2019\/#primaryimage","url":"https:\/\/swissbaker.ch\/wp-content\/uploads\/2022\/06\/csm_lyon_19_buchmann_steiner_ba7ca26396.jpg","contentUrl":"https:\/\/swissbaker.ch\/wp-content\/uploads\/2022\/06\/csm_lyon_19_buchmann_steiner_ba7ca26396.jpg"},{"@type":"BreadcrumbList","@id":"https:\/\/swissbaker.ch\/fr\/releve\/concours-professionnels\/concours-uibc\/concours-international-des-jeunes-boulangers-2019\/#breadcrumb","itemListElement":[{"@type":"ListItem","position":1,"name":"","item":"https:\/\/swissbaker.ch\/fr\/"},{"@type":"ListItem","position":2,"name":"Rel\u00e8ve","item":"https:\/\/swissbaker.ch\/fr\/releve\/"},{"@type":"ListItem","position":3,"name":"Concours professionnels","item":"https:\/\/swissbaker.ch\/fr\/releve\/concours-professionnels\/"},{"@type":"ListItem","position":4,"name":"Concours UIBC","item":"https:\/\/swissbaker.ch\/fr\/releve\/concours-professionnels\/concours-uibc\/"},{"@type":"ListItem","position":5,"name":"Boulangerie Lyon 2019"}]},{"@type":"WebSite","@id":"https:\/\/swissbaker.ch\/fr\/#website","url":"https:\/\/swissbaker.ch\/fr\/","name":"SBC","description":"","publisher":{"@id":"https:\/\/swissbaker.ch\/fr\/#organization"},"potentialAction":[{"@type":"SearchAction","target":{"@type":"EntryPoint","urlTemplate":"https:\/\/swissbaker.ch\/fr\/?s={search_term_string}"},"query-input":{"@type":"PropertyValueSpecification","valueRequired":true,"valueName":"search_term_string"}}],"inLanguage":"fr-FR"},{"@type":"Organization","@id":"https:\/\/swissbaker.ch\/fr\/#organization","name":"Schweizerischer B\u00e4cker-Confiseurmeister-Verband","url":"https:\/\/swissbaker.ch\/fr\/","logo":{"@type":"ImageObject","inLanguage":"fr-FR","@id":"https:\/\/swissbaker.ch\/fr\/#\/schema\/logo\/image\/","url":"https:\/\/swissbaker.ch\/wp-content\/uploads\/2022\/04\/sbc-logo-yoast.jpg","contentUrl":"https:\/\/swissbaker.ch\/wp-content\/uploads\/2022\/04\/sbc-logo-yoast.jpg","width":512,"height":512,"caption":"Schweizerischer B\u00e4cker-Confiseurmeister-Verband"},"image":{"@id":"https:\/\/swissbaker.ch\/fr\/#\/schema\/logo\/image\/"},"sameAs":["https:\/\/www.facebook.com\/swissbaker.ch","https:\/\/x.com\/ch_swissbaker"]}]}},"_links":{"self":[{"href":"https:\/\/swissbaker.ch\/fr\/wp-json\/wp\/v2\/pages\/38356","targetHints":{"allow":["GET"]}}],"collection":[{"href":"https:\/\/swissbaker.ch\/fr\/wp-json\/wp\/v2\/pages"}],"about":[{"href":"https:\/\/swissbaker.ch\/fr\/wp-json\/wp\/v2\/types\/page"}],"author":[{"embeddable":true,"href":"https:\/\/swissbaker.ch\/fr\/wp-json\/wp\/v2\/users\/1"}],"replies":[{"embeddable":true,"href":"https:\/\/swissbaker.ch\/fr\/wp-json\/wp\/v2\/comments?post=38356"}],"version-history":[{"count":0,"href":"https:\/\/swissbaker.ch\/fr\/wp-json\/wp\/v2\/pages\/38356\/revisions"}],"up":[{"embeddable":true,"href":"https:\/\/swissbaker.ch\/fr\/wp-json\/wp\/v2\/pages\/38342"}],"wp:attachment":[{"href":"https:\/\/swissbaker.ch\/fr\/wp-json\/wp\/v2\/media?parent=38356"}],"curies":[{"name":"wp","href":"https:\/\/api.w.org\/{rel}","templated":true}]}}