{"id":38021,"date":"2022-06-13T14:53:59","date_gmt":"2022-06-13T12:53:59","guid":{"rendered":"https:\/\/swissbaker.ch\/?page_id=38021"},"modified":"2026-05-01T13:37:46","modified_gmt":"2026-05-01T11:37:46","slug":"shanghai-2022","status":"publish","type":"page","link":"https:\/\/swissbaker.ch\/fr\/releve\/concours-professionnels\/worldskills\/shanghai-2022\/","title":{"rendered":"WorldSkills Competition 2022 \u00e0 Lucerne"},"content":{"rendered":"\n<p><strong>Juliana Th\u00f6ny, 23 ans, Argovie, d\u00e9croche l\u2019or dans l\u2019orientation p\u00e2tisserie-confiserie lors des WorldSkills Competitions d\u00e9centralis\u00e9es (championnats du monde des m\u00e9tiers) qui se sont d\u00e9roul\u00e9es du 10&nbsp;au 15&nbsp;octobre&nbsp;2022 \u00e0 l\u2019Ecole professionnelle Richemont de Lucerne et m\u00e9daille de bronze pour Vera Stocker dans l\u2019orientation boulangerie-p\u00e2tisserie. C\u2019est la troisi\u00e8me fois cons\u00e9cutive que la Suisse remporte une m\u00e9daille d\u2019or.<\/strong><\/p>\n\n\n\n<p><a href=\"https:\/\/swissbaker.ch\/fr\/communique-de-presse\/worldskills-2022-medaille-dor-et-de-bronze-pour-la-suisse\/\" target=\"_blank\" rel=\"noreferrer noopener\"><strong>Communiqu\u00e9 de presse\u2026\u00bb<\/strong><\/a><\/p>\n\n\n\n<p><a href=\"https:\/\/swissbaker.ch\/fr\/panissimo-news\/galerie\/worldskills-2022\/\" target=\"_blank\" rel=\"noreferrer noopener\"><strong>Galerie de photos\u2026\u00bb<\/strong><\/a><\/p>\n\n\n\n<h3 class=\"wp-block-heading\" id=\"h-interview-avec-juliana-thony\">Interview avec Juliana Th\u00f6ny<\/h3>\n\n\n\n<figure class=\"wp-block-video\"><video height=\"720\" style=\"aspect-ratio: 1280 \/ 720;\" width=\"1280\" controls src=\"https:\/\/swissbaker.ch\/wp-content\/uploads\/2022\/10\/sieger-interview-juliana-thoeny-worldskills-2022.mp4\"><\/video><\/figure>\n\n\n\n<h3 class=\"wp-block-heading\">Interview avec Vera Stocker<\/h3>\n\n\n\n<figure class=\"wp-block-video\"><video height=\"720\" style=\"aspect-ratio: 1280 \/ 720;\" width=\"1280\" controls src=\"https:\/\/swissbaker.ch\/wp-content\/uploads\/2022\/10\/siegerinterview-vera-stocker-worldskills-2022.mp4\"><\/video><\/figure>\n\n\n\n<hr class=\"wp-block-separator has-alpha-channel-opacity\"\/>\n","protected":false},"excerpt":{"rendered":"<p>Juliana Th\u00f6ny, 23 ans, Argovie, d\u00e9croche l\u2019or dans l\u2019orientation p\u00e2tisserie-confiserie lors des WorldSkills Competitions d\u00e9centralis\u00e9es (championnats du monde des m\u00e9tiers) qui se sont d\u00e9roul\u00e9es du 10&nbsp;au 15&nbsp;octobre&nbsp;2022 \u00e0 l\u2019Ecole professionnelle Richemont de Lucerne et m\u00e9daille de bronze pour Vera Stocker dans l\u2019orientation boulangerie-p\u00e2tisserie. C\u2019est la troisi\u00e8me fois cons\u00e9cutive que la Suisse remporte une m\u00e9daille d\u2019or. Communiqu\u00e9 de presse\u2026\u00bb Galerie de [&hellip;]<\/p>\n","protected":false},"author":1,"featured_media":50490,"parent":38010,"menu_order":0,"comment_status":"closed","ping_status":"closed","template":"","meta":{"_acf_changed":true,"footnotes":""},"class_list":["post-38021","page","type-page","status-publish","has-post-thumbnail","hentry"],"acf":[],"yoast_head":"<!-- This site is optimized with the Yoast SEO Premium plugin v26.8 (Yoast SEO v26.8) - https:\/\/yoast.com\/product\/yoast-seo-premium-wordpress\/ -->\n<title>WorldSkills Competition 2022 \u00e0 Lucerne | SBC<\/title>\n<meta name=\"robots\" content=\"index, follow, max-snippet:-1, max-image-preview:large, max-video-preview:-1\" \/>\n<link rel=\"canonical\" href=\"https:\/\/swissbaker.ch\/fr\/releve\/concours-professionnels\/worldskills\/shanghai-2022\/\" \/>\n<meta property=\"og:locale\" content=\"fr_FR\" \/>\n<meta property=\"og:type\" content=\"article\" \/>\n<meta property=\"og:title\" content=\"WorldSkills Competition 2022 \u00e0 Lucerne\" \/>\n<meta property=\"og:description\" content=\"Juliana Th\u00f6ny, 23 ans, Argovie, d\u00e9croche l\u2019or dans l\u2019orientation p\u00e2tisserie-confiserie lors des WorldSkills Competitions d\u00e9centralis\u00e9es (championnats du monde des m\u00e9tiers) qui se sont d\u00e9roul\u00e9es du 10&nbsp;au 15&nbsp;octobre&nbsp;2022 \u00e0 l\u2019Ecole professionnelle Richemont de Lucerne et m\u00e9daille de bronze pour Vera Stocker dans l\u2019orientation boulangerie-p\u00e2tisserie. C\u2019est la troisi\u00e8me fois cons\u00e9cutive que la Suisse remporte une m\u00e9daille d\u2019or. Communiqu\u00e9 de presse\u2026\u00bb Galerie de [&hellip;]\" \/>\n<meta property=\"og:url\" content=\"https:\/\/swissbaker.ch\/fr\/releve\/concours-professionnels\/worldskills\/shanghai-2022\/\" \/>\n<meta property=\"og:site_name\" content=\"SBC\" \/>\n<meta property=\"article:publisher\" content=\"https:\/\/www.facebook.com\/swissbaker.ch\" \/>\n<meta property=\"article:modified_time\" content=\"2026-05-01T11:37:46+00:00\" \/>\n<meta property=\"og:image\" content=\"https:\/\/swissbaker.ch\/wp-content\/uploads\/2022\/10\/worldskills_luzern_2022_2.jpg\" \/>\n\t<meta property=\"og:image:width\" content=\"1200\" \/>\n\t<meta property=\"og:image:height\" content=\"712\" \/>\n\t<meta property=\"og:image:type\" content=\"image\/jpeg\" \/>\n<meta name=\"twitter:card\" content=\"summary_large_image\" \/>\n<meta name=\"twitter:site\" content=\"@ch_swissbaker\" \/>\n<meta name=\"twitter:label1\" content=\"Est. reading time\" \/>\n\t<meta name=\"twitter:data1\" content=\"1 minute\" \/>\n<script type=\"application\/ld+json\" class=\"yoast-schema-graph\">{\"@context\":\"https:\/\/schema.org\",\"@graph\":[{\"@type\":\"WebPage\",\"@id\":\"https:\/\/swissbaker.ch\/fr\/releve\/concours-professionnels\/worldskills\/shanghai-2022\/\",\"url\":\"https:\/\/swissbaker.ch\/fr\/releve\/concours-professionnels\/worldskills\/shanghai-2022\/\",\"name\":\"WorldSkills Competition 2022 \u00e0 Lucerne | SBC\",\"isPartOf\":{\"@id\":\"https:\/\/swissbaker.ch\/fr\/#website\"},\"primaryImageOfPage\":{\"@id\":\"https:\/\/swissbaker.ch\/fr\/releve\/concours-professionnels\/worldskills\/shanghai-2022\/#primaryimage\"},\"image\":{\"@id\":\"https:\/\/swissbaker.ch\/fr\/releve\/concours-professionnels\/worldskills\/shanghai-2022\/#primaryimage\"},\"thumbnailUrl\":\"https:\/\/swissbaker.ch\/wp-content\/uploads\/2022\/10\/worldskills_luzern_2022_2.jpg\",\"datePublished\":\"2022-06-13T12:53:59+00:00\",\"dateModified\":\"2026-05-01T11:37:46+00:00\",\"breadcrumb\":{\"@id\":\"https:\/\/swissbaker.ch\/fr\/releve\/concours-professionnels\/worldskills\/shanghai-2022\/#breadcrumb\"},\"inLanguage\":\"fr-FR\",\"potentialAction\":[{\"@type\":\"ReadAction\",\"target\":[\"https:\/\/swissbaker.ch\/fr\/releve\/concours-professionnels\/worldskills\/shanghai-2022\/\"]}]},{\"@type\":\"ImageObject\",\"inLanguage\":\"fr-FR\",\"@id\":\"https:\/\/swissbaker.ch\/fr\/releve\/concours-professionnels\/worldskills\/shanghai-2022\/#primaryimage\",\"url\":\"https:\/\/swissbaker.ch\/wp-content\/uploads\/2022\/10\/worldskills_luzern_2022_2.jpg\",\"contentUrl\":\"https:\/\/swissbaker.ch\/wp-content\/uploads\/2022\/10\/worldskills_luzern_2022_2.jpg\",\"width\":1200,\"height\":712},{\"@type\":\"BreadcrumbList\",\"@id\":\"https:\/\/swissbaker.ch\/fr\/releve\/concours-professionnels\/worldskills\/shanghai-2022\/#breadcrumb\",\"itemListElement\":[{\"@type\":\"ListItem\",\"position\":1,\"name\":\"\",\"item\":\"https:\/\/swissbaker.ch\/fr\/\"},{\"@type\":\"ListItem\",\"position\":2,\"name\":\"Rel\u00e8ve\",\"item\":\"https:\/\/swissbaker.ch\/fr\/releve\/\"},{\"@type\":\"ListItem\",\"position\":3,\"name\":\"Concours professionnels\",\"item\":\"https:\/\/swissbaker.ch\/fr\/releve\/concours-professionnels\/\"},{\"@type\":\"ListItem\",\"position\":4,\"name\":\"WorldSkills\",\"item\":\"https:\/\/swissbaker.ch\/fr\/releve\/concours-professionnels\/worldskills\/\"},{\"@type\":\"ListItem\",\"position\":5,\"name\":\"WorldSkills Competition 2022 \u00e0 Lucerne\"}]},{\"@type\":\"WebSite\",\"@id\":\"https:\/\/swissbaker.ch\/fr\/#website\",\"url\":\"https:\/\/swissbaker.ch\/fr\/\",\"name\":\"SBC\",\"description\":\"\",\"publisher\":{\"@id\":\"https:\/\/swissbaker.ch\/fr\/#organization\"},\"potentialAction\":[{\"@type\":\"SearchAction\",\"target\":{\"@type\":\"EntryPoint\",\"urlTemplate\":\"https:\/\/swissbaker.ch\/fr\/?s={search_term_string}\"},\"query-input\":{\"@type\":\"PropertyValueSpecification\",\"valueRequired\":true,\"valueName\":\"search_term_string\"}}],\"inLanguage\":\"fr-FR\"},{\"@type\":\"Organization\",\"@id\":\"https:\/\/swissbaker.ch\/fr\/#organization\",\"name\":\"Schweizerischer B\u00e4cker-Confiseurmeister-Verband\",\"url\":\"https:\/\/swissbaker.ch\/fr\/\",\"logo\":{\"@type\":\"ImageObject\",\"inLanguage\":\"fr-FR\",\"@id\":\"https:\/\/swissbaker.ch\/fr\/#\/schema\/logo\/image\/\",\"url\":\"https:\/\/swissbaker.ch\/wp-content\/uploads\/2022\/04\/sbc-logo-yoast.jpg\",\"contentUrl\":\"https:\/\/swissbaker.ch\/wp-content\/uploads\/2022\/04\/sbc-logo-yoast.jpg\",\"width\":512,\"height\":512,\"caption\":\"Schweizerischer B\u00e4cker-Confiseurmeister-Verband\"},\"image\":{\"@id\":\"https:\/\/swissbaker.ch\/fr\/#\/schema\/logo\/image\/\"},\"sameAs\":[\"https:\/\/www.facebook.com\/swissbaker.ch\",\"https:\/\/x.com\/ch_swissbaker\"]}]}<\/script>\n<!-- \/ Yoast SEO Premium plugin. -->","yoast_head_json":{"title":"WorldSkills Competition 2022 \u00e0 Lucerne | SBC","robots":{"index":"index","follow":"follow","max-snippet":"max-snippet:-1","max-image-preview":"max-image-preview:large","max-video-preview":"max-video-preview:-1"},"canonical":"https:\/\/swissbaker.ch\/fr\/releve\/concours-professionnels\/worldskills\/shanghai-2022\/","og_locale":"fr_FR","og_type":"article","og_title":"WorldSkills Competition 2022 \u00e0 Lucerne","og_description":"Juliana Th\u00f6ny, 23 ans, Argovie, d\u00e9croche l\u2019or dans l\u2019orientation p\u00e2tisserie-confiserie lors des WorldSkills Competitions d\u00e9centralis\u00e9es (championnats du monde des m\u00e9tiers) qui se sont d\u00e9roul\u00e9es du 10&nbsp;au 15&nbsp;octobre&nbsp;2022 \u00e0 l\u2019Ecole professionnelle Richemont de Lucerne et m\u00e9daille de bronze pour Vera Stocker dans l\u2019orientation boulangerie-p\u00e2tisserie. C\u2019est la troisi\u00e8me fois cons\u00e9cutive que la Suisse remporte une m\u00e9daille d\u2019or. Communiqu\u00e9 de presse\u2026\u00bb Galerie de [&hellip;]","og_url":"https:\/\/swissbaker.ch\/fr\/releve\/concours-professionnels\/worldskills\/shanghai-2022\/","og_site_name":"SBC","article_publisher":"https:\/\/www.facebook.com\/swissbaker.ch","article_modified_time":"2026-05-01T11:37:46+00:00","og_image":[{"width":1200,"height":712,"url":"https:\/\/swissbaker.ch\/wp-content\/uploads\/2022\/10\/worldskills_luzern_2022_2.jpg","type":"image\/jpeg"}],"twitter_card":"summary_large_image","twitter_site":"@ch_swissbaker","twitter_misc":{"Est. reading time":"1 minute"},"schema":{"@context":"https:\/\/schema.org","@graph":[{"@type":"WebPage","@id":"https:\/\/swissbaker.ch\/fr\/releve\/concours-professionnels\/worldskills\/shanghai-2022\/","url":"https:\/\/swissbaker.ch\/fr\/releve\/concours-professionnels\/worldskills\/shanghai-2022\/","name":"WorldSkills Competition 2022 \u00e0 Lucerne | SBC","isPartOf":{"@id":"https:\/\/swissbaker.ch\/fr\/#website"},"primaryImageOfPage":{"@id":"https:\/\/swissbaker.ch\/fr\/releve\/concours-professionnels\/worldskills\/shanghai-2022\/#primaryimage"},"image":{"@id":"https:\/\/swissbaker.ch\/fr\/releve\/concours-professionnels\/worldskills\/shanghai-2022\/#primaryimage"},"thumbnailUrl":"https:\/\/swissbaker.ch\/wp-content\/uploads\/2022\/10\/worldskills_luzern_2022_2.jpg","datePublished":"2022-06-13T12:53:59+00:00","dateModified":"2026-05-01T11:37:46+00:00","breadcrumb":{"@id":"https:\/\/swissbaker.ch\/fr\/releve\/concours-professionnels\/worldskills\/shanghai-2022\/#breadcrumb"},"inLanguage":"fr-FR","potentialAction":[{"@type":"ReadAction","target":["https:\/\/swissbaker.ch\/fr\/releve\/concours-professionnels\/worldskills\/shanghai-2022\/"]}]},{"@type":"ImageObject","inLanguage":"fr-FR","@id":"https:\/\/swissbaker.ch\/fr\/releve\/concours-professionnels\/worldskills\/shanghai-2022\/#primaryimage","url":"https:\/\/swissbaker.ch\/wp-content\/uploads\/2022\/10\/worldskills_luzern_2022_2.jpg","contentUrl":"https:\/\/swissbaker.ch\/wp-content\/uploads\/2022\/10\/worldskills_luzern_2022_2.jpg","width":1200,"height":712},{"@type":"BreadcrumbList","@id":"https:\/\/swissbaker.ch\/fr\/releve\/concours-professionnels\/worldskills\/shanghai-2022\/#breadcrumb","itemListElement":[{"@type":"ListItem","position":1,"name":"","item":"https:\/\/swissbaker.ch\/fr\/"},{"@type":"ListItem","position":2,"name":"Rel\u00e8ve","item":"https:\/\/swissbaker.ch\/fr\/releve\/"},{"@type":"ListItem","position":3,"name":"Concours professionnels","item":"https:\/\/swissbaker.ch\/fr\/releve\/concours-professionnels\/"},{"@type":"ListItem","position":4,"name":"WorldSkills","item":"https:\/\/swissbaker.ch\/fr\/releve\/concours-professionnels\/worldskills\/"},{"@type":"ListItem","position":5,"name":"WorldSkills Competition 2022 \u00e0 Lucerne"}]},{"@type":"WebSite","@id":"https:\/\/swissbaker.ch\/fr\/#website","url":"https:\/\/swissbaker.ch\/fr\/","name":"SBC","description":"","publisher":{"@id":"https:\/\/swissbaker.ch\/fr\/#organization"},"potentialAction":[{"@type":"SearchAction","target":{"@type":"EntryPoint","urlTemplate":"https:\/\/swissbaker.ch\/fr\/?s={search_term_string}"},"query-input":{"@type":"PropertyValueSpecification","valueRequired":true,"valueName":"search_term_string"}}],"inLanguage":"fr-FR"},{"@type":"Organization","@id":"https:\/\/swissbaker.ch\/fr\/#organization","name":"Schweizerischer B\u00e4cker-Confiseurmeister-Verband","url":"https:\/\/swissbaker.ch\/fr\/","logo":{"@type":"ImageObject","inLanguage":"fr-FR","@id":"https:\/\/swissbaker.ch\/fr\/#\/schema\/logo\/image\/","url":"https:\/\/swissbaker.ch\/wp-content\/uploads\/2022\/04\/sbc-logo-yoast.jpg","contentUrl":"https:\/\/swissbaker.ch\/wp-content\/uploads\/2022\/04\/sbc-logo-yoast.jpg","width":512,"height":512,"caption":"Schweizerischer B\u00e4cker-Confiseurmeister-Verband"},"image":{"@id":"https:\/\/swissbaker.ch\/fr\/#\/schema\/logo\/image\/"},"sameAs":["https:\/\/www.facebook.com\/swissbaker.ch","https:\/\/x.com\/ch_swissbaker"]}]}},"_links":{"self":[{"href":"https:\/\/swissbaker.ch\/fr\/wp-json\/wp\/v2\/pages\/38021","targetHints":{"allow":["GET"]}}],"collection":[{"href":"https:\/\/swissbaker.ch\/fr\/wp-json\/wp\/v2\/pages"}],"about":[{"href":"https:\/\/swissbaker.ch\/fr\/wp-json\/wp\/v2\/types\/page"}],"author":[{"embeddable":true,"href":"https:\/\/swissbaker.ch\/fr\/wp-json\/wp\/v2\/users\/1"}],"replies":[{"embeddable":true,"href":"https:\/\/swissbaker.ch\/fr\/wp-json\/wp\/v2\/comments?post=38021"}],"version-history":[{"count":0,"href":"https:\/\/swissbaker.ch\/fr\/wp-json\/wp\/v2\/pages\/38021\/revisions"}],"up":[{"embeddable":true,"href":"https:\/\/swissbaker.ch\/fr\/wp-json\/wp\/v2\/pages\/38010"}],"wp:featuredmedia":[{"embeddable":true,"href":"https:\/\/swissbaker.ch\/fr\/wp-json\/wp\/v2\/media\/50490"}],"wp:attachment":[{"href":"https:\/\/swissbaker.ch\/fr\/wp-json\/wp\/v2\/media?parent=38021"}],"curies":[{"name":"wp","href":"https:\/\/api.w.org\/{rel}","templated":true}]}}