{"id":37995,"date":"2022-06-13T14:21:18","date_gmt":"2022-06-13T12:21:18","guid":{"rendered":"https:\/\/swissbaker.ch\/releve\/concours-professionnels\/swissskills\/bern-2014\/"},"modified":"2026-05-01T13:35:04","modified_gmt":"2026-05-01T11:35:04","slug":"berne-2014","status":"publish","type":"page","link":"https:\/\/swissbaker.ch\/fr\/releve\/concours-professionnels\/swissskills\/berne-2014\/","title":{"rendered":"Berne 2014"},"content":{"rendered":"\n<p><strong><strong>Les SwissSills Berne 2014, \u00e9v\u00e9nement d\u2019une dimension exceptionnelle dans le domaine de la formation professionnelle duale, se sont d\u00e9roul\u00e9s du 17 au 21 septembre. C\u2019est dans ce cadre qu\u2019ont eu lieu pour la premi\u00e8re fois en public les championnats suisses de la boulangerie-p\u00e2tisserie-confiserie. Trois titres nationaux ont \u00e9t\u00e9 attribu\u00e9s dans cette branche.<\/strong><\/strong><\/p>\n\n\n\n<figure class=\"wp-block-embed is-type-video is-provider-youtube wp-block-embed-youtube wp-embed-aspect-16-9 wp-has-aspect-ratio\"><div class=\"wp-block-embed__wrapper\">\n<iframe title=\"SwissSkills 2014 \u2013  Team Swissbaker.ch \/ Swissconfiseure.ch\" width=\"800\" height=\"450\" src=\"https:\/\/www.youtube.com\/embed\/owerb2wFOqQ?feature=oembed\" frameborder=\"0\" allow=\"accelerometer; autoplay; clipboard-write; encrypted-media; gyroscope; picture-in-picture\" allowfullscreen><\/iframe>\n<\/div><\/figure>\n\n\n\n<p>Une ar\u00e8ne de concours commune a permis \u00e0 36 jeunes s\u00e9lectionn\u00e9s sur la base des r\u00e9sultats obtenus lors de la proc\u00e9dure de qualification (examens de fin d\u2019apprentissage) de d\u00e9montrer leur talent et leur cr\u00e9ativit\u00e9. Ils \u00e9taient r\u00e9partis en trois cat\u00e9gories comprenant 12 candidates et candidats chacune: boulangers\/\u00e8res-p\u00e2tissiers\/\u00e8res-confiseurs\/euses CFC &#8211; orientation boulangerie-p\u00e2tisserie, boulangers\/\u00e8res-p\u00e2tissiers\/\u00e8res-confiseurs\/euses CFC &#8211; orientation p\u00e2tisserie-confiserie, gestionnaires du commerce de d\u00e9tail CFC &#8211; boulangerie-p\u00e2tisserie-confiserie.<\/p>\n\n\n\n<h2 class=\"wp-block-heading\" id=\"h-les-podiums-sont-les-suivants\">Les podiums sont les suivants:<\/h2>\n\n\n\n<h3 class=\"wp-block-heading\"><strong>Orientation boulangerie-p\u00e2tisserie<\/strong><\/h3>\n\n\n\n<ol class=\"wp-block-list\"><li>Noomi Minoletti, Radelfingen\/BE\u00a0<br>(formation chez Freddy\u2019s Chnusperegg\u00e4, Lyss\/BE)\u00a0<\/li><li>Sabrina Sattler, Hitzkirch\/AG\u00a0<br>(formation \u00e0 la boulangerie-p\u00e2tisserie Ruckli, Sarmens-torf\/AG)\u00a0<\/li><li>Ramona Hollenstein, Walzenhausen\/AR\u00a0<br>(formation \u00e0 la boulangerie-p\u00e2tisserie Meyerhans, Walzenhausen)\u00a0<\/li><\/ol>\n\n\n\n<h3 class=\"wp-block-heading\"><strong><strong>Orientation p\u00e2tisserie-confiserie<\/strong><\/strong><\/h3>\n\n\n\n<ol class=\"wp-block-list\"><li>Raphael F\u00fcger, M\u00f6rschwil\/ZH\u00a0<br>(formation \u00e0 la confiserie Spr\u00fcngli, Dietikon\/ZH)\u00a0<\/li><li>Jorge Miguel Silva Cardoso, Villars-sur-Gl\u00e2ne\/FR<br>(formation \u00e0 la boulangerie-p\u00e2tisserie-confiserie Suard, Fribourg)<\/li><li>Andrea Hohl, Eggersriet\/SG\u00a0<br>(formation au caf\u00e9-confiserie D\u00f6ssegger, St. Gallen)<\/li><\/ol>\n\n\n\n<h3 class=\"wp-block-heading\"><strong>Gestionnaires du commerce de d\u00e9tail<\/strong><\/h3>\n\n\n\n<ol class=\"wp-block-list\"><li>Iris F\u00e4ssler, Unteriberg\/SZ<br>(formation \u00e0 la boulangerie-p\u00e2tisserie Schefer AG, Einsie-deln\/SZ)\u00a0<\/li><li>Elena Egger, Andwil\/SG\u00a0<br>(formation \u00e0 la confiserie Roggwiller, St. Gallen)\u00a0<\/li><li>Karin M\u00fcller, Stein\/AR\u00a0<br>(formation \u00e0 la boulangerie Koller S\u00e0rl, Teufen\/AR)<\/li><\/ol>\n","protected":false},"excerpt":{"rendered":"<p>Les SwissSills Berne 2014, \u00e9v\u00e9nement d\u2019une dimension exceptionnelle dans le domaine de la formation professionnelle duale, se sont d\u00e9roul\u00e9s du 17 au 21 septembre. C\u2019est dans ce cadre qu\u2019ont eu lieu pour la premi\u00e8re fois en public les championnats suisses de la boulangerie-p\u00e2tisserie-confiserie. Trois titres nationaux ont \u00e9t\u00e9 attribu\u00e9s dans cette branche. Une ar\u00e8ne de concours commune a permis \u00e0 [&hellip;]<\/p>\n","protected":false},"author":1,"featured_media":0,"parent":35575,"menu_order":0,"comment_status":"closed","ping_status":"closed","template":"","meta":{"_acf_changed":true,"footnotes":""},"class_list":["post-37995","page","type-page","status-publish","hentry"],"acf":[],"yoast_head":"<!-- This site is optimized with the Yoast SEO Premium plugin v26.8 (Yoast SEO v26.8) - https:\/\/yoast.com\/product\/yoast-seo-premium-wordpress\/ -->\n<title>Berne 2014 | SBC<\/title>\n<meta name=\"robots\" content=\"index, follow, max-snippet:-1, max-image-preview:large, max-video-preview:-1\" \/>\n<link rel=\"canonical\" href=\"https:\/\/swissbaker.ch\/fr\/releve\/concours-professionnels\/swissskills\/berne-2014\/\" \/>\n<meta property=\"og:locale\" content=\"fr_FR\" \/>\n<meta property=\"og:type\" content=\"article\" \/>\n<meta property=\"og:title\" content=\"Berne 2014\" \/>\n<meta property=\"og:description\" content=\"Les SwissSills Berne 2014, \u00e9v\u00e9nement d\u2019une dimension exceptionnelle dans le domaine de la formation professionnelle duale, se sont d\u00e9roul\u00e9s du 17 au 21 septembre. C\u2019est dans ce cadre qu\u2019ont eu lieu pour la premi\u00e8re fois en public les championnats suisses de la boulangerie-p\u00e2tisserie-confiserie. Trois titres nationaux ont \u00e9t\u00e9 attribu\u00e9s dans cette branche. Une ar\u00e8ne de concours commune a permis \u00e0 [&hellip;]\" \/>\n<meta property=\"og:url\" content=\"https:\/\/swissbaker.ch\/fr\/releve\/concours-professionnels\/swissskills\/berne-2014\/\" \/>\n<meta property=\"og:site_name\" content=\"SBC\" \/>\n<meta property=\"article:publisher\" content=\"https:\/\/www.facebook.com\/swissbaker.ch\" \/>\n<meta property=\"article:modified_time\" content=\"2026-05-01T11:35:04+00:00\" \/>\n<meta property=\"og:image\" content=\"https:\/\/swissbaker.ch\/wp-content\/uploads\/2022\/04\/sbc-logo-yoast.jpg\" \/>\n\t<meta property=\"og:image:width\" content=\"512\" \/>\n\t<meta property=\"og:image:height\" content=\"512\" \/>\n\t<meta property=\"og:image:type\" content=\"image\/jpeg\" \/>\n<meta name=\"twitter:card\" content=\"summary_large_image\" \/>\n<meta name=\"twitter:site\" content=\"@ch_swissbaker\" \/>\n<meta name=\"twitter:label1\" content=\"Est. reading time\" \/>\n\t<meta name=\"twitter:data1\" content=\"2 minutes\" \/>\n<script type=\"application\/ld+json\" class=\"yoast-schema-graph\">{\"@context\":\"https:\/\/schema.org\",\"@graph\":[{\"@type\":\"WebPage\",\"@id\":\"https:\/\/swissbaker.ch\/fr\/releve\/concours-professionnels\/swissskills\/berne-2014\/\",\"url\":\"https:\/\/swissbaker.ch\/fr\/releve\/concours-professionnels\/swissskills\/berne-2014\/\",\"name\":\"Berne 2014 | SBC\",\"isPartOf\":{\"@id\":\"https:\/\/swissbaker.ch\/fr\/#website\"},\"datePublished\":\"2022-06-13T12:21:18+00:00\",\"dateModified\":\"2026-05-01T11:35:04+00:00\",\"breadcrumb\":{\"@id\":\"https:\/\/swissbaker.ch\/fr\/releve\/concours-professionnels\/swissskills\/berne-2014\/#breadcrumb\"},\"inLanguage\":\"fr-FR\",\"potentialAction\":[{\"@type\":\"ReadAction\",\"target\":[\"https:\/\/swissbaker.ch\/fr\/releve\/concours-professionnels\/swissskills\/berne-2014\/\"]}]},{\"@type\":\"BreadcrumbList\",\"@id\":\"https:\/\/swissbaker.ch\/fr\/releve\/concours-professionnels\/swissskills\/berne-2014\/#breadcrumb\",\"itemListElement\":[{\"@type\":\"ListItem\",\"position\":1,\"name\":\"\",\"item\":\"https:\/\/swissbaker.ch\/fr\/\"},{\"@type\":\"ListItem\",\"position\":2,\"name\":\"Rel\u00e8ve\",\"item\":\"https:\/\/swissbaker.ch\/fr\/releve\/\"},{\"@type\":\"ListItem\",\"position\":3,\"name\":\"Concours professionnels\",\"item\":\"https:\/\/swissbaker.ch\/fr\/releve\/concours-professionnels\/\"},{\"@type\":\"ListItem\",\"position\":4,\"name\":\"SwissSkills\",\"item\":\"https:\/\/swissbaker.ch\/fr\/releve\/concours-professionnels\/swissskills\/\"},{\"@type\":\"ListItem\",\"position\":5,\"name\":\"Berne 2014\"}]},{\"@type\":\"WebSite\",\"@id\":\"https:\/\/swissbaker.ch\/fr\/#website\",\"url\":\"https:\/\/swissbaker.ch\/fr\/\",\"name\":\"SBC\",\"description\":\"\",\"publisher\":{\"@id\":\"https:\/\/swissbaker.ch\/fr\/#organization\"},\"potentialAction\":[{\"@type\":\"SearchAction\",\"target\":{\"@type\":\"EntryPoint\",\"urlTemplate\":\"https:\/\/swissbaker.ch\/fr\/?s={search_term_string}\"},\"query-input\":{\"@type\":\"PropertyValueSpecification\",\"valueRequired\":true,\"valueName\":\"search_term_string\"}}],\"inLanguage\":\"fr-FR\"},{\"@type\":\"Organization\",\"@id\":\"https:\/\/swissbaker.ch\/fr\/#organization\",\"name\":\"Schweizerischer B\u00e4cker-Confiseurmeister-Verband\",\"url\":\"https:\/\/swissbaker.ch\/fr\/\",\"logo\":{\"@type\":\"ImageObject\",\"inLanguage\":\"fr-FR\",\"@id\":\"https:\/\/swissbaker.ch\/fr\/#\/schema\/logo\/image\/\",\"url\":\"https:\/\/swissbaker.ch\/wp-content\/uploads\/2022\/04\/sbc-logo-yoast.jpg\",\"contentUrl\":\"https:\/\/swissbaker.ch\/wp-content\/uploads\/2022\/04\/sbc-logo-yoast.jpg\",\"width\":512,\"height\":512,\"caption\":\"Schweizerischer B\u00e4cker-Confiseurmeister-Verband\"},\"image\":{\"@id\":\"https:\/\/swissbaker.ch\/fr\/#\/schema\/logo\/image\/\"},\"sameAs\":[\"https:\/\/www.facebook.com\/swissbaker.ch\",\"https:\/\/x.com\/ch_swissbaker\"]}]}<\/script>\n<!-- \/ Yoast SEO Premium plugin. -->","yoast_head_json":{"title":"Berne 2014 | SBC","robots":{"index":"index","follow":"follow","max-snippet":"max-snippet:-1","max-image-preview":"max-image-preview:large","max-video-preview":"max-video-preview:-1"},"canonical":"https:\/\/swissbaker.ch\/fr\/releve\/concours-professionnels\/swissskills\/berne-2014\/","og_locale":"fr_FR","og_type":"article","og_title":"Berne 2014","og_description":"Les SwissSills Berne 2014, \u00e9v\u00e9nement d\u2019une dimension exceptionnelle dans le domaine de la formation professionnelle duale, se sont d\u00e9roul\u00e9s du 17 au 21 septembre. C\u2019est dans ce cadre qu\u2019ont eu lieu pour la premi\u00e8re fois en public les championnats suisses de la boulangerie-p\u00e2tisserie-confiserie. Trois titres nationaux ont \u00e9t\u00e9 attribu\u00e9s dans cette branche. Une ar\u00e8ne de concours commune a permis \u00e0 [&hellip;]","og_url":"https:\/\/swissbaker.ch\/fr\/releve\/concours-professionnels\/swissskills\/berne-2014\/","og_site_name":"SBC","article_publisher":"https:\/\/www.facebook.com\/swissbaker.ch","article_modified_time":"2026-05-01T11:35:04+00:00","og_image":[{"width":512,"height":512,"url":"https:\/\/swissbaker.ch\/wp-content\/uploads\/2022\/04\/sbc-logo-yoast.jpg","type":"image\/jpeg"}],"twitter_card":"summary_large_image","twitter_site":"@ch_swissbaker","twitter_misc":{"Est. reading time":"2 minutes"},"schema":{"@context":"https:\/\/schema.org","@graph":[{"@type":"WebPage","@id":"https:\/\/swissbaker.ch\/fr\/releve\/concours-professionnels\/swissskills\/berne-2014\/","url":"https:\/\/swissbaker.ch\/fr\/releve\/concours-professionnels\/swissskills\/berne-2014\/","name":"Berne 2014 | SBC","isPartOf":{"@id":"https:\/\/swissbaker.ch\/fr\/#website"},"datePublished":"2022-06-13T12:21:18+00:00","dateModified":"2026-05-01T11:35:04+00:00","breadcrumb":{"@id":"https:\/\/swissbaker.ch\/fr\/releve\/concours-professionnels\/swissskills\/berne-2014\/#breadcrumb"},"inLanguage":"fr-FR","potentialAction":[{"@type":"ReadAction","target":["https:\/\/swissbaker.ch\/fr\/releve\/concours-professionnels\/swissskills\/berne-2014\/"]}]},{"@type":"BreadcrumbList","@id":"https:\/\/swissbaker.ch\/fr\/releve\/concours-professionnels\/swissskills\/berne-2014\/#breadcrumb","itemListElement":[{"@type":"ListItem","position":1,"name":"","item":"https:\/\/swissbaker.ch\/fr\/"},{"@type":"ListItem","position":2,"name":"Rel\u00e8ve","item":"https:\/\/swissbaker.ch\/fr\/releve\/"},{"@type":"ListItem","position":3,"name":"Concours professionnels","item":"https:\/\/swissbaker.ch\/fr\/releve\/concours-professionnels\/"},{"@type":"ListItem","position":4,"name":"SwissSkills","item":"https:\/\/swissbaker.ch\/fr\/releve\/concours-professionnels\/swissskills\/"},{"@type":"ListItem","position":5,"name":"Berne 2014"}]},{"@type":"WebSite","@id":"https:\/\/swissbaker.ch\/fr\/#website","url":"https:\/\/swissbaker.ch\/fr\/","name":"SBC","description":"","publisher":{"@id":"https:\/\/swissbaker.ch\/fr\/#organization"},"potentialAction":[{"@type":"SearchAction","target":{"@type":"EntryPoint","urlTemplate":"https:\/\/swissbaker.ch\/fr\/?s={search_term_string}"},"query-input":{"@type":"PropertyValueSpecification","valueRequired":true,"valueName":"search_term_string"}}],"inLanguage":"fr-FR"},{"@type":"Organization","@id":"https:\/\/swissbaker.ch\/fr\/#organization","name":"Schweizerischer B\u00e4cker-Confiseurmeister-Verband","url":"https:\/\/swissbaker.ch\/fr\/","logo":{"@type":"ImageObject","inLanguage":"fr-FR","@id":"https:\/\/swissbaker.ch\/fr\/#\/schema\/logo\/image\/","url":"https:\/\/swissbaker.ch\/wp-content\/uploads\/2022\/04\/sbc-logo-yoast.jpg","contentUrl":"https:\/\/swissbaker.ch\/wp-content\/uploads\/2022\/04\/sbc-logo-yoast.jpg","width":512,"height":512,"caption":"Schweizerischer B\u00e4cker-Confiseurmeister-Verband"},"image":{"@id":"https:\/\/swissbaker.ch\/fr\/#\/schema\/logo\/image\/"},"sameAs":["https:\/\/www.facebook.com\/swissbaker.ch","https:\/\/x.com\/ch_swissbaker"]}]}},"_links":{"self":[{"href":"https:\/\/swissbaker.ch\/fr\/wp-json\/wp\/v2\/pages\/37995","targetHints":{"allow":["GET"]}}],"collection":[{"href":"https:\/\/swissbaker.ch\/fr\/wp-json\/wp\/v2\/pages"}],"about":[{"href":"https:\/\/swissbaker.ch\/fr\/wp-json\/wp\/v2\/types\/page"}],"author":[{"embeddable":true,"href":"https:\/\/swissbaker.ch\/fr\/wp-json\/wp\/v2\/users\/1"}],"replies":[{"embeddable":true,"href":"https:\/\/swissbaker.ch\/fr\/wp-json\/wp\/v2\/comments?post=37995"}],"version-history":[{"count":0,"href":"https:\/\/swissbaker.ch\/fr\/wp-json\/wp\/v2\/pages\/37995\/revisions"}],"up":[{"embeddable":true,"href":"https:\/\/swissbaker.ch\/fr\/wp-json\/wp\/v2\/pages\/35575"}],"wp:attachment":[{"href":"https:\/\/swissbaker.ch\/fr\/wp-json\/wp\/v2\/media?parent=37995"}],"curies":[{"name":"wp","href":"https:\/\/api.w.org\/{rel}","templated":true}]}}