{"id":37965,"date":"2022-06-13T14:04:43","date_gmt":"2022-06-13T12:04:43","guid":{"rendered":"https:\/\/swissbaker.ch\/releve\/concours-professionnels\/swissskills\/genf-2015\/"},"modified":"2026-05-01T13:33:54","modified_gmt":"2026-05-01T11:33:54","slug":"geneve-2015","status":"publish","type":"page","link":"https:\/\/swissbaker.ch\/fr\/releve\/concours-professionnels\/swissskills\/geneve-2015\/","title":{"rendered":"Gen\u00e8ve\u00a02015"},"content":{"rendered":"\n<div class=\"wp-block-media-text alignwide is-stacked-on-mobile\" style=\"grid-template-columns:36% auto\"><figure class=\"wp-block-media-text__media\"><img decoding=\"async\" width=\"280\" height=\"207\" src=\"https:\/\/swissbaker.ch\/wp-content\/uploads\/2022\/06\/csm_logo_swissskills_08daf6fc94.jpg\" alt=\"\" class=\"wp-image-37951 size-full\"\/><\/figure><div class=\"wp-block-media-text__content\">\n\n<p><strong>Les championnats suisses de la boulangerie-p\u00e2tisserie-confiserie ont eu lieu du 3 au 8 novembre 2015 dans le cadre de la \u00abCit\u00e9 des m\u00e9tiers et de la formation\u00bb, sur le site de Palexpo \u00e0 Gen\u00e8ve.<\/strong><\/p>\n\n\n<p>Trois titres nationaux ont \u00e9t\u00e9 d\u00e9cern\u00e9s au total, dans le commerce de d\u00e9tail et dans les orientations de la boulangerie-p\u00e2tisserie et de la p\u00e2tisserie-confiserie.<\/p>\n\n<\/div><\/div>\n\n\n\n<p>Celles et ceux qui ont obtenu les meilleurs r\u00e9sultats lors des proc\u00e9dures de qualification 2015 (examens de fin d\u2019apprentissage) des boulangers-p\u00e2tissiers-confiseurs CFC dans les orientations de la boulangerie-p\u00e2tisserie et de la p\u00e2tisserie-confiserie, et des gestionnaires du commerce de d\u00e9tail CFC ont eu l\u2019honneur de briguer le titre de championne ou de champion suisse. Les douze candidates et candidats en lice par m\u00e9tier et orientation ont ainsi pu d\u00e9montrer leur talent et leur cr\u00e9ativit\u00e9.<\/p>\n\n\n\n<h2 class=\"wp-block-heading\" id=\"h-resultats\"><strong><strong>R\u00e9sultats<\/strong><\/strong>:<\/h2>\n\n\n\n<div class=\"wp-block-file\"><a id=\"wp-block-file--media-99cf7ff8-6657-4cdf-8cda-3e95f04f4788\" href=\"https:\/\/swissbaker.ch\/wp-content\/uploads\/2022\/06\/sk_genf15_rangliste_bk-1.pdf\">Orientation boulangerie-p\u00e2tisserie<\/a><\/div>\n\n\n\n<div class=\"wp-block-file\"><a id=\"wp-block-file--media-8169fd32-4469-491b-8834-aa2ec18a4d0d\" href=\"https:\/\/swissbaker.ch\/wp-content\/uploads\/2022\/06\/sk_genf15_rangliste_kc-1.pdf\">Orientation p\u00e2tisserie-confiserie<\/a><\/div>\n\n\n\n<div class=\"wp-block-file\"><a id=\"wp-block-file--media-66056a13-2190-45b9-98b6-e06a50561fbe\" href=\"https:\/\/swissbaker.ch\/wp-content\/uploads\/2022\/06\/sk_genf15_rangliste_dh-1.pdf\">Commerce de d\u00e9tail<\/a><\/div>\n","protected":false},"excerpt":{"rendered":"<p>Les championnats suisses de la boulangerie-p\u00e2tisserie-confiserie ont eu lieu du 3 au 8 novembre 2015 dans le cadre de la \u00abCit\u00e9 des m\u00e9tiers et de la formation\u00bb, sur le site de Palexpo \u00e0 Gen\u00e8ve. Trois titres nationaux ont \u00e9t\u00e9 d\u00e9cern\u00e9s au total, dans le commerce de d\u00e9tail et dans les orientations de la boulangerie-p\u00e2tisserie et de la p\u00e2tisserie-confiserie. Celles et [&hellip;]<\/p>\n","protected":false},"author":1,"featured_media":0,"parent":35575,"menu_order":0,"comment_status":"closed","ping_status":"closed","template":"","meta":{"_acf_changed":true,"footnotes":""},"class_list":["post-37965","page","type-page","status-publish","hentry"],"acf":[],"yoast_head":"<!-- This site is optimized with the Yoast SEO Premium plugin v26.8 (Yoast SEO v26.8) - https:\/\/yoast.com\/product\/yoast-seo-premium-wordpress\/ -->\n<title>Gen\u00e8ve\u00a02015 | SBC<\/title>\n<meta name=\"robots\" content=\"index, follow, max-snippet:-1, max-image-preview:large, max-video-preview:-1\" \/>\n<link rel=\"canonical\" href=\"https:\/\/swissbaker.ch\/fr\/releve\/concours-professionnels\/swissskills\/geneve-2015\/\" \/>\n<meta property=\"og:locale\" content=\"fr_FR\" \/>\n<meta property=\"og:type\" content=\"article\" \/>\n<meta property=\"og:title\" content=\"Gen\u00e8ve\u00a02015\" \/>\n<meta property=\"og:description\" content=\"Les championnats suisses de la boulangerie-p\u00e2tisserie-confiserie ont eu lieu du 3 au 8 novembre 2015 dans le cadre de la \u00abCit\u00e9 des m\u00e9tiers et de la formation\u00bb, sur le site de Palexpo \u00e0 Gen\u00e8ve. Trois titres nationaux ont \u00e9t\u00e9 d\u00e9cern\u00e9s au total, dans le commerce de d\u00e9tail et dans les orientations de la boulangerie-p\u00e2tisserie et de la p\u00e2tisserie-confiserie. Celles et [&hellip;]\" \/>\n<meta property=\"og:url\" content=\"https:\/\/swissbaker.ch\/fr\/releve\/concours-professionnels\/swissskills\/geneve-2015\/\" \/>\n<meta property=\"og:site_name\" content=\"SBC\" \/>\n<meta property=\"article:publisher\" content=\"https:\/\/www.facebook.com\/swissbaker.ch\" \/>\n<meta property=\"article:modified_time\" content=\"2026-05-01T11:33:54+00:00\" \/>\n<meta property=\"og:image\" content=\"https:\/\/swissbaker.ch\/wp-content\/uploads\/2022\/06\/csm_logo_swissskills_08daf6fc94.jpg\" \/>\n\t<meta property=\"og:image:width\" content=\"280\" \/>\n\t<meta property=\"og:image:height\" content=\"207\" \/>\n\t<meta property=\"og:image:type\" content=\"image\/jpeg\" \/>\n<meta name=\"twitter:card\" content=\"summary_large_image\" \/>\n<meta name=\"twitter:site\" content=\"@ch_swissbaker\" \/>\n<meta name=\"twitter:label1\" content=\"Est. reading time\" \/>\n\t<meta name=\"twitter:data1\" content=\"1 minute\" \/>\n<script type=\"application\/ld+json\" class=\"yoast-schema-graph\">{\"@context\":\"https:\/\/schema.org\",\"@graph\":[{\"@type\":\"WebPage\",\"@id\":\"https:\/\/swissbaker.ch\/fr\/releve\/concours-professionnels\/swissskills\/geneve-2015\/\",\"url\":\"https:\/\/swissbaker.ch\/fr\/releve\/concours-professionnels\/swissskills\/geneve-2015\/\",\"name\":\"Gen\u00e8ve\u00a02015 | SBC\",\"isPartOf\":{\"@id\":\"https:\/\/swissbaker.ch\/fr\/#website\"},\"primaryImageOfPage\":{\"@id\":\"https:\/\/swissbaker.ch\/fr\/releve\/concours-professionnels\/swissskills\/geneve-2015\/#primaryimage\"},\"image\":{\"@id\":\"https:\/\/swissbaker.ch\/fr\/releve\/concours-professionnels\/swissskills\/geneve-2015\/#primaryimage\"},\"thumbnailUrl\":\"https:\/\/swissbaker.ch\/wp-content\/uploads\/2022\/06\/csm_logo_swissskills_08daf6fc94.jpg\",\"datePublished\":\"2022-06-13T12:04:43+00:00\",\"dateModified\":\"2026-05-01T11:33:54+00:00\",\"breadcrumb\":{\"@id\":\"https:\/\/swissbaker.ch\/fr\/releve\/concours-professionnels\/swissskills\/geneve-2015\/#breadcrumb\"},\"inLanguage\":\"fr-FR\",\"potentialAction\":[{\"@type\":\"ReadAction\",\"target\":[\"https:\/\/swissbaker.ch\/fr\/releve\/concours-professionnels\/swissskills\/geneve-2015\/\"]}]},{\"@type\":\"ImageObject\",\"inLanguage\":\"fr-FR\",\"@id\":\"https:\/\/swissbaker.ch\/fr\/releve\/concours-professionnels\/swissskills\/geneve-2015\/#primaryimage\",\"url\":\"https:\/\/swissbaker.ch\/wp-content\/uploads\/2022\/06\/csm_logo_swissskills_08daf6fc94.jpg\",\"contentUrl\":\"https:\/\/swissbaker.ch\/wp-content\/uploads\/2022\/06\/csm_logo_swissskills_08daf6fc94.jpg\"},{\"@type\":\"BreadcrumbList\",\"@id\":\"https:\/\/swissbaker.ch\/fr\/releve\/concours-professionnels\/swissskills\/geneve-2015\/#breadcrumb\",\"itemListElement\":[{\"@type\":\"ListItem\",\"position\":1,\"name\":\"\",\"item\":\"https:\/\/swissbaker.ch\/fr\/\"},{\"@type\":\"ListItem\",\"position\":2,\"name\":\"Rel\u00e8ve\",\"item\":\"https:\/\/swissbaker.ch\/fr\/releve\/\"},{\"@type\":\"ListItem\",\"position\":3,\"name\":\"Concours professionnels\",\"item\":\"https:\/\/swissbaker.ch\/fr\/releve\/concours-professionnels\/\"},{\"@type\":\"ListItem\",\"position\":4,\"name\":\"SwissSkills\",\"item\":\"https:\/\/swissbaker.ch\/fr\/releve\/concours-professionnels\/swissskills\/\"},{\"@type\":\"ListItem\",\"position\":5,\"name\":\"Gen\u00e8ve\u00a02015\"}]},{\"@type\":\"WebSite\",\"@id\":\"https:\/\/swissbaker.ch\/fr\/#website\",\"url\":\"https:\/\/swissbaker.ch\/fr\/\",\"name\":\"SBC\",\"description\":\"\",\"publisher\":{\"@id\":\"https:\/\/swissbaker.ch\/fr\/#organization\"},\"potentialAction\":[{\"@type\":\"SearchAction\",\"target\":{\"@type\":\"EntryPoint\",\"urlTemplate\":\"https:\/\/swissbaker.ch\/fr\/?s={search_term_string}\"},\"query-input\":{\"@type\":\"PropertyValueSpecification\",\"valueRequired\":true,\"valueName\":\"search_term_string\"}}],\"inLanguage\":\"fr-FR\"},{\"@type\":\"Organization\",\"@id\":\"https:\/\/swissbaker.ch\/fr\/#organization\",\"name\":\"Schweizerischer B\u00e4cker-Confiseurmeister-Verband\",\"url\":\"https:\/\/swissbaker.ch\/fr\/\",\"logo\":{\"@type\":\"ImageObject\",\"inLanguage\":\"fr-FR\",\"@id\":\"https:\/\/swissbaker.ch\/fr\/#\/schema\/logo\/image\/\",\"url\":\"https:\/\/swissbaker.ch\/wp-content\/uploads\/2022\/04\/sbc-logo-yoast.jpg\",\"contentUrl\":\"https:\/\/swissbaker.ch\/wp-content\/uploads\/2022\/04\/sbc-logo-yoast.jpg\",\"width\":512,\"height\":512,\"caption\":\"Schweizerischer B\u00e4cker-Confiseurmeister-Verband\"},\"image\":{\"@id\":\"https:\/\/swissbaker.ch\/fr\/#\/schema\/logo\/image\/\"},\"sameAs\":[\"https:\/\/www.facebook.com\/swissbaker.ch\",\"https:\/\/x.com\/ch_swissbaker\"]}]}<\/script>\n<!-- \/ Yoast SEO Premium plugin. -->","yoast_head_json":{"title":"Gen\u00e8ve\u00a02015 | SBC","robots":{"index":"index","follow":"follow","max-snippet":"max-snippet:-1","max-image-preview":"max-image-preview:large","max-video-preview":"max-video-preview:-1"},"canonical":"https:\/\/swissbaker.ch\/fr\/releve\/concours-professionnels\/swissskills\/geneve-2015\/","og_locale":"fr_FR","og_type":"article","og_title":"Gen\u00e8ve\u00a02015","og_description":"Les championnats suisses de la boulangerie-p\u00e2tisserie-confiserie ont eu lieu du 3 au 8 novembre 2015 dans le cadre de la \u00abCit\u00e9 des m\u00e9tiers et de la formation\u00bb, sur le site de Palexpo \u00e0 Gen\u00e8ve. Trois titres nationaux ont \u00e9t\u00e9 d\u00e9cern\u00e9s au total, dans le commerce de d\u00e9tail et dans les orientations de la boulangerie-p\u00e2tisserie et de la p\u00e2tisserie-confiserie. Celles et [&hellip;]","og_url":"https:\/\/swissbaker.ch\/fr\/releve\/concours-professionnels\/swissskills\/geneve-2015\/","og_site_name":"SBC","article_publisher":"https:\/\/www.facebook.com\/swissbaker.ch","article_modified_time":"2026-05-01T11:33:54+00:00","og_image":[{"width":280,"height":207,"url":"https:\/\/swissbaker.ch\/wp-content\/uploads\/2022\/06\/csm_logo_swissskills_08daf6fc94.jpg","type":"image\/jpeg"}],"twitter_card":"summary_large_image","twitter_site":"@ch_swissbaker","twitter_misc":{"Est. reading time":"1 minute"},"schema":{"@context":"https:\/\/schema.org","@graph":[{"@type":"WebPage","@id":"https:\/\/swissbaker.ch\/fr\/releve\/concours-professionnels\/swissskills\/geneve-2015\/","url":"https:\/\/swissbaker.ch\/fr\/releve\/concours-professionnels\/swissskills\/geneve-2015\/","name":"Gen\u00e8ve\u00a02015 | SBC","isPartOf":{"@id":"https:\/\/swissbaker.ch\/fr\/#website"},"primaryImageOfPage":{"@id":"https:\/\/swissbaker.ch\/fr\/releve\/concours-professionnels\/swissskills\/geneve-2015\/#primaryimage"},"image":{"@id":"https:\/\/swissbaker.ch\/fr\/releve\/concours-professionnels\/swissskills\/geneve-2015\/#primaryimage"},"thumbnailUrl":"https:\/\/swissbaker.ch\/wp-content\/uploads\/2022\/06\/csm_logo_swissskills_08daf6fc94.jpg","datePublished":"2022-06-13T12:04:43+00:00","dateModified":"2026-05-01T11:33:54+00:00","breadcrumb":{"@id":"https:\/\/swissbaker.ch\/fr\/releve\/concours-professionnels\/swissskills\/geneve-2015\/#breadcrumb"},"inLanguage":"fr-FR","potentialAction":[{"@type":"ReadAction","target":["https:\/\/swissbaker.ch\/fr\/releve\/concours-professionnels\/swissskills\/geneve-2015\/"]}]},{"@type":"ImageObject","inLanguage":"fr-FR","@id":"https:\/\/swissbaker.ch\/fr\/releve\/concours-professionnels\/swissskills\/geneve-2015\/#primaryimage","url":"https:\/\/swissbaker.ch\/wp-content\/uploads\/2022\/06\/csm_logo_swissskills_08daf6fc94.jpg","contentUrl":"https:\/\/swissbaker.ch\/wp-content\/uploads\/2022\/06\/csm_logo_swissskills_08daf6fc94.jpg"},{"@type":"BreadcrumbList","@id":"https:\/\/swissbaker.ch\/fr\/releve\/concours-professionnels\/swissskills\/geneve-2015\/#breadcrumb","itemListElement":[{"@type":"ListItem","position":1,"name":"","item":"https:\/\/swissbaker.ch\/fr\/"},{"@type":"ListItem","position":2,"name":"Rel\u00e8ve","item":"https:\/\/swissbaker.ch\/fr\/releve\/"},{"@type":"ListItem","position":3,"name":"Concours professionnels","item":"https:\/\/swissbaker.ch\/fr\/releve\/concours-professionnels\/"},{"@type":"ListItem","position":4,"name":"SwissSkills","item":"https:\/\/swissbaker.ch\/fr\/releve\/concours-professionnels\/swissskills\/"},{"@type":"ListItem","position":5,"name":"Gen\u00e8ve\u00a02015"}]},{"@type":"WebSite","@id":"https:\/\/swissbaker.ch\/fr\/#website","url":"https:\/\/swissbaker.ch\/fr\/","name":"SBC","description":"","publisher":{"@id":"https:\/\/swissbaker.ch\/fr\/#organization"},"potentialAction":[{"@type":"SearchAction","target":{"@type":"EntryPoint","urlTemplate":"https:\/\/swissbaker.ch\/fr\/?s={search_term_string}"},"query-input":{"@type":"PropertyValueSpecification","valueRequired":true,"valueName":"search_term_string"}}],"inLanguage":"fr-FR"},{"@type":"Organization","@id":"https:\/\/swissbaker.ch\/fr\/#organization","name":"Schweizerischer B\u00e4cker-Confiseurmeister-Verband","url":"https:\/\/swissbaker.ch\/fr\/","logo":{"@type":"ImageObject","inLanguage":"fr-FR","@id":"https:\/\/swissbaker.ch\/fr\/#\/schema\/logo\/image\/","url":"https:\/\/swissbaker.ch\/wp-content\/uploads\/2022\/04\/sbc-logo-yoast.jpg","contentUrl":"https:\/\/swissbaker.ch\/wp-content\/uploads\/2022\/04\/sbc-logo-yoast.jpg","width":512,"height":512,"caption":"Schweizerischer B\u00e4cker-Confiseurmeister-Verband"},"image":{"@id":"https:\/\/swissbaker.ch\/fr\/#\/schema\/logo\/image\/"},"sameAs":["https:\/\/www.facebook.com\/swissbaker.ch","https:\/\/x.com\/ch_swissbaker"]}]}},"_links":{"self":[{"href":"https:\/\/swissbaker.ch\/fr\/wp-json\/wp\/v2\/pages\/37965","targetHints":{"allow":["GET"]}}],"collection":[{"href":"https:\/\/swissbaker.ch\/fr\/wp-json\/wp\/v2\/pages"}],"about":[{"href":"https:\/\/swissbaker.ch\/fr\/wp-json\/wp\/v2\/types\/page"}],"author":[{"embeddable":true,"href":"https:\/\/swissbaker.ch\/fr\/wp-json\/wp\/v2\/users\/1"}],"replies":[{"embeddable":true,"href":"https:\/\/swissbaker.ch\/fr\/wp-json\/wp\/v2\/comments?post=37965"}],"version-history":[{"count":0,"href":"https:\/\/swissbaker.ch\/fr\/wp-json\/wp\/v2\/pages\/37965\/revisions"}],"up":[{"embeddable":true,"href":"https:\/\/swissbaker.ch\/fr\/wp-json\/wp\/v2\/pages\/35575"}],"wp:attachment":[{"href":"https:\/\/swissbaker.ch\/fr\/wp-json\/wp\/v2\/media?parent=37965"}],"curies":[{"name":"wp","href":"https:\/\/api.w.org\/{rel}","templated":true}]}}