{"id":36109,"date":"2022-06-07T14:59:37","date_gmt":"2022-06-07T12:59:37","guid":{"rendered":"https:\/\/swissbaker.ch\/?page_id=36109"},"modified":"2022-06-07T15:08:56","modified_gmt":"2022-06-07T13:08:56","slug":"acheter-local-2020","status":"publish","type":"page","link":"https:\/\/swissbaker.ch\/fr\/association\/prestations-de-service\/marketing-communication\/campagnes\/acheter-local-2020\/","title":{"rendered":"Acheter local 2020"},"content":{"rendered":"\n<p><strong><strong>Les consommatrices et consommateurs ont d\u00e9couvert les produits et les commerces r\u00e9gionaux, gr\u00e2ce au Covid-19. Nous vous recommandons de remercier vos clientes et clients pour leur fid\u00e9lit\u00e9 et leur solidarit\u00e9, et de lancer ainsi un signal fort.<\/strong><\/strong><\/p>\n\n\n\n<figure class=\"wp-block-image size-full\"><img decoding=\"async\" width=\"551\" height=\"327\" src=\"https:\/\/swissbaker.ch\/wp-content\/uploads\/2022\/06\/csm_lokal_einkaufen_anrissr_web_f_159c5a324f.jpg\" alt=\"\" class=\"wp-image-36112\"\/><\/figure>\n\n\n\n<p>Vous trouverez ci-dessous des propositions d\u2019affiches \u00e0 imprimer soi-m\u00eame. Pour les affiches plus grandes, nous vous proposons notre\u00a0<a href=\"https:\/\/swissbaker.ch\/fr\/association\/prestations-de-service\/marketing-communication\/service-dimpression-daffiches\/\">service d\u2019impression d\u2019affiches<\/a>.<br>Vous pouvez \u00e9galement nous contacter si vous souhaitez r\u00e9aliser des affiches personnalis\u00e9es.<\/p>\n\n\n\n<h2 class=\"wp-block-heading\" id=\"h-druckvorlagen-zum-download\">Druckvorlagen zum Download<\/h2>\n\n\n\n<p><strong>Sujet Brot:<\/strong><\/p>\n\n\n\n<div class=\"wp-block-file\"><a id=\"wp-block-file--media-7c23ee9f-4513-4677-9c6f-1792eddf0afe\" href=\"https:\/\/swissbaker.ch\/wp-content\/uploads\/2022\/06\/affiche_pain_merci_achats.pdf\">Affiche_pain_merci_achats.pdf<\/a><\/div>\n\n\n\n<div class=\"wp-block-file\"><a id=\"wp-block-file--media-a7e3f995-8246-4eda-bc4e-4dd784b8a644\" href=\"https:\/\/swissbaker.ch\/wp-content\/themes\/azr-theme-child\/ajax\/force_download.php?id=36117\">Affiche_pain_merci_achats.jpg<\/a><\/div>\n\n\n\n<div class=\"wp-block-file\"><a id=\"wp-block-file--media-df0d5748-9af5-483c-aac5-190333fe2d81\" href=\"https:\/\/swissbaker.ch\/wp-content\/uploads\/2022\/06\/affiche_pain_merci_local.pdf\">Affiche_pain_merci_local.pdf<\/a><\/div>\n\n\n\n<div class=\"wp-block-file\"><a id=\"wp-block-file--media-7e9cdf93-7ed1-4c49-af4f-e08971cf9365\" href=\"https:\/\/swissbaker.ch\/wp-content\/themes\/azr-theme-child\/ajax\/force_download.php?id=36121\">Affiche_pain_merci_local.jpg<\/a><\/div>\n\n\n\n<h3 class=\"wp-block-heading\" id=\"h-sujet-schokolade\"><strong>Sujet Schokolade:<\/strong><\/h3>\n\n\n\n<div class=\"wp-block-file\"><a id=\"wp-block-file--media-0e6d87f6-b178-4196-9a71-d63e2aa324fc\" href=\"https:\/\/swissbaker.ch\/wp-content\/uploads\/2022\/06\/affiche_chocolat_merci_achats.pdf\">Affiche_chocolat_merci_achats.pdf<\/a><\/div>\n\n\n\n<div class=\"wp-block-file\"><a id=\"wp-block-file--media-036b359b-c90f-4c57-9b3e-186fed43c692\" href=\"https:\/\/swissbaker.ch\/wp-content\/themes\/azr-theme-child\/ajax\/force_download.php?id=36125\">Affiche_chocolat_merci_achats.jpg<\/a><\/div>\n\n\n\n<div class=\"wp-block-file\"><a id=\"wp-block-file--media-29e1b233-f31c-4ac6-af4c-c517e1b4f691\" href=\"https:\/\/swissbaker.ch\/wp-content\/uploads\/2022\/06\/affiche_chocolat_merci_local.pdf\">Affiche_chocolat_merci_local.pdf<\/a><\/div>\n\n\n\n<div class=\"wp-block-file\"><a id=\"wp-block-file--media-9fbdfc6d-a6bd-4eb4-a253-3f4023c047fd\" href=\"https:\/\/swissbaker.ch\/wp-content\/themes\/azr-theme-child\/ajax\/force_download.php?id=36129\">Affiche_chocolat_merci_local.jpg<\/a><\/div>\n\n\n\n<h3 class=\"wp-block-heading\" id=\"h-sujet-erdbeer\"><strong>Sujet Erdbeer:<\/strong><\/h3>\n\n\n\n<div class=\"wp-block-file\"><a id=\"wp-block-file--media-88808694-c849-4abd-8783-36fb08301cfd\" href=\"https:\/\/swissbaker.ch\/wp-content\/uploads\/2022\/06\/affiche_fraise_merci_achats.pdf\">Affiche_fraise_merci_achats.pdf<\/a><\/div>\n\n\n\n<div class=\"wp-block-file\"><a id=\"wp-block-file--media-afd9adb9-8058-4155-92fd-d9fcb298e675\" href=\"https:\/\/swissbaker.ch\/wp-content\/themes\/azr-theme-child\/ajax\/force_download.php?id=36134\">Affiche_fraise_merci_achats.jpg<\/a><\/div>\n\n\n\n<div class=\"wp-block-file\"><a id=\"wp-block-file--media-0bf2e620-fb69-4ad1-86bd-86b2b7899b84\" href=\"https:\/\/swissbaker.ch\/wp-content\/uploads\/2022\/06\/cartellone_fragola_prodotti_locali-1.pdf\">Affiche_fraise_merci_local.pdf<\/a><\/div>\n\n\n\n<div class=\"wp-block-file\"><a id=\"wp-block-file--media-9e37d31a-d16a-470f-9d34-04009f853a3d\" href=\"https:\/\/swissbaker.ch\/wp-content\/themes\/azr-theme-child\/ajax\/force_download.php?id=36138\">Affiche_fraise_merci_local.jpg<\/a><\/div>\n\n\n\n<h2 class=\"wp-block-heading\" id=\"h-cartelloni-in-italiano\">Cartelloni in italiano<\/h2>\n\n\n\n<h3 class=\"wp-block-heading\" id=\"h-pane\"><strong>Pane<\/strong><\/h3>\n\n\n\n<div class=\"wp-block-file\"><a id=\"wp-block-file--media-4c35d6d9-46e8-4358-b892-56af8ef5827e\" href=\"https:\/\/swissbaker.ch\/wp-content\/uploads\/2022\/06\/cartellone_pane_fantasticici.pdf\">Cartellone_pane_fantasticici.pdf<\/a><\/div>\n\n\n\n<div class=\"wp-block-file\"><a id=\"wp-block-file--media-f9c51f61-e0d8-4187-9f76-6f2a58fdb30a\" href=\"https:\/\/swissbaker.ch\/wp-content\/themes\/azr-theme-child\/ajax\/force_download.php?id=36068\">Cartellone_pane_fantasticici.jpg<\/a><\/div>\n\n\n\n<div class=\"wp-block-file\"><a id=\"wp-block-file--media-82234e70-da57-408e-9f95-89aff64a1117\" href=\"https:\/\/swissbaker.ch\/wp-content\/uploads\/2022\/06\/cartellone_pane_grazie.pdf\">Cartellone_pane_grazie.pdf<\/a><\/div>\n\n\n\n<div class=\"wp-block-file\"><a id=\"wp-block-file--media-7b0e5f33-f9d0-436a-9a66-d4f8e54e3e71\" href=\"https:\/\/swissbaker.ch\/wp-content\/themes\/azr-theme-child\/ajax\/force_download.php?id=36072\">Cartellone_pane_grazie.jpg<\/a><\/div>\n\n\n\n<div class=\"wp-block-file\"><a id=\"wp-block-file--media-8298d862-9100-4d65-8d00-ff2db74ce9c5\" href=\"https:\/\/swissbaker.ch\/wp-content\/uploads\/2022\/06\/cartellone_pane_prodotti_locali.pdf\">Cartellone_pane_prodotti_locali.pdf<\/a><\/div>\n\n\n\n<div class=\"wp-block-file\"><a id=\"wp-block-file--media-7a1a50da-1f7c-41df-8e29-860e8647b05b\" href=\"https:\/\/swissbaker.ch\/wp-content\/themes\/azr-theme-child\/ajax\/force_download.php?id=36076\">Cartellone_pane_prodotti_locali.jpg<\/a><\/div>\n\n\n\n<h3 class=\"wp-block-heading\" id=\"h-cioccolato\"><strong>Cioccolato<\/strong><\/h3>\n\n\n\n<div class=\"wp-block-file\"><a id=\"wp-block-file--media-a8110050-7960-49ec-93e8-6a95fa9298f2\" href=\"https:\/\/swissbaker.ch\/wp-content\/uploads\/2022\/06\/cartellone_cioccolato_fantasticici.pdf\">Cartellone_cioccolato_fantasticici.pdf<\/a><\/div>\n\n\n\n<div class=\"wp-block-file\"><a id=\"wp-block-file--media-f6227a63-ae7c-4839-9b36-09da64511262\" href=\"https:\/\/swissbaker.ch\/wp-content\/themes\/azr-theme-child\/ajax\/force_download.php?id=36080\">Cartellone_cioccolato_fantasticici.jpg<\/a><\/div>\n\n\n\n<div class=\"wp-block-file\"><a id=\"wp-block-file--media-d2eae31d-0878-40f0-b330-f83d8f4cad61\" href=\"https:\/\/swissbaker.ch\/wp-content\/uploads\/2022\/06\/cartellone_cioccolato_grazie.pdf\">Cartellone_cioccolato_grazio.pdf<\/a><\/div>\n\n\n\n<div class=\"wp-block-file\"><a id=\"wp-block-file--media-fd4a54fd-8b12-4899-8469-0e8eb3a59717\" href=\"https:\/\/swissbaker.ch\/wp-content\/themes\/azr-theme-child\/ajax\/force_download.php?id=36084\">Cartellone_cioccolato_grazie.jpg<\/a><\/div>\n\n\n\n<div class=\"wp-block-file\"><a id=\"wp-block-file--media-97eb793a-ff7e-4b4f-89d1-3d2892022727\" href=\"https:\/\/swissbaker.ch\/wp-content\/uploads\/2022\/06\/cartellone_cioccolato_prodotti_locali.pdf\">Cartellone_cioccolato_prodotti_locali.pdf<\/a><\/div>\n\n\n\n<div class=\"wp-block-file\"><a id=\"wp-block-file--media-d412b387-2361-45db-9b47-9a9d77ead2f5\" href=\"https:\/\/swissbaker.ch\/wp-content\/themes\/azr-theme-child\/ajax\/force_download.php?id=36088\">Cartellone_cioccolato_prodotti_locali.jpg<\/a><\/div>\n\n\n\n<h3 class=\"wp-block-heading\" id=\"h-fragola\"><strong>Fragola<\/strong><\/h3>\n\n\n\n<div class=\"wp-block-file\"><a id=\"wp-block-file--media-a3e9b385-8f49-4dd7-bd00-3d576bdd7232\" href=\"https:\/\/swissbaker.ch\/wp-content\/uploads\/2022\/06\/cartellone_fragola_fantasticici.pdf\">Cartellone_fragola_fantasticici.pdf<\/a><\/div>\n\n\n\n<div class=\"wp-block-file\"><a id=\"wp-block-file--media-61efc3de-d839-4eab-8b13-7bbbff837966\" href=\"https:\/\/swissbaker.ch\/wp-content\/themes\/azr-theme-child\/ajax\/force_download.php?id=36093\">Cartellone_fragola_fantasticici.jpg<\/a><\/div>\n\n\n\n<div class=\"wp-block-file\"><a id=\"wp-block-file--media-2fdf78ee-35eb-4ff7-9f69-1365817950de\" href=\"https:\/\/swissbaker.ch\/wp-content\/uploads\/2022\/06\/cartellone_fragola_grazie.pdf\">Cartellone_fragola_grazie.pdf<\/a><\/div>\n\n\n\n<div class=\"wp-block-file\"><a id=\"wp-block-file--media-08de456b-d95f-4a4f-8b26-384255b0bdc8\" href=\"https:\/\/swissbaker.ch\/wp-content\/themes\/azr-theme-child\/ajax\/force_download.php?id=36100\">Cartellone_fragola_grazie.jpg<\/a><\/div>\n\n\n\n<div class=\"wp-block-file\"><a id=\"wp-block-file--media-c63d407b-d4eb-4129-8db4-7055796e09b3\" href=\"https:\/\/swissbaker.ch\/wp-content\/uploads\/2022\/06\/cartellone_fragola_prodotti_locali.pdf\">Cartellone_fragola_prodotti_locali.pdf<\/a><\/div>\n\n\n\n<div class=\"wp-block-file\"><a id=\"wp-block-file--media-0afacce4-f519-4730-8720-bb457690ee9d\" href=\"https:\/\/swissbaker.ch\/wp-content\/themes\/azr-theme-child\/ajax\/force_download.php?id=36106\">Cartellone_fragola_prodotti_locali.jpg<\/a><\/div>\n","protected":false},"excerpt":{"rendered":"<p>Les consommatrices et consommateurs ont d\u00e9couvert les produits et les commerces r\u00e9gionaux, gr\u00e2ce au Covid-19. Nous vous recommandons de remercier vos clientes et clients pour leur fid\u00e9lit\u00e9 et leur solidarit\u00e9, et de lancer ainsi un signal fort. Vous trouverez ci-dessous des propositions d\u2019affiches \u00e0 imprimer soi-m\u00eame. Pour les affiches plus grandes, nous vous proposons notre\u00a0service d\u2019impression d\u2019affiches.Vous pouvez \u00e9galement nous [&hellip;]<\/p>\n","protected":false},"author":1,"featured_media":0,"parent":15998,"menu_order":0,"comment_status":"closed","ping_status":"closed","template":"","meta":{"_acf_changed":false,"footnotes":""},"class_list":["post-36109","page","type-page","status-publish","hentry"],"acf":[],"yoast_head":"<!-- This site is optimized with the Yoast SEO Premium plugin v26.8 (Yoast SEO v26.8) - https:\/\/yoast.com\/product\/yoast-seo-premium-wordpress\/ -->\n<title>Acheter local 2020 | SBC<\/title>\n<meta name=\"robots\" content=\"index, follow, max-snippet:-1, max-image-preview:large, max-video-preview:-1\" \/>\n<link rel=\"canonical\" href=\"https:\/\/swissbaker.ch\/fr\/association\/prestations-de-service\/marketing-communication\/campagnes\/acheter-local-2020\/\" \/>\n<meta property=\"og:locale\" content=\"fr_FR\" \/>\n<meta property=\"og:type\" content=\"article\" \/>\n<meta property=\"og:title\" content=\"Acheter local 2020\" \/>\n<meta property=\"og:description\" content=\"Les consommatrices et consommateurs ont d\u00e9couvert les produits et les commerces r\u00e9gionaux, gr\u00e2ce au Covid-19. Nous vous recommandons de remercier vos clientes et clients pour leur fid\u00e9lit\u00e9 et leur solidarit\u00e9, et de lancer ainsi un signal fort. Vous trouverez ci-dessous des propositions d\u2019affiches \u00e0 imprimer soi-m\u00eame. Pour les affiches plus grandes, nous vous proposons notre\u00a0service d\u2019impression d\u2019affiches.Vous pouvez \u00e9galement nous [&hellip;]\" \/>\n<meta property=\"og:url\" content=\"https:\/\/swissbaker.ch\/fr\/association\/prestations-de-service\/marketing-communication\/campagnes\/acheter-local-2020\/\" \/>\n<meta property=\"og:site_name\" content=\"SBC\" \/>\n<meta property=\"article:publisher\" content=\"https:\/\/www.facebook.com\/swissbaker.ch\" \/>\n<meta property=\"article:modified_time\" content=\"2022-06-07T13:08:56+00:00\" \/>\n<meta property=\"og:image\" content=\"https:\/\/swissbaker.ch\/wp-content\/uploads\/2022\/06\/csm_lokal_einkaufen_anrissr_web_f_159c5a324f.jpg\" \/>\n<meta name=\"twitter:card\" content=\"summary_large_image\" \/>\n<meta name=\"twitter:site\" content=\"@ch_swissbaker\" \/>\n<meta name=\"twitter:label1\" content=\"Est. reading time\" \/>\n\t<meta name=\"twitter:data1\" content=\"1 minute\" \/>\n<script type=\"application\/ld+json\" class=\"yoast-schema-graph\">{\"@context\":\"https:\/\/schema.org\",\"@graph\":[{\"@type\":\"WebPage\",\"@id\":\"https:\/\/swissbaker.ch\/fr\/association\/prestations-de-service\/marketing-communication\/campagnes\/acheter-local-2020\/\",\"url\":\"https:\/\/swissbaker.ch\/fr\/association\/prestations-de-service\/marketing-communication\/campagnes\/acheter-local-2020\/\",\"name\":\"Acheter local 2020 | SBC\",\"isPartOf\":{\"@id\":\"https:\/\/swissbaker.ch\/fr\/#website\"},\"primaryImageOfPage\":{\"@id\":\"https:\/\/swissbaker.ch\/fr\/association\/prestations-de-service\/marketing-communication\/campagnes\/acheter-local-2020\/#primaryimage\"},\"image\":{\"@id\":\"https:\/\/swissbaker.ch\/fr\/association\/prestations-de-service\/marketing-communication\/campagnes\/acheter-local-2020\/#primaryimage\"},\"thumbnailUrl\":\"https:\/\/swissbaker.ch\/wp-content\/uploads\/2022\/06\/csm_lokal_einkaufen_anrissr_web_f_159c5a324f.jpg\",\"datePublished\":\"2022-06-07T12:59:37+00:00\",\"dateModified\":\"2022-06-07T13:08:56+00:00\",\"breadcrumb\":{\"@id\":\"https:\/\/swissbaker.ch\/fr\/association\/prestations-de-service\/marketing-communication\/campagnes\/acheter-local-2020\/#breadcrumb\"},\"inLanguage\":\"fr-FR\",\"potentialAction\":[{\"@type\":\"ReadAction\",\"target\":[\"https:\/\/swissbaker.ch\/fr\/association\/prestations-de-service\/marketing-communication\/campagnes\/acheter-local-2020\/\"]}]},{\"@type\":\"ImageObject\",\"inLanguage\":\"fr-FR\",\"@id\":\"https:\/\/swissbaker.ch\/fr\/association\/prestations-de-service\/marketing-communication\/campagnes\/acheter-local-2020\/#primaryimage\",\"url\":\"https:\/\/swissbaker.ch\/wp-content\/uploads\/2022\/06\/csm_lokal_einkaufen_anrissr_web_f_159c5a324f.jpg\",\"contentUrl\":\"https:\/\/swissbaker.ch\/wp-content\/uploads\/2022\/06\/csm_lokal_einkaufen_anrissr_web_f_159c5a324f.jpg\"},{\"@type\":\"BreadcrumbList\",\"@id\":\"https:\/\/swissbaker.ch\/fr\/association\/prestations-de-service\/marketing-communication\/campagnes\/acheter-local-2020\/#breadcrumb\",\"itemListElement\":[{\"@type\":\"ListItem\",\"position\":1,\"name\":\"\",\"item\":\"https:\/\/swissbaker.ch\/fr\/\"},{\"@type\":\"ListItem\",\"position\":2,\"name\":\"Association\u00a0\",\"item\":\"https:\/\/swissbaker.ch\/fr\/association\/\"},{\"@type\":\"ListItem\",\"position\":3,\"name\":\"Prestations de service\",\"item\":\"https:\/\/swissbaker.ch\/fr\/association\/prestations-de-service\/\"},{\"@type\":\"ListItem\",\"position\":4,\"name\":\"Marketing\/communication\",\"item\":\"https:\/\/swissbaker.ch\/fr\/association\/prestations-de-service\/marketing-communication\/\"},{\"@type\":\"ListItem\",\"position\":5,\"name\":\"Autres campagnes\",\"item\":\"https:\/\/swissbaker.ch\/fr\/association\/prestations-de-service\/marketing-communication\/campagnes\/\"},{\"@type\":\"ListItem\",\"position\":6,\"name\":\"Acheter local 2020\"}]},{\"@type\":\"WebSite\",\"@id\":\"https:\/\/swissbaker.ch\/fr\/#website\",\"url\":\"https:\/\/swissbaker.ch\/fr\/\",\"name\":\"SBC\",\"description\":\"\",\"publisher\":{\"@id\":\"https:\/\/swissbaker.ch\/fr\/#organization\"},\"potentialAction\":[{\"@type\":\"SearchAction\",\"target\":{\"@type\":\"EntryPoint\",\"urlTemplate\":\"https:\/\/swissbaker.ch\/fr\/?s={search_term_string}\"},\"query-input\":{\"@type\":\"PropertyValueSpecification\",\"valueRequired\":true,\"valueName\":\"search_term_string\"}}],\"inLanguage\":\"fr-FR\"},{\"@type\":\"Organization\",\"@id\":\"https:\/\/swissbaker.ch\/fr\/#organization\",\"name\":\"Schweizerischer B\u00e4cker-Confiseurmeister-Verband\",\"url\":\"https:\/\/swissbaker.ch\/fr\/\",\"logo\":{\"@type\":\"ImageObject\",\"inLanguage\":\"fr-FR\",\"@id\":\"https:\/\/swissbaker.ch\/fr\/#\/schema\/logo\/image\/\",\"url\":\"https:\/\/swissbaker.ch\/wp-content\/uploads\/2022\/04\/sbc-logo-yoast.jpg\",\"contentUrl\":\"https:\/\/swissbaker.ch\/wp-content\/uploads\/2022\/04\/sbc-logo-yoast.jpg\",\"width\":512,\"height\":512,\"caption\":\"Schweizerischer B\u00e4cker-Confiseurmeister-Verband\"},\"image\":{\"@id\":\"https:\/\/swissbaker.ch\/fr\/#\/schema\/logo\/image\/\"},\"sameAs\":[\"https:\/\/www.facebook.com\/swissbaker.ch\",\"https:\/\/x.com\/ch_swissbaker\"]}]}<\/script>\n<!-- \/ Yoast SEO Premium plugin. -->","yoast_head_json":{"title":"Acheter local 2020 | SBC","robots":{"index":"index","follow":"follow","max-snippet":"max-snippet:-1","max-image-preview":"max-image-preview:large","max-video-preview":"max-video-preview:-1"},"canonical":"https:\/\/swissbaker.ch\/fr\/association\/prestations-de-service\/marketing-communication\/campagnes\/acheter-local-2020\/","og_locale":"fr_FR","og_type":"article","og_title":"Acheter local 2020","og_description":"Les consommatrices et consommateurs ont d\u00e9couvert les produits et les commerces r\u00e9gionaux, gr\u00e2ce au Covid-19. Nous vous recommandons de remercier vos clientes et clients pour leur fid\u00e9lit\u00e9 et leur solidarit\u00e9, et de lancer ainsi un signal fort. Vous trouverez ci-dessous des propositions d\u2019affiches \u00e0 imprimer soi-m\u00eame. Pour les affiches plus grandes, nous vous proposons notre\u00a0service d\u2019impression d\u2019affiches.Vous pouvez \u00e9galement nous [&hellip;]","og_url":"https:\/\/swissbaker.ch\/fr\/association\/prestations-de-service\/marketing-communication\/campagnes\/acheter-local-2020\/","og_site_name":"SBC","article_publisher":"https:\/\/www.facebook.com\/swissbaker.ch","article_modified_time":"2022-06-07T13:08:56+00:00","og_image":[{"url":"https:\/\/swissbaker.ch\/wp-content\/uploads\/2022\/06\/csm_lokal_einkaufen_anrissr_web_f_159c5a324f.jpg","type":"","width":"","height":""}],"twitter_card":"summary_large_image","twitter_site":"@ch_swissbaker","twitter_misc":{"Est. reading time":"1 minute"},"schema":{"@context":"https:\/\/schema.org","@graph":[{"@type":"WebPage","@id":"https:\/\/swissbaker.ch\/fr\/association\/prestations-de-service\/marketing-communication\/campagnes\/acheter-local-2020\/","url":"https:\/\/swissbaker.ch\/fr\/association\/prestations-de-service\/marketing-communication\/campagnes\/acheter-local-2020\/","name":"Acheter local 2020 | SBC","isPartOf":{"@id":"https:\/\/swissbaker.ch\/fr\/#website"},"primaryImageOfPage":{"@id":"https:\/\/swissbaker.ch\/fr\/association\/prestations-de-service\/marketing-communication\/campagnes\/acheter-local-2020\/#primaryimage"},"image":{"@id":"https:\/\/swissbaker.ch\/fr\/association\/prestations-de-service\/marketing-communication\/campagnes\/acheter-local-2020\/#primaryimage"},"thumbnailUrl":"https:\/\/swissbaker.ch\/wp-content\/uploads\/2022\/06\/csm_lokal_einkaufen_anrissr_web_f_159c5a324f.jpg","datePublished":"2022-06-07T12:59:37+00:00","dateModified":"2022-06-07T13:08:56+00:00","breadcrumb":{"@id":"https:\/\/swissbaker.ch\/fr\/association\/prestations-de-service\/marketing-communication\/campagnes\/acheter-local-2020\/#breadcrumb"},"inLanguage":"fr-FR","potentialAction":[{"@type":"ReadAction","target":["https:\/\/swissbaker.ch\/fr\/association\/prestations-de-service\/marketing-communication\/campagnes\/acheter-local-2020\/"]}]},{"@type":"ImageObject","inLanguage":"fr-FR","@id":"https:\/\/swissbaker.ch\/fr\/association\/prestations-de-service\/marketing-communication\/campagnes\/acheter-local-2020\/#primaryimage","url":"https:\/\/swissbaker.ch\/wp-content\/uploads\/2022\/06\/csm_lokal_einkaufen_anrissr_web_f_159c5a324f.jpg","contentUrl":"https:\/\/swissbaker.ch\/wp-content\/uploads\/2022\/06\/csm_lokal_einkaufen_anrissr_web_f_159c5a324f.jpg"},{"@type":"BreadcrumbList","@id":"https:\/\/swissbaker.ch\/fr\/association\/prestations-de-service\/marketing-communication\/campagnes\/acheter-local-2020\/#breadcrumb","itemListElement":[{"@type":"ListItem","position":1,"name":"","item":"https:\/\/swissbaker.ch\/fr\/"},{"@type":"ListItem","position":2,"name":"Association\u00a0","item":"https:\/\/swissbaker.ch\/fr\/association\/"},{"@type":"ListItem","position":3,"name":"Prestations de service","item":"https:\/\/swissbaker.ch\/fr\/association\/prestations-de-service\/"},{"@type":"ListItem","position":4,"name":"Marketing\/communication","item":"https:\/\/swissbaker.ch\/fr\/association\/prestations-de-service\/marketing-communication\/"},{"@type":"ListItem","position":5,"name":"Autres campagnes","item":"https:\/\/swissbaker.ch\/fr\/association\/prestations-de-service\/marketing-communication\/campagnes\/"},{"@type":"ListItem","position":6,"name":"Acheter local 2020"}]},{"@type":"WebSite","@id":"https:\/\/swissbaker.ch\/fr\/#website","url":"https:\/\/swissbaker.ch\/fr\/","name":"SBC","description":"","publisher":{"@id":"https:\/\/swissbaker.ch\/fr\/#organization"},"potentialAction":[{"@type":"SearchAction","target":{"@type":"EntryPoint","urlTemplate":"https:\/\/swissbaker.ch\/fr\/?s={search_term_string}"},"query-input":{"@type":"PropertyValueSpecification","valueRequired":true,"valueName":"search_term_string"}}],"inLanguage":"fr-FR"},{"@type":"Organization","@id":"https:\/\/swissbaker.ch\/fr\/#organization","name":"Schweizerischer B\u00e4cker-Confiseurmeister-Verband","url":"https:\/\/swissbaker.ch\/fr\/","logo":{"@type":"ImageObject","inLanguage":"fr-FR","@id":"https:\/\/swissbaker.ch\/fr\/#\/schema\/logo\/image\/","url":"https:\/\/swissbaker.ch\/wp-content\/uploads\/2022\/04\/sbc-logo-yoast.jpg","contentUrl":"https:\/\/swissbaker.ch\/wp-content\/uploads\/2022\/04\/sbc-logo-yoast.jpg","width":512,"height":512,"caption":"Schweizerischer B\u00e4cker-Confiseurmeister-Verband"},"image":{"@id":"https:\/\/swissbaker.ch\/fr\/#\/schema\/logo\/image\/"},"sameAs":["https:\/\/www.facebook.com\/swissbaker.ch","https:\/\/x.com\/ch_swissbaker"]}]}},"_links":{"self":[{"href":"https:\/\/swissbaker.ch\/fr\/wp-json\/wp\/v2\/pages\/36109","targetHints":{"allow":["GET"]}}],"collection":[{"href":"https:\/\/swissbaker.ch\/fr\/wp-json\/wp\/v2\/pages"}],"about":[{"href":"https:\/\/swissbaker.ch\/fr\/wp-json\/wp\/v2\/types\/page"}],"author":[{"embeddable":true,"href":"https:\/\/swissbaker.ch\/fr\/wp-json\/wp\/v2\/users\/1"}],"replies":[{"embeddable":true,"href":"https:\/\/swissbaker.ch\/fr\/wp-json\/wp\/v2\/comments?post=36109"}],"version-history":[{"count":0,"href":"https:\/\/swissbaker.ch\/fr\/wp-json\/wp\/v2\/pages\/36109\/revisions"}],"up":[{"embeddable":true,"href":"https:\/\/swissbaker.ch\/fr\/wp-json\/wp\/v2\/pages\/15998"}],"wp:attachment":[{"href":"https:\/\/swissbaker.ch\/fr\/wp-json\/wp\/v2\/media?parent=36109"}],"curies":[{"name":"wp","href":"https:\/\/api.w.org\/{rel}","templated":true}]}}