{"id":35852,"date":"2022-06-07T11:44:42","date_gmt":"2022-06-07T09:44:42","guid":{"rendered":"https:\/\/swissbaker.ch\/?page_id=35852"},"modified":"2025-12-22T07:23:42","modified_gmt":"2025-12-22T06:23:42","slug":"le-calendrier-des-saveurs-2022","status":"publish","type":"page","link":"https:\/\/swissbaker.ch\/fr\/association\/prestations-de-service\/marketing-communication\/campagnes\/le-calendrier-des-saveurs-2022\/","title":{"rendered":"Calendrier des saveurs 2026"},"content":{"rendered":"\n<p><strong>Les derniers calendriers 2026 ont \u00e9t\u00e9 livr\u00e9s en d\u00e9cembre 2025.<\/strong> <strong>Nous remercions les membres de la BCS pour leur fid\u00e9lit\u00e9 \u2013 pourvu que cela dure!<\/strong> <strong>La client\u00e8le de nombreuses boulangeries-confiseries appr\u00e9cie depuis des ann\u00e9es le cadeau que repr\u00e9sente le calendrier des saveurs. <\/strong><\/p>\n\n\n\n<div class=\"wp-block-media-text is-stacked-on-mobile\" style=\"grid-template-columns:38% auto\"><figure class=\"wp-block-media-text__media\"><img decoding=\"async\" width=\"278\" height=\"545\" src=\"https:\/\/swissbaker.ch\/wp-content\/uploads\/2025\/08\/gk_26_rotation_f.gif\" alt=\"\" class=\"wp-image-123904 size-full\"\/><\/figure><div class=\"wp-block-media-text__content\">\n<h2 class=\"wp-block-heading\" id=\"h-present-dans-les-foyers-pendant-365-jours\">Pr\u00e9sent dans les foyers pendant 365 jours<\/h2>\n\n\n\n<p>Le calendrier des saveurs se veut \u00e0 la fois un cadeau pratique pour la client\u00e8le et un support publicitaire peu co\u00fbteux. \u00c0 partir d\u2019une commande de 30 exemplaires d\u00e9j\u00e0, vous pouvez faire imprimer le logo de votre entreprise ou, mieux encore, une photo de votre sp\u00e9cialit\u00e9 maison sur la couverture arri\u00e8re; et ce sans suppl\u00e9ment de prix! <\/p>\n\n\n\n<p>La campagne de promotion de la rel\u00e8ve de la BCS \u00abForme ton avenir\u00bb ainsi que la campagne \u00abPain Suisse\u00bb a \u00e9galement \u00e9t\u00e9 plac\u00e9e dans le calendrier.<\/p>\n\n\n\n<p>Le calendrier des saveurs n&#8217;est donc pas seulement un cadeau pratique pour les clients, mais aussi un support publicitaire peu co\u00fbteux.<\/p>\n<\/div><\/div>\n\n\n\n<h2 class=\"wp-block-heading\" id=\"h-cartes-des-saveurs\">Cartes des saveurs<\/h2>\n\n\n\n<p>\u00c0 partir d&#8217;une commande de 100 calendriers, vous pouvez recevoir gratuitement une bo\u00eete de 400 cartes des saveurs.<\/p>\n\n\n\n<figure class=\"wp-block-image size-full\"><img decoding=\"async\" width=\"988\" height=\"311\" src=\"https:\/\/swissbaker.ch\/wp-content\/uploads\/2025\/08\/gk_genusskarten_26.jpg\" alt=\"\" class=\"wp-image-123899\" srcset=\"https:\/\/swissbaker.ch\/wp-content\/uploads\/2025\/08\/gk_genusskarten_26.jpg 988w, https:\/\/swissbaker.ch\/wp-content\/uploads\/2025\/08\/gk_genusskarten_26-768x242.jpg 768w\" sizes=\"(max-width: 988px) 100vw, 988px\" \/><\/figure>\n\n\n\n<div style=\"height:26px\" aria-hidden=\"true\" class=\"wp-block-spacer\"><\/div>\n\n\n\n<h2 class=\"wp-block-heading\" id=\"h-\"><\/h2>\n","protected":false},"excerpt":{"rendered":"<p>Les derniers calendriers 2026 ont \u00e9t\u00e9 livr\u00e9s en d\u00e9cembre 2025. Nous remercions les membres de la BCS pour leur fid\u00e9lit\u00e9 \u2013 pourvu que cela dure! La client\u00e8le de nombreuses boulangeries-confiseries appr\u00e9cie depuis des ann\u00e9es le cadeau que repr\u00e9sente le calendrier des saveurs. Pr\u00e9sent dans les foyers pendant 365 jours Le calendrier des saveurs se veut \u00e0 la fois un cadeau [&hellip;]<\/p>\n","protected":false},"author":1,"featured_media":123893,"parent":15998,"menu_order":0,"comment_status":"closed","ping_status":"closed","template":"","meta":{"_acf_changed":false,"footnotes":""},"class_list":["post-35852","page","type-page","status-publish","has-post-thumbnail","hentry"],"acf":[],"yoast_head":"<!-- This site is optimized with the Yoast SEO Premium plugin v26.8 (Yoast SEO v26.8) - https:\/\/yoast.com\/product\/yoast-seo-premium-wordpress\/ -->\n<title>Calendrier des saveurs 2026 | SBC<\/title>\n<meta name=\"description\" content=\"Le calendrier des saveurs 2023, Calendrier de Boulanger, 80 ans\" \/>\n<meta name=\"robots\" content=\"index, follow, max-snippet:-1, max-image-preview:large, max-video-preview:-1\" \/>\n<link rel=\"canonical\" href=\"https:\/\/swissbaker.ch\/fr\/association\/prestations-de-service\/marketing-communication\/campagnes\/le-calendrier-des-saveurs-2022\/\" \/>\n<meta property=\"og:locale\" content=\"fr_FR\" \/>\n<meta property=\"og:type\" content=\"article\" \/>\n<meta property=\"og:title\" content=\"Calendrier des saveurs 2026\" \/>\n<meta property=\"og:description\" content=\"Le calendrier des saveurs 2023, Calendrier de Boulanger, 80 ans\" \/>\n<meta property=\"og:url\" content=\"https:\/\/swissbaker.ch\/fr\/association\/prestations-de-service\/marketing-communication\/campagnes\/le-calendrier-des-saveurs-2022\/\" \/>\n<meta property=\"og:site_name\" content=\"SBC\" \/>\n<meta property=\"article:publisher\" content=\"https:\/\/www.facebook.com\/swissbaker.ch\" \/>\n<meta property=\"article:modified_time\" content=\"2025-12-22T06:23:42+00:00\" \/>\n<meta property=\"og:image\" content=\"https:\/\/swissbaker.ch\/wp-content\/uploads\/2025\/08\/genusskalender_headbild_web_2026.jpg\" \/>\n\t<meta property=\"og:image:width\" content=\"1200\" \/>\n\t<meta property=\"og:image:height\" content=\"712\" \/>\n\t<meta property=\"og:image:type\" content=\"image\/jpeg\" \/>\n<meta name=\"twitter:card\" content=\"summary_large_image\" \/>\n<meta name=\"twitter:site\" content=\"@ch_swissbaker\" \/>\n<meta name=\"twitter:label1\" content=\"Est. reading time\" \/>\n\t<meta name=\"twitter:data1\" content=\"1 minute\" \/>\n<script type=\"application\/ld+json\" class=\"yoast-schema-graph\">{\"@context\":\"https:\/\/schema.org\",\"@graph\":[{\"@type\":\"WebPage\",\"@id\":\"https:\/\/swissbaker.ch\/fr\/association\/prestations-de-service\/marketing-communication\/campagnes\/le-calendrier-des-saveurs-2022\/\",\"url\":\"https:\/\/swissbaker.ch\/fr\/association\/prestations-de-service\/marketing-communication\/campagnes\/le-calendrier-des-saveurs-2022\/\",\"name\":\"Calendrier des saveurs 2026 | SBC\",\"isPartOf\":{\"@id\":\"https:\/\/swissbaker.ch\/fr\/#website\"},\"primaryImageOfPage\":{\"@id\":\"https:\/\/swissbaker.ch\/fr\/association\/prestations-de-service\/marketing-communication\/campagnes\/le-calendrier-des-saveurs-2022\/#primaryimage\"},\"image\":{\"@id\":\"https:\/\/swissbaker.ch\/fr\/association\/prestations-de-service\/marketing-communication\/campagnes\/le-calendrier-des-saveurs-2022\/#primaryimage\"},\"thumbnailUrl\":\"https:\/\/swissbaker.ch\/wp-content\/uploads\/2025\/08\/genusskalender_headbild_web_2026.jpg\",\"datePublished\":\"2022-06-07T09:44:42+00:00\",\"dateModified\":\"2025-12-22T06:23:42+00:00\",\"description\":\"Le calendrier des saveurs 2023, Calendrier de Boulanger, 80 ans\",\"breadcrumb\":{\"@id\":\"https:\/\/swissbaker.ch\/fr\/association\/prestations-de-service\/marketing-communication\/campagnes\/le-calendrier-des-saveurs-2022\/#breadcrumb\"},\"inLanguage\":\"fr-FR\",\"potentialAction\":[{\"@type\":\"ReadAction\",\"target\":[\"https:\/\/swissbaker.ch\/fr\/association\/prestations-de-service\/marketing-communication\/campagnes\/le-calendrier-des-saveurs-2022\/\"]}]},{\"@type\":\"ImageObject\",\"inLanguage\":\"fr-FR\",\"@id\":\"https:\/\/swissbaker.ch\/fr\/association\/prestations-de-service\/marketing-communication\/campagnes\/le-calendrier-des-saveurs-2022\/#primaryimage\",\"url\":\"https:\/\/swissbaker.ch\/wp-content\/uploads\/2025\/08\/genusskalender_headbild_web_2026.jpg\",\"contentUrl\":\"https:\/\/swissbaker.ch\/wp-content\/uploads\/2025\/08\/genusskalender_headbild_web_2026.jpg\",\"width\":1200,\"height\":712},{\"@type\":\"BreadcrumbList\",\"@id\":\"https:\/\/swissbaker.ch\/fr\/association\/prestations-de-service\/marketing-communication\/campagnes\/le-calendrier-des-saveurs-2022\/#breadcrumb\",\"itemListElement\":[{\"@type\":\"ListItem\",\"position\":1,\"name\":\"\",\"item\":\"https:\/\/swissbaker.ch\/fr\/\"},{\"@type\":\"ListItem\",\"position\":2,\"name\":\"Association\u00a0\",\"item\":\"https:\/\/swissbaker.ch\/fr\/association\/\"},{\"@type\":\"ListItem\",\"position\":3,\"name\":\"Prestations de service\",\"item\":\"https:\/\/swissbaker.ch\/fr\/association\/prestations-de-service\/\"},{\"@type\":\"ListItem\",\"position\":4,\"name\":\"Marketing\/communication\",\"item\":\"https:\/\/swissbaker.ch\/fr\/association\/prestations-de-service\/marketing-communication\/\"},{\"@type\":\"ListItem\",\"position\":5,\"name\":\"Autres campagnes\",\"item\":\"https:\/\/swissbaker.ch\/fr\/association\/prestations-de-service\/marketing-communication\/campagnes\/\"},{\"@type\":\"ListItem\",\"position\":6,\"name\":\"Calendrier des saveurs 2026\"}]},{\"@type\":\"WebSite\",\"@id\":\"https:\/\/swissbaker.ch\/fr\/#website\",\"url\":\"https:\/\/swissbaker.ch\/fr\/\",\"name\":\"SBC\",\"description\":\"\",\"publisher\":{\"@id\":\"https:\/\/swissbaker.ch\/fr\/#organization\"},\"potentialAction\":[{\"@type\":\"SearchAction\",\"target\":{\"@type\":\"EntryPoint\",\"urlTemplate\":\"https:\/\/swissbaker.ch\/fr\/?s={search_term_string}\"},\"query-input\":{\"@type\":\"PropertyValueSpecification\",\"valueRequired\":true,\"valueName\":\"search_term_string\"}}],\"inLanguage\":\"fr-FR\"},{\"@type\":\"Organization\",\"@id\":\"https:\/\/swissbaker.ch\/fr\/#organization\",\"name\":\"Schweizerischer B\u00e4cker-Confiseurmeister-Verband\",\"url\":\"https:\/\/swissbaker.ch\/fr\/\",\"logo\":{\"@type\":\"ImageObject\",\"inLanguage\":\"fr-FR\",\"@id\":\"https:\/\/swissbaker.ch\/fr\/#\/schema\/logo\/image\/\",\"url\":\"https:\/\/swissbaker.ch\/wp-content\/uploads\/2022\/04\/sbc-logo-yoast.jpg\",\"contentUrl\":\"https:\/\/swissbaker.ch\/wp-content\/uploads\/2022\/04\/sbc-logo-yoast.jpg\",\"width\":512,\"height\":512,\"caption\":\"Schweizerischer B\u00e4cker-Confiseurmeister-Verband\"},\"image\":{\"@id\":\"https:\/\/swissbaker.ch\/fr\/#\/schema\/logo\/image\/\"},\"sameAs\":[\"https:\/\/www.facebook.com\/swissbaker.ch\",\"https:\/\/x.com\/ch_swissbaker\"]}]}<\/script>\n<!-- \/ Yoast SEO Premium plugin. -->","yoast_head_json":{"title":"Calendrier des saveurs 2026 | SBC","description":"Le calendrier des saveurs 2023, Calendrier de Boulanger, 80 ans","robots":{"index":"index","follow":"follow","max-snippet":"max-snippet:-1","max-image-preview":"max-image-preview:large","max-video-preview":"max-video-preview:-1"},"canonical":"https:\/\/swissbaker.ch\/fr\/association\/prestations-de-service\/marketing-communication\/campagnes\/le-calendrier-des-saveurs-2022\/","og_locale":"fr_FR","og_type":"article","og_title":"Calendrier des saveurs 2026","og_description":"Le calendrier des saveurs 2023, Calendrier de Boulanger, 80 ans","og_url":"https:\/\/swissbaker.ch\/fr\/association\/prestations-de-service\/marketing-communication\/campagnes\/le-calendrier-des-saveurs-2022\/","og_site_name":"SBC","article_publisher":"https:\/\/www.facebook.com\/swissbaker.ch","article_modified_time":"2025-12-22T06:23:42+00:00","og_image":[{"width":1200,"height":712,"url":"https:\/\/swissbaker.ch\/wp-content\/uploads\/2025\/08\/genusskalender_headbild_web_2026.jpg","type":"image\/jpeg"}],"twitter_card":"summary_large_image","twitter_site":"@ch_swissbaker","twitter_misc":{"Est. reading time":"1 minute"},"schema":{"@context":"https:\/\/schema.org","@graph":[{"@type":"WebPage","@id":"https:\/\/swissbaker.ch\/fr\/association\/prestations-de-service\/marketing-communication\/campagnes\/le-calendrier-des-saveurs-2022\/","url":"https:\/\/swissbaker.ch\/fr\/association\/prestations-de-service\/marketing-communication\/campagnes\/le-calendrier-des-saveurs-2022\/","name":"Calendrier des saveurs 2026 | SBC","isPartOf":{"@id":"https:\/\/swissbaker.ch\/fr\/#website"},"primaryImageOfPage":{"@id":"https:\/\/swissbaker.ch\/fr\/association\/prestations-de-service\/marketing-communication\/campagnes\/le-calendrier-des-saveurs-2022\/#primaryimage"},"image":{"@id":"https:\/\/swissbaker.ch\/fr\/association\/prestations-de-service\/marketing-communication\/campagnes\/le-calendrier-des-saveurs-2022\/#primaryimage"},"thumbnailUrl":"https:\/\/swissbaker.ch\/wp-content\/uploads\/2025\/08\/genusskalender_headbild_web_2026.jpg","datePublished":"2022-06-07T09:44:42+00:00","dateModified":"2025-12-22T06:23:42+00:00","description":"Le calendrier des saveurs 2023, Calendrier de Boulanger, 80 ans","breadcrumb":{"@id":"https:\/\/swissbaker.ch\/fr\/association\/prestations-de-service\/marketing-communication\/campagnes\/le-calendrier-des-saveurs-2022\/#breadcrumb"},"inLanguage":"fr-FR","potentialAction":[{"@type":"ReadAction","target":["https:\/\/swissbaker.ch\/fr\/association\/prestations-de-service\/marketing-communication\/campagnes\/le-calendrier-des-saveurs-2022\/"]}]},{"@type":"ImageObject","inLanguage":"fr-FR","@id":"https:\/\/swissbaker.ch\/fr\/association\/prestations-de-service\/marketing-communication\/campagnes\/le-calendrier-des-saveurs-2022\/#primaryimage","url":"https:\/\/swissbaker.ch\/wp-content\/uploads\/2025\/08\/genusskalender_headbild_web_2026.jpg","contentUrl":"https:\/\/swissbaker.ch\/wp-content\/uploads\/2025\/08\/genusskalender_headbild_web_2026.jpg","width":1200,"height":712},{"@type":"BreadcrumbList","@id":"https:\/\/swissbaker.ch\/fr\/association\/prestations-de-service\/marketing-communication\/campagnes\/le-calendrier-des-saveurs-2022\/#breadcrumb","itemListElement":[{"@type":"ListItem","position":1,"name":"","item":"https:\/\/swissbaker.ch\/fr\/"},{"@type":"ListItem","position":2,"name":"Association\u00a0","item":"https:\/\/swissbaker.ch\/fr\/association\/"},{"@type":"ListItem","position":3,"name":"Prestations de service","item":"https:\/\/swissbaker.ch\/fr\/association\/prestations-de-service\/"},{"@type":"ListItem","position":4,"name":"Marketing\/communication","item":"https:\/\/swissbaker.ch\/fr\/association\/prestations-de-service\/marketing-communication\/"},{"@type":"ListItem","position":5,"name":"Autres campagnes","item":"https:\/\/swissbaker.ch\/fr\/association\/prestations-de-service\/marketing-communication\/campagnes\/"},{"@type":"ListItem","position":6,"name":"Calendrier des saveurs 2026"}]},{"@type":"WebSite","@id":"https:\/\/swissbaker.ch\/fr\/#website","url":"https:\/\/swissbaker.ch\/fr\/","name":"SBC","description":"","publisher":{"@id":"https:\/\/swissbaker.ch\/fr\/#organization"},"potentialAction":[{"@type":"SearchAction","target":{"@type":"EntryPoint","urlTemplate":"https:\/\/swissbaker.ch\/fr\/?s={search_term_string}"},"query-input":{"@type":"PropertyValueSpecification","valueRequired":true,"valueName":"search_term_string"}}],"inLanguage":"fr-FR"},{"@type":"Organization","@id":"https:\/\/swissbaker.ch\/fr\/#organization","name":"Schweizerischer B\u00e4cker-Confiseurmeister-Verband","url":"https:\/\/swissbaker.ch\/fr\/","logo":{"@type":"ImageObject","inLanguage":"fr-FR","@id":"https:\/\/swissbaker.ch\/fr\/#\/schema\/logo\/image\/","url":"https:\/\/swissbaker.ch\/wp-content\/uploads\/2022\/04\/sbc-logo-yoast.jpg","contentUrl":"https:\/\/swissbaker.ch\/wp-content\/uploads\/2022\/04\/sbc-logo-yoast.jpg","width":512,"height":512,"caption":"Schweizerischer B\u00e4cker-Confiseurmeister-Verband"},"image":{"@id":"https:\/\/swissbaker.ch\/fr\/#\/schema\/logo\/image\/"},"sameAs":["https:\/\/www.facebook.com\/swissbaker.ch","https:\/\/x.com\/ch_swissbaker"]}]}},"_links":{"self":[{"href":"https:\/\/swissbaker.ch\/fr\/wp-json\/wp\/v2\/pages\/35852","targetHints":{"allow":["GET"]}}],"collection":[{"href":"https:\/\/swissbaker.ch\/fr\/wp-json\/wp\/v2\/pages"}],"about":[{"href":"https:\/\/swissbaker.ch\/fr\/wp-json\/wp\/v2\/types\/page"}],"author":[{"embeddable":true,"href":"https:\/\/swissbaker.ch\/fr\/wp-json\/wp\/v2\/users\/1"}],"replies":[{"embeddable":true,"href":"https:\/\/swissbaker.ch\/fr\/wp-json\/wp\/v2\/comments?post=35852"}],"version-history":[{"count":0,"href":"https:\/\/swissbaker.ch\/fr\/wp-json\/wp\/v2\/pages\/35852\/revisions"}],"up":[{"embeddable":true,"href":"https:\/\/swissbaker.ch\/fr\/wp-json\/wp\/v2\/pages\/15998"}],"wp:featuredmedia":[{"embeddable":true,"href":"https:\/\/swissbaker.ch\/fr\/wp-json\/wp\/v2\/media\/123893"}],"wp:attachment":[{"href":"https:\/\/swissbaker.ch\/fr\/wp-json\/wp\/v2\/media?parent=35852"}],"curies":[{"name":"wp","href":"https:\/\/api.w.org\/{rel}","templated":true}]}}