{"id":35826,"date":"2022-06-07T10:44:43","date_gmt":"2022-06-07T08:44:43","guid":{"rendered":"https:\/\/swissbaker.ch\/?page_id=35826"},"modified":"2022-06-07T10:44:48","modified_gmt":"2022-06-07T08:44:48","slug":"ambassadeur-2021","status":"publish","type":"page","link":"https:\/\/swissbaker.ch\/fr\/consommateur\/ambassadeur\/ambassadeur-2021\/","title":{"rendered":"Ambassadeur 2021"},"content":{"rendered":"\n<p>Le c\u00e9l\u00e8bre analyste sensoriel et journaliste gastro Patrick Zbinden a \u00e9t\u00e9 nomm\u00e9e \u00abAmbassadeur du pain et du chocolat 2021\u00bb. Le nouvel ambassadeur joue depuis des ann\u00e9es un important r\u00f4le d\u2019impulsion dans les boulangeries-confiserie artisanales.\u00a0<\/p>\n\n\n\n<div class=\"wp-block-columns\">\n<div class=\"wp-block-column pe-4\" style=\"flex-basis:50%\">\n<p>Ce titre est d\u00e9cern\u00e9 \u00e0 une personnalit\u00e9 connue en dehors de notre secteur, particuli\u00e8rement d\u00e9vou\u00e9e \u00e0 la boulangerie-confiserie artisanale. Apr\u00e8s Andr\u00e9 L\u00fcthi, CEO de Globetrotter Group SA et boulanger-confiseur qualifi\u00e9, et Linda F\u00e4h, animatrice et chanteuse pop, Patrick Zbinden est devenu le troisi\u00e8me ambassadeur du secteur.<\/p>\n<\/div>\n\n\n\n<div class=\"wp-block-column\" style=\"flex-basis:50%\">\n<figure class=\"wp-block-image size-full\"><img decoding=\"async\" width=\"280\" height=\"441\" src=\"https:\/\/swissbaker.ch\/wp-content\/uploads\/2021\/06\/patrick_zbinden_ambassadeur_2021.jpeg\" alt=\"Patrick Zbinden\" class=\"wp-image-35815\"\/><figcaption>Patrick Zbinden<\/figcaption><\/figure>\n<\/div>\n<\/div>\n\n\n\n<p><strong><strong>Importante source d\u2019inspiration pour notre secteur<\/strong><\/strong><br>\u00abJe suis tr\u00e8s heureux de cet honneur. Il faut promouvoir l\u2019ind\u00e9niable et v\u00e9ritable artisanat boulanger et confiseur, et surtout mieux le faire conna\u00eetre \u2013 et je m\u2019y applique toujours volontiers\u00bb, c\u2019est en ces termes que le nouvel ambassadeur du secteur a comment\u00e9 la reconnaissance de son engagement pour la boulangerie-confiserie artisanale. Depuis des ann\u00e9es, Patrick Zbinden transmet ses connaissances approfondies dans le domaine du \u00abfood pairing\u00bb novateur et de l\u2019analyse multisensorielle des aliments lors du salon professionnel suisse du secteur de la boulangerie-confiserie (la FBK devenue FBKplus), tout en d\u00e9montrant leur potentiel. Il collabore \u00e9galement r\u00e9guli\u00e8rement avec le centre de comp\u00e9tences Richemont boulangerie-p\u00e2tisserie-confiserie \u00e0 Lucerne, dans le domaine de la formation et au niveau r\u00e9dactionnel avec des publications sp\u00e9cialis\u00e9es. B\u00e9n\u00e9ficiant d\u2019un excellent r\u00e9seau, l\u2019expert en alimentation est aussi actif en tant que jur\u00e9.<\/p>\n","protected":false},"excerpt":{"rendered":"<p>Le c\u00e9l\u00e8bre analyste sensoriel et journaliste gastro Patrick Zbinden a \u00e9t\u00e9 nomm\u00e9e \u00abAmbassadeur du pain et du chocolat 2021\u00bb. Le nouvel ambassadeur joue depuis des ann\u00e9es un important r\u00f4le d\u2019impulsion dans les boulangeries-confiserie artisanales.\u00a0 Ce titre est d\u00e9cern\u00e9 \u00e0 une personnalit\u00e9 connue en dehors de notre secteur, particuli\u00e8rement d\u00e9vou\u00e9e \u00e0 la boulangerie-confiserie artisanale. Apr\u00e8s Andr\u00e9 L\u00fcthi, CEO de Globetrotter Group [&hellip;]<\/p>\n","protected":false},"author":1,"featured_media":0,"parent":31885,"menu_order":0,"comment_status":"closed","ping_status":"closed","template":"","meta":{"_acf_changed":false,"footnotes":""},"class_list":["post-35826","page","type-page","status-publish","hentry"],"acf":[],"yoast_head":"<!-- This site is optimized with the Yoast SEO Premium plugin v26.8 (Yoast SEO v26.8) - https:\/\/yoast.com\/product\/yoast-seo-premium-wordpress\/ -->\n<title>Ambassadeur 2021 | SBC<\/title>\n<meta name=\"robots\" content=\"index, follow, max-snippet:-1, max-image-preview:large, max-video-preview:-1\" \/>\n<link rel=\"canonical\" href=\"https:\/\/swissbaker.ch\/fr\/consommateur\/ambassadeur\/ambassadeur-2021\/\" \/>\n<meta property=\"og:locale\" content=\"fr_FR\" \/>\n<meta property=\"og:type\" content=\"article\" \/>\n<meta property=\"og:title\" content=\"Ambassadeur 2021\" \/>\n<meta property=\"og:description\" content=\"Le c\u00e9l\u00e8bre analyste sensoriel et journaliste gastro Patrick Zbinden a \u00e9t\u00e9 nomm\u00e9e \u00abAmbassadeur du pain et du chocolat 2021\u00bb. Le nouvel ambassadeur joue depuis des ann\u00e9es un important r\u00f4le d\u2019impulsion dans les boulangeries-confiserie artisanales.\u00a0 Ce titre est d\u00e9cern\u00e9 \u00e0 une personnalit\u00e9 connue en dehors de notre secteur, particuli\u00e8rement d\u00e9vou\u00e9e \u00e0 la boulangerie-confiserie artisanale. Apr\u00e8s Andr\u00e9 L\u00fcthi, CEO de Globetrotter Group [&hellip;]\" \/>\n<meta property=\"og:url\" content=\"https:\/\/swissbaker.ch\/fr\/consommateur\/ambassadeur\/ambassadeur-2021\/\" \/>\n<meta property=\"og:site_name\" content=\"SBC\" \/>\n<meta property=\"article:publisher\" content=\"https:\/\/www.facebook.com\/swissbaker.ch\" \/>\n<meta property=\"article:modified_time\" content=\"2022-06-07T08:44:48+00:00\" \/>\n<meta property=\"og:image\" content=\"https:\/\/swissbaker.ch\/wp-content\/uploads\/2021\/06\/patrick_zbinden_ambassadeur_2021.jpeg\" \/>\n<meta name=\"twitter:card\" content=\"summary_large_image\" \/>\n<meta name=\"twitter:site\" content=\"@ch_swissbaker\" \/>\n<meta name=\"twitter:label1\" content=\"Est. reading time\" \/>\n\t<meta name=\"twitter:data1\" content=\"2 minutes\" \/>\n<script type=\"application\/ld+json\" class=\"yoast-schema-graph\">{\"@context\":\"https:\/\/schema.org\",\"@graph\":[{\"@type\":\"WebPage\",\"@id\":\"https:\/\/swissbaker.ch\/fr\/consommateur\/ambassadeur\/ambassadeur-2021\/\",\"url\":\"https:\/\/swissbaker.ch\/fr\/consommateur\/ambassadeur\/ambassadeur-2021\/\",\"name\":\"Ambassadeur 2021 | SBC\",\"isPartOf\":{\"@id\":\"https:\/\/swissbaker.ch\/fr\/#website\"},\"primaryImageOfPage\":{\"@id\":\"https:\/\/swissbaker.ch\/fr\/consommateur\/ambassadeur\/ambassadeur-2021\/#primaryimage\"},\"image\":{\"@id\":\"https:\/\/swissbaker.ch\/fr\/consommateur\/ambassadeur\/ambassadeur-2021\/#primaryimage\"},\"thumbnailUrl\":\"https:\/\/swissbaker.ch\/wp-content\/uploads\/2021\/06\/patrick_zbinden_ambassadeur_2021.jpeg\",\"datePublished\":\"2022-06-07T08:44:43+00:00\",\"dateModified\":\"2022-06-07T08:44:48+00:00\",\"breadcrumb\":{\"@id\":\"https:\/\/swissbaker.ch\/fr\/consommateur\/ambassadeur\/ambassadeur-2021\/#breadcrumb\"},\"inLanguage\":\"fr-FR\",\"potentialAction\":[{\"@type\":\"ReadAction\",\"target\":[\"https:\/\/swissbaker.ch\/fr\/consommateur\/ambassadeur\/ambassadeur-2021\/\"]}]},{\"@type\":\"ImageObject\",\"inLanguage\":\"fr-FR\",\"@id\":\"https:\/\/swissbaker.ch\/fr\/consommateur\/ambassadeur\/ambassadeur-2021\/#primaryimage\",\"url\":\"https:\/\/swissbaker.ch\/wp-content\/uploads\/2021\/06\/patrick_zbinden_ambassadeur_2021.jpeg\",\"contentUrl\":\"https:\/\/swissbaker.ch\/wp-content\/uploads\/2021\/06\/patrick_zbinden_ambassadeur_2021.jpeg\"},{\"@type\":\"BreadcrumbList\",\"@id\":\"https:\/\/swissbaker.ch\/fr\/consommateur\/ambassadeur\/ambassadeur-2021\/#breadcrumb\",\"itemListElement\":[{\"@type\":\"ListItem\",\"position\":1,\"name\":\"\",\"item\":\"https:\/\/swissbaker.ch\/fr\/\"},{\"@type\":\"ListItem\",\"position\":2,\"name\":\"Consommateur\",\"item\":\"https:\/\/swissbaker.ch\/fr\/consommateur\/\"},{\"@type\":\"ListItem\",\"position\":3,\"name\":\"Ambassadeurs\",\"item\":\"https:\/\/swissbaker.ch\/fr\/consommateur\/ambassadeur\/\"},{\"@type\":\"ListItem\",\"position\":4,\"name\":\"Ambassadeur 2021\"}]},{\"@type\":\"WebSite\",\"@id\":\"https:\/\/swissbaker.ch\/fr\/#website\",\"url\":\"https:\/\/swissbaker.ch\/fr\/\",\"name\":\"SBC\",\"description\":\"\",\"publisher\":{\"@id\":\"https:\/\/swissbaker.ch\/fr\/#organization\"},\"potentialAction\":[{\"@type\":\"SearchAction\",\"target\":{\"@type\":\"EntryPoint\",\"urlTemplate\":\"https:\/\/swissbaker.ch\/fr\/?s={search_term_string}\"},\"query-input\":{\"@type\":\"PropertyValueSpecification\",\"valueRequired\":true,\"valueName\":\"search_term_string\"}}],\"inLanguage\":\"fr-FR\"},{\"@type\":\"Organization\",\"@id\":\"https:\/\/swissbaker.ch\/fr\/#organization\",\"name\":\"Schweizerischer B\u00e4cker-Confiseurmeister-Verband\",\"url\":\"https:\/\/swissbaker.ch\/fr\/\",\"logo\":{\"@type\":\"ImageObject\",\"inLanguage\":\"fr-FR\",\"@id\":\"https:\/\/swissbaker.ch\/fr\/#\/schema\/logo\/image\/\",\"url\":\"https:\/\/swissbaker.ch\/wp-content\/uploads\/2022\/04\/sbc-logo-yoast.jpg\",\"contentUrl\":\"https:\/\/swissbaker.ch\/wp-content\/uploads\/2022\/04\/sbc-logo-yoast.jpg\",\"width\":512,\"height\":512,\"caption\":\"Schweizerischer B\u00e4cker-Confiseurmeister-Verband\"},\"image\":{\"@id\":\"https:\/\/swissbaker.ch\/fr\/#\/schema\/logo\/image\/\"},\"sameAs\":[\"https:\/\/www.facebook.com\/swissbaker.ch\",\"https:\/\/x.com\/ch_swissbaker\"]}]}<\/script>\n<!-- \/ Yoast SEO Premium plugin. -->","yoast_head_json":{"title":"Ambassadeur 2021 | SBC","robots":{"index":"index","follow":"follow","max-snippet":"max-snippet:-1","max-image-preview":"max-image-preview:large","max-video-preview":"max-video-preview:-1"},"canonical":"https:\/\/swissbaker.ch\/fr\/consommateur\/ambassadeur\/ambassadeur-2021\/","og_locale":"fr_FR","og_type":"article","og_title":"Ambassadeur 2021","og_description":"Le c\u00e9l\u00e8bre analyste sensoriel et journaliste gastro Patrick Zbinden a \u00e9t\u00e9 nomm\u00e9e \u00abAmbassadeur du pain et du chocolat 2021\u00bb. Le nouvel ambassadeur joue depuis des ann\u00e9es un important r\u00f4le d\u2019impulsion dans les boulangeries-confiserie artisanales.\u00a0 Ce titre est d\u00e9cern\u00e9 \u00e0 une personnalit\u00e9 connue en dehors de notre secteur, particuli\u00e8rement d\u00e9vou\u00e9e \u00e0 la boulangerie-confiserie artisanale. Apr\u00e8s Andr\u00e9 L\u00fcthi, CEO de Globetrotter Group [&hellip;]","og_url":"https:\/\/swissbaker.ch\/fr\/consommateur\/ambassadeur\/ambassadeur-2021\/","og_site_name":"SBC","article_publisher":"https:\/\/www.facebook.com\/swissbaker.ch","article_modified_time":"2022-06-07T08:44:48+00:00","og_image":[{"url":"https:\/\/swissbaker.ch\/wp-content\/uploads\/2021\/06\/patrick_zbinden_ambassadeur_2021.jpeg","type":"","width":"","height":""}],"twitter_card":"summary_large_image","twitter_site":"@ch_swissbaker","twitter_misc":{"Est. reading time":"2 minutes"},"schema":{"@context":"https:\/\/schema.org","@graph":[{"@type":"WebPage","@id":"https:\/\/swissbaker.ch\/fr\/consommateur\/ambassadeur\/ambassadeur-2021\/","url":"https:\/\/swissbaker.ch\/fr\/consommateur\/ambassadeur\/ambassadeur-2021\/","name":"Ambassadeur 2021 | SBC","isPartOf":{"@id":"https:\/\/swissbaker.ch\/fr\/#website"},"primaryImageOfPage":{"@id":"https:\/\/swissbaker.ch\/fr\/consommateur\/ambassadeur\/ambassadeur-2021\/#primaryimage"},"image":{"@id":"https:\/\/swissbaker.ch\/fr\/consommateur\/ambassadeur\/ambassadeur-2021\/#primaryimage"},"thumbnailUrl":"https:\/\/swissbaker.ch\/wp-content\/uploads\/2021\/06\/patrick_zbinden_ambassadeur_2021.jpeg","datePublished":"2022-06-07T08:44:43+00:00","dateModified":"2022-06-07T08:44:48+00:00","breadcrumb":{"@id":"https:\/\/swissbaker.ch\/fr\/consommateur\/ambassadeur\/ambassadeur-2021\/#breadcrumb"},"inLanguage":"fr-FR","potentialAction":[{"@type":"ReadAction","target":["https:\/\/swissbaker.ch\/fr\/consommateur\/ambassadeur\/ambassadeur-2021\/"]}]},{"@type":"ImageObject","inLanguage":"fr-FR","@id":"https:\/\/swissbaker.ch\/fr\/consommateur\/ambassadeur\/ambassadeur-2021\/#primaryimage","url":"https:\/\/swissbaker.ch\/wp-content\/uploads\/2021\/06\/patrick_zbinden_ambassadeur_2021.jpeg","contentUrl":"https:\/\/swissbaker.ch\/wp-content\/uploads\/2021\/06\/patrick_zbinden_ambassadeur_2021.jpeg"},{"@type":"BreadcrumbList","@id":"https:\/\/swissbaker.ch\/fr\/consommateur\/ambassadeur\/ambassadeur-2021\/#breadcrumb","itemListElement":[{"@type":"ListItem","position":1,"name":"","item":"https:\/\/swissbaker.ch\/fr\/"},{"@type":"ListItem","position":2,"name":"Consommateur","item":"https:\/\/swissbaker.ch\/fr\/consommateur\/"},{"@type":"ListItem","position":3,"name":"Ambassadeurs","item":"https:\/\/swissbaker.ch\/fr\/consommateur\/ambassadeur\/"},{"@type":"ListItem","position":4,"name":"Ambassadeur 2021"}]},{"@type":"WebSite","@id":"https:\/\/swissbaker.ch\/fr\/#website","url":"https:\/\/swissbaker.ch\/fr\/","name":"SBC","description":"","publisher":{"@id":"https:\/\/swissbaker.ch\/fr\/#organization"},"potentialAction":[{"@type":"SearchAction","target":{"@type":"EntryPoint","urlTemplate":"https:\/\/swissbaker.ch\/fr\/?s={search_term_string}"},"query-input":{"@type":"PropertyValueSpecification","valueRequired":true,"valueName":"search_term_string"}}],"inLanguage":"fr-FR"},{"@type":"Organization","@id":"https:\/\/swissbaker.ch\/fr\/#organization","name":"Schweizerischer B\u00e4cker-Confiseurmeister-Verband","url":"https:\/\/swissbaker.ch\/fr\/","logo":{"@type":"ImageObject","inLanguage":"fr-FR","@id":"https:\/\/swissbaker.ch\/fr\/#\/schema\/logo\/image\/","url":"https:\/\/swissbaker.ch\/wp-content\/uploads\/2022\/04\/sbc-logo-yoast.jpg","contentUrl":"https:\/\/swissbaker.ch\/wp-content\/uploads\/2022\/04\/sbc-logo-yoast.jpg","width":512,"height":512,"caption":"Schweizerischer B\u00e4cker-Confiseurmeister-Verband"},"image":{"@id":"https:\/\/swissbaker.ch\/fr\/#\/schema\/logo\/image\/"},"sameAs":["https:\/\/www.facebook.com\/swissbaker.ch","https:\/\/x.com\/ch_swissbaker"]}]}},"_links":{"self":[{"href":"https:\/\/swissbaker.ch\/fr\/wp-json\/wp\/v2\/pages\/35826","targetHints":{"allow":["GET"]}}],"collection":[{"href":"https:\/\/swissbaker.ch\/fr\/wp-json\/wp\/v2\/pages"}],"about":[{"href":"https:\/\/swissbaker.ch\/fr\/wp-json\/wp\/v2\/types\/page"}],"author":[{"embeddable":true,"href":"https:\/\/swissbaker.ch\/fr\/wp-json\/wp\/v2\/users\/1"}],"replies":[{"embeddable":true,"href":"https:\/\/swissbaker.ch\/fr\/wp-json\/wp\/v2\/comments?post=35826"}],"version-history":[{"count":0,"href":"https:\/\/swissbaker.ch\/fr\/wp-json\/wp\/v2\/pages\/35826\/revisions"}],"up":[{"embeddable":true,"href":"https:\/\/swissbaker.ch\/fr\/wp-json\/wp\/v2\/pages\/31885"}],"wp:attachment":[{"href":"https:\/\/swissbaker.ch\/fr\/wp-json\/wp\/v2\/media?parent=35826"}],"curies":[{"name":"wp","href":"https:\/\/api.w.org\/{rel}","templated":true}]}}