{"id":35627,"date":"2020-11-13T11:09:00","date_gmt":"2020-11-13T10:09:00","guid":{"rendered":"https:\/\/swissbaker.ch\/?page_id=35627"},"modified":"2026-05-01T13:28:53","modified_gmt":"2026-05-01T11:28:53","slug":"luzern-2020","status":"publish","type":"page","link":"https:\/\/swissbaker.ch\/fr\/releve\/concours-professionnels\/swissskills\/luzern-2020\/","title":{"rendered":"Lucerne 2020"},"content":{"rendered":"\n<p><strong>Les championnats suisses du secteur de la boulangerie-confiserie se sont d\u00e9roul\u00e9s du 11 au 13 novembre 2020 \u00e0 l\u2019Ecole professionnelle Richemont de Lucerne.<\/strong><\/p>\n\n\n\n<p>Le jury professionnel &nbsp;a d\u00e9cern\u00e9 au total trois titres de champion suisse \u2013 dans le m\u00e9tier de boulanger-p\u00e2tissier-confiseur\/boulang\u00e8re-p\u00e2tissi\u00e8re-confiseuse CFC, orientations boulangerie-p\u00e2tisserie et p\u00e2tisserie-confiserie, et celui de gestionnaire du commerce de d\u00e9tail CFC, boulangerie-p\u00e2tisserie-confiserie.<\/p>\n\n\n\n<figure class=\"wp-block-image size-full is-resized\"><img decoding=\"async\" src=\"https:\/\/swissbaker.ch\/wp-content\/uploads\/2022\/06\/csm_siegerinnen_web_ccbf87abf8.jpeg\" alt=\"\" class=\"wp-image-35479\" width=\"837\" height=\"497\"\/><figcaption><em><em><br>Les trois nouvelles championnes suisses d.g.\u00e0.d:&nbsp;Daniela F\u00e4ssler (commerce de d\u00e9tail),&nbsp;&nbsp;Juliana Th\u00f6ny (p\u00e2tisserie-confiserie),&nbsp;Vera Stocker (boulangerie-p\u00e2tisserie)<\/em><\/em><\/figcaption><\/figure>\n\n\n\n<h2 class=\"wp-block-heading\" id=\"h-voici-les-places-de-podium\"><strong>Voici les places de podium:<\/strong><\/h2>\n\n\n\n<p><strong>Commerce de d\u00e9tail:<\/strong><\/p>\n\n\n\n<ol class=\"wp-block-list\"><li>Daniela F\u00e4ssler, Schefer B\u00e4ckerei-Konditorei AG, Einsiedeln\u2060<\/li><li>Annalena H\u00e4fliger, B\u00e4ckerei-Konditorei-Caf\u00e9 Koller AG, Sursee\u2060<\/li><li>Silvana Lenherr, B\u00e4ckerei-Konditorei Signer, Zizers\u2060<\/li><\/ol>\n\n\n\n<p><strong><strong>Boulangerie-p\u00e2tisserie: \u2060<\/strong><\/strong><\/p>\n\n\n\n<ol class=\"wp-block-list\"><li>Vera Stocker, Caf\u00e9 Koller AG, Sursee\u2060<\/li><li>Andrea Tschumper, B\u00e4ckerei-Konditorei Huber, Gommiswald\u2060<\/li><li>Flurina Eggimann, B\u00e4ckerei Meier, kreativ beck AG, Hasle-R\u00fcegsau\u2060<\/li><\/ol>\n\n\n\n<p><strong>P\u00e2tisserie-confiserie:&nbsp;\u2060<\/strong><\/p>\n\n\n\n<ol class=\"wp-block-list\"><li>Juliana Th\u00f6ny, Confiserie Spr\u00fcngli AG, Dietikon\u2060<\/li><li>Angela Manser, Confiserie Roggwiller AG, St. Gallen\u2060<\/li><li>Sereina Rast, L\u00e4derach AG, Ennenda\u2060<\/li><\/ol>\n\n\n\n<h2 class=\"wp-block-heading\">Les revues des trois championnes en vid\u00e9o<\/h2>\n\n\n\n<p>Vera Stocker, boulangerie-p\u00e2tisserie<\/p>\n\n\n\n<figure class=\"wp-block-embed is-type-video is-provider-youtube wp-block-embed-youtube wp-embed-aspect-16-9 wp-has-aspect-ratio\"><div class=\"wp-block-embed__wrapper\">\n<iframe title=\"SwissSkills 2020: R\u00fcckblick mit Vera Stocker, Siegerin in der Fachrichtung B\u00e4ckerei-Konditorei\" width=\"800\" height=\"450\" src=\"https:\/\/www.youtube.com\/embed\/I37GH2rvRuY?feature=oembed\" frameborder=\"0\" allow=\"accelerometer; autoplay; clipboard-write; encrypted-media; gyroscope; picture-in-picture\" allowfullscreen><\/iframe>\n<\/div><\/figure>\n\n\n\n<p>Juliana Th\u00f6ny, p\u00e2tisserie-confiserie<\/p>\n\n\n\n<figure class=\"wp-block-embed is-type-video is-provider-youtube wp-block-embed-youtube wp-embed-aspect-16-9 wp-has-aspect-ratio\"><div class=\"wp-block-embed__wrapper\">\n<iframe title=\"SwissSkills 2020:  R\u00fcckblick mit Juliana Th\u00f6ny, Siegerin in der Fachrichtung Konditorei-Confiserie.\" width=\"800\" height=\"450\" src=\"https:\/\/www.youtube.com\/embed\/p-XQzAybSKQ?feature=oembed\" frameborder=\"0\" allow=\"accelerometer; autoplay; clipboard-write; encrypted-media; gyroscope; picture-in-picture\" allowfullscreen><\/iframe>\n<\/div><\/figure>\n\n\n\n<p>Daniela F\u00e4ssler, Commerce de d\u00e9tail<\/p>\n\n\n\n<figure class=\"wp-block-embed is-type-video is-provider-youtube wp-block-embed-youtube wp-embed-aspect-16-9 wp-has-aspect-ratio\"><div class=\"wp-block-embed__wrapper\">\n<iframe title=\"SwissSkills 2020: R\u00fcckblick mit Daniela F\u00e4ssler, Siegerin im Detailhandel\" width=\"800\" height=\"450\" src=\"https:\/\/www.youtube.com\/embed\/bEdtRW2iMQI?feature=oembed\" frameborder=\"0\" allow=\"accelerometer; autoplay; clipboard-write; encrypted-media; gyroscope; picture-in-picture\" allowfullscreen><\/iframe>\n<\/div><\/figure>\n\n\n\n<h2 class=\"wp-block-heading\">Vid\u00e9o de la c\u00e9r\u00e9monie de cl\u00f4ture<\/h2>\n\n\n\n<figure class=\"wp-block-embed is-type-video is-provider-youtube wp-block-embed-youtube wp-embed-aspect-16-9 wp-has-aspect-ratio\"><div class=\"wp-block-embed__wrapper\">\n<iframe title=\"SwissSkills Championships 2020 der B\u00e4ckerei-Confiserie-Branche \u2013 Schlussfeier und Rangverk\u00fcndigung\" width=\"800\" height=\"450\" src=\"https:\/\/www.youtube.com\/embed\/6P57dDc7AsI?feature=oembed\" frameborder=\"0\" allow=\"accelerometer; autoplay; clipboard-write; encrypted-media; gyroscope; picture-in-picture\" allowfullscreen><\/iframe>\n<\/div><\/figure>\n\n\n\n<h2 class=\"wp-block-heading\" id=\"h-les-photos-du-concours\">Les photos du concours<\/h2>\n\n\n\n<p><a href=\"https:\/\/swissbaker.ch\/fr\/panissimo-news\/galerie\/swissskills-championships-coaches-et-assistantes-11-20\/\">SwissSkills Championships coaches et assistant(e)s<\/a><br><a href=\"https:\/\/swissbaker.ch\/fr\/panissimo-news\/galerie\/swissskills-championships-ceremonie-de-cloture\/\">SwissSkills Championships, c\u00e9r\u00e9monie de cl\u00f4ture<\/a><br><a href=\"https:\/\/swissbaker.ch\/fr\/panissimo-news\/galerie\/swissskills-championships-tables-dexposition\/\">SwissSkills Championships, Tables d&#8217;exposition<\/a><br><a href=\"https:\/\/swissbaker.ch\/fr\/panissimo-news\/galerie\/swissskills-championships-vendredi\/\">SwissSkills Championships, vendredi<\/a><br><a href=\"https:\/\/swissbaker.ch\/fr\/panissimo-news\/galerie\/swissskills-championships-jeudi\/\">SwissSkills Championships, jeudi<\/a><br><a href=\"https:\/\/swissbaker.ch\/fr\/panissimo-news\/galerie\/swissskills-championships-mercredi\/\">SwissSkills Championships, mercredi<\/a><br><\/p>\n\n\n\n<h2 class=\"wp-block-heading\">SwissSkills connect<\/h2>\n\n\n\n<p>Laisse-toi inspirer par nos champions des m\u00e9tiers.<\/p>\n\n\n\n<figure class=\"wp-block-image size-full\"><a href=\"https:\/\/connect.swiss-skills.ch\/fr\/champions-des-metiers?q=Boulangerie\"><img decoding=\"async\" width=\"551\" height=\"265\" src=\"https:\/\/swissbaker.ch\/wp-content\/uploads\/2022\/06\/csm_durrer_weber_aurelien_pretre_a30a8f1eda.jpeg\" alt=\"\" class=\"wp-image-35655\"\/><\/a><\/figure>\n\n\n\n<figure class=\"wp-block-image size-full\"><a href=\"https:\/\/connect.swiss-skills.ch\/fr\/champions-des-metiers\/silvia-von-buren\"><img decoding=\"async\" width=\"551\" height=\"265\" src=\"https:\/\/swissbaker.ch\/wp-content\/uploads\/2022\/06\/csm_connect_von_buehren_02387fbccc.jpeg\" alt=\"\" class=\"wp-image-35659\"\/><\/a><\/figure>\n\n\n\n<figure class=\"wp-block-image size-full\"><a href=\"https:\/\/connect.swiss-skills.ch\/it\/Talenti-delle-professioni\/simona-carcano\"><img decoding=\"async\" width=\"551\" height=\"265\" src=\"https:\/\/swissbaker.ch\/wp-content\/uploads\/2022\/06\/csm_connect_panettiera_512188c743.jpeg\" alt=\"\" class=\"wp-image-35532\"\/><\/a><\/figure>\n\n\n\n<p>Personne ne peut te donner de meilleures informations que nos champions des m\u00e9tiers.&nbsp;Car ils comptent parmi les jeunes les plus talentueux dans leur sp\u00e9cialit\u00e9. Apprends-en davantage dans les pages de profils et les chats vid\u00e9o.<\/p>\n","protected":false},"excerpt":{"rendered":"<p>Les championnats suisses du secteur de la boulangerie-confiserie se sont d\u00e9roul\u00e9s du 11 au 13 novembre 2020 \u00e0 l\u2019Ecole professionnelle Richemont de Lucerne. Le jury professionnel &nbsp;a d\u00e9cern\u00e9 au total trois titres de champion suisse \u2013 dans le m\u00e9tier de boulanger-p\u00e2tissier-confiseur\/boulang\u00e8re-p\u00e2tissi\u00e8re-confiseuse CFC, orientations boulangerie-p\u00e2tisserie et p\u00e2tisserie-confiserie, et celui de gestionnaire du commerce de d\u00e9tail CFC, boulangerie-p\u00e2tisserie-confiserie. Voici les places de [&hellip;]<\/p>\n","protected":false},"author":1,"featured_media":0,"parent":35575,"menu_order":0,"comment_status":"closed","ping_status":"closed","template":"","meta":{"_acf_changed":true,"footnotes":""},"class_list":["post-35627","page","type-page","status-publish","hentry"],"acf":[],"yoast_head":"<!-- This site is optimized with the Yoast SEO Premium plugin v26.8 (Yoast SEO v26.8) - https:\/\/yoast.com\/product\/yoast-seo-premium-wordpress\/ -->\n<title>Lucerne 2020 | SBC<\/title>\n<meta name=\"robots\" content=\"index, follow, max-snippet:-1, max-image-preview:large, max-video-preview:-1\" \/>\n<link rel=\"canonical\" href=\"https:\/\/swissbaker.ch\/fr\/releve\/concours-professionnels\/swissskills\/luzern-2020\/\" \/>\n<meta property=\"og:locale\" content=\"fr_FR\" \/>\n<meta property=\"og:type\" content=\"article\" \/>\n<meta property=\"og:title\" content=\"Lucerne 2020\" \/>\n<meta property=\"og:description\" content=\"Les championnats suisses du secteur de la boulangerie-confiserie se sont d\u00e9roul\u00e9s du 11 au 13 novembre 2020 \u00e0 l\u2019Ecole professionnelle Richemont de Lucerne. Le jury professionnel &nbsp;a d\u00e9cern\u00e9 au total trois titres de champion suisse \u2013 dans le m\u00e9tier de boulanger-p\u00e2tissier-confiseur\/boulang\u00e8re-p\u00e2tissi\u00e8re-confiseuse CFC, orientations boulangerie-p\u00e2tisserie et p\u00e2tisserie-confiserie, et celui de gestionnaire du commerce de d\u00e9tail CFC, boulangerie-p\u00e2tisserie-confiserie. Voici les places de [&hellip;]\" \/>\n<meta property=\"og:url\" content=\"https:\/\/swissbaker.ch\/fr\/releve\/concours-professionnels\/swissskills\/luzern-2020\/\" \/>\n<meta property=\"og:site_name\" content=\"SBC\" \/>\n<meta property=\"article:publisher\" content=\"https:\/\/www.facebook.com\/swissbaker.ch\" \/>\n<meta property=\"article:modified_time\" content=\"2026-05-01T11:28:53+00:00\" \/>\n<meta property=\"og:image\" content=\"https:\/\/swissbaker.ch\/wp-content\/uploads\/2022\/06\/csm_siegerinnen_web_ccbf87abf8.jpeg\" \/>\n\t<meta property=\"og:image:width\" content=\"551\" \/>\n\t<meta property=\"og:image:height\" content=\"327\" \/>\n\t<meta property=\"og:image:type\" content=\"image\/jpeg\" \/>\n<meta name=\"twitter:card\" content=\"summary_large_image\" \/>\n<meta name=\"twitter:site\" content=\"@ch_swissbaker\" \/>\n<meta name=\"twitter:label1\" content=\"Est. reading time\" \/>\n\t<meta name=\"twitter:data1\" content=\"3 minutes\" \/>\n<script type=\"application\/ld+json\" class=\"yoast-schema-graph\">{\"@context\":\"https:\/\/schema.org\",\"@graph\":[{\"@type\":\"WebPage\",\"@id\":\"https:\/\/swissbaker.ch\/fr\/releve\/concours-professionnels\/swissskills\/luzern-2020\/\",\"url\":\"https:\/\/swissbaker.ch\/fr\/releve\/concours-professionnels\/swissskills\/luzern-2020\/\",\"name\":\"Lucerne 2020 | SBC\",\"isPartOf\":{\"@id\":\"https:\/\/swissbaker.ch\/fr\/#website\"},\"primaryImageOfPage\":{\"@id\":\"https:\/\/swissbaker.ch\/fr\/releve\/concours-professionnels\/swissskills\/luzern-2020\/#primaryimage\"},\"image\":{\"@id\":\"https:\/\/swissbaker.ch\/fr\/releve\/concours-professionnels\/swissskills\/luzern-2020\/#primaryimage\"},\"thumbnailUrl\":\"https:\/\/swissbaker.ch\/wp-content\/uploads\/2022\/06\/csm_siegerinnen_web_ccbf87abf8.jpeg\",\"datePublished\":\"2020-11-13T10:09:00+00:00\",\"dateModified\":\"2026-05-01T11:28:53+00:00\",\"breadcrumb\":{\"@id\":\"https:\/\/swissbaker.ch\/fr\/releve\/concours-professionnels\/swissskills\/luzern-2020\/#breadcrumb\"},\"inLanguage\":\"fr-FR\",\"potentialAction\":[{\"@type\":\"ReadAction\",\"target\":[\"https:\/\/swissbaker.ch\/fr\/releve\/concours-professionnels\/swissskills\/luzern-2020\/\"]}]},{\"@type\":\"ImageObject\",\"inLanguage\":\"fr-FR\",\"@id\":\"https:\/\/swissbaker.ch\/fr\/releve\/concours-professionnels\/swissskills\/luzern-2020\/#primaryimage\",\"url\":\"https:\/\/swissbaker.ch\/wp-content\/uploads\/2022\/06\/csm_siegerinnen_web_ccbf87abf8.jpeg\",\"contentUrl\":\"https:\/\/swissbaker.ch\/wp-content\/uploads\/2022\/06\/csm_siegerinnen_web_ccbf87abf8.jpeg\"},{\"@type\":\"BreadcrumbList\",\"@id\":\"https:\/\/swissbaker.ch\/fr\/releve\/concours-professionnels\/swissskills\/luzern-2020\/#breadcrumb\",\"itemListElement\":[{\"@type\":\"ListItem\",\"position\":1,\"name\":\"\",\"item\":\"https:\/\/swissbaker.ch\/fr\/\"},{\"@type\":\"ListItem\",\"position\":2,\"name\":\"Rel\u00e8ve\",\"item\":\"https:\/\/swissbaker.ch\/fr\/releve\/\"},{\"@type\":\"ListItem\",\"position\":3,\"name\":\"Concours professionnels\",\"item\":\"https:\/\/swissbaker.ch\/fr\/releve\/concours-professionnels\/\"},{\"@type\":\"ListItem\",\"position\":4,\"name\":\"SwissSkills\",\"item\":\"https:\/\/swissbaker.ch\/fr\/releve\/concours-professionnels\/swissskills\/\"},{\"@type\":\"ListItem\",\"position\":5,\"name\":\"Lucerne 2020\"}]},{\"@type\":\"WebSite\",\"@id\":\"https:\/\/swissbaker.ch\/fr\/#website\",\"url\":\"https:\/\/swissbaker.ch\/fr\/\",\"name\":\"SBC\",\"description\":\"\",\"publisher\":{\"@id\":\"https:\/\/swissbaker.ch\/fr\/#organization\"},\"potentialAction\":[{\"@type\":\"SearchAction\",\"target\":{\"@type\":\"EntryPoint\",\"urlTemplate\":\"https:\/\/swissbaker.ch\/fr\/?s={search_term_string}\"},\"query-input\":{\"@type\":\"PropertyValueSpecification\",\"valueRequired\":true,\"valueName\":\"search_term_string\"}}],\"inLanguage\":\"fr-FR\"},{\"@type\":\"Organization\",\"@id\":\"https:\/\/swissbaker.ch\/fr\/#organization\",\"name\":\"Schweizerischer B\u00e4cker-Confiseurmeister-Verband\",\"url\":\"https:\/\/swissbaker.ch\/fr\/\",\"logo\":{\"@type\":\"ImageObject\",\"inLanguage\":\"fr-FR\",\"@id\":\"https:\/\/swissbaker.ch\/fr\/#\/schema\/logo\/image\/\",\"url\":\"https:\/\/swissbaker.ch\/wp-content\/uploads\/2022\/04\/sbc-logo-yoast.jpg\",\"contentUrl\":\"https:\/\/swissbaker.ch\/wp-content\/uploads\/2022\/04\/sbc-logo-yoast.jpg\",\"width\":512,\"height\":512,\"caption\":\"Schweizerischer B\u00e4cker-Confiseurmeister-Verband\"},\"image\":{\"@id\":\"https:\/\/swissbaker.ch\/fr\/#\/schema\/logo\/image\/\"},\"sameAs\":[\"https:\/\/www.facebook.com\/swissbaker.ch\",\"https:\/\/x.com\/ch_swissbaker\"]}]}<\/script>\n<!-- \/ Yoast SEO Premium plugin. -->","yoast_head_json":{"title":"Lucerne 2020 | SBC","robots":{"index":"index","follow":"follow","max-snippet":"max-snippet:-1","max-image-preview":"max-image-preview:large","max-video-preview":"max-video-preview:-1"},"canonical":"https:\/\/swissbaker.ch\/fr\/releve\/concours-professionnels\/swissskills\/luzern-2020\/","og_locale":"fr_FR","og_type":"article","og_title":"Lucerne 2020","og_description":"Les championnats suisses du secteur de la boulangerie-confiserie se sont d\u00e9roul\u00e9s du 11 au 13 novembre 2020 \u00e0 l\u2019Ecole professionnelle Richemont de Lucerne. Le jury professionnel &nbsp;a d\u00e9cern\u00e9 au total trois titres de champion suisse \u2013 dans le m\u00e9tier de boulanger-p\u00e2tissier-confiseur\/boulang\u00e8re-p\u00e2tissi\u00e8re-confiseuse CFC, orientations boulangerie-p\u00e2tisserie et p\u00e2tisserie-confiserie, et celui de gestionnaire du commerce de d\u00e9tail CFC, boulangerie-p\u00e2tisserie-confiserie. Voici les places de [&hellip;]","og_url":"https:\/\/swissbaker.ch\/fr\/releve\/concours-professionnels\/swissskills\/luzern-2020\/","og_site_name":"SBC","article_publisher":"https:\/\/www.facebook.com\/swissbaker.ch","article_modified_time":"2026-05-01T11:28:53+00:00","og_image":[{"width":551,"height":327,"url":"https:\/\/swissbaker.ch\/wp-content\/uploads\/2022\/06\/csm_siegerinnen_web_ccbf87abf8.jpeg","type":"image\/jpeg"}],"twitter_card":"summary_large_image","twitter_site":"@ch_swissbaker","twitter_misc":{"Est. reading time":"3 minutes"},"schema":{"@context":"https:\/\/schema.org","@graph":[{"@type":"WebPage","@id":"https:\/\/swissbaker.ch\/fr\/releve\/concours-professionnels\/swissskills\/luzern-2020\/","url":"https:\/\/swissbaker.ch\/fr\/releve\/concours-professionnels\/swissskills\/luzern-2020\/","name":"Lucerne 2020 | SBC","isPartOf":{"@id":"https:\/\/swissbaker.ch\/fr\/#website"},"primaryImageOfPage":{"@id":"https:\/\/swissbaker.ch\/fr\/releve\/concours-professionnels\/swissskills\/luzern-2020\/#primaryimage"},"image":{"@id":"https:\/\/swissbaker.ch\/fr\/releve\/concours-professionnels\/swissskills\/luzern-2020\/#primaryimage"},"thumbnailUrl":"https:\/\/swissbaker.ch\/wp-content\/uploads\/2022\/06\/csm_siegerinnen_web_ccbf87abf8.jpeg","datePublished":"2020-11-13T10:09:00+00:00","dateModified":"2026-05-01T11:28:53+00:00","breadcrumb":{"@id":"https:\/\/swissbaker.ch\/fr\/releve\/concours-professionnels\/swissskills\/luzern-2020\/#breadcrumb"},"inLanguage":"fr-FR","potentialAction":[{"@type":"ReadAction","target":["https:\/\/swissbaker.ch\/fr\/releve\/concours-professionnels\/swissskills\/luzern-2020\/"]}]},{"@type":"ImageObject","inLanguage":"fr-FR","@id":"https:\/\/swissbaker.ch\/fr\/releve\/concours-professionnels\/swissskills\/luzern-2020\/#primaryimage","url":"https:\/\/swissbaker.ch\/wp-content\/uploads\/2022\/06\/csm_siegerinnen_web_ccbf87abf8.jpeg","contentUrl":"https:\/\/swissbaker.ch\/wp-content\/uploads\/2022\/06\/csm_siegerinnen_web_ccbf87abf8.jpeg"},{"@type":"BreadcrumbList","@id":"https:\/\/swissbaker.ch\/fr\/releve\/concours-professionnels\/swissskills\/luzern-2020\/#breadcrumb","itemListElement":[{"@type":"ListItem","position":1,"name":"","item":"https:\/\/swissbaker.ch\/fr\/"},{"@type":"ListItem","position":2,"name":"Rel\u00e8ve","item":"https:\/\/swissbaker.ch\/fr\/releve\/"},{"@type":"ListItem","position":3,"name":"Concours professionnels","item":"https:\/\/swissbaker.ch\/fr\/releve\/concours-professionnels\/"},{"@type":"ListItem","position":4,"name":"SwissSkills","item":"https:\/\/swissbaker.ch\/fr\/releve\/concours-professionnels\/swissskills\/"},{"@type":"ListItem","position":5,"name":"Lucerne 2020"}]},{"@type":"WebSite","@id":"https:\/\/swissbaker.ch\/fr\/#website","url":"https:\/\/swissbaker.ch\/fr\/","name":"SBC","description":"","publisher":{"@id":"https:\/\/swissbaker.ch\/fr\/#organization"},"potentialAction":[{"@type":"SearchAction","target":{"@type":"EntryPoint","urlTemplate":"https:\/\/swissbaker.ch\/fr\/?s={search_term_string}"},"query-input":{"@type":"PropertyValueSpecification","valueRequired":true,"valueName":"search_term_string"}}],"inLanguage":"fr-FR"},{"@type":"Organization","@id":"https:\/\/swissbaker.ch\/fr\/#organization","name":"Schweizerischer B\u00e4cker-Confiseurmeister-Verband","url":"https:\/\/swissbaker.ch\/fr\/","logo":{"@type":"ImageObject","inLanguage":"fr-FR","@id":"https:\/\/swissbaker.ch\/fr\/#\/schema\/logo\/image\/","url":"https:\/\/swissbaker.ch\/wp-content\/uploads\/2022\/04\/sbc-logo-yoast.jpg","contentUrl":"https:\/\/swissbaker.ch\/wp-content\/uploads\/2022\/04\/sbc-logo-yoast.jpg","width":512,"height":512,"caption":"Schweizerischer B\u00e4cker-Confiseurmeister-Verband"},"image":{"@id":"https:\/\/swissbaker.ch\/fr\/#\/schema\/logo\/image\/"},"sameAs":["https:\/\/www.facebook.com\/swissbaker.ch","https:\/\/x.com\/ch_swissbaker"]}]}},"_links":{"self":[{"href":"https:\/\/swissbaker.ch\/fr\/wp-json\/wp\/v2\/pages\/35627","targetHints":{"allow":["GET"]}}],"collection":[{"href":"https:\/\/swissbaker.ch\/fr\/wp-json\/wp\/v2\/pages"}],"about":[{"href":"https:\/\/swissbaker.ch\/fr\/wp-json\/wp\/v2\/types\/page"}],"author":[{"embeddable":true,"href":"https:\/\/swissbaker.ch\/fr\/wp-json\/wp\/v2\/users\/1"}],"replies":[{"embeddable":true,"href":"https:\/\/swissbaker.ch\/fr\/wp-json\/wp\/v2\/comments?post=35627"}],"version-history":[{"count":0,"href":"https:\/\/swissbaker.ch\/fr\/wp-json\/wp\/v2\/pages\/35627\/revisions"}],"up":[{"embeddable":true,"href":"https:\/\/swissbaker.ch\/fr\/wp-json\/wp\/v2\/pages\/35575"}],"wp:attachment":[{"href":"https:\/\/swissbaker.ch\/fr\/wp-json\/wp\/v2\/media?parent=35627"}],"curies":[{"name":"wp","href":"https:\/\/api.w.org\/{rel}","templated":true}]}}