{"id":35425,"date":"2022-06-03T10:28:02","date_gmt":"2022-06-03T08:28:02","guid":{"rendered":"https:\/\/swissbaker.ch\/?page_id=35425"},"modified":"2026-05-01T13:27:28","modified_gmt":"2026-05-01T11:27:28","slug":"berne-2022","status":"publish","type":"page","link":"https:\/\/swissbaker.ch\/fr\/releve\/concours-professionnels\/swissskills\/berne-2022\/","title":{"rendered":"Berne 2022"},"content":{"rendered":"\n<p><strong>Du 7 au 11 septembre 2022, les championnats suisses des m\u00e9tiers <a href=\"https:\/\/www.swiss-skills2022.ch\/fr\" target=\"_blank\" rel=\"noreferrer noopener\">SwissSkills<\/a> ont eu lieu pour la troisi\u00e8me fois \u00e0 Berne. 35 jeunes professionnels se sont affront\u00e9s pour d\u00e9crocher des titres de champions suisses dans les orientations boulangerie-p\u00e2tisserie, p\u00e2tisserie-confiserie ainsi que dans le commerce de d\u00e9tail.<\/strong><\/p>\n\n\n\n<figure class=\"wp-block-image size-large\"><img decoding=\"async\" width=\"1024\" height=\"771\" src=\"https:\/\/swissbaker.ch\/wp-content\/uploads\/2022\/09\/305936450_515496340576665_8053223188224297044_n-1024x771.jpg\" alt=\"Schweizermeisterinnen 2022\" class=\"wp-image-47653\" srcset=\"https:\/\/swissbaker.ch\/wp-content\/uploads\/2022\/09\/305936450_515496340576665_8053223188224297044_n-1024x771.jpg 1024w, https:\/\/swissbaker.ch\/wp-content\/uploads\/2022\/09\/305936450_515496340576665_8053223188224297044_n-768x578.jpg 768w, https:\/\/swissbaker.ch\/wp-content\/uploads\/2022\/09\/305936450_515496340576665_8053223188224297044_n.jpg 1440w\" sizes=\"(max-width: 1024px) 100vw, 1024px\" \/><\/figure>\n\n\n\n<p>Les nouvelles championnes suisses s&#8217;appellent L\u00e9ane Plumey (commerce de d\u00e9tail), Vera Stocker (boulangerie-p\u00e2tisserie) et Nadia Koller (p\u00e2tisserie-confiserie)<\/p>\n\n\n\n<p><a href=\"https:\/\/swissbaker.ch\/fr\/communique-de-presse\/swissskills-2022\/\" target=\"_blank\" rel=\"noreferrer noopener\"><strong>Communiqu\u00e9 de presse<\/strong><\/a><\/p>\n\n\n\n<p><a href=\"https:\/\/swissbaker.ch\/fr\/panissimo-news\/galerie\/\"><strong>Galerie de photos&#8230;\u00bb<\/strong><\/a><\/p>\n\n\n\n<h2 class=\"wp-block-heading\" id=\"h-podium-boulangerie-patisserie\">Podium boulangerie-p\u00e2tisserie<\/h2>\n\n\n\n<figure class=\"wp-block-image size-large\"><img decoding=\"async\" width=\"1024\" height=\"772\" src=\"https:\/\/swissbaker.ch\/wp-content\/uploads\/2022\/09\/swissskills_2022_podest_baeckerei-konditorei-1024x772.jpg\" alt=\"\" class=\"wp-image-47670\" srcset=\"https:\/\/swissbaker.ch\/wp-content\/uploads\/2022\/09\/swissskills_2022_podest_baeckerei-konditorei-1024x772.jpg 1024w, https:\/\/swissbaker.ch\/wp-content\/uploads\/2022\/09\/swissskills_2022_podest_baeckerei-konditorei-768x579.jpg 768w, https:\/\/swissbaker.ch\/wp-content\/uploads\/2022\/09\/swissskills_2022_podest_baeckerei-konditorei.jpg 1440w\" sizes=\"(max-width: 1024px) 100vw, 1024px\" \/><figcaption>2. Sarina Meier, 1. Vera Stocker, 3. Vanessa Wehren<\/figcaption><\/figure>\n\n\n\n<hr class=\"wp-block-separator has-alpha-channel-opacity\"\/>\n\n\n\n<h2 class=\"wp-block-heading\">Podium p\u00e2tisserie-confiserie<\/h2>\n\n\n\n<figure class=\"wp-block-image size-large\"><img decoding=\"async\" width=\"1024\" height=\"772\" src=\"https:\/\/swissbaker.ch\/wp-content\/uploads\/2022\/09\/swissskills-2022_podest_konditorei-confiserie-1024x772.jpg\" alt=\"\" class=\"wp-image-47668\" srcset=\"https:\/\/swissbaker.ch\/wp-content\/uploads\/2022\/09\/swissskills-2022_podest_konditorei-confiserie-1024x772.jpg 1024w, https:\/\/swissbaker.ch\/wp-content\/uploads\/2022\/09\/swissskills-2022_podest_konditorei-confiserie-768x579.jpg 768w, https:\/\/swissbaker.ch\/wp-content\/uploads\/2022\/09\/swissskills-2022_podest_konditorei-confiserie.jpg 1440w\" sizes=\"(max-width: 1024px) 100vw, 1024px\" \/><figcaption>2. Sina Z\u00fcger 1. Nadia Koller, 3. Bruno Schneider<\/figcaption><\/figure>\n\n\n\n<hr class=\"wp-block-separator has-alpha-channel-opacity\"\/>\n\n\n\n<h2 class=\"wp-block-heading\">Podium commerce de d\u00e9tail<\/h2>\n\n\n\n<figure class=\"wp-block-image size-large\"><img decoding=\"async\" width=\"1024\" height=\"771\" src=\"https:\/\/swissbaker.ch\/wp-content\/uploads\/2022\/09\/swissskills_2022_podest_detailhandel-1024x771.jpg\" alt=\"\" class=\"wp-image-47672\" srcset=\"https:\/\/swissbaker.ch\/wp-content\/uploads\/2022\/09\/swissskills_2022_podest_detailhandel-1024x771.jpg 1024w, https:\/\/swissbaker.ch\/wp-content\/uploads\/2022\/09\/swissskills_2022_podest_detailhandel-768x578.jpg 768w, https:\/\/swissbaker.ch\/wp-content\/uploads\/2022\/09\/swissskills_2022_podest_detailhandel.jpg 1440w\" sizes=\"(max-width: 1024px) 100vw, 1024px\" \/><figcaption>2. Jasmin Zimmermann 1. L\u00e9ane Plumey. 3. Cindy Jeannette Segessemann<\/figcaption><\/figure>\n","protected":false},"excerpt":{"rendered":"<p>Du 7 au 11 septembre 2022, les championnats suisses des m\u00e9tiers SwissSkills ont eu lieu pour la troisi\u00e8me fois \u00e0 Berne. 35 jeunes professionnels se sont affront\u00e9s pour d\u00e9crocher des titres de champions suisses dans les orientations boulangerie-p\u00e2tisserie, p\u00e2tisserie-confiserie ainsi que dans le commerce de d\u00e9tail. Les nouvelles championnes suisses s&#8217;appellent L\u00e9ane Plumey (commerce de d\u00e9tail), Vera Stocker (boulangerie-p\u00e2tisserie) et [&hellip;]<\/p>\n","protected":false},"author":1,"featured_media":46295,"parent":35575,"menu_order":0,"comment_status":"closed","ping_status":"closed","template":"","meta":{"_acf_changed":true,"footnotes":""},"class_list":["post-35425","page","type-page","status-publish","has-post-thumbnail","hentry"],"acf":[],"yoast_head":"<!-- This site is optimized with the Yoast SEO Premium plugin v26.8 (Yoast SEO v26.8) - https:\/\/yoast.com\/product\/yoast-seo-premium-wordpress\/ -->\n<title>Berne 2022 | SBC<\/title>\n<meta name=\"robots\" content=\"index, follow, max-snippet:-1, max-image-preview:large, max-video-preview:-1\" \/>\n<link rel=\"canonical\" href=\"https:\/\/swissbaker.ch\/fr\/releve\/concours-professionnels\/swissskills\/berne-2022\/\" \/>\n<meta property=\"og:locale\" content=\"fr_FR\" \/>\n<meta property=\"og:type\" content=\"article\" \/>\n<meta property=\"og:title\" content=\"Berne 2022\" \/>\n<meta property=\"og:description\" content=\"Du 7 au 11 septembre 2022, les championnats suisses des m\u00e9tiers SwissSkills ont eu lieu pour la troisi\u00e8me fois \u00e0 Berne. 35 jeunes professionnels se sont affront\u00e9s pour d\u00e9crocher des titres de champions suisses dans les orientations boulangerie-p\u00e2tisserie, p\u00e2tisserie-confiserie ainsi que dans le commerce de d\u00e9tail. Les nouvelles championnes suisses s&#8217;appellent L\u00e9ane Plumey (commerce de d\u00e9tail), Vera Stocker (boulangerie-p\u00e2tisserie) et [&hellip;]\" \/>\n<meta property=\"og:url\" content=\"https:\/\/swissbaker.ch\/fr\/releve\/concours-professionnels\/swissskills\/berne-2022\/\" \/>\n<meta property=\"og:site_name\" content=\"SBC\" \/>\n<meta property=\"article:publisher\" content=\"https:\/\/www.facebook.com\/swissbaker.ch\" \/>\n<meta property=\"article:modified_time\" content=\"2026-05-01T11:27:28+00:00\" \/>\n<meta property=\"og:image\" content=\"https:\/\/swissbaker.ch\/wp-content\/uploads\/2022\/09\/swissskills_2022_mittwoch.-5.jpg\" \/>\n\t<meta property=\"og:image:width\" content=\"1500\" \/>\n\t<meta property=\"og:image:height\" content=\"1000\" \/>\n\t<meta property=\"og:image:type\" content=\"image\/jpeg\" \/>\n<meta name=\"twitter:card\" content=\"summary_large_image\" \/>\n<meta name=\"twitter:site\" content=\"@ch_swissbaker\" \/>\n<meta name=\"twitter:label1\" content=\"Est. reading time\" \/>\n\t<meta name=\"twitter:data1\" content=\"2 minutes\" \/>\n<script type=\"application\/ld+json\" class=\"yoast-schema-graph\">{\"@context\":\"https:\/\/schema.org\",\"@graph\":[{\"@type\":\"WebPage\",\"@id\":\"https:\/\/swissbaker.ch\/fr\/releve\/concours-professionnels\/swissskills\/berne-2022\/\",\"url\":\"https:\/\/swissbaker.ch\/fr\/releve\/concours-professionnels\/swissskills\/berne-2022\/\",\"name\":\"Berne 2022 | SBC\",\"isPartOf\":{\"@id\":\"https:\/\/swissbaker.ch\/fr\/#website\"},\"primaryImageOfPage\":{\"@id\":\"https:\/\/swissbaker.ch\/fr\/releve\/concours-professionnels\/swissskills\/berne-2022\/#primaryimage\"},\"image\":{\"@id\":\"https:\/\/swissbaker.ch\/fr\/releve\/concours-professionnels\/swissskills\/berne-2022\/#primaryimage\"},\"thumbnailUrl\":\"https:\/\/swissbaker.ch\/wp-content\/uploads\/2022\/09\/swissskills_2022_mittwoch.-5.jpg\",\"datePublished\":\"2022-06-03T08:28:02+00:00\",\"dateModified\":\"2026-05-01T11:27:28+00:00\",\"breadcrumb\":{\"@id\":\"https:\/\/swissbaker.ch\/fr\/releve\/concours-professionnels\/swissskills\/berne-2022\/#breadcrumb\"},\"inLanguage\":\"fr-FR\",\"potentialAction\":[{\"@type\":\"ReadAction\",\"target\":[\"https:\/\/swissbaker.ch\/fr\/releve\/concours-professionnels\/swissskills\/berne-2022\/\"]}]},{\"@type\":\"ImageObject\",\"inLanguage\":\"fr-FR\",\"@id\":\"https:\/\/swissbaker.ch\/fr\/releve\/concours-professionnels\/swissskills\/berne-2022\/#primaryimage\",\"url\":\"https:\/\/swissbaker.ch\/wp-content\/uploads\/2022\/09\/swissskills_2022_mittwoch.-5.jpg\",\"contentUrl\":\"https:\/\/swissbaker.ch\/wp-content\/uploads\/2022\/09\/swissskills_2022_mittwoch.-5.jpg\",\"width\":1500,\"height\":1000},{\"@type\":\"BreadcrumbList\",\"@id\":\"https:\/\/swissbaker.ch\/fr\/releve\/concours-professionnels\/swissskills\/berne-2022\/#breadcrumb\",\"itemListElement\":[{\"@type\":\"ListItem\",\"position\":1,\"name\":\"\",\"item\":\"https:\/\/swissbaker.ch\/fr\/\"},{\"@type\":\"ListItem\",\"position\":2,\"name\":\"Rel\u00e8ve\",\"item\":\"https:\/\/swissbaker.ch\/fr\/releve\/\"},{\"@type\":\"ListItem\",\"position\":3,\"name\":\"Concours professionnels\",\"item\":\"https:\/\/swissbaker.ch\/fr\/releve\/concours-professionnels\/\"},{\"@type\":\"ListItem\",\"position\":4,\"name\":\"SwissSkills\",\"item\":\"https:\/\/swissbaker.ch\/fr\/releve\/concours-professionnels\/swissskills\/\"},{\"@type\":\"ListItem\",\"position\":5,\"name\":\"Berne 2022\"}]},{\"@type\":\"WebSite\",\"@id\":\"https:\/\/swissbaker.ch\/fr\/#website\",\"url\":\"https:\/\/swissbaker.ch\/fr\/\",\"name\":\"SBC\",\"description\":\"\",\"publisher\":{\"@id\":\"https:\/\/swissbaker.ch\/fr\/#organization\"},\"potentialAction\":[{\"@type\":\"SearchAction\",\"target\":{\"@type\":\"EntryPoint\",\"urlTemplate\":\"https:\/\/swissbaker.ch\/fr\/?s={search_term_string}\"},\"query-input\":{\"@type\":\"PropertyValueSpecification\",\"valueRequired\":true,\"valueName\":\"search_term_string\"}}],\"inLanguage\":\"fr-FR\"},{\"@type\":\"Organization\",\"@id\":\"https:\/\/swissbaker.ch\/fr\/#organization\",\"name\":\"Schweizerischer B\u00e4cker-Confiseurmeister-Verband\",\"url\":\"https:\/\/swissbaker.ch\/fr\/\",\"logo\":{\"@type\":\"ImageObject\",\"inLanguage\":\"fr-FR\",\"@id\":\"https:\/\/swissbaker.ch\/fr\/#\/schema\/logo\/image\/\",\"url\":\"https:\/\/swissbaker.ch\/wp-content\/uploads\/2022\/04\/sbc-logo-yoast.jpg\",\"contentUrl\":\"https:\/\/swissbaker.ch\/wp-content\/uploads\/2022\/04\/sbc-logo-yoast.jpg\",\"width\":512,\"height\":512,\"caption\":\"Schweizerischer B\u00e4cker-Confiseurmeister-Verband\"},\"image\":{\"@id\":\"https:\/\/swissbaker.ch\/fr\/#\/schema\/logo\/image\/\"},\"sameAs\":[\"https:\/\/www.facebook.com\/swissbaker.ch\",\"https:\/\/x.com\/ch_swissbaker\"]}]}<\/script>\n<!-- \/ Yoast SEO Premium plugin. -->","yoast_head_json":{"title":"Berne 2022 | SBC","robots":{"index":"index","follow":"follow","max-snippet":"max-snippet:-1","max-image-preview":"max-image-preview:large","max-video-preview":"max-video-preview:-1"},"canonical":"https:\/\/swissbaker.ch\/fr\/releve\/concours-professionnels\/swissskills\/berne-2022\/","og_locale":"fr_FR","og_type":"article","og_title":"Berne 2022","og_description":"Du 7 au 11 septembre 2022, les championnats suisses des m\u00e9tiers SwissSkills ont eu lieu pour la troisi\u00e8me fois \u00e0 Berne. 35 jeunes professionnels se sont affront\u00e9s pour d\u00e9crocher des titres de champions suisses dans les orientations boulangerie-p\u00e2tisserie, p\u00e2tisserie-confiserie ainsi que dans le commerce de d\u00e9tail. Les nouvelles championnes suisses s&#8217;appellent L\u00e9ane Plumey (commerce de d\u00e9tail), Vera Stocker (boulangerie-p\u00e2tisserie) et [&hellip;]","og_url":"https:\/\/swissbaker.ch\/fr\/releve\/concours-professionnels\/swissskills\/berne-2022\/","og_site_name":"SBC","article_publisher":"https:\/\/www.facebook.com\/swissbaker.ch","article_modified_time":"2026-05-01T11:27:28+00:00","og_image":[{"width":1500,"height":1000,"url":"https:\/\/swissbaker.ch\/wp-content\/uploads\/2022\/09\/swissskills_2022_mittwoch.-5.jpg","type":"image\/jpeg"}],"twitter_card":"summary_large_image","twitter_site":"@ch_swissbaker","twitter_misc":{"Est. reading time":"2 minutes"},"schema":{"@context":"https:\/\/schema.org","@graph":[{"@type":"WebPage","@id":"https:\/\/swissbaker.ch\/fr\/releve\/concours-professionnels\/swissskills\/berne-2022\/","url":"https:\/\/swissbaker.ch\/fr\/releve\/concours-professionnels\/swissskills\/berne-2022\/","name":"Berne 2022 | SBC","isPartOf":{"@id":"https:\/\/swissbaker.ch\/fr\/#website"},"primaryImageOfPage":{"@id":"https:\/\/swissbaker.ch\/fr\/releve\/concours-professionnels\/swissskills\/berne-2022\/#primaryimage"},"image":{"@id":"https:\/\/swissbaker.ch\/fr\/releve\/concours-professionnels\/swissskills\/berne-2022\/#primaryimage"},"thumbnailUrl":"https:\/\/swissbaker.ch\/wp-content\/uploads\/2022\/09\/swissskills_2022_mittwoch.-5.jpg","datePublished":"2022-06-03T08:28:02+00:00","dateModified":"2026-05-01T11:27:28+00:00","breadcrumb":{"@id":"https:\/\/swissbaker.ch\/fr\/releve\/concours-professionnels\/swissskills\/berne-2022\/#breadcrumb"},"inLanguage":"fr-FR","potentialAction":[{"@type":"ReadAction","target":["https:\/\/swissbaker.ch\/fr\/releve\/concours-professionnels\/swissskills\/berne-2022\/"]}]},{"@type":"ImageObject","inLanguage":"fr-FR","@id":"https:\/\/swissbaker.ch\/fr\/releve\/concours-professionnels\/swissskills\/berne-2022\/#primaryimage","url":"https:\/\/swissbaker.ch\/wp-content\/uploads\/2022\/09\/swissskills_2022_mittwoch.-5.jpg","contentUrl":"https:\/\/swissbaker.ch\/wp-content\/uploads\/2022\/09\/swissskills_2022_mittwoch.-5.jpg","width":1500,"height":1000},{"@type":"BreadcrumbList","@id":"https:\/\/swissbaker.ch\/fr\/releve\/concours-professionnels\/swissskills\/berne-2022\/#breadcrumb","itemListElement":[{"@type":"ListItem","position":1,"name":"","item":"https:\/\/swissbaker.ch\/fr\/"},{"@type":"ListItem","position":2,"name":"Rel\u00e8ve","item":"https:\/\/swissbaker.ch\/fr\/releve\/"},{"@type":"ListItem","position":3,"name":"Concours professionnels","item":"https:\/\/swissbaker.ch\/fr\/releve\/concours-professionnels\/"},{"@type":"ListItem","position":4,"name":"SwissSkills","item":"https:\/\/swissbaker.ch\/fr\/releve\/concours-professionnels\/swissskills\/"},{"@type":"ListItem","position":5,"name":"Berne 2022"}]},{"@type":"WebSite","@id":"https:\/\/swissbaker.ch\/fr\/#website","url":"https:\/\/swissbaker.ch\/fr\/","name":"SBC","description":"","publisher":{"@id":"https:\/\/swissbaker.ch\/fr\/#organization"},"potentialAction":[{"@type":"SearchAction","target":{"@type":"EntryPoint","urlTemplate":"https:\/\/swissbaker.ch\/fr\/?s={search_term_string}"},"query-input":{"@type":"PropertyValueSpecification","valueRequired":true,"valueName":"search_term_string"}}],"inLanguage":"fr-FR"},{"@type":"Organization","@id":"https:\/\/swissbaker.ch\/fr\/#organization","name":"Schweizerischer B\u00e4cker-Confiseurmeister-Verband","url":"https:\/\/swissbaker.ch\/fr\/","logo":{"@type":"ImageObject","inLanguage":"fr-FR","@id":"https:\/\/swissbaker.ch\/fr\/#\/schema\/logo\/image\/","url":"https:\/\/swissbaker.ch\/wp-content\/uploads\/2022\/04\/sbc-logo-yoast.jpg","contentUrl":"https:\/\/swissbaker.ch\/wp-content\/uploads\/2022\/04\/sbc-logo-yoast.jpg","width":512,"height":512,"caption":"Schweizerischer B\u00e4cker-Confiseurmeister-Verband"},"image":{"@id":"https:\/\/swissbaker.ch\/fr\/#\/schema\/logo\/image\/"},"sameAs":["https:\/\/www.facebook.com\/swissbaker.ch","https:\/\/x.com\/ch_swissbaker"]}]}},"_links":{"self":[{"href":"https:\/\/swissbaker.ch\/fr\/wp-json\/wp\/v2\/pages\/35425","targetHints":{"allow":["GET"]}}],"collection":[{"href":"https:\/\/swissbaker.ch\/fr\/wp-json\/wp\/v2\/pages"}],"about":[{"href":"https:\/\/swissbaker.ch\/fr\/wp-json\/wp\/v2\/types\/page"}],"author":[{"embeddable":true,"href":"https:\/\/swissbaker.ch\/fr\/wp-json\/wp\/v2\/users\/1"}],"replies":[{"embeddable":true,"href":"https:\/\/swissbaker.ch\/fr\/wp-json\/wp\/v2\/comments?post=35425"}],"version-history":[{"count":0,"href":"https:\/\/swissbaker.ch\/fr\/wp-json\/wp\/v2\/pages\/35425\/revisions"}],"up":[{"embeddable":true,"href":"https:\/\/swissbaker.ch\/fr\/wp-json\/wp\/v2\/pages\/35575"}],"wp:featuredmedia":[{"embeddable":true,"href":"https:\/\/swissbaker.ch\/fr\/wp-json\/wp\/v2\/media\/46295"}],"wp:attachment":[{"href":"https:\/\/swissbaker.ch\/fr\/wp-json\/wp\/v2\/media?parent=35425"}],"curies":[{"name":"wp","href":"https:\/\/api.w.org\/{rel}","templated":true}]}}