{"id":35292,"date":"2022-06-03T09:17:36","date_gmt":"2022-06-03T07:17:36","guid":{"rendered":"https:\/\/swissbaker.ch\/?page_id=35292"},"modified":"2025-06-20T15:02:29","modified_gmt":"2025-06-20T13:02:29","slug":"couronne-de-boulanger","status":"publish","type":"page","link":"https:\/\/swissbaker.ch\/fr\/consommateur\/couronne-de-boulanger\/","title":{"rendered":"Couronne de boulanger"},"content":{"rendered":"\n<p>Depuis 2012, la couronne boulang\u00e8re est d\u00e9cern\u00e9e chaque ann\u00e9e par l&#8217;Association suisse des patrons boulangers-confiseurs et l&#8217;Union suisse de la levure. La couronne boulang\u00e8re r\u00e9compense des membres de la BCS qui se distinguent par leurs id\u00e9es et actions sociales, \u00e9conomiques, professionnelles ou \u00e9cologiques. Outre la gloire et les honneurs, les heureux laur\u00e9ats et laur\u00e9ates gagnent une notori\u00e9t\u00e9 nationale et un joli \u00abmagot\u00bb leur permettant de r\u00e9aliser de nouveaux projets.<\/p>\n\n\n\n<h2 class=\"wp-block-heading\" id=\"h-titulaire-de-la-couronne-boulangere-2025-c-est-la-artisan-boulanger-sarl-a-grandson-vd\"><strong>Titulaire de la \u00abcouronne boulang\u00e8re 2025\u00bb c&#8217;est la Artisan Boulanger S\u00e0rl, \u00e0 Grandson (VD)<\/strong><\/h2>\n\n\n\n<p>Ses trois piliers \u2013 l\u2019authenticit\u00e9, la formation et la communication \u2013, la qualit\u00e9 irr\u00e9prochable de ses produits et l\u2019ensemble de ses activit\u00e9s entrepreneuriales ont convaincu le jury.<br><a href=\"http:\/\/ack.swiss\"><strong>ack.swiss<\/strong><\/a><\/p>\n\n\n\n<p><strong><a href=\"https:\/\/swissbaker.ch\/fr\/communique-de-presse\/la-couronne-boulangere-2025-decernee-a-ackermann-artisan-boulanger-vd\/\">Communiqu\u00e9 de presse&#8230;\u00bb<\/a><\/strong><\/p>\n\n\n<div class=\"wp-block-image\">\n<figure class=\"aligncenter size-full\"><img decoding=\"async\" width=\"604\" height=\"712\" src=\"https:\/\/swissbaker.ch\/wp-content\/uploads\/2025\/06\/ch_j-l_ackermann_baeckerkrone_2025.jpg\" alt=\"\" class=\"wp-image-121458\"\/><figcaption class=\"wp-element-caption\"><em>Christoph Ackermann avec son p\u00e8re Jean-Louis Ackermann<\/em><\/figcaption><\/figure>\n<\/div>\n\n\n<p><\/p>\n\n\n\n<h2 class=\"wp-block-heading\" id=\"h-video-de-la-remise-du-prix\">Vid\u00e9o de la remise du prix<\/h2>\n\n\n\n<figure class=\"wp-block-embed is-type-video is-provider-youtube wp-block-embed-youtube wp-embed-aspect-16-9 wp-has-aspect-ratio\"><div class=\"wp-block-embed__wrapper\">\n<iframe title=\"Verleihung der B\u00e4ckerkrone 2025 \/ Remise de la couronne boulang\u00e8re 2025\" width=\"800\" height=\"450\" src=\"https:\/\/www.youtube.com\/embed\/H6R9dZYGQmE?feature=oembed\" frameborder=\"0\" allow=\"accelerometer; autoplay; clipboard-write; encrypted-media; gyroscope; picture-in-picture; web-share\" referrerpolicy=\"strict-origin-when-cross-origin\" allowfullscreen><\/iframe>\n<\/div><\/figure>\n\n\n\n<hr class=\"wp-block-separator has-alpha-channel-opacity\"\/>\n\n\n\n<p><a href=\"https:\/\/baeckerkrone.ch\/fr\/die-gewinner\" target=\"_blank\" rel=\"noreferrer noopener\">Vous trouverez ici la liste des laur\u00e9ats et laur\u00e9ates\u2026\u00bb<\/a><\/p>\n\n\n\n<p><a href=\"https:\/\/www.baeckerkrone.ch\/fr\/\" target=\"_blank\" rel=\"noreferrer noopener\">Couronne boulang\u00e8re<\/a><\/p>\n\n\n\n<p><\/p>\n","protected":false},"excerpt":{"rendered":"<p>Depuis 2012, la couronne boulang\u00e8re est d\u00e9cern\u00e9e chaque ann\u00e9e par l&#8217;Association suisse des patrons boulangers-confiseurs et l&#8217;Union suisse de la levure. La couronne boulang\u00e8re r\u00e9compense des membres de la BCS qui se distinguent par leurs id\u00e9es et actions sociales, \u00e9conomiques, professionnelles ou \u00e9cologiques. Outre la gloire et les honneurs, les heureux laur\u00e9ats et laur\u00e9ates gagnent une notori\u00e9t\u00e9 nationale et un [&hellip;]<\/p>\n","protected":false},"author":1,"featured_media":0,"parent":31868,"menu_order":0,"comment_status":"closed","ping_status":"closed","template":"","meta":{"_acf_changed":false,"footnotes":""},"class_list":["post-35292","page","type-page","status-publish","hentry"],"acf":[],"yoast_head":"<!-- This site is optimized with the Yoast SEO Premium plugin v26.8 (Yoast SEO v26.8) - https:\/\/yoast.com\/product\/yoast-seo-premium-wordpress\/ -->\n<title>Couronne de boulanger | SBC<\/title>\n<meta name=\"description\" content=\"La couronne boulang\u00e8re est d\u00e9cern\u00e9e chaque ann\u00e9e par l&#039;Association suisse des boulangers-confiseurs et l&#039;Union suisse de la levure.\" \/>\n<meta name=\"robots\" content=\"index, follow, max-snippet:-1, max-image-preview:large, max-video-preview:-1\" \/>\n<link rel=\"canonical\" href=\"https:\/\/swissbaker.ch\/fr\/consommateur\/couronne-de-boulanger\/\" \/>\n<meta property=\"og:locale\" content=\"fr_FR\" \/>\n<meta property=\"og:type\" content=\"article\" \/>\n<meta property=\"og:title\" content=\"Couronne de boulanger\" \/>\n<meta property=\"og:description\" content=\"La couronne boulang\u00e8re est d\u00e9cern\u00e9e chaque ann\u00e9e par l&#039;Association suisse des boulangers-confiseurs et l&#039;Union suisse de la levure.\" \/>\n<meta property=\"og:url\" content=\"https:\/\/swissbaker.ch\/fr\/consommateur\/couronne-de-boulanger\/\" \/>\n<meta property=\"og:site_name\" content=\"SBC\" \/>\n<meta property=\"article:publisher\" content=\"https:\/\/www.facebook.com\/swissbaker.ch\" \/>\n<meta property=\"article:modified_time\" content=\"2025-06-20T13:02:29+00:00\" \/>\n<meta property=\"og:image\" content=\"https:\/\/swissbaker.ch\/wp-content\/uploads\/2025\/06\/ch_j-l_ackermann_baeckerkrone_2025.jpg\" \/>\n\t<meta property=\"og:image:width\" content=\"604\" \/>\n\t<meta property=\"og:image:height\" content=\"712\" \/>\n\t<meta property=\"og:image:type\" content=\"image\/jpeg\" \/>\n<meta name=\"twitter:card\" content=\"summary_large_image\" \/>\n<meta name=\"twitter:site\" content=\"@ch_swissbaker\" \/>\n<meta name=\"twitter:label1\" content=\"Est. reading time\" \/>\n\t<meta name=\"twitter:data1\" content=\"1 minute\" \/>\n<script type=\"application\/ld+json\" class=\"yoast-schema-graph\">{\"@context\":\"https:\/\/schema.org\",\"@graph\":[{\"@type\":\"WebPage\",\"@id\":\"https:\/\/swissbaker.ch\/fr\/consommateur\/couronne-de-boulanger\/\",\"url\":\"https:\/\/swissbaker.ch\/fr\/consommateur\/couronne-de-boulanger\/\",\"name\":\"Couronne de boulanger | SBC\",\"isPartOf\":{\"@id\":\"https:\/\/swissbaker.ch\/fr\/#website\"},\"primaryImageOfPage\":{\"@id\":\"https:\/\/swissbaker.ch\/fr\/consommateur\/couronne-de-boulanger\/#primaryimage\"},\"image\":{\"@id\":\"https:\/\/swissbaker.ch\/fr\/consommateur\/couronne-de-boulanger\/#primaryimage\"},\"thumbnailUrl\":\"https:\/\/swissbaker.ch\/wp-content\/uploads\/2025\/06\/ch_j-l_ackermann_baeckerkrone_2025.jpg\",\"datePublished\":\"2022-06-03T07:17:36+00:00\",\"dateModified\":\"2025-06-20T13:02:29+00:00\",\"description\":\"La couronne boulang\u00e8re est d\u00e9cern\u00e9e chaque ann\u00e9e par l'Association suisse des boulangers-confiseurs et l'Union suisse de la levure.\",\"breadcrumb\":{\"@id\":\"https:\/\/swissbaker.ch\/fr\/consommateur\/couronne-de-boulanger\/#breadcrumb\"},\"inLanguage\":\"fr-FR\",\"potentialAction\":[{\"@type\":\"ReadAction\",\"target\":[\"https:\/\/swissbaker.ch\/fr\/consommateur\/couronne-de-boulanger\/\"]}]},{\"@type\":\"ImageObject\",\"inLanguage\":\"fr-FR\",\"@id\":\"https:\/\/swissbaker.ch\/fr\/consommateur\/couronne-de-boulanger\/#primaryimage\",\"url\":\"https:\/\/swissbaker.ch\/wp-content\/uploads\/2025\/06\/ch_j-l_ackermann_baeckerkrone_2025.jpg\",\"contentUrl\":\"https:\/\/swissbaker.ch\/wp-content\/uploads\/2025\/06\/ch_j-l_ackermann_baeckerkrone_2025.jpg\"},{\"@type\":\"BreadcrumbList\",\"@id\":\"https:\/\/swissbaker.ch\/fr\/consommateur\/couronne-de-boulanger\/#breadcrumb\",\"itemListElement\":[{\"@type\":\"ListItem\",\"position\":1,\"name\":\"\",\"item\":\"https:\/\/swissbaker.ch\/fr\/\"},{\"@type\":\"ListItem\",\"position\":2,\"name\":\"Consommateur\",\"item\":\"https:\/\/swissbaker.ch\/fr\/consommateur\/\"},{\"@type\":\"ListItem\",\"position\":3,\"name\":\"Couronne de boulanger\"}]},{\"@type\":\"WebSite\",\"@id\":\"https:\/\/swissbaker.ch\/fr\/#website\",\"url\":\"https:\/\/swissbaker.ch\/fr\/\",\"name\":\"SBC\",\"description\":\"\",\"publisher\":{\"@id\":\"https:\/\/swissbaker.ch\/fr\/#organization\"},\"potentialAction\":[{\"@type\":\"SearchAction\",\"target\":{\"@type\":\"EntryPoint\",\"urlTemplate\":\"https:\/\/swissbaker.ch\/fr\/?s={search_term_string}\"},\"query-input\":{\"@type\":\"PropertyValueSpecification\",\"valueRequired\":true,\"valueName\":\"search_term_string\"}}],\"inLanguage\":\"fr-FR\"},{\"@type\":\"Organization\",\"@id\":\"https:\/\/swissbaker.ch\/fr\/#organization\",\"name\":\"Schweizerischer B\u00e4cker-Confiseurmeister-Verband\",\"url\":\"https:\/\/swissbaker.ch\/fr\/\",\"logo\":{\"@type\":\"ImageObject\",\"inLanguage\":\"fr-FR\",\"@id\":\"https:\/\/swissbaker.ch\/fr\/#\/schema\/logo\/image\/\",\"url\":\"https:\/\/swissbaker.ch\/wp-content\/uploads\/2022\/04\/sbc-logo-yoast.jpg\",\"contentUrl\":\"https:\/\/swissbaker.ch\/wp-content\/uploads\/2022\/04\/sbc-logo-yoast.jpg\",\"width\":512,\"height\":512,\"caption\":\"Schweizerischer B\u00e4cker-Confiseurmeister-Verband\"},\"image\":{\"@id\":\"https:\/\/swissbaker.ch\/fr\/#\/schema\/logo\/image\/\"},\"sameAs\":[\"https:\/\/www.facebook.com\/swissbaker.ch\",\"https:\/\/x.com\/ch_swissbaker\"]}]}<\/script>\n<!-- \/ Yoast SEO Premium plugin. -->","yoast_head_json":{"title":"Couronne de boulanger | SBC","description":"La couronne boulang\u00e8re est d\u00e9cern\u00e9e chaque ann\u00e9e par l'Association suisse des boulangers-confiseurs et l'Union suisse de la levure.","robots":{"index":"index","follow":"follow","max-snippet":"max-snippet:-1","max-image-preview":"max-image-preview:large","max-video-preview":"max-video-preview:-1"},"canonical":"https:\/\/swissbaker.ch\/fr\/consommateur\/couronne-de-boulanger\/","og_locale":"fr_FR","og_type":"article","og_title":"Couronne de boulanger","og_description":"La couronne boulang\u00e8re est d\u00e9cern\u00e9e chaque ann\u00e9e par l'Association suisse des boulangers-confiseurs et l'Union suisse de la levure.","og_url":"https:\/\/swissbaker.ch\/fr\/consommateur\/couronne-de-boulanger\/","og_site_name":"SBC","article_publisher":"https:\/\/www.facebook.com\/swissbaker.ch","article_modified_time":"2025-06-20T13:02:29+00:00","og_image":[{"width":604,"height":712,"url":"https:\/\/swissbaker.ch\/wp-content\/uploads\/2025\/06\/ch_j-l_ackermann_baeckerkrone_2025.jpg","type":"image\/jpeg"}],"twitter_card":"summary_large_image","twitter_site":"@ch_swissbaker","twitter_misc":{"Est. reading time":"1 minute"},"schema":{"@context":"https:\/\/schema.org","@graph":[{"@type":"WebPage","@id":"https:\/\/swissbaker.ch\/fr\/consommateur\/couronne-de-boulanger\/","url":"https:\/\/swissbaker.ch\/fr\/consommateur\/couronne-de-boulanger\/","name":"Couronne de boulanger | SBC","isPartOf":{"@id":"https:\/\/swissbaker.ch\/fr\/#website"},"primaryImageOfPage":{"@id":"https:\/\/swissbaker.ch\/fr\/consommateur\/couronne-de-boulanger\/#primaryimage"},"image":{"@id":"https:\/\/swissbaker.ch\/fr\/consommateur\/couronne-de-boulanger\/#primaryimage"},"thumbnailUrl":"https:\/\/swissbaker.ch\/wp-content\/uploads\/2025\/06\/ch_j-l_ackermann_baeckerkrone_2025.jpg","datePublished":"2022-06-03T07:17:36+00:00","dateModified":"2025-06-20T13:02:29+00:00","description":"La couronne boulang\u00e8re est d\u00e9cern\u00e9e chaque ann\u00e9e par l'Association suisse des boulangers-confiseurs et l'Union suisse de la levure.","breadcrumb":{"@id":"https:\/\/swissbaker.ch\/fr\/consommateur\/couronne-de-boulanger\/#breadcrumb"},"inLanguage":"fr-FR","potentialAction":[{"@type":"ReadAction","target":["https:\/\/swissbaker.ch\/fr\/consommateur\/couronne-de-boulanger\/"]}]},{"@type":"ImageObject","inLanguage":"fr-FR","@id":"https:\/\/swissbaker.ch\/fr\/consommateur\/couronne-de-boulanger\/#primaryimage","url":"https:\/\/swissbaker.ch\/wp-content\/uploads\/2025\/06\/ch_j-l_ackermann_baeckerkrone_2025.jpg","contentUrl":"https:\/\/swissbaker.ch\/wp-content\/uploads\/2025\/06\/ch_j-l_ackermann_baeckerkrone_2025.jpg"},{"@type":"BreadcrumbList","@id":"https:\/\/swissbaker.ch\/fr\/consommateur\/couronne-de-boulanger\/#breadcrumb","itemListElement":[{"@type":"ListItem","position":1,"name":"","item":"https:\/\/swissbaker.ch\/fr\/"},{"@type":"ListItem","position":2,"name":"Consommateur","item":"https:\/\/swissbaker.ch\/fr\/consommateur\/"},{"@type":"ListItem","position":3,"name":"Couronne de boulanger"}]},{"@type":"WebSite","@id":"https:\/\/swissbaker.ch\/fr\/#website","url":"https:\/\/swissbaker.ch\/fr\/","name":"SBC","description":"","publisher":{"@id":"https:\/\/swissbaker.ch\/fr\/#organization"},"potentialAction":[{"@type":"SearchAction","target":{"@type":"EntryPoint","urlTemplate":"https:\/\/swissbaker.ch\/fr\/?s={search_term_string}"},"query-input":{"@type":"PropertyValueSpecification","valueRequired":true,"valueName":"search_term_string"}}],"inLanguage":"fr-FR"},{"@type":"Organization","@id":"https:\/\/swissbaker.ch\/fr\/#organization","name":"Schweizerischer B\u00e4cker-Confiseurmeister-Verband","url":"https:\/\/swissbaker.ch\/fr\/","logo":{"@type":"ImageObject","inLanguage":"fr-FR","@id":"https:\/\/swissbaker.ch\/fr\/#\/schema\/logo\/image\/","url":"https:\/\/swissbaker.ch\/wp-content\/uploads\/2022\/04\/sbc-logo-yoast.jpg","contentUrl":"https:\/\/swissbaker.ch\/wp-content\/uploads\/2022\/04\/sbc-logo-yoast.jpg","width":512,"height":512,"caption":"Schweizerischer B\u00e4cker-Confiseurmeister-Verband"},"image":{"@id":"https:\/\/swissbaker.ch\/fr\/#\/schema\/logo\/image\/"},"sameAs":["https:\/\/www.facebook.com\/swissbaker.ch","https:\/\/x.com\/ch_swissbaker"]}]}},"_links":{"self":[{"href":"https:\/\/swissbaker.ch\/fr\/wp-json\/wp\/v2\/pages\/35292","targetHints":{"allow":["GET"]}}],"collection":[{"href":"https:\/\/swissbaker.ch\/fr\/wp-json\/wp\/v2\/pages"}],"about":[{"href":"https:\/\/swissbaker.ch\/fr\/wp-json\/wp\/v2\/types\/page"}],"author":[{"embeddable":true,"href":"https:\/\/swissbaker.ch\/fr\/wp-json\/wp\/v2\/users\/1"}],"replies":[{"embeddable":true,"href":"https:\/\/swissbaker.ch\/fr\/wp-json\/wp\/v2\/comments?post=35292"}],"version-history":[{"count":0,"href":"https:\/\/swissbaker.ch\/fr\/wp-json\/wp\/v2\/pages\/35292\/revisions"}],"up":[{"embeddable":true,"href":"https:\/\/swissbaker.ch\/fr\/wp-json\/wp\/v2\/pages\/31868"}],"wp:attachment":[{"href":"https:\/\/swissbaker.ch\/fr\/wp-json\/wp\/v2\/media?parent=35292"}],"curies":[{"name":"wp","href":"https:\/\/api.w.org\/{rel}","templated":true}]}}