{"id":32468,"date":"2022-04-25T11:38:12","date_gmt":"2022-04-25T09:38:12","guid":{"rendered":"https:\/\/swissbaker.ch\/?page_id=32468"},"modified":"2025-09-22T09:09:51","modified_gmt":"2025-09-22T07:09:51","slug":"concours-professionnels","status":"publish","type":"page","link":"https:\/\/swissbaker.ch\/fr\/releve\/concours-professionnels\/","title":{"rendered":"Concours professionnels"},"content":{"rendered":"\n<figure class=\"wp-block-image size-full\"><img decoding=\"async\" width=\"551\" height=\"309\" src=\"https:\/\/swissbaker.ch\/wp-content\/uploads\/2022\/06\/csm_wettkaempfe_titel_1019ae4db7.jpg\" alt=\"\" class=\"wp-image-38333\"\/><\/figure>\n\n\n\n<p>Les <a href=\"https:\/\/www.swiss-skills.ch\/fr\" target=\"_blank\" rel=\"noreferrer noopener\">SwissSkills<\/a>, les championnats suisses des m\u00e9tiers, sont l&#8217;occasion pour les jeunes talents ambitieux de se mesurer les uns aux autres. \u00c9galement en lice, les meilleurs et meilleures des m\u00e9tiers de la boulangerie-p\u00e2tisserie-confiserie sont s\u00e9lectionn\u00e9s en vue de briguer le titre de \u00abchampion ou championne suisse\u00bb dans les cat\u00e9gories boulanger-p\u00e2tissier\/boulang\u00e8re-p\u00e2tissi\u00e8re, p\u00e2tissier-confiseur\/p\u00e2tissi\u00e8re-confiseuse et gestionnaire du commerce de d\u00e9tail.<\/p>\n\n\n\n<p><a href=\"https:\/\/swissbaker.ch\/fr\/berne-2025\/\" target=\"_blank\" rel=\"noreferrer noopener\">Les championnes suisses actuelles\u2026\u00bb<\/a><\/p>\n\n\n\n<hr class=\"wp-block-separator has-alpha-channel-opacity\"\/>\n\n\n\n<p>Les choses deviennent passionnantes lorsque la rel\u00e8ve entre en lice lors des championnats du monde des m\u00e9tiers, les <a href=\"https:\/\/worldskills.org\/\" target=\"_blank\" rel=\"noreferrer noopener\">WorldSkills<\/a>&nbsp;. La Suisse est \u00e9galement repr\u00e9sent\u00e9e \u2013 avec succ\u00e8s&nbsp;\u2013 dans les cat\u00e9gories <em>bakery<\/em> et <em>p\u00e2tisserie and confectionery<\/em>! Les repr\u00e9sentants et repr\u00e9sentantes suisses ont d\u00e9j\u00e0 remport\u00e9 plusieurs m\u00e9dailles et titres de champion ou championne du monde. Ce fut notamment le cas lors des derniers WorldSkills 2022 \u00e0 Lucerne.<\/p>\n\n\n\n<p><a href=\"https:\/\/swissbaker.ch\/fr\/releve\/concours-professionnels\/worldskills\/shanghai-2022\/\">Juliana Th\u00f6ny a remport\u00e9 la m\u00e9daille d&#8217;or et Vera Stocker celle de bronze\u2026\u00bb<\/a><\/p>\n\n\n\n<figure class=\"wp-block-image size-large\"><img decoding=\"async\" width=\"1024\" height=\"608\" src=\"https:\/\/swissbaker.ch\/wp-content\/uploads\/2022\/10\/19_2_worldskills_2022_stocker_weber-1024x608.jpg\" alt=\"\" class=\"wp-image-51280\" srcset=\"https:\/\/swissbaker.ch\/wp-content\/uploads\/2022\/10\/19_2_worldskills_2022_stocker_weber-1024x608.jpg 1024w, https:\/\/swissbaker.ch\/wp-content\/uploads\/2022\/10\/19_2_worldskills_2022_stocker_weber-768x456.jpg 768w, https:\/\/swissbaker.ch\/wp-content\/uploads\/2022\/10\/19_2_worldskills_2022_stocker_weber.jpg 1200w\" sizes=\"(max-width: 1024px) 100vw, 1024px\" \/><figcaption class=\"wp-element-caption\"><em>Vera Stocker et Juliana Th\u00f6ny ont brill\u00e9 lors de la WorldSkills Competition 2022 \u00e0 Lucerne !<\/em><\/figcaption><\/figure>\n\n\n\n<p><strong>Derniers concours en date:<\/strong><\/p>\n\n\n\n<ul class=\"wp-block-list\">\n<li><a href=\"https:\/\/swissbaker.ch\/fr\/berne-2025\/\">SwissSkills Berne 2025<\/a><\/li>\n\n\n\n<li><a href=\"https:\/\/swissbaker.ch\/fr\/worldskills-lyon-2024\/\" target=\"_blank\" rel=\"noreferrer noopener\">WorldSkills Lyon 2024<\/a><\/li>\n\n\n\n<li><a href=\"https:\/\/swissbaker.ch\/fr\/releve\/concoursprofessionnels\/swissskills\/lucerne-2023\/\">SwissSkills Lucerne 2023<\/a><\/li>\n<\/ul>\n","protected":false},"excerpt":{"rendered":"<p>Les SwissSkills, les championnats suisses des m\u00e9tiers, sont l&#8217;occasion pour les jeunes talents ambitieux de se mesurer les uns aux autres. \u00c9galement en lice, les meilleurs et meilleures des m\u00e9tiers de la boulangerie-p\u00e2tisserie-confiserie sont s\u00e9lectionn\u00e9s en vue de briguer le titre de \u00abchampion ou championne suisse\u00bb dans les cat\u00e9gories boulanger-p\u00e2tissier\/boulang\u00e8re-p\u00e2tissi\u00e8re, p\u00e2tissier-confiseur\/p\u00e2tissi\u00e8re-confiseuse et gestionnaire du commerce de d\u00e9tail. Les championnes suisses [&hellip;]<\/p>\n","protected":false},"author":1,"featured_media":0,"parent":32364,"menu_order":0,"comment_status":"closed","ping_status":"closed","template":"","meta":{"_acf_changed":false,"footnotes":""},"class_list":["post-32468","page","type-page","status-publish","hentry"],"acf":[],"yoast_head":"<!-- This site is optimized with the Yoast SEO Premium plugin v26.8 (Yoast SEO v26.8) - https:\/\/yoast.com\/product\/yoast-seo-premium-wordpress\/ -->\n<title>Concours professionnels | SBC<\/title>\n<meta name=\"description\" content=\"La rel\u00e8ve se mesure r\u00e9guli\u00e8rement lors des SwissSkills nationaux et des WorldSkills internationaux.\" \/>\n<meta name=\"robots\" content=\"index, follow, max-snippet:-1, max-image-preview:large, max-video-preview:-1\" \/>\n<link rel=\"canonical\" href=\"https:\/\/swissbaker.ch\/fr\/releve\/concours-professionnels\/\" \/>\n<meta property=\"og:locale\" content=\"fr_FR\" \/>\n<meta property=\"og:type\" content=\"article\" \/>\n<meta property=\"og:title\" content=\"Concours professionnels\" \/>\n<meta property=\"og:description\" content=\"La rel\u00e8ve se mesure r\u00e9guli\u00e8rement lors des SwissSkills nationaux et des WorldSkills internationaux.\" \/>\n<meta property=\"og:url\" content=\"https:\/\/swissbaker.ch\/fr\/releve\/concours-professionnels\/\" \/>\n<meta property=\"og:site_name\" content=\"SBC\" \/>\n<meta property=\"article:publisher\" content=\"https:\/\/www.facebook.com\/swissbaker.ch\" \/>\n<meta property=\"article:modified_time\" content=\"2025-09-22T07:09:51+00:00\" \/>\n<meta property=\"og:image\" content=\"https:\/\/swissbaker.ch\/wp-content\/uploads\/2022\/06\/csm_wettkaempfe_titel_1019ae4db7.jpg\" \/>\n\t<meta property=\"og:image:width\" content=\"551\" \/>\n\t<meta property=\"og:image:height\" content=\"309\" \/>\n\t<meta property=\"og:image:type\" content=\"image\/jpeg\" \/>\n<meta name=\"twitter:card\" content=\"summary_large_image\" \/>\n<meta name=\"twitter:site\" content=\"@ch_swissbaker\" \/>\n<meta name=\"twitter:label1\" content=\"Est. reading time\" \/>\n\t<meta name=\"twitter:data1\" content=\"2 minutes\" \/>\n<script type=\"application\/ld+json\" class=\"yoast-schema-graph\">{\"@context\":\"https:\/\/schema.org\",\"@graph\":[{\"@type\":\"WebPage\",\"@id\":\"https:\/\/swissbaker.ch\/fr\/releve\/concours-professionnels\/\",\"url\":\"https:\/\/swissbaker.ch\/fr\/releve\/concours-professionnels\/\",\"name\":\"Concours professionnels | SBC\",\"isPartOf\":{\"@id\":\"https:\/\/swissbaker.ch\/fr\/#website\"},\"primaryImageOfPage\":{\"@id\":\"https:\/\/swissbaker.ch\/fr\/releve\/concours-professionnels\/#primaryimage\"},\"image\":{\"@id\":\"https:\/\/swissbaker.ch\/fr\/releve\/concours-professionnels\/#primaryimage\"},\"thumbnailUrl\":\"https:\/\/swissbaker.ch\/wp-content\/uploads\/2022\/06\/csm_wettkaempfe_titel_1019ae4db7.jpg\",\"datePublished\":\"2022-04-25T09:38:12+00:00\",\"dateModified\":\"2025-09-22T07:09:51+00:00\",\"description\":\"La rel\u00e8ve se mesure r\u00e9guli\u00e8rement lors des SwissSkills nationaux et des WorldSkills internationaux.\",\"breadcrumb\":{\"@id\":\"https:\/\/swissbaker.ch\/fr\/releve\/concours-professionnels\/#breadcrumb\"},\"inLanguage\":\"fr-FR\",\"potentialAction\":[{\"@type\":\"ReadAction\",\"target\":[\"https:\/\/swissbaker.ch\/fr\/releve\/concours-professionnels\/\"]}]},{\"@type\":\"ImageObject\",\"inLanguage\":\"fr-FR\",\"@id\":\"https:\/\/swissbaker.ch\/fr\/releve\/concours-professionnels\/#primaryimage\",\"url\":\"https:\/\/swissbaker.ch\/wp-content\/uploads\/2022\/06\/csm_wettkaempfe_titel_1019ae4db7.jpg\",\"contentUrl\":\"https:\/\/swissbaker.ch\/wp-content\/uploads\/2022\/06\/csm_wettkaempfe_titel_1019ae4db7.jpg\"},{\"@type\":\"BreadcrumbList\",\"@id\":\"https:\/\/swissbaker.ch\/fr\/releve\/concours-professionnels\/#breadcrumb\",\"itemListElement\":[{\"@type\":\"ListItem\",\"position\":1,\"name\":\"\",\"item\":\"https:\/\/swissbaker.ch\/fr\/\"},{\"@type\":\"ListItem\",\"position\":2,\"name\":\"Rel\u00e8ve\",\"item\":\"https:\/\/swissbaker.ch\/fr\/releve\/\"},{\"@type\":\"ListItem\",\"position\":3,\"name\":\"Concours professionnels\"}]},{\"@type\":\"WebSite\",\"@id\":\"https:\/\/swissbaker.ch\/fr\/#website\",\"url\":\"https:\/\/swissbaker.ch\/fr\/\",\"name\":\"SBC\",\"description\":\"\",\"publisher\":{\"@id\":\"https:\/\/swissbaker.ch\/fr\/#organization\"},\"potentialAction\":[{\"@type\":\"SearchAction\",\"target\":{\"@type\":\"EntryPoint\",\"urlTemplate\":\"https:\/\/swissbaker.ch\/fr\/?s={search_term_string}\"},\"query-input\":{\"@type\":\"PropertyValueSpecification\",\"valueRequired\":true,\"valueName\":\"search_term_string\"}}],\"inLanguage\":\"fr-FR\"},{\"@type\":\"Organization\",\"@id\":\"https:\/\/swissbaker.ch\/fr\/#organization\",\"name\":\"Schweizerischer B\u00e4cker-Confiseurmeister-Verband\",\"url\":\"https:\/\/swissbaker.ch\/fr\/\",\"logo\":{\"@type\":\"ImageObject\",\"inLanguage\":\"fr-FR\",\"@id\":\"https:\/\/swissbaker.ch\/fr\/#\/schema\/logo\/image\/\",\"url\":\"https:\/\/swissbaker.ch\/wp-content\/uploads\/2022\/04\/sbc-logo-yoast.jpg\",\"contentUrl\":\"https:\/\/swissbaker.ch\/wp-content\/uploads\/2022\/04\/sbc-logo-yoast.jpg\",\"width\":512,\"height\":512,\"caption\":\"Schweizerischer B\u00e4cker-Confiseurmeister-Verband\"},\"image\":{\"@id\":\"https:\/\/swissbaker.ch\/fr\/#\/schema\/logo\/image\/\"},\"sameAs\":[\"https:\/\/www.facebook.com\/swissbaker.ch\",\"https:\/\/x.com\/ch_swissbaker\"]}]}<\/script>\n<!-- \/ Yoast SEO Premium plugin. -->","yoast_head_json":{"title":"Concours professionnels | SBC","description":"La rel\u00e8ve se mesure r\u00e9guli\u00e8rement lors des SwissSkills nationaux et des WorldSkills internationaux.","robots":{"index":"index","follow":"follow","max-snippet":"max-snippet:-1","max-image-preview":"max-image-preview:large","max-video-preview":"max-video-preview:-1"},"canonical":"https:\/\/swissbaker.ch\/fr\/releve\/concours-professionnels\/","og_locale":"fr_FR","og_type":"article","og_title":"Concours professionnels","og_description":"La rel\u00e8ve se mesure r\u00e9guli\u00e8rement lors des SwissSkills nationaux et des WorldSkills internationaux.","og_url":"https:\/\/swissbaker.ch\/fr\/releve\/concours-professionnels\/","og_site_name":"SBC","article_publisher":"https:\/\/www.facebook.com\/swissbaker.ch","article_modified_time":"2025-09-22T07:09:51+00:00","og_image":[{"width":551,"height":309,"url":"https:\/\/swissbaker.ch\/wp-content\/uploads\/2022\/06\/csm_wettkaempfe_titel_1019ae4db7.jpg","type":"image\/jpeg"}],"twitter_card":"summary_large_image","twitter_site":"@ch_swissbaker","twitter_misc":{"Est. reading time":"2 minutes"},"schema":{"@context":"https:\/\/schema.org","@graph":[{"@type":"WebPage","@id":"https:\/\/swissbaker.ch\/fr\/releve\/concours-professionnels\/","url":"https:\/\/swissbaker.ch\/fr\/releve\/concours-professionnels\/","name":"Concours professionnels | SBC","isPartOf":{"@id":"https:\/\/swissbaker.ch\/fr\/#website"},"primaryImageOfPage":{"@id":"https:\/\/swissbaker.ch\/fr\/releve\/concours-professionnels\/#primaryimage"},"image":{"@id":"https:\/\/swissbaker.ch\/fr\/releve\/concours-professionnels\/#primaryimage"},"thumbnailUrl":"https:\/\/swissbaker.ch\/wp-content\/uploads\/2022\/06\/csm_wettkaempfe_titel_1019ae4db7.jpg","datePublished":"2022-04-25T09:38:12+00:00","dateModified":"2025-09-22T07:09:51+00:00","description":"La rel\u00e8ve se mesure r\u00e9guli\u00e8rement lors des SwissSkills nationaux et des WorldSkills internationaux.","breadcrumb":{"@id":"https:\/\/swissbaker.ch\/fr\/releve\/concours-professionnels\/#breadcrumb"},"inLanguage":"fr-FR","potentialAction":[{"@type":"ReadAction","target":["https:\/\/swissbaker.ch\/fr\/releve\/concours-professionnels\/"]}]},{"@type":"ImageObject","inLanguage":"fr-FR","@id":"https:\/\/swissbaker.ch\/fr\/releve\/concours-professionnels\/#primaryimage","url":"https:\/\/swissbaker.ch\/wp-content\/uploads\/2022\/06\/csm_wettkaempfe_titel_1019ae4db7.jpg","contentUrl":"https:\/\/swissbaker.ch\/wp-content\/uploads\/2022\/06\/csm_wettkaempfe_titel_1019ae4db7.jpg"},{"@type":"BreadcrumbList","@id":"https:\/\/swissbaker.ch\/fr\/releve\/concours-professionnels\/#breadcrumb","itemListElement":[{"@type":"ListItem","position":1,"name":"","item":"https:\/\/swissbaker.ch\/fr\/"},{"@type":"ListItem","position":2,"name":"Rel\u00e8ve","item":"https:\/\/swissbaker.ch\/fr\/releve\/"},{"@type":"ListItem","position":3,"name":"Concours professionnels"}]},{"@type":"WebSite","@id":"https:\/\/swissbaker.ch\/fr\/#website","url":"https:\/\/swissbaker.ch\/fr\/","name":"SBC","description":"","publisher":{"@id":"https:\/\/swissbaker.ch\/fr\/#organization"},"potentialAction":[{"@type":"SearchAction","target":{"@type":"EntryPoint","urlTemplate":"https:\/\/swissbaker.ch\/fr\/?s={search_term_string}"},"query-input":{"@type":"PropertyValueSpecification","valueRequired":true,"valueName":"search_term_string"}}],"inLanguage":"fr-FR"},{"@type":"Organization","@id":"https:\/\/swissbaker.ch\/fr\/#organization","name":"Schweizerischer B\u00e4cker-Confiseurmeister-Verband","url":"https:\/\/swissbaker.ch\/fr\/","logo":{"@type":"ImageObject","inLanguage":"fr-FR","@id":"https:\/\/swissbaker.ch\/fr\/#\/schema\/logo\/image\/","url":"https:\/\/swissbaker.ch\/wp-content\/uploads\/2022\/04\/sbc-logo-yoast.jpg","contentUrl":"https:\/\/swissbaker.ch\/wp-content\/uploads\/2022\/04\/sbc-logo-yoast.jpg","width":512,"height":512,"caption":"Schweizerischer B\u00e4cker-Confiseurmeister-Verband"},"image":{"@id":"https:\/\/swissbaker.ch\/fr\/#\/schema\/logo\/image\/"},"sameAs":["https:\/\/www.facebook.com\/swissbaker.ch","https:\/\/x.com\/ch_swissbaker"]}]}},"_links":{"self":[{"href":"https:\/\/swissbaker.ch\/fr\/wp-json\/wp\/v2\/pages\/32468","targetHints":{"allow":["GET"]}}],"collection":[{"href":"https:\/\/swissbaker.ch\/fr\/wp-json\/wp\/v2\/pages"}],"about":[{"href":"https:\/\/swissbaker.ch\/fr\/wp-json\/wp\/v2\/types\/page"}],"author":[{"embeddable":true,"href":"https:\/\/swissbaker.ch\/fr\/wp-json\/wp\/v2\/users\/1"}],"replies":[{"embeddable":true,"href":"https:\/\/swissbaker.ch\/fr\/wp-json\/wp\/v2\/comments?post=32468"}],"version-history":[{"count":0,"href":"https:\/\/swissbaker.ch\/fr\/wp-json\/wp\/v2\/pages\/32468\/revisions"}],"up":[{"embeddable":true,"href":"https:\/\/swissbaker.ch\/fr\/wp-json\/wp\/v2\/pages\/32364"}],"wp:attachment":[{"href":"https:\/\/swissbaker.ch\/fr\/wp-json\/wp\/v2\/media?parent=32468"}],"curies":[{"name":"wp","href":"https:\/\/api.w.org\/{rel}","templated":true}]}}