{"id":32308,"date":"2022-04-25T13:29:03","date_gmt":"2022-04-25T11:29:03","guid":{"rendered":"https:\/\/swissbaker.ch\/?page_id=32308"},"modified":"2025-08-19T13:57:47","modified_gmt":"2025-08-19T11:57:47","slug":"associations-regionales","status":"publish","type":"page","link":"https:\/\/swissbaker.ch\/fr\/liens\/associations-regionales\/","title":{"rendered":"Associations r\u00e9gionales"},"content":{"rendered":"\n<h2 class=\"wp-block-heading\" id=\"h-associations-interregionales\">Associations interr\u00e9gionales:<\/h2>\n\n\n\n<p><strong>B\u00e4cker-Confiseure Bern-Solothurn<\/strong><br><a href=\"http:\/\/www.baecker-confiseure.be\/\" target=\"_blank\" rel=\"noreferrer noopener\">www.baecker-confiseure.be&nbsp;<\/a><\/p>\n\n\n\n<p><strong>Ob- und Nidwaldner B\u00e4cker-Confiseurenverband<\/strong><br>Pr\u00e4sidentin: Regina Gut, <a href=\"mailto:regina@guts-genuss.ch\">regina@guts-genuss.ch<\/a><\/p>\n\n\n\n<p><strong>Ostschweizer B\u00e4cker-Confiseure<\/strong><br>(Appenzell a.R., Appenzell i.R., Glarus, Graub\u00fcnden, F\u00fcrstentum Liechtenstein, St.-Gallen, Thurgau)<br><a href=\"http:\/\/www.obc.ch\/\" target=\"_blank\" rel=\"noreferrer noopener\">www.obc.ch&nbsp;<\/a><\/p>\n\n\n\n<p><strong>B\u00e4cker- und Confiseurmeister-Verband der Kantone Schwyz und Zug<\/strong><br><a href=\"http:\/\/www.baecker-confiseure.ch\/\" target=\"_blank\" rel=\"noreferrer noopener\">www.baecker-confiseure.ch&nbsp;<\/a><\/p>\n\n\n\n<p><strong>Association romande des artisans boulangers-p\u00e2tissiers&nbsp;<br><\/strong><a href=\"http:\/\/www.lepain.ch\/\" target=\"_blank\" rel=\"noreferrer noopener\">www.lepain.ch&nbsp;<\/a><br><\/p>\n\n\n\n<h2 class=\"wp-block-heading\" id=\"h-associations-cantonales\">Associations cantonales:<\/h2>\n\n\n\n<p><strong>Aargauer B\u00e4cker-Confiseurmeister-Verband&nbsp;<\/strong><br><a href=\"http:\/\/www.aargauer-beck.ch\/\" target=\"_blank\" rel=\"noreferrer noopener\">www.aargauer-beck.ch&nbsp;<\/a><\/p>\n\n\n\n<p><strong>B\u00e4cker-Confiseure Regio Basel<\/strong><br><a href=\"http:\/\/www.bcrb.info\" target=\"_blank\" rel=\"noreferrer noopener\">www.bcrb.info<\/a><strong>&nbsp;\/&nbsp;<\/strong><a href=\"mailto:d.forny@gewerbe-basel.ch\">d.forny@gewerbe-basel.ch<\/a><\/p>\n\n\n\n<p><strong>Association des artisans boulangers-p\u00e2tissiers-confiseurs du canton de Fribourg<\/strong><br><a href=\"http:\/\/www.federation-patronale.ch\/\" target=\"_blank\" rel=\"noreferrer noopener\">www.federation-patronale.ch<\/a>&nbsp; \/&nbsp;<a href=\"mailto:oberson@federation-patronale.ch\">oberson@federation-patronale.ch<\/a>&nbsp;<\/p>\n\n\n\n<p><strong>Artisans Boulangers-P\u00e2tissiers du canton de Gen\u00e8ve&nbsp;<\/strong><br><a href=\"http:\/\/www.abcge.ch\/\" target=\"_blank\" rel=\"noreferrer noopener\">www.abcge.ch&nbsp;<\/a><\/p>\n\n\n\n<p><strong>Association jurassienne des artisans boulangers-p\u00e2tissiers-confiseurs<\/strong><br>Kontakt: Nicole Corso:&nbsp;<a href=\"mailto:ajabpc@bluewin.ch\">ajabpc@bluewin.ch<\/a><\/p>\n\n\n\n<p><strong>B\u00e4cker-Confiseurmeister-Verband&nbsp;Kanton Luzern<\/strong><br><a href=\"https:\/\/www.bcvlu.ch\/\" target=\"_blank\" rel=\"noreferrer noopener\">www.bcvlu.ch<\/a><\/p>\n\n\n\n<p><strong>Association des Artisans Boulangers-P\u00e2tissiers-Confiseurs<br>du canton de Neuch\u00e2tel<\/strong><br><a href=\"https:\/\/fer-ne.ch\/a-propos\/associations-professionnelles\/aabpc\/\">https:\/\/fer-ne.ch\/a-propos\/associations-professionnelles\/aabpc\/<\/a><\/p>\n\n\n\n<p><strong>B\u00e4cker-Konditor-Confiseurmeister-Verband der Region Schaffhausen<\/strong><br>Pr\u00e4sident: Andr\u00e9 M\u00fcller-Roost,&nbsp;<a href=\"mailto:andre.mueller@muellerbeck.ch\">andre.mueller@muellerbeck.ch<\/a><\/p>\n\n\n\n<p><strong><strong>Societ\u00e0 Mastri Panettieri Pasticcieri Confettieri del Canton Ticino<\/strong><\/strong><br><a href=\"http:\/\/www.smppc.ch\" target=\"_blank\" rel=\"noreferrer noopener\">www.smppc.ch<\/a><\/p>\n\n\n\n<p><strong>B\u00e4ckermeister-Verband Uri&nbsp;<\/strong><br><a href=\"http:\/\/www.urner-baecker.ch\/\" target=\"_blank\" rel=\"noreferrer noopener\">www.urner-baecker.ch<\/a><\/p>\n\n\n\n<p><strong>Les Artisans Boulangers-P\u00e2tissiers du Canton de Vaud<\/strong>&nbsp;<br><a href=\"http:\/\/www.boulangerie-vd.ch\/\" target=\"_blank\" rel=\"noreferrer noopener\">www.boulangerie-vd.ch&nbsp;<\/a><\/p>\n\n\n\n<p><strong>Walliser B\u00e4cker-, Konditoren- und Confiseurmeisterverband&nbsp;<br>Association valaisanne des artisans boulangers-p\u00e2tissiers-confiseurs&nbsp;<\/strong><br><a href=\"http:\/\/www.boulangers-vs.ch\/\" target=\"_blank\" rel=\"noreferrer noopener\">www.boulangers-vs.ch&nbsp;<\/a><\/p>\n\n\n\n<p><strong>B\u00e4cker-Confiseurmeister-Verband des Kantons Z\u00fcrich<\/strong><br><a href=\"http:\/\/www.zhbc.ch\/\" target=\"_blank\" rel=\"noreferrer noopener\">www.zhbc.ch&nbsp;<\/a><\/p>\n","protected":false},"excerpt":{"rendered":"<p>Associations interr\u00e9gionales: B\u00e4cker-Confiseure Bern-Solothurnwww.baecker-confiseure.be&nbsp; Ob- und Nidwaldner B\u00e4cker-ConfiseurenverbandPr\u00e4sidentin: Regina Gut, regina@guts-genuss.ch Ostschweizer B\u00e4cker-Confiseure(Appenzell a.R., Appenzell i.R., Glarus, Graub\u00fcnden, F\u00fcrstentum Liechtenstein, St.-Gallen, Thurgau)www.obc.ch&nbsp; B\u00e4cker- und Confiseurmeister-Verband der Kantone Schwyz und Zugwww.baecker-confiseure.ch&nbsp; Association romande des artisans boulangers-p\u00e2tissiers&nbsp;www.lepain.ch&nbsp; Associations cantonales: Aargauer B\u00e4cker-Confiseurmeister-Verband&nbsp;www.aargauer-beck.ch&nbsp; B\u00e4cker-Confiseure Regio Baselwww.bcrb.info&nbsp;\/&nbsp;d.forny@gewerbe-basel.ch Association des artisans boulangers-p\u00e2tissiers-confiseurs du canton de Fribourgwww.federation-patronale.ch&nbsp; \/&nbsp;oberson@federation-patronale.ch&nbsp; Artisans Boulangers-P\u00e2tissiers du canton de Gen\u00e8ve&nbsp;www.abcge.ch&nbsp; Association jurassienne des [&hellip;]<\/p>\n","protected":false},"author":1,"featured_media":0,"parent":32131,"menu_order":0,"comment_status":"closed","ping_status":"closed","template":"","meta":{"_acf_changed":false,"footnotes":""},"class_list":["post-32308","page","type-page","status-publish","hentry"],"acf":[],"yoast_head":"<!-- This site is optimized with the Yoast SEO Premium plugin v26.8 (Yoast SEO v26.8) - https:\/\/yoast.com\/product\/yoast-seo-premium-wordpress\/ -->\n<title>Associations r\u00e9gionales | SBC<\/title>\n<meta name=\"robots\" content=\"index, follow, max-snippet:-1, max-image-preview:large, max-video-preview:-1\" \/>\n<link rel=\"canonical\" href=\"https:\/\/swissbaker.ch\/fr\/liens\/associations-regionales\/\" \/>\n<meta property=\"og:locale\" content=\"fr_FR\" \/>\n<meta property=\"og:type\" content=\"article\" \/>\n<meta property=\"og:title\" content=\"Associations r\u00e9gionales\" \/>\n<meta property=\"og:description\" content=\"Associations interr\u00e9gionales: B\u00e4cker-Confiseure Bern-Solothurnwww.baecker-confiseure.be&nbsp; Ob- und Nidwaldner B\u00e4cker-ConfiseurenverbandPr\u00e4sidentin: Regina Gut, regina@guts-genuss.ch Ostschweizer B\u00e4cker-Confiseure(Appenzell a.R., Appenzell i.R., Glarus, Graub\u00fcnden, F\u00fcrstentum Liechtenstein, St.-Gallen, Thurgau)www.obc.ch&nbsp; B\u00e4cker- und Confiseurmeister-Verband der Kantone Schwyz und Zugwww.baecker-confiseure.ch&nbsp; Association romande des artisans boulangers-p\u00e2tissiers&nbsp;www.lepain.ch&nbsp; Associations cantonales: Aargauer B\u00e4cker-Confiseurmeister-Verband&nbsp;www.aargauer-beck.ch&nbsp; B\u00e4cker-Confiseure Regio Baselwww.bcrb.info&nbsp;\/&nbsp;d.forny@gewerbe-basel.ch Association des artisans boulangers-p\u00e2tissiers-confiseurs du canton de Fribourgwww.federation-patronale.ch&nbsp; \/&nbsp;oberson@federation-patronale.ch&nbsp; Artisans Boulangers-P\u00e2tissiers du canton de Gen\u00e8ve&nbsp;www.abcge.ch&nbsp; Association jurassienne des [&hellip;]\" \/>\n<meta property=\"og:url\" content=\"https:\/\/swissbaker.ch\/fr\/liens\/associations-regionales\/\" \/>\n<meta property=\"og:site_name\" content=\"SBC\" \/>\n<meta property=\"article:publisher\" content=\"https:\/\/www.facebook.com\/swissbaker.ch\" \/>\n<meta property=\"article:modified_time\" content=\"2025-08-19T11:57:47+00:00\" \/>\n<meta property=\"og:image\" content=\"https:\/\/swissbaker.ch\/wp-content\/uploads\/2022\/04\/sbc-logo-yoast.jpg\" \/>\n\t<meta property=\"og:image:width\" content=\"512\" \/>\n\t<meta property=\"og:image:height\" content=\"512\" \/>\n\t<meta property=\"og:image:type\" content=\"image\/jpeg\" \/>\n<meta name=\"twitter:card\" content=\"summary_large_image\" \/>\n<meta name=\"twitter:site\" content=\"@ch_swissbaker\" \/>\n<meta name=\"twitter:label1\" content=\"Est. reading time\" \/>\n\t<meta name=\"twitter:data1\" content=\"1 minute\" \/>\n<script type=\"application\/ld+json\" class=\"yoast-schema-graph\">{\"@context\":\"https:\/\/schema.org\",\"@graph\":[{\"@type\":\"WebPage\",\"@id\":\"https:\/\/swissbaker.ch\/fr\/liens\/associations-regionales\/\",\"url\":\"https:\/\/swissbaker.ch\/fr\/liens\/associations-regionales\/\",\"name\":\"Associations r\u00e9gionales | SBC\",\"isPartOf\":{\"@id\":\"https:\/\/swissbaker.ch\/fr\/#website\"},\"datePublished\":\"2022-04-25T11:29:03+00:00\",\"dateModified\":\"2025-08-19T11:57:47+00:00\",\"breadcrumb\":{\"@id\":\"https:\/\/swissbaker.ch\/fr\/liens\/associations-regionales\/#breadcrumb\"},\"inLanguage\":\"fr-FR\",\"potentialAction\":[{\"@type\":\"ReadAction\",\"target\":[\"https:\/\/swissbaker.ch\/fr\/liens\/associations-regionales\/\"]}]},{\"@type\":\"BreadcrumbList\",\"@id\":\"https:\/\/swissbaker.ch\/fr\/liens\/associations-regionales\/#breadcrumb\",\"itemListElement\":[{\"@type\":\"ListItem\",\"position\":1,\"name\":\"\",\"item\":\"https:\/\/swissbaker.ch\/fr\/\"},{\"@type\":\"ListItem\",\"position\":2,\"name\":\"Liens\",\"item\":\"https:\/\/swissbaker.ch\/fr\/liens\/\"},{\"@type\":\"ListItem\",\"position\":3,\"name\":\"Associations r\u00e9gionales\"}]},{\"@type\":\"WebSite\",\"@id\":\"https:\/\/swissbaker.ch\/fr\/#website\",\"url\":\"https:\/\/swissbaker.ch\/fr\/\",\"name\":\"SBC\",\"description\":\"\",\"publisher\":{\"@id\":\"https:\/\/swissbaker.ch\/fr\/#organization\"},\"potentialAction\":[{\"@type\":\"SearchAction\",\"target\":{\"@type\":\"EntryPoint\",\"urlTemplate\":\"https:\/\/swissbaker.ch\/fr\/?s={search_term_string}\"},\"query-input\":{\"@type\":\"PropertyValueSpecification\",\"valueRequired\":true,\"valueName\":\"search_term_string\"}}],\"inLanguage\":\"fr-FR\"},{\"@type\":\"Organization\",\"@id\":\"https:\/\/swissbaker.ch\/fr\/#organization\",\"name\":\"Schweizerischer B\u00e4cker-Confiseurmeister-Verband\",\"url\":\"https:\/\/swissbaker.ch\/fr\/\",\"logo\":{\"@type\":\"ImageObject\",\"inLanguage\":\"fr-FR\",\"@id\":\"https:\/\/swissbaker.ch\/fr\/#\/schema\/logo\/image\/\",\"url\":\"https:\/\/swissbaker.ch\/wp-content\/uploads\/2022\/04\/sbc-logo-yoast.jpg\",\"contentUrl\":\"https:\/\/swissbaker.ch\/wp-content\/uploads\/2022\/04\/sbc-logo-yoast.jpg\",\"width\":512,\"height\":512,\"caption\":\"Schweizerischer B\u00e4cker-Confiseurmeister-Verband\"},\"image\":{\"@id\":\"https:\/\/swissbaker.ch\/fr\/#\/schema\/logo\/image\/\"},\"sameAs\":[\"https:\/\/www.facebook.com\/swissbaker.ch\",\"https:\/\/x.com\/ch_swissbaker\"]}]}<\/script>\n<!-- \/ Yoast SEO Premium plugin. -->","yoast_head_json":{"title":"Associations r\u00e9gionales | SBC","robots":{"index":"index","follow":"follow","max-snippet":"max-snippet:-1","max-image-preview":"max-image-preview:large","max-video-preview":"max-video-preview:-1"},"canonical":"https:\/\/swissbaker.ch\/fr\/liens\/associations-regionales\/","og_locale":"fr_FR","og_type":"article","og_title":"Associations r\u00e9gionales","og_description":"Associations interr\u00e9gionales: B\u00e4cker-Confiseure Bern-Solothurnwww.baecker-confiseure.be&nbsp; Ob- und Nidwaldner B\u00e4cker-ConfiseurenverbandPr\u00e4sidentin: Regina Gut, regina@guts-genuss.ch Ostschweizer B\u00e4cker-Confiseure(Appenzell a.R., Appenzell i.R., Glarus, Graub\u00fcnden, F\u00fcrstentum Liechtenstein, St.-Gallen, Thurgau)www.obc.ch&nbsp; B\u00e4cker- und Confiseurmeister-Verband der Kantone Schwyz und Zugwww.baecker-confiseure.ch&nbsp; Association romande des artisans boulangers-p\u00e2tissiers&nbsp;www.lepain.ch&nbsp; Associations cantonales: Aargauer B\u00e4cker-Confiseurmeister-Verband&nbsp;www.aargauer-beck.ch&nbsp; B\u00e4cker-Confiseure Regio Baselwww.bcrb.info&nbsp;\/&nbsp;d.forny@gewerbe-basel.ch Association des artisans boulangers-p\u00e2tissiers-confiseurs du canton de Fribourgwww.federation-patronale.ch&nbsp; \/&nbsp;oberson@federation-patronale.ch&nbsp; Artisans Boulangers-P\u00e2tissiers du canton de Gen\u00e8ve&nbsp;www.abcge.ch&nbsp; Association jurassienne des [&hellip;]","og_url":"https:\/\/swissbaker.ch\/fr\/liens\/associations-regionales\/","og_site_name":"SBC","article_publisher":"https:\/\/www.facebook.com\/swissbaker.ch","article_modified_time":"2025-08-19T11:57:47+00:00","og_image":[{"width":512,"height":512,"url":"https:\/\/swissbaker.ch\/wp-content\/uploads\/2022\/04\/sbc-logo-yoast.jpg","type":"image\/jpeg"}],"twitter_card":"summary_large_image","twitter_site":"@ch_swissbaker","twitter_misc":{"Est. reading time":"1 minute"},"schema":{"@context":"https:\/\/schema.org","@graph":[{"@type":"WebPage","@id":"https:\/\/swissbaker.ch\/fr\/liens\/associations-regionales\/","url":"https:\/\/swissbaker.ch\/fr\/liens\/associations-regionales\/","name":"Associations r\u00e9gionales | SBC","isPartOf":{"@id":"https:\/\/swissbaker.ch\/fr\/#website"},"datePublished":"2022-04-25T11:29:03+00:00","dateModified":"2025-08-19T11:57:47+00:00","breadcrumb":{"@id":"https:\/\/swissbaker.ch\/fr\/liens\/associations-regionales\/#breadcrumb"},"inLanguage":"fr-FR","potentialAction":[{"@type":"ReadAction","target":["https:\/\/swissbaker.ch\/fr\/liens\/associations-regionales\/"]}]},{"@type":"BreadcrumbList","@id":"https:\/\/swissbaker.ch\/fr\/liens\/associations-regionales\/#breadcrumb","itemListElement":[{"@type":"ListItem","position":1,"name":"","item":"https:\/\/swissbaker.ch\/fr\/"},{"@type":"ListItem","position":2,"name":"Liens","item":"https:\/\/swissbaker.ch\/fr\/liens\/"},{"@type":"ListItem","position":3,"name":"Associations r\u00e9gionales"}]},{"@type":"WebSite","@id":"https:\/\/swissbaker.ch\/fr\/#website","url":"https:\/\/swissbaker.ch\/fr\/","name":"SBC","description":"","publisher":{"@id":"https:\/\/swissbaker.ch\/fr\/#organization"},"potentialAction":[{"@type":"SearchAction","target":{"@type":"EntryPoint","urlTemplate":"https:\/\/swissbaker.ch\/fr\/?s={search_term_string}"},"query-input":{"@type":"PropertyValueSpecification","valueRequired":true,"valueName":"search_term_string"}}],"inLanguage":"fr-FR"},{"@type":"Organization","@id":"https:\/\/swissbaker.ch\/fr\/#organization","name":"Schweizerischer B\u00e4cker-Confiseurmeister-Verband","url":"https:\/\/swissbaker.ch\/fr\/","logo":{"@type":"ImageObject","inLanguage":"fr-FR","@id":"https:\/\/swissbaker.ch\/fr\/#\/schema\/logo\/image\/","url":"https:\/\/swissbaker.ch\/wp-content\/uploads\/2022\/04\/sbc-logo-yoast.jpg","contentUrl":"https:\/\/swissbaker.ch\/wp-content\/uploads\/2022\/04\/sbc-logo-yoast.jpg","width":512,"height":512,"caption":"Schweizerischer B\u00e4cker-Confiseurmeister-Verband"},"image":{"@id":"https:\/\/swissbaker.ch\/fr\/#\/schema\/logo\/image\/"},"sameAs":["https:\/\/www.facebook.com\/swissbaker.ch","https:\/\/x.com\/ch_swissbaker"]}]}},"_links":{"self":[{"href":"https:\/\/swissbaker.ch\/fr\/wp-json\/wp\/v2\/pages\/32308","targetHints":{"allow":["GET"]}}],"collection":[{"href":"https:\/\/swissbaker.ch\/fr\/wp-json\/wp\/v2\/pages"}],"about":[{"href":"https:\/\/swissbaker.ch\/fr\/wp-json\/wp\/v2\/types\/page"}],"author":[{"embeddable":true,"href":"https:\/\/swissbaker.ch\/fr\/wp-json\/wp\/v2\/users\/1"}],"replies":[{"embeddable":true,"href":"https:\/\/swissbaker.ch\/fr\/wp-json\/wp\/v2\/comments?post=32308"}],"version-history":[{"count":0,"href":"https:\/\/swissbaker.ch\/fr\/wp-json\/wp\/v2\/pages\/32308\/revisions"}],"up":[{"embeddable":true,"href":"https:\/\/swissbaker.ch\/fr\/wp-json\/wp\/v2\/pages\/32131"}],"wp:attachment":[{"href":"https:\/\/swissbaker.ch\/fr\/wp-json\/wp\/v2\/media?parent=32308"}],"curies":[{"name":"wp","href":"https:\/\/api.w.org\/{rel}","templated":true}]}}