{"id":32183,"date":"2022-04-25T13:31:27","date_gmt":"2022-04-25T11:31:27","guid":{"rendered":"https:\/\/swissbaker.ch\/?page_id=32183"},"modified":"2022-06-10T14:44:10","modified_gmt":"2022-06-10T12:44:10","slug":"musees%ef%bf%bc","status":"publish","type":"page","link":"https:\/\/swissbaker.ch\/fr\/liens\/patrimoine-pain-suisse\/musees%ef%bf%bc\/","title":{"rendered":"Mus\u00e9es"},"content":{"rendered":"\n<p><strong>La Maison du bl\u00e9 et du pain<\/strong><br>Agriculture, Meunerie, Boulangerie \u00a010&#8217;000 ans d&#8217;histoire&#8230;<br>Place de l&#8217;H\u00f4tel-de-Ville, Echallens VD<br>T\u00e9l. <a href=\"tel:0218815071\">021 881 50 71<\/a><br><a href=\"http:\/\/www.maison-ble-pain.com\/\" target=\"_blank\" rel=\"noreferrer noopener\">www.maison-ble-pain.com<\/a><\/p>\n\n\n\n<p><strong>Moulins souterrains du Col des Roches<\/strong><br>Unterirdische M\u00fchlen mit Sektor B\u00e4ckerei im Eingangsbereich<br>Le Col des Roches bei Le Locle NE<br>T\u00e9l. <a href=\"tel:0329318989\">032 931 89 89<\/a><br><a href=\"http:\/\/www.lesmoulins.ch\/\" target=\"_blank\" rel=\"noreferrer noopener\">www.lesmoulins.ch<\/a><\/p>\n\n\n\n<p><strong>Vieux Moulins de la Tine<\/strong><br>Alte M\u00fchlen, Troistorrents VS<br>T\u00e9l. <a href=\"tel:0792263316\">079 226 33 16<\/a><br><a href=\"http:\/\/www.vimoti.ch\/\" target=\"_blank\" rel=\"noreferrer noopener\">www.vimoti.ch<\/a><\/p>\n\n\n\n<p><strong>B\u00e4ckermuseum<\/strong><br>B\u00e4ckerei Hotel Garni Imseng<br>Saas-Fee VS<br>T\u00e9l. <a href=\"tel:0279581259\">027 958 12 59<\/a><br><a href=\"http:\/\/www.hotel-imseng.ch\/\" target=\"_blank\" rel=\"noreferrer noopener\">www.hotel-imseng.ch<\/a><\/p>\n\n\n\n<p><strong>Erlebniswelt Roggen<\/strong><br>Sortengarten mit diversen Roggen- und Brotgetreideanpflanzungen,<br>Erschmatt VS<br>T\u00e9l. <a href=\"tel:0279321519\">027 932 15 19<\/a><br><a href=\"http:\/\/www.erschmatt.ch\/wordpress\/\" target=\"_blank\" rel=\"noreferrer noopener\">www.erschmatt.ch<\/a><\/p>\n\n\n\n<p><strong>St. Gallisch Schweizerisches Konditorei-, Confiserie- und B\u00e4ckereimuseum<\/strong><br>Giessen, Benken SG<br>T\u00e9l. <a href=\"tel:0552935093\">055 293 50 93<\/a><br><a href=\"http:\/\/www.baeckereimuseum.ch\/\" target=\"_blank\" rel=\"noreferrer noopener\">www.baeckereimuseum.ch<\/a><\/p>\n\n\n\n<p><strong>Schweiz. Freilichtmuseum Ballenberg, Haus Ostermundigen<\/strong><br>Brotmuseum mit Brauchtumsgeb\u00e4cken und alten Ger\u00e4tschaften<br>Brienz BE<br>T\u00e9l. <a href=\"tel:0339511123\">033 951 11 23<\/a><br><a href=\"http:\/\/www.ballenberg.ch\/\" target=\"_blank\" rel=\"noreferrer noopener\">www.ballenberg.ch<\/a><\/p>\n\n\n\n<p><strong>B\u00e4ckerei- und Ladenmuseum,<\/strong><br><strong>Schafbock und Lebkuchen-B\u00e4ckerei<\/strong><br>Hauptstrasse 67<br>Einsiedeln SZ<br>T\u00e9l. <a href=\"tel:0554121266\">055 412 12 66<\/a><br><a href=\"http:\/\/www.goldapfel.ch\/\" target=\"_blank\" rel=\"noreferrer noopener\">www.goldapfel.ch<\/a><\/p>\n\n\n\n<p><strong>M\u00fchlerama<\/strong><br>Museum in der M\u00fchle Tiefenbrunnen,<br>Seefeldstrasse 231, Z\u00fcrich ZH<br>T\u00e9l. <a href=\"tel:0444227660\">044 422 76 60<\/a> (Di\u2013Fr Nachmittag)<br><a href=\"http:\/\/www.muehlerama.ch\/\" target=\"_blank\" rel=\"noreferrer noopener\">www.muehlerama.ch<\/a><\/p>\n\n\n\n<p><strong>Museum Rainm\u00fchle<\/strong><br>Industrielle Getreidem\u00fchle \/ Stauwehr,<br>Emmenbr\u00fccke LU<br>T\u00e9l. <a href=\"tel:0412805371\">041 280 53 71<\/a><br><a href=\"https:\/\/www.museums.ch\/org\/de\/Museum-Rainmuehle\" target=\"_blank\" rel=\"noreferrer noopener\">www.museums.ch\/org\/de\/Museum-Rainmuehle<\/a><\/p>\n\n\n\n<p><strong>D&#8217;autres mus\u00e9es<\/strong><br>Une liste plus d\u00e9taill\u00e9e des mus\u00e9es de pain, de chocolat et de caf\u00e9 vous trouvez ici,<\/p>\n\n\n\n<div class=\"wp-block-file\"><a id=\"wp-block-file--media-690531c7-f8aa-4bba-9f46-8c801e66a0e7\" href=\"https:\/\/swissbaker.ch\/wp-content\/uploads\/2022\/06\/musees_suisse_europe.pdf\">Musees Suisse \/ Europe<\/a><\/div>\n","protected":false},"excerpt":{"rendered":"<p>La Maison du bl\u00e9 et du painAgriculture, Meunerie, Boulangerie \u00a010&#8217;000 ans d&#8217;histoire&#8230;Place de l&#8217;H\u00f4tel-de-Ville, Echallens VDT\u00e9l. 021 881 50 71www.maison-ble-pain.com Moulins souterrains du Col des RochesUnterirdische M\u00fchlen mit Sektor B\u00e4ckerei im EingangsbereichLe Col des Roches bei Le Locle NET\u00e9l. 032 931 89 89www.lesmoulins.ch Vieux Moulins de la TineAlte M\u00fchlen, Troistorrents VST\u00e9l. 079 226 33 16www.vimoti.ch B\u00e4ckermuseumB\u00e4ckerei Hotel Garni ImsengSaas-Fee VST\u00e9l. [&hellip;]<\/p>\n","protected":false},"author":1,"featured_media":0,"parent":32173,"menu_order":0,"comment_status":"closed","ping_status":"closed","template":"","meta":{"_acf_changed":false,"footnotes":""},"class_list":["post-32183","page","type-page","status-publish","hentry"],"acf":[],"yoast_head":"<!-- This site is optimized with the Yoast SEO Premium plugin v26.8 (Yoast SEO v26.8) - https:\/\/yoast.com\/product\/yoast-seo-premium-wordpress\/ -->\n<title>Mus\u00e9es | SBC<\/title>\n<meta name=\"robots\" content=\"index, follow, max-snippet:-1, max-image-preview:large, max-video-preview:-1\" \/>\n<link rel=\"canonical\" href=\"https:\/\/swissbaker.ch\/fr\/liens\/patrimoine-pain-suisse\/musees%ef%bf%bc\/\" \/>\n<meta property=\"og:locale\" content=\"fr_FR\" \/>\n<meta property=\"og:type\" content=\"article\" \/>\n<meta property=\"og:title\" content=\"Mus\u00e9es\" \/>\n<meta property=\"og:description\" content=\"La Maison du bl\u00e9 et du painAgriculture, Meunerie, Boulangerie \u00a010&#8217;000 ans d&#8217;histoire&#8230;Place de l&#8217;H\u00f4tel-de-Ville, Echallens VDT\u00e9l. 021 881 50 71www.maison-ble-pain.com Moulins souterrains du Col des RochesUnterirdische M\u00fchlen mit Sektor B\u00e4ckerei im EingangsbereichLe Col des Roches bei Le Locle NET\u00e9l. 032 931 89 89www.lesmoulins.ch Vieux Moulins de la TineAlte M\u00fchlen, Troistorrents VST\u00e9l. 079 226 33 16www.vimoti.ch B\u00e4ckermuseumB\u00e4ckerei Hotel Garni ImsengSaas-Fee VST\u00e9l. [&hellip;]\" \/>\n<meta property=\"og:url\" content=\"https:\/\/swissbaker.ch\/fr\/liens\/patrimoine-pain-suisse\/musees%ef%bf%bc\/\" \/>\n<meta property=\"og:site_name\" content=\"SBC\" \/>\n<meta property=\"article:publisher\" content=\"https:\/\/www.facebook.com\/swissbaker.ch\" \/>\n<meta property=\"article:modified_time\" content=\"2022-06-10T12:44:10+00:00\" \/>\n<meta property=\"og:image\" content=\"https:\/\/swissbaker.ch\/wp-content\/uploads\/2022\/04\/sbc-logo-yoast.jpg\" \/>\n\t<meta property=\"og:image:width\" content=\"512\" \/>\n\t<meta property=\"og:image:height\" content=\"512\" \/>\n\t<meta property=\"og:image:type\" content=\"image\/jpeg\" \/>\n<meta name=\"twitter:card\" content=\"summary_large_image\" \/>\n<meta name=\"twitter:site\" content=\"@ch_swissbaker\" \/>\n<meta name=\"twitter:label1\" content=\"Est. reading time\" \/>\n\t<meta name=\"twitter:data1\" content=\"2 minutes\" \/>\n<script type=\"application\/ld+json\" class=\"yoast-schema-graph\">{\"@context\":\"https:\/\/schema.org\",\"@graph\":[{\"@type\":\"WebPage\",\"@id\":\"https:\/\/swissbaker.ch\/fr\/liens\/patrimoine-pain-suisse\/musees%ef%bf%bc\/\",\"url\":\"https:\/\/swissbaker.ch\/fr\/liens\/patrimoine-pain-suisse\/musees%ef%bf%bc\/\",\"name\":\"Mus\u00e9es | SBC\",\"isPartOf\":{\"@id\":\"https:\/\/swissbaker.ch\/fr\/#website\"},\"datePublished\":\"2022-04-25T11:31:27+00:00\",\"dateModified\":\"2022-06-10T12:44:10+00:00\",\"breadcrumb\":{\"@id\":\"https:\/\/swissbaker.ch\/fr\/liens\/patrimoine-pain-suisse\/musees%ef%bf%bc\/#breadcrumb\"},\"inLanguage\":\"fr-FR\",\"potentialAction\":[{\"@type\":\"ReadAction\",\"target\":[\"https:\/\/swissbaker.ch\/fr\/liens\/patrimoine-pain-suisse\/musees%ef%bf%bc\/\"]}]},{\"@type\":\"BreadcrumbList\",\"@id\":\"https:\/\/swissbaker.ch\/fr\/liens\/patrimoine-pain-suisse\/musees%ef%bf%bc\/#breadcrumb\",\"itemListElement\":[{\"@type\":\"ListItem\",\"position\":1,\"name\":\"\",\"item\":\"https:\/\/swissbaker.ch\/fr\/\"},{\"@type\":\"ListItem\",\"position\":2,\"name\":\"Liens\",\"item\":\"https:\/\/swissbaker.ch\/fr\/liens\/\"},{\"@type\":\"ListItem\",\"position\":3,\"name\":\"Patrimoine pain suisse\",\"item\":\"https:\/\/swissbaker.ch\/fr\/liens\/patrimoine-pain-suisse\/\"},{\"@type\":\"ListItem\",\"position\":4,\"name\":\"Mus\u00e9es\"}]},{\"@type\":\"WebSite\",\"@id\":\"https:\/\/swissbaker.ch\/fr\/#website\",\"url\":\"https:\/\/swissbaker.ch\/fr\/\",\"name\":\"SBC\",\"description\":\"\",\"publisher\":{\"@id\":\"https:\/\/swissbaker.ch\/fr\/#organization\"},\"potentialAction\":[{\"@type\":\"SearchAction\",\"target\":{\"@type\":\"EntryPoint\",\"urlTemplate\":\"https:\/\/swissbaker.ch\/fr\/?s={search_term_string}\"},\"query-input\":{\"@type\":\"PropertyValueSpecification\",\"valueRequired\":true,\"valueName\":\"search_term_string\"}}],\"inLanguage\":\"fr-FR\"},{\"@type\":\"Organization\",\"@id\":\"https:\/\/swissbaker.ch\/fr\/#organization\",\"name\":\"Schweizerischer B\u00e4cker-Confiseurmeister-Verband\",\"url\":\"https:\/\/swissbaker.ch\/fr\/\",\"logo\":{\"@type\":\"ImageObject\",\"inLanguage\":\"fr-FR\",\"@id\":\"https:\/\/swissbaker.ch\/fr\/#\/schema\/logo\/image\/\",\"url\":\"https:\/\/swissbaker.ch\/wp-content\/uploads\/2022\/04\/sbc-logo-yoast.jpg\",\"contentUrl\":\"https:\/\/swissbaker.ch\/wp-content\/uploads\/2022\/04\/sbc-logo-yoast.jpg\",\"width\":512,\"height\":512,\"caption\":\"Schweizerischer B\u00e4cker-Confiseurmeister-Verband\"},\"image\":{\"@id\":\"https:\/\/swissbaker.ch\/fr\/#\/schema\/logo\/image\/\"},\"sameAs\":[\"https:\/\/www.facebook.com\/swissbaker.ch\",\"https:\/\/x.com\/ch_swissbaker\"]}]}<\/script>\n<!-- \/ Yoast SEO Premium plugin. -->","yoast_head_json":{"title":"Mus\u00e9es | SBC","robots":{"index":"index","follow":"follow","max-snippet":"max-snippet:-1","max-image-preview":"max-image-preview:large","max-video-preview":"max-video-preview:-1"},"canonical":"https:\/\/swissbaker.ch\/fr\/liens\/patrimoine-pain-suisse\/musees%ef%bf%bc\/","og_locale":"fr_FR","og_type":"article","og_title":"Mus\u00e9es","og_description":"La Maison du bl\u00e9 et du painAgriculture, Meunerie, Boulangerie \u00a010&#8217;000 ans d&#8217;histoire&#8230;Place de l&#8217;H\u00f4tel-de-Ville, Echallens VDT\u00e9l. 021 881 50 71www.maison-ble-pain.com Moulins souterrains du Col des RochesUnterirdische M\u00fchlen mit Sektor B\u00e4ckerei im EingangsbereichLe Col des Roches bei Le Locle NET\u00e9l. 032 931 89 89www.lesmoulins.ch Vieux Moulins de la TineAlte M\u00fchlen, Troistorrents VST\u00e9l. 079 226 33 16www.vimoti.ch B\u00e4ckermuseumB\u00e4ckerei Hotel Garni ImsengSaas-Fee VST\u00e9l. [&hellip;]","og_url":"https:\/\/swissbaker.ch\/fr\/liens\/patrimoine-pain-suisse\/musees%ef%bf%bc\/","og_site_name":"SBC","article_publisher":"https:\/\/www.facebook.com\/swissbaker.ch","article_modified_time":"2022-06-10T12:44:10+00:00","og_image":[{"width":512,"height":512,"url":"https:\/\/swissbaker.ch\/wp-content\/uploads\/2022\/04\/sbc-logo-yoast.jpg","type":"image\/jpeg"}],"twitter_card":"summary_large_image","twitter_site":"@ch_swissbaker","twitter_misc":{"Est. reading time":"2 minutes"},"schema":{"@context":"https:\/\/schema.org","@graph":[{"@type":"WebPage","@id":"https:\/\/swissbaker.ch\/fr\/liens\/patrimoine-pain-suisse\/musees%ef%bf%bc\/","url":"https:\/\/swissbaker.ch\/fr\/liens\/patrimoine-pain-suisse\/musees%ef%bf%bc\/","name":"Mus\u00e9es | SBC","isPartOf":{"@id":"https:\/\/swissbaker.ch\/fr\/#website"},"datePublished":"2022-04-25T11:31:27+00:00","dateModified":"2022-06-10T12:44:10+00:00","breadcrumb":{"@id":"https:\/\/swissbaker.ch\/fr\/liens\/patrimoine-pain-suisse\/musees%ef%bf%bc\/#breadcrumb"},"inLanguage":"fr-FR","potentialAction":[{"@type":"ReadAction","target":["https:\/\/swissbaker.ch\/fr\/liens\/patrimoine-pain-suisse\/musees%ef%bf%bc\/"]}]},{"@type":"BreadcrumbList","@id":"https:\/\/swissbaker.ch\/fr\/liens\/patrimoine-pain-suisse\/musees%ef%bf%bc\/#breadcrumb","itemListElement":[{"@type":"ListItem","position":1,"name":"","item":"https:\/\/swissbaker.ch\/fr\/"},{"@type":"ListItem","position":2,"name":"Liens","item":"https:\/\/swissbaker.ch\/fr\/liens\/"},{"@type":"ListItem","position":3,"name":"Patrimoine pain suisse","item":"https:\/\/swissbaker.ch\/fr\/liens\/patrimoine-pain-suisse\/"},{"@type":"ListItem","position":4,"name":"Mus\u00e9es"}]},{"@type":"WebSite","@id":"https:\/\/swissbaker.ch\/fr\/#website","url":"https:\/\/swissbaker.ch\/fr\/","name":"SBC","description":"","publisher":{"@id":"https:\/\/swissbaker.ch\/fr\/#organization"},"potentialAction":[{"@type":"SearchAction","target":{"@type":"EntryPoint","urlTemplate":"https:\/\/swissbaker.ch\/fr\/?s={search_term_string}"},"query-input":{"@type":"PropertyValueSpecification","valueRequired":true,"valueName":"search_term_string"}}],"inLanguage":"fr-FR"},{"@type":"Organization","@id":"https:\/\/swissbaker.ch\/fr\/#organization","name":"Schweizerischer B\u00e4cker-Confiseurmeister-Verband","url":"https:\/\/swissbaker.ch\/fr\/","logo":{"@type":"ImageObject","inLanguage":"fr-FR","@id":"https:\/\/swissbaker.ch\/fr\/#\/schema\/logo\/image\/","url":"https:\/\/swissbaker.ch\/wp-content\/uploads\/2022\/04\/sbc-logo-yoast.jpg","contentUrl":"https:\/\/swissbaker.ch\/wp-content\/uploads\/2022\/04\/sbc-logo-yoast.jpg","width":512,"height":512,"caption":"Schweizerischer B\u00e4cker-Confiseurmeister-Verband"},"image":{"@id":"https:\/\/swissbaker.ch\/fr\/#\/schema\/logo\/image\/"},"sameAs":["https:\/\/www.facebook.com\/swissbaker.ch","https:\/\/x.com\/ch_swissbaker"]}]}},"_links":{"self":[{"href":"https:\/\/swissbaker.ch\/fr\/wp-json\/wp\/v2\/pages\/32183","targetHints":{"allow":["GET"]}}],"collection":[{"href":"https:\/\/swissbaker.ch\/fr\/wp-json\/wp\/v2\/pages"}],"about":[{"href":"https:\/\/swissbaker.ch\/fr\/wp-json\/wp\/v2\/types\/page"}],"author":[{"embeddable":true,"href":"https:\/\/swissbaker.ch\/fr\/wp-json\/wp\/v2\/users\/1"}],"replies":[{"embeddable":true,"href":"https:\/\/swissbaker.ch\/fr\/wp-json\/wp\/v2\/comments?post=32183"}],"version-history":[{"count":0,"href":"https:\/\/swissbaker.ch\/fr\/wp-json\/wp\/v2\/pages\/32183\/revisions"}],"up":[{"embeddable":true,"href":"https:\/\/swissbaker.ch\/fr\/wp-json\/wp\/v2\/pages\/32173"}],"wp:attachment":[{"href":"https:\/\/swissbaker.ch\/fr\/wp-json\/wp\/v2\/media?parent=32183"}],"curies":[{"name":"wp","href":"https:\/\/api.w.org\/{rel}","templated":true}]}}