{"id":32124,"date":"2023-09-27T08:23:09","date_gmt":"2023-09-27T06:23:09","guid":{"rendered":"https:\/\/swissbaker.ch\/?page_id=32124"},"modified":"2025-11-03T11:57:08","modified_gmt":"2025-11-03T10:57:08","slug":"le-calendrier-des-saveurs","status":"publish","type":"page","link":"https:\/\/swissbaker.ch\/fr\/consommateur\/le-calendrier-des-saveurs\/","title":{"rendered":"Calendrier des saveurs 2026"},"content":{"rendered":"\n<p><strong>Les boulangers-confiseurs suisses ont le plaisir de pr\u00e9senter \u00e0 leur client\u00e8le la 83<sup>e<\/sup>&nbsp;\u00e9dition du calendrier des saveurs, attrayant et vari\u00e9 \u00e0 tous points de vue. A l\u2019instar de notre artisanat, ce produit est synonyme de saveur, de tradition et de cr\u00e9ativit\u00e9.<\/strong><\/p>\n\n\n\n<figure class=\"wp-block-image size-full is-style-default\"><img decoding=\"async\" width=\"960\" height=\"612\" src=\"https:\/\/swissbaker.ch\/wp-content\/uploads\/2025\/08\/genusskalender_headbild_web_2026_2.jpg\" alt=\"\" class=\"wp-image-123925\" srcset=\"https:\/\/swissbaker.ch\/wp-content\/uploads\/2025\/08\/genusskalender_headbild_web_2026_2.jpg 960w, https:\/\/swissbaker.ch\/wp-content\/uploads\/2025\/08\/genusskalender_headbild_web_2026_2-768x490.jpg 768w\" sizes=\"(max-width: 960px) 100vw, 960px\" \/><\/figure>\n\n\n\n<div style=\"height:30px\" aria-hidden=\"true\" class=\"wp-block-spacer\"><\/div>\n\n\n\n<figure class=\"wp-block-pullquote has-text-color\" style=\"color:#cc9933;font-size:24px;font-style:normal;font-weight:700\"><blockquote><p>Disponible \u00e0 partir de novembre dans toute la Suisse, en exclusivit\u00e9 dans les boulangeries et confiseries.<\/p><\/blockquote><\/figure>\n\n\n\n<div class=\"wp-block-media-text is-stacked-on-mobile\"><figure class=\"wp-block-media-text__media\"><img decoding=\"async\" width=\"600\" height=\"606\" src=\"https:\/\/swissbaker.ch\/wp-content\/uploads\/2025\/08\/bk_2026_menu_rund_animiert.gif\" alt=\"\" class=\"wp-image-123937 size-full\"\/><\/figure><div class=\"wp-block-media-text__content\">\n<h2 class=\"wp-block-heading\" id=\"h-recettes-de-choix\">Recettes de choix<\/h2>\n\n\n\n<p>Outre de belles photos de produits de l\u2019univers de la boulangerie-confiserie et l\u2019agenda familial tr\u00e8s appr\u00e9ci\u00e9, le calendrier 2026 contient 17 inspirations pour les cuisini\u00e8res et cuisiniers amateurs.<\/p>\n\n\n\n<p>Du <strong>\u00abPain de viande fa\u00e7on grand-m\u00e8re\u00bb<\/strong> aux <strong>\u00abRouleaux de saumon aux blettes\u00bb<\/strong> en passant par un <strong>\u00abGratin de pain et de pruneaux\u00bb<\/strong>, il y en a pour tous les palais!<\/p>\n<\/div><\/div>\n\n\n\n<div style=\"height:30px\" aria-hidden=\"true\" class=\"wp-block-spacer\"><\/div>\n\n\n\n<h2 class=\"wp-block-heading\" id=\"h-pages-contenu\">Pages \/ Contenu<\/h2>\n\n\n\n<p>Calendrier des anniversaires et manifestations \/ Agenda familial \/ Propositions de menus<\/p>\n\n\n\n<figure class=\"wp-block-image size-full\"><img decoding=\"async\" width=\"952\" height=\"426\" src=\"https:\/\/swissbaker.ch\/wp-content\/uploads\/2024\/08\/genusskalender_25_3_seiten_franzh.jpg\" alt=\"\" class=\"wp-image-81793\" srcset=\"https:\/\/swissbaker.ch\/wp-content\/uploads\/2024\/08\/genusskalender_25_3_seiten_franzh.jpg 952w, https:\/\/swissbaker.ch\/wp-content\/uploads\/2024\/08\/genusskalender_25_3_seiten_franzh-768x344.jpg 768w\" sizes=\"(max-width: 952px) 100vw, 952px\" \/><\/figure>\n","protected":false},"excerpt":{"rendered":"<p>Les boulangers-confiseurs suisses ont le plaisir de pr\u00e9senter \u00e0 leur client\u00e8le la 83e&nbsp;\u00e9dition du calendrier des saveurs, attrayant et vari\u00e9 \u00e0 tous points de vue. A l\u2019instar de notre artisanat, ce produit est synonyme de saveur, de tradition et de cr\u00e9ativit\u00e9. Disponible \u00e0 partir de novembre dans toute la Suisse, en exclusivit\u00e9 dans les boulangeries et confiseries. Recettes de choix [&hellip;]<\/p>\n","protected":false},"author":1,"featured_media":123893,"parent":31868,"menu_order":0,"comment_status":"closed","ping_status":"closed","template":"","meta":{"_acf_changed":false,"footnotes":""},"class_list":["post-32124","page","type-page","status-publish","has-post-thumbnail","hentry"],"acf":[],"yoast_head":"<!-- This site is optimized with the Yoast SEO Premium plugin v26.8 (Yoast SEO v26.8) - https:\/\/yoast.com\/product\/yoast-seo-premium-wordpress\/ -->\n<title>Calendrier des saveurs 2026 | SBC<\/title>\n<meta name=\"description\" content=\"Le calendrier des saveurs 2026 et disponible \u00e0 partir de novembre dans toute la Suisse, en exclusivit\u00e9 dans les boulangeries et confiseries.\" \/>\n<meta name=\"robots\" content=\"index, follow, max-snippet:-1, max-image-preview:large, max-video-preview:-1\" \/>\n<link rel=\"canonical\" href=\"https:\/\/swissbaker.ch\/fr\/consommateur\/le-calendrier-des-saveurs\/\" \/>\n<meta property=\"og:locale\" content=\"fr_FR\" \/>\n<meta property=\"og:type\" content=\"article\" \/>\n<meta property=\"og:title\" content=\"Calendrier des saveurs 2026\" \/>\n<meta property=\"og:description\" content=\"Le calendrier des saveurs 2026 et disponible \u00e0 partir de novembre dans toute la Suisse, en exclusivit\u00e9 dans les boulangeries et confiseries.\" \/>\n<meta property=\"og:url\" content=\"https:\/\/swissbaker.ch\/fr\/consommateur\/le-calendrier-des-saveurs\/\" \/>\n<meta property=\"og:site_name\" content=\"SBC\" \/>\n<meta property=\"article:publisher\" content=\"https:\/\/www.facebook.com\/swissbaker.ch\" \/>\n<meta property=\"article:modified_time\" content=\"2025-11-03T10:57:08+00:00\" \/>\n<meta property=\"og:image\" content=\"https:\/\/swissbaker.ch\/wp-content\/uploads\/2025\/08\/genusskalender_headbild_web_2026.jpg\" \/>\n\t<meta property=\"og:image:width\" content=\"1200\" \/>\n\t<meta property=\"og:image:height\" content=\"712\" \/>\n\t<meta property=\"og:image:type\" content=\"image\/jpeg\" \/>\n<meta name=\"twitter:card\" content=\"summary_large_image\" \/>\n<meta name=\"twitter:site\" content=\"@ch_swissbaker\" \/>\n<meta name=\"twitter:label1\" content=\"Est. reading time\" \/>\n\t<meta name=\"twitter:data1\" content=\"2 minutes\" \/>\n<script type=\"application\/ld+json\" class=\"yoast-schema-graph\">{\"@context\":\"https:\/\/schema.org\",\"@graph\":[{\"@type\":\"WebPage\",\"@id\":\"https:\/\/swissbaker.ch\/fr\/consommateur\/le-calendrier-des-saveurs\/\",\"url\":\"https:\/\/swissbaker.ch\/fr\/consommateur\/le-calendrier-des-saveurs\/\",\"name\":\"Calendrier des saveurs 2026 | SBC\",\"isPartOf\":{\"@id\":\"https:\/\/swissbaker.ch\/fr\/#website\"},\"primaryImageOfPage\":{\"@id\":\"https:\/\/swissbaker.ch\/fr\/consommateur\/le-calendrier-des-saveurs\/#primaryimage\"},\"image\":{\"@id\":\"https:\/\/swissbaker.ch\/fr\/consommateur\/le-calendrier-des-saveurs\/#primaryimage\"},\"thumbnailUrl\":\"https:\/\/swissbaker.ch\/wp-content\/uploads\/2025\/08\/genusskalender_headbild_web_2026.jpg\",\"datePublished\":\"2023-09-27T06:23:09+00:00\",\"dateModified\":\"2025-11-03T10:57:08+00:00\",\"description\":\"Le calendrier des saveurs 2026 et disponible \u00e0 partir de novembre dans toute la Suisse, en exclusivit\u00e9 dans les boulangeries et confiseries.\",\"breadcrumb\":{\"@id\":\"https:\/\/swissbaker.ch\/fr\/consommateur\/le-calendrier-des-saveurs\/#breadcrumb\"},\"inLanguage\":\"fr-FR\",\"potentialAction\":[{\"@type\":\"ReadAction\",\"target\":[\"https:\/\/swissbaker.ch\/fr\/consommateur\/le-calendrier-des-saveurs\/\"]}]},{\"@type\":\"ImageObject\",\"inLanguage\":\"fr-FR\",\"@id\":\"https:\/\/swissbaker.ch\/fr\/consommateur\/le-calendrier-des-saveurs\/#primaryimage\",\"url\":\"https:\/\/swissbaker.ch\/wp-content\/uploads\/2025\/08\/genusskalender_headbild_web_2026.jpg\",\"contentUrl\":\"https:\/\/swissbaker.ch\/wp-content\/uploads\/2025\/08\/genusskalender_headbild_web_2026.jpg\",\"width\":1200,\"height\":712},{\"@type\":\"BreadcrumbList\",\"@id\":\"https:\/\/swissbaker.ch\/fr\/consommateur\/le-calendrier-des-saveurs\/#breadcrumb\",\"itemListElement\":[{\"@type\":\"ListItem\",\"position\":1,\"name\":\"\",\"item\":\"https:\/\/swissbaker.ch\/fr\/\"},{\"@type\":\"ListItem\",\"position\":2,\"name\":\"Consommateur\",\"item\":\"https:\/\/swissbaker.ch\/fr\/consommateur\/\"},{\"@type\":\"ListItem\",\"position\":3,\"name\":\"Calendrier des saveurs 2026\"}]},{\"@type\":\"WebSite\",\"@id\":\"https:\/\/swissbaker.ch\/fr\/#website\",\"url\":\"https:\/\/swissbaker.ch\/fr\/\",\"name\":\"SBC\",\"description\":\"\",\"publisher\":{\"@id\":\"https:\/\/swissbaker.ch\/fr\/#organization\"},\"potentialAction\":[{\"@type\":\"SearchAction\",\"target\":{\"@type\":\"EntryPoint\",\"urlTemplate\":\"https:\/\/swissbaker.ch\/fr\/?s={search_term_string}\"},\"query-input\":{\"@type\":\"PropertyValueSpecification\",\"valueRequired\":true,\"valueName\":\"search_term_string\"}}],\"inLanguage\":\"fr-FR\"},{\"@type\":\"Organization\",\"@id\":\"https:\/\/swissbaker.ch\/fr\/#organization\",\"name\":\"Schweizerischer B\u00e4cker-Confiseurmeister-Verband\",\"url\":\"https:\/\/swissbaker.ch\/fr\/\",\"logo\":{\"@type\":\"ImageObject\",\"inLanguage\":\"fr-FR\",\"@id\":\"https:\/\/swissbaker.ch\/fr\/#\/schema\/logo\/image\/\",\"url\":\"https:\/\/swissbaker.ch\/wp-content\/uploads\/2022\/04\/sbc-logo-yoast.jpg\",\"contentUrl\":\"https:\/\/swissbaker.ch\/wp-content\/uploads\/2022\/04\/sbc-logo-yoast.jpg\",\"width\":512,\"height\":512,\"caption\":\"Schweizerischer B\u00e4cker-Confiseurmeister-Verband\"},\"image\":{\"@id\":\"https:\/\/swissbaker.ch\/fr\/#\/schema\/logo\/image\/\"},\"sameAs\":[\"https:\/\/www.facebook.com\/swissbaker.ch\",\"https:\/\/x.com\/ch_swissbaker\"]}]}<\/script>\n<!-- \/ Yoast SEO Premium plugin. -->","yoast_head_json":{"title":"Calendrier des saveurs 2026 | SBC","description":"Le calendrier des saveurs 2026 et disponible \u00e0 partir de novembre dans toute la Suisse, en exclusivit\u00e9 dans les boulangeries et confiseries.","robots":{"index":"index","follow":"follow","max-snippet":"max-snippet:-1","max-image-preview":"max-image-preview:large","max-video-preview":"max-video-preview:-1"},"canonical":"https:\/\/swissbaker.ch\/fr\/consommateur\/le-calendrier-des-saveurs\/","og_locale":"fr_FR","og_type":"article","og_title":"Calendrier des saveurs 2026","og_description":"Le calendrier des saveurs 2026 et disponible \u00e0 partir de novembre dans toute la Suisse, en exclusivit\u00e9 dans les boulangeries et confiseries.","og_url":"https:\/\/swissbaker.ch\/fr\/consommateur\/le-calendrier-des-saveurs\/","og_site_name":"SBC","article_publisher":"https:\/\/www.facebook.com\/swissbaker.ch","article_modified_time":"2025-11-03T10:57:08+00:00","og_image":[{"width":1200,"height":712,"url":"https:\/\/swissbaker.ch\/wp-content\/uploads\/2025\/08\/genusskalender_headbild_web_2026.jpg","type":"image\/jpeg"}],"twitter_card":"summary_large_image","twitter_site":"@ch_swissbaker","twitter_misc":{"Est. reading time":"2 minutes"},"schema":{"@context":"https:\/\/schema.org","@graph":[{"@type":"WebPage","@id":"https:\/\/swissbaker.ch\/fr\/consommateur\/le-calendrier-des-saveurs\/","url":"https:\/\/swissbaker.ch\/fr\/consommateur\/le-calendrier-des-saveurs\/","name":"Calendrier des saveurs 2026 | SBC","isPartOf":{"@id":"https:\/\/swissbaker.ch\/fr\/#website"},"primaryImageOfPage":{"@id":"https:\/\/swissbaker.ch\/fr\/consommateur\/le-calendrier-des-saveurs\/#primaryimage"},"image":{"@id":"https:\/\/swissbaker.ch\/fr\/consommateur\/le-calendrier-des-saveurs\/#primaryimage"},"thumbnailUrl":"https:\/\/swissbaker.ch\/wp-content\/uploads\/2025\/08\/genusskalender_headbild_web_2026.jpg","datePublished":"2023-09-27T06:23:09+00:00","dateModified":"2025-11-03T10:57:08+00:00","description":"Le calendrier des saveurs 2026 et disponible \u00e0 partir de novembre dans toute la Suisse, en exclusivit\u00e9 dans les boulangeries et confiseries.","breadcrumb":{"@id":"https:\/\/swissbaker.ch\/fr\/consommateur\/le-calendrier-des-saveurs\/#breadcrumb"},"inLanguage":"fr-FR","potentialAction":[{"@type":"ReadAction","target":["https:\/\/swissbaker.ch\/fr\/consommateur\/le-calendrier-des-saveurs\/"]}]},{"@type":"ImageObject","inLanguage":"fr-FR","@id":"https:\/\/swissbaker.ch\/fr\/consommateur\/le-calendrier-des-saveurs\/#primaryimage","url":"https:\/\/swissbaker.ch\/wp-content\/uploads\/2025\/08\/genusskalender_headbild_web_2026.jpg","contentUrl":"https:\/\/swissbaker.ch\/wp-content\/uploads\/2025\/08\/genusskalender_headbild_web_2026.jpg","width":1200,"height":712},{"@type":"BreadcrumbList","@id":"https:\/\/swissbaker.ch\/fr\/consommateur\/le-calendrier-des-saveurs\/#breadcrumb","itemListElement":[{"@type":"ListItem","position":1,"name":"","item":"https:\/\/swissbaker.ch\/fr\/"},{"@type":"ListItem","position":2,"name":"Consommateur","item":"https:\/\/swissbaker.ch\/fr\/consommateur\/"},{"@type":"ListItem","position":3,"name":"Calendrier des saveurs 2026"}]},{"@type":"WebSite","@id":"https:\/\/swissbaker.ch\/fr\/#website","url":"https:\/\/swissbaker.ch\/fr\/","name":"SBC","description":"","publisher":{"@id":"https:\/\/swissbaker.ch\/fr\/#organization"},"potentialAction":[{"@type":"SearchAction","target":{"@type":"EntryPoint","urlTemplate":"https:\/\/swissbaker.ch\/fr\/?s={search_term_string}"},"query-input":{"@type":"PropertyValueSpecification","valueRequired":true,"valueName":"search_term_string"}}],"inLanguage":"fr-FR"},{"@type":"Organization","@id":"https:\/\/swissbaker.ch\/fr\/#organization","name":"Schweizerischer B\u00e4cker-Confiseurmeister-Verband","url":"https:\/\/swissbaker.ch\/fr\/","logo":{"@type":"ImageObject","inLanguage":"fr-FR","@id":"https:\/\/swissbaker.ch\/fr\/#\/schema\/logo\/image\/","url":"https:\/\/swissbaker.ch\/wp-content\/uploads\/2022\/04\/sbc-logo-yoast.jpg","contentUrl":"https:\/\/swissbaker.ch\/wp-content\/uploads\/2022\/04\/sbc-logo-yoast.jpg","width":512,"height":512,"caption":"Schweizerischer B\u00e4cker-Confiseurmeister-Verband"},"image":{"@id":"https:\/\/swissbaker.ch\/fr\/#\/schema\/logo\/image\/"},"sameAs":["https:\/\/www.facebook.com\/swissbaker.ch","https:\/\/x.com\/ch_swissbaker"]}]}},"_links":{"self":[{"href":"https:\/\/swissbaker.ch\/fr\/wp-json\/wp\/v2\/pages\/32124","targetHints":{"allow":["GET"]}}],"collection":[{"href":"https:\/\/swissbaker.ch\/fr\/wp-json\/wp\/v2\/pages"}],"about":[{"href":"https:\/\/swissbaker.ch\/fr\/wp-json\/wp\/v2\/types\/page"}],"author":[{"embeddable":true,"href":"https:\/\/swissbaker.ch\/fr\/wp-json\/wp\/v2\/users\/1"}],"replies":[{"embeddable":true,"href":"https:\/\/swissbaker.ch\/fr\/wp-json\/wp\/v2\/comments?post=32124"}],"version-history":[{"count":0,"href":"https:\/\/swissbaker.ch\/fr\/wp-json\/wp\/v2\/pages\/32124\/revisions"}],"up":[{"embeddable":true,"href":"https:\/\/swissbaker.ch\/fr\/wp-json\/wp\/v2\/pages\/31868"}],"wp:featuredmedia":[{"embeddable":true,"href":"https:\/\/swissbaker.ch\/fr\/wp-json\/wp\/v2\/media\/123893"}],"wp:attachment":[{"href":"https:\/\/swissbaker.ch\/fr\/wp-json\/wp\/v2\/media?parent=32124"}],"curies":[{"name":"wp","href":"https:\/\/api.w.org\/{rel}","templated":true}]}}