{"id":32006,"date":"2022-04-25T11:49:16","date_gmt":"2022-04-25T09:49:16","guid":{"rendered":"https:\/\/swissbaker.ch\/?page_id=32006"},"modified":"2026-02-16T13:59:30","modified_gmt":"2026-02-16T12:59:30","slug":"campagne-des-rois","status":"publish","type":"page","link":"https:\/\/swissbaker.ch\/fr\/consommateur\/campagne-des-rois\/","title":{"rendered":"Concours des Rois 2026"},"content":{"rendered":"\n<figure class=\"wp-block-image size-full\"><a href=\"https:\/\/galette-des-rois.ch\/\"><img decoding=\"async\" width=\"551\" height=\"327\" src=\"https:\/\/swissbaker.ch\/wp-content\/uploads\/2022\/05\/csm_dreikoenig_neu_anrissbild_franz_019898b7b3.jpeg\" alt=\"Nouvelle campagne des Rois en 2022\" class=\"wp-image-16171\" srcset=\"https:\/\/swissbaker.ch\/wp-content\/uploads\/2022\/05\/csm_dreikoenig_neu_anrissbild_franz_019898b7b3.jpeg 551w, https:\/\/swissbaker.ch\/wp-content\/uploads\/2022\/05\/csm_dreikoenig_neu_anrissbild_franz_019898b7b3-300x178.jpeg 300w\" sizes=\"(max-width: 551px) 100vw, 551px\" \/><\/a><\/figure>\n\n\n\n<p>Chaque jour est une f\u00eate chez l\u2019artisan boulanger-confiseur! Ce sera encore plus vrai le 6 janvier, jour de la F\u00eate des Rois! A cette occasion, de nombreuses boulangeries-confiseries artisanales du pays proposeront \u00e0 leur client\u00e8le des g\u00e2teaux ou des galettes des Rois, des animations particuli\u00e8res pour certaines, ainsi qu\u2019un concours organis\u00e9 sur le plan national par l\u2019Association suisse des patrons boulangers-confiseurs.<\/p>\n\n\n\n<h2 class=\"wp-block-heading\" id=\"h-voici-les-gagnants\">Voici les gagnants<\/h2>\n\n\n\n<p><strong>Nous vous remercions pour votre participation nombreuse. Le tirage au sort des gagnants a eu lieu fin janvier 2026. Voici les gagnants. Toutes nos f\u00e9licitations!<\/strong><\/p>\n\n\n\n<div class=\"wp-block-file\"><a id=\"wp-block-file--media-d1d07f1d-fa5b-4f0b-9fd9-7181c4c5372f\" href=\"https:\/\/swissbaker.ch\/wp-content\/uploads\/2026\/02\/liste-gewinner-3kw-2026.pdf\"><strong>Liste des gagnants Concours des Rois 2026<\/strong><\/a><a href=\"https:\/\/swissbaker.ch\/wp-content\/uploads\/2026\/02\/liste-gewinner-3kw-2026.pdf\" class=\"wp-block-file__button wp-element-button\" download aria-describedby=\"wp-block-file--media-d1d07f1d-fa5b-4f0b-9fd9-7181c4c5372f\">Herunterladen<\/a><\/div>\n\n\n\n<div style=\"height:40px\" aria-hidden=\"true\" class=\"wp-block-spacer\"><\/div>\n\n\n\n<h2 class=\"wp-block-heading\" id=\"h-prix-de-concours-2026\">Prix de concours 2026<\/h2>\n\n\n\n<p><strong>1<sup>er<\/sup> prix: bon de voyage de Globetrotter Travel Service d\u2019une valeur de 5\u2019000 francs<\/strong><\/p>\n\n\n\n<figure class=\"wp-block-image size-full is-resized\"><img decoding=\"async\" width=\"600\" height=\"135\" src=\"https:\/\/swissbaker.ch\/wp-content\/uploads\/2024\/07\/logo_travel_service_pos.png\" alt=\"\" class=\"wp-image-81245\" style=\"width:250px;height:auto\"\/><\/figure>\n\n\n\n<div style=\"height:34px\" aria-hidden=\"true\" class=\"wp-block-spacer\"><\/div>\n\n\n\n<p><strong>2<sup>e<\/sup> prix: bon de Switzerland Travel Centre <\/strong>pour des vacances en Suisse d\u2019une <strong>valeur de 2\u2019500 francs<\/strong><\/p>\n\n\n\n<figure class=\"wp-block-image size-large is-resized\"><img decoding=\"async\" width=\"1024\" height=\"251\" src=\"https:\/\/swissbaker.ch\/wp-content\/uploads\/2024\/11\/swiss_travel_center_logo_neu-1024x251.png\" alt=\"\" class=\"wp-image-86922\" style=\"width:247px;height:auto\" srcset=\"https:\/\/swissbaker.ch\/wp-content\/uploads\/2024\/11\/swiss_travel_center_logo_neu-1024x251.png 1024w, https:\/\/swissbaker.ch\/wp-content\/uploads\/2024\/11\/swiss_travel_center_logo_neu-768x188.png 768w, https:\/\/swissbaker.ch\/wp-content\/uploads\/2024\/11\/swiss_travel_center_logo_neu-1536x377.png 1536w, https:\/\/swissbaker.ch\/wp-content\/uploads\/2024\/11\/swiss_travel_center_logo_neu-2048x502.png 2048w\" sizes=\"(max-width: 1024px) 100vw, 1024px\" \/><\/figure>\n\n\n\n<figure class=\"wp-block-image size-full is-resized\"><img decoding=\"async\" width=\"854\" height=\"700\" src=\"https:\/\/swissbaker.ch\/wp-content\/uploads\/2024\/08\/bild_kundenseite_reisegutscheine.jpg\" alt=\"\" class=\"wp-image-82379\" style=\"width:502px;height:auto\" srcset=\"https:\/\/swissbaker.ch\/wp-content\/uploads\/2024\/08\/bild_kundenseite_reisegutscheine.jpg 854w, https:\/\/swissbaker.ch\/wp-content\/uploads\/2024\/08\/bild_kundenseite_reisegutscheine-768x630.jpg 768w\" sizes=\"(max-width: 854px) 100vw, 854px\" \/><\/figure>\n\n\n\n<div style=\"height:29px\" aria-hidden=\"true\" class=\"wp-block-spacer\"><\/div>\n\n\n\n<p><strong>3<sup>e<\/sup> prix: \u00ab\u00e9v\u00e8nement boulanger\u00bb avec petit d\u00e9jeuner pour 10 personnes<\/strong> \u00e0 l\u2019Ecole professionnelle Richemont de Lucerne, d\u2019une <strong>valeur de 1\u2019000 francs<\/strong><\/p>\n\n\n\n<figure class=\"wp-block-image size-full is-resized\"><img decoding=\"async\" width=\"854\" height=\"700\" src=\"https:\/\/swissbaker.ch\/wp-content\/uploads\/2024\/08\/bild_kundenseite_richemontevent.jpg\" alt=\"\" class=\"wp-image-82381\" style=\"width:504px;height:auto\" srcset=\"https:\/\/swissbaker.ch\/wp-content\/uploads\/2024\/08\/bild_kundenseite_richemontevent.jpg 854w, https:\/\/swissbaker.ch\/wp-content\/uploads\/2024\/08\/bild_kundenseite_richemontevent-768x630.jpg 768w\" sizes=\"(max-width: 854px) 100vw, 854px\" \/><\/figure>\n\n\n\n<div style=\"height:22px\" aria-hidden=\"true\" class=\"wp-block-spacer\"><\/div>\n\n\n\n<p><strong>Du 4<sup>e<\/sup>&nbsp;au 120<sup>e<\/sup><\/strong>&nbsp;<strong>prix:<\/strong> <strong>bons gourmands<\/strong> de l\u2019artisan boulanger-confiseur d\u2019une <strong>valeur de 30 \u00e0 500 francs<\/strong><\/p>\n\n\n\n<figure class=\"wp-block-image size-full is-resized\"><img decoding=\"async\" width=\"516\" height=\"448\" src=\"https:\/\/swissbaker.ch\/wp-content\/uploads\/2023\/11\/koenig_gutscheine_faecher_krone_trans.png\" alt=\"\" class=\"wp-image-70905\" style=\"width:343px;height:auto\"\/><\/figure>\n\n\n\n<div style=\"height:27px\" aria-hidden=\"true\" class=\"wp-block-spacer\"><\/div>\n\n\n\n<h2 class=\"wp-block-heading\">Du fournil \u00e0 la table familiale\u2026<\/h2>\n\n\n\n<figure class=\"wp-block-video\"><video height=\"720\" style=\"aspect-ratio: 1280 \/ 720;\" width=\"1280\" controls src=\"https:\/\/swissbaker.ch\/wp-content\/uploads\/2025\/07\/video_dreikoenig_sbc_2026_fr.mp4\"><\/video><\/figure>\n\n\n\n<div style=\"height:28px\" aria-hidden=\"true\" class=\"wp-block-spacer\"><\/div>\n\n\n\n<h2 class=\"wp-block-heading\" id=\"h-histoire\">Histoire<\/h2>\n\n\n\n<p><strong>Raine\/roi d&#8217;un jour<\/strong><br>La galette des Rois est un g\u00e2teau \u00e0 base de p\u00e2te lev\u00e9e sucr\u00e9e compos\u00e9 de plusieurs boules. Dans l&#8217;une d\u2019entre elles \u2013 jamais celle du milieu \u2013 se cache une petite figurine repr\u00e9sentant un roi ou une reine. Celui ou celle qui la trouve dans sa part de galette est couronn\u00e9\/e reine ou roi d&#8217;un jour. Cette personne a alors le droit de porter la couronne qui accompagne la galette, d\u2019\u00e9mettre des souhaits et de donner des ordres. Cette p\u00e2tisserie sucr\u00e9e est servie \u00e0 l&#8217;occasion de l&#8217;\u00c9piphanie (le 6 janvier), une f\u00eate qui rappelle la recherche et l\u2019adoration des trois mages devant la cr\u00e8che de J\u00e9sus.<\/p>\n\n\n\n<p>Dans certaines r\u00e9gions de Suisse romande, la galette des Rois est faite de p\u00e2te feuillet\u00e9e, dans laquelle est gliss\u00e9e une f\u00e8ve en porcelaine color\u00e9e.<\/p>\n\n\n\n<p><strong>Histoire de la galette des rois<\/strong><br>C\u2019est en 1952 que Max W\u00e4hren (1919 \u2013 2008), chercheur sp\u00e9cialis\u00e9 dans le pain, a redonn\u00e9 vie \u00e0 cette tradition s\u00e9culaire en collaboration avec l&#8217;Association suisse des patrons boulangers-confiseurs (BCS). Le Richemont centre de comp\u00e9tences boulangerie-p\u00e2tisserie-confiserie de Lucerne a cr\u00e9\u00e9 pour l\u2019occasion la recette d&#8217;un g\u00e2teau \u00e0 base de p\u00e2te lev\u00e9e sucr\u00e9e, encore utilis\u00e9e aujourd&#8217;hui.<\/p>\n\n\n\n<p>La galette des Rois est une coutume attest\u00e9e en Suisse depuis au moins 1390 par l\u2019existence d\u2019un produit sucr\u00e9 comparable. Mais selon les experts, son origine remonte encore plus loin, au Ve si\u00e8cle avant J\u00e9sus-Christ. Dans l&#8217;Antiquit\u00e9 romaine, le g\u00e2teau aurait \u00e9t\u00e9 confectionn\u00e9 \u00e0 l&#8217;occasion d&#8217;une f\u00eate populaire en l&#8217;honneur du dieu Saturne. En ce temps-l\u00e0 toutefois, la f\u00e8ve n\u2019aurait \u00e9t\u00e9 encore qu\u2019un haricot.<\/p>\n","protected":false},"excerpt":{"rendered":"<p>Chaque jour est une f\u00eate chez l\u2019artisan boulanger-confiseur! Ce sera encore plus vrai le 6 janvier, jour de la F\u00eate des Rois! A cette occasion, de nombreuses boulangeries-confiseries artisanales du pays proposeront \u00e0 leur client\u00e8le des g\u00e2teaux ou des galettes des Rois, des animations particuli\u00e8res pour certaines, ainsi qu\u2019un concours organis\u00e9 sur le plan national par l\u2019Association suisse des patrons [&hellip;]<\/p>\n","protected":false},"author":1,"featured_media":61939,"parent":31868,"menu_order":0,"comment_status":"closed","ping_status":"closed","template":"","meta":{"_acf_changed":false,"footnotes":""},"class_list":["post-32006","page","type-page","status-publish","has-post-thumbnail","hentry"],"acf":[],"yoast_head":"<!-- This site is optimized with the Yoast SEO Premium plugin v26.8 (Yoast SEO v26.8) - https:\/\/yoast.com\/product\/yoast-seo-premium-wordpress\/ -->\n<title>Concours des Rois 2026 | SBC<\/title>\n<meta name=\"description\" content=\"G\u00e2teaux des Rois avec concours\" \/>\n<meta name=\"robots\" content=\"index, follow, max-snippet:-1, max-image-preview:large, max-video-preview:-1\" \/>\n<link rel=\"canonical\" href=\"https:\/\/swissbaker.ch\/fr\/consommateur\/campagne-des-rois\/\" \/>\n<meta property=\"og:locale\" content=\"fr_FR\" \/>\n<meta property=\"og:type\" content=\"article\" \/>\n<meta property=\"og:title\" content=\"Concours des Rois 2026\" \/>\n<meta property=\"og:description\" content=\"G\u00e2teaux des Rois avec concours\" \/>\n<meta property=\"og:url\" content=\"https:\/\/swissbaker.ch\/fr\/consommateur\/campagne-des-rois\/\" \/>\n<meta property=\"og:site_name\" content=\"SBC\" \/>\n<meta property=\"article:publisher\" content=\"https:\/\/www.facebook.com\/swissbaker.ch\" \/>\n<meta property=\"article:modified_time\" content=\"2026-02-16T12:59:30+00:00\" \/>\n<meta property=\"og:image\" content=\"https:\/\/swissbaker.ch\/wp-content\/uploads\/2023\/03\/3_koenig_anrissbild.jpg\" \/>\n\t<meta property=\"og:image:width\" content=\"1200\" \/>\n\t<meta property=\"og:image:height\" content=\"712\" \/>\n\t<meta property=\"og:image:type\" content=\"image\/jpeg\" \/>\n<meta name=\"twitter:card\" content=\"summary_large_image\" \/>\n<meta name=\"twitter:site\" content=\"@ch_swissbaker\" \/>\n<meta name=\"twitter:label1\" content=\"Est. reading time\" \/>\n\t<meta name=\"twitter:data1\" content=\"2 minutes\" \/>\n<script type=\"application\/ld+json\" class=\"yoast-schema-graph\">{\"@context\":\"https:\/\/schema.org\",\"@graph\":[{\"@type\":\"WebPage\",\"@id\":\"https:\/\/swissbaker.ch\/fr\/consommateur\/campagne-des-rois\/\",\"url\":\"https:\/\/swissbaker.ch\/fr\/consommateur\/campagne-des-rois\/\",\"name\":\"Concours des Rois 2026 | SBC\",\"isPartOf\":{\"@id\":\"https:\/\/swissbaker.ch\/fr\/#website\"},\"primaryImageOfPage\":{\"@id\":\"https:\/\/swissbaker.ch\/fr\/consommateur\/campagne-des-rois\/#primaryimage\"},\"image\":{\"@id\":\"https:\/\/swissbaker.ch\/fr\/consommateur\/campagne-des-rois\/#primaryimage\"},\"thumbnailUrl\":\"https:\/\/swissbaker.ch\/wp-content\/uploads\/2023\/03\/3_koenig_anrissbild.jpg\",\"datePublished\":\"2022-04-25T09:49:16+00:00\",\"dateModified\":\"2026-02-16T12:59:30+00:00\",\"description\":\"G\u00e2teaux des Rois avec concours\",\"breadcrumb\":{\"@id\":\"https:\/\/swissbaker.ch\/fr\/consommateur\/campagne-des-rois\/#breadcrumb\"},\"inLanguage\":\"fr-FR\",\"potentialAction\":[{\"@type\":\"ReadAction\",\"target\":[\"https:\/\/swissbaker.ch\/fr\/consommateur\/campagne-des-rois\/\"]}]},{\"@type\":\"ImageObject\",\"inLanguage\":\"fr-FR\",\"@id\":\"https:\/\/swissbaker.ch\/fr\/consommateur\/campagne-des-rois\/#primaryimage\",\"url\":\"https:\/\/swissbaker.ch\/wp-content\/uploads\/2023\/03\/3_koenig_anrissbild.jpg\",\"contentUrl\":\"https:\/\/swissbaker.ch\/wp-content\/uploads\/2023\/03\/3_koenig_anrissbild.jpg\",\"width\":1200,\"height\":712},{\"@type\":\"BreadcrumbList\",\"@id\":\"https:\/\/swissbaker.ch\/fr\/consommateur\/campagne-des-rois\/#breadcrumb\",\"itemListElement\":[{\"@type\":\"ListItem\",\"position\":1,\"name\":\"\",\"item\":\"https:\/\/swissbaker.ch\/fr\/\"},{\"@type\":\"ListItem\",\"position\":2,\"name\":\"Consommateur\",\"item\":\"https:\/\/swissbaker.ch\/fr\/consommateur\/\"},{\"@type\":\"ListItem\",\"position\":3,\"name\":\"Concours des Rois 2026\"}]},{\"@type\":\"WebSite\",\"@id\":\"https:\/\/swissbaker.ch\/fr\/#website\",\"url\":\"https:\/\/swissbaker.ch\/fr\/\",\"name\":\"SBC\",\"description\":\"\",\"publisher\":{\"@id\":\"https:\/\/swissbaker.ch\/fr\/#organization\"},\"potentialAction\":[{\"@type\":\"SearchAction\",\"target\":{\"@type\":\"EntryPoint\",\"urlTemplate\":\"https:\/\/swissbaker.ch\/fr\/?s={search_term_string}\"},\"query-input\":{\"@type\":\"PropertyValueSpecification\",\"valueRequired\":true,\"valueName\":\"search_term_string\"}}],\"inLanguage\":\"fr-FR\"},{\"@type\":\"Organization\",\"@id\":\"https:\/\/swissbaker.ch\/fr\/#organization\",\"name\":\"Schweizerischer B\u00e4cker-Confiseurmeister-Verband\",\"url\":\"https:\/\/swissbaker.ch\/fr\/\",\"logo\":{\"@type\":\"ImageObject\",\"inLanguage\":\"fr-FR\",\"@id\":\"https:\/\/swissbaker.ch\/fr\/#\/schema\/logo\/image\/\",\"url\":\"https:\/\/swissbaker.ch\/wp-content\/uploads\/2022\/04\/sbc-logo-yoast.jpg\",\"contentUrl\":\"https:\/\/swissbaker.ch\/wp-content\/uploads\/2022\/04\/sbc-logo-yoast.jpg\",\"width\":512,\"height\":512,\"caption\":\"Schweizerischer B\u00e4cker-Confiseurmeister-Verband\"},\"image\":{\"@id\":\"https:\/\/swissbaker.ch\/fr\/#\/schema\/logo\/image\/\"},\"sameAs\":[\"https:\/\/www.facebook.com\/swissbaker.ch\",\"https:\/\/x.com\/ch_swissbaker\"]}]}<\/script>\n<!-- \/ Yoast SEO Premium plugin. -->","yoast_head_json":{"title":"Concours des Rois 2026 | SBC","description":"G\u00e2teaux des Rois avec concours","robots":{"index":"index","follow":"follow","max-snippet":"max-snippet:-1","max-image-preview":"max-image-preview:large","max-video-preview":"max-video-preview:-1"},"canonical":"https:\/\/swissbaker.ch\/fr\/consommateur\/campagne-des-rois\/","og_locale":"fr_FR","og_type":"article","og_title":"Concours des Rois 2026","og_description":"G\u00e2teaux des Rois avec concours","og_url":"https:\/\/swissbaker.ch\/fr\/consommateur\/campagne-des-rois\/","og_site_name":"SBC","article_publisher":"https:\/\/www.facebook.com\/swissbaker.ch","article_modified_time":"2026-02-16T12:59:30+00:00","og_image":[{"width":1200,"height":712,"url":"https:\/\/swissbaker.ch\/wp-content\/uploads\/2023\/03\/3_koenig_anrissbild.jpg","type":"image\/jpeg"}],"twitter_card":"summary_large_image","twitter_site":"@ch_swissbaker","twitter_misc":{"Est. reading time":"2 minutes"},"schema":{"@context":"https:\/\/schema.org","@graph":[{"@type":"WebPage","@id":"https:\/\/swissbaker.ch\/fr\/consommateur\/campagne-des-rois\/","url":"https:\/\/swissbaker.ch\/fr\/consommateur\/campagne-des-rois\/","name":"Concours des Rois 2026 | SBC","isPartOf":{"@id":"https:\/\/swissbaker.ch\/fr\/#website"},"primaryImageOfPage":{"@id":"https:\/\/swissbaker.ch\/fr\/consommateur\/campagne-des-rois\/#primaryimage"},"image":{"@id":"https:\/\/swissbaker.ch\/fr\/consommateur\/campagne-des-rois\/#primaryimage"},"thumbnailUrl":"https:\/\/swissbaker.ch\/wp-content\/uploads\/2023\/03\/3_koenig_anrissbild.jpg","datePublished":"2022-04-25T09:49:16+00:00","dateModified":"2026-02-16T12:59:30+00:00","description":"G\u00e2teaux des Rois avec concours","breadcrumb":{"@id":"https:\/\/swissbaker.ch\/fr\/consommateur\/campagne-des-rois\/#breadcrumb"},"inLanguage":"fr-FR","potentialAction":[{"@type":"ReadAction","target":["https:\/\/swissbaker.ch\/fr\/consommateur\/campagne-des-rois\/"]}]},{"@type":"ImageObject","inLanguage":"fr-FR","@id":"https:\/\/swissbaker.ch\/fr\/consommateur\/campagne-des-rois\/#primaryimage","url":"https:\/\/swissbaker.ch\/wp-content\/uploads\/2023\/03\/3_koenig_anrissbild.jpg","contentUrl":"https:\/\/swissbaker.ch\/wp-content\/uploads\/2023\/03\/3_koenig_anrissbild.jpg","width":1200,"height":712},{"@type":"BreadcrumbList","@id":"https:\/\/swissbaker.ch\/fr\/consommateur\/campagne-des-rois\/#breadcrumb","itemListElement":[{"@type":"ListItem","position":1,"name":"","item":"https:\/\/swissbaker.ch\/fr\/"},{"@type":"ListItem","position":2,"name":"Consommateur","item":"https:\/\/swissbaker.ch\/fr\/consommateur\/"},{"@type":"ListItem","position":3,"name":"Concours des Rois 2026"}]},{"@type":"WebSite","@id":"https:\/\/swissbaker.ch\/fr\/#website","url":"https:\/\/swissbaker.ch\/fr\/","name":"SBC","description":"","publisher":{"@id":"https:\/\/swissbaker.ch\/fr\/#organization"},"potentialAction":[{"@type":"SearchAction","target":{"@type":"EntryPoint","urlTemplate":"https:\/\/swissbaker.ch\/fr\/?s={search_term_string}"},"query-input":{"@type":"PropertyValueSpecification","valueRequired":true,"valueName":"search_term_string"}}],"inLanguage":"fr-FR"},{"@type":"Organization","@id":"https:\/\/swissbaker.ch\/fr\/#organization","name":"Schweizerischer B\u00e4cker-Confiseurmeister-Verband","url":"https:\/\/swissbaker.ch\/fr\/","logo":{"@type":"ImageObject","inLanguage":"fr-FR","@id":"https:\/\/swissbaker.ch\/fr\/#\/schema\/logo\/image\/","url":"https:\/\/swissbaker.ch\/wp-content\/uploads\/2022\/04\/sbc-logo-yoast.jpg","contentUrl":"https:\/\/swissbaker.ch\/wp-content\/uploads\/2022\/04\/sbc-logo-yoast.jpg","width":512,"height":512,"caption":"Schweizerischer B\u00e4cker-Confiseurmeister-Verband"},"image":{"@id":"https:\/\/swissbaker.ch\/fr\/#\/schema\/logo\/image\/"},"sameAs":["https:\/\/www.facebook.com\/swissbaker.ch","https:\/\/x.com\/ch_swissbaker"]}]}},"_links":{"self":[{"href":"https:\/\/swissbaker.ch\/fr\/wp-json\/wp\/v2\/pages\/32006","targetHints":{"allow":["GET"]}}],"collection":[{"href":"https:\/\/swissbaker.ch\/fr\/wp-json\/wp\/v2\/pages"}],"about":[{"href":"https:\/\/swissbaker.ch\/fr\/wp-json\/wp\/v2\/types\/page"}],"author":[{"embeddable":true,"href":"https:\/\/swissbaker.ch\/fr\/wp-json\/wp\/v2\/users\/1"}],"replies":[{"embeddable":true,"href":"https:\/\/swissbaker.ch\/fr\/wp-json\/wp\/v2\/comments?post=32006"}],"version-history":[{"count":0,"href":"https:\/\/swissbaker.ch\/fr\/wp-json\/wp\/v2\/pages\/32006\/revisions"}],"up":[{"embeddable":true,"href":"https:\/\/swissbaker.ch\/fr\/wp-json\/wp\/v2\/pages\/31868"}],"wp:featuredmedia":[{"embeddable":true,"href":"https:\/\/swissbaker.ch\/fr\/wp-json\/wp\/v2\/media\/61939"}],"wp:attachment":[{"href":"https:\/\/swissbaker.ch\/fr\/wp-json\/wp\/v2\/media?parent=32006"}],"curies":[{"name":"wp","href":"https:\/\/api.w.org\/{rel}","templated":true}]}}