{"id":31896,"date":"2022-04-25T11:51:08","date_gmt":"2022-04-25T09:51:08","guid":{"rendered":"https:\/\/swissbaker.ch\/?page_id=31896"},"modified":"2022-06-15T09:18:14","modified_gmt":"2022-06-15T07:18:14","slug":"couronne-de-boulanger-2022","status":"publish","type":"page","link":"https:\/\/swissbaker.ch\/fr\/consommateur\/couronne-de-boulanger\/couronne-de-boulanger-2022\/","title":{"rendered":"Couronne de boulanger 2022"},"content":{"rendered":"\n<h2 class=\"wp-block-heading\" id=\"h-la-couronne-boulangere-2022-attribuee-a-eigenbrotler-backwerke-gmbh-a-wauwil-lu\"><strong>La \u00abcouronne boulang\u00e8re&nbsp;2022\u00bb attribu\u00e9e \u00e0 eigenbr\u00f6tler Backwerke GmbH \u00e0 Wauwil (LU)<\/strong><\/h2>\n\n\n<div class=\"wp-block-image\">\n<figure class=\"aligncenter size-large is-resized\"><img decoding=\"async\" src=\"https:\/\/swissbaker.ch\/wp-content\/uploads\/2022\/06\/baeckerkrone-gewinner-2022_daniel-amrein-683x1024.jpg\" alt=\"Bild B\u00e4ckerkrone-Gewinner 2022 - Daniel Amrein\" class=\"wp-image-38085\" width=\"376\" height=\"564\" srcset=\"https:\/\/swissbaker.ch\/wp-content\/uploads\/2022\/06\/baeckerkrone-gewinner-2022_daniel-amrein-683x1024.jpg 683w, https:\/\/swissbaker.ch\/wp-content\/uploads\/2022\/06\/baeckerkrone-gewinner-2022_daniel-amrein-768x1152.jpg 768w, https:\/\/swissbaker.ch\/wp-content\/uploads\/2022\/06\/baeckerkrone-gewinner-2022_daniel-amrein-1024x1536.jpg 1024w, https:\/\/swissbaker.ch\/wp-content\/uploads\/2022\/06\/baeckerkrone-gewinner-2022_daniel-amrein-1365x2048.jpg 1365w, https:\/\/swissbaker.ch\/wp-content\/uploads\/2022\/06\/baeckerkrone-gewinner-2022_daniel-amrein-scaled.jpg 1366w\" sizes=\"(max-width: 376px) 100vw, 376px\" \/><figcaption><strong> Daniel Amrein<\/strong>, <strong>eigenbr\u00f6tler Backwerke GmbH<\/strong><\/figcaption><\/figure>\n<\/div>\n\n\n<h3 class=\"wp-block-heading\">Les places d\u2019honneur reviennent aux cantons de Vaud et de Berne<\/h3>\n\n\n\n<p><strong>La distinction nationale du secteur qu\u2019est la \u00abcouronne boulang\u00e8re\u00bb a \u00e9t\u00e9 remise cette ann\u00e9e \u00e0 <a href=\"https:\/\/www.eigenbroetler.info\/\" target=\"_blank\" rel=\"noreferrer noopener\">eigenbr\u00f6tler Backwerke GmbH \u00e0 Wauwil (LU)<\/a>. L\u2019\u00abexcentrique\u00bb Daniel Amrein est \u2013 dans le sens positif du terme \u2013 un \u00abfreak\u00bb et une figure de proue non conventionnelle dans le secteur de la boulangerie-confiserie. Les places d\u2019honneur sont revenues \u00e0 <a href=\"https:\/\/www.boulangerieclement.ch\/\" target=\"_blank\" rel=\"noreferrer noopener\">la boulangerie-p\u00e2tisserie-confiserie P. Cl\u00e9ment, \u00e0 Daillens (VD)<\/a>, et \u00e0<a href=\"https:\/\/jovis-glutenfreiebaeckerei.ch\/\" target=\"_blank\" rel=\"noreferrer noopener\"> Jovi\u2019s glutenfreie B\u00e4ckerei, \u00e0 Berne<\/a>.<\/strong><\/p>\n\n\n\n<p>Inventivit\u00e9, professionnalisme, talent et engagement extraordinaire sont les ma\u00eetres mots de la distinction que repr\u00e9sente la \u00abcouronne boulang\u00e8re\u00bb \u2013 dot\u00e9e d\u2019un prix de 15&#8217;000&nbsp;francs. L\u2019Association suisse des patrons boulangers-confiseurs (BCS) et l\u2019Union suisse de la levure (SHV) ont, le 13&nbsp;juin&nbsp;2022, d\u00e9cern\u00e9 pour la dixi\u00e8me fois d\u00e9j\u00e0 le prix cr\u00e9\u00e9 par cette derni\u00e8re. Cette distinction r\u00e9compense des id\u00e9es et des actions sociales, \u00e9conomiques, professionnelles ou \u00e9cologiques.<\/p>\n\n\n\n<h3 class=\"wp-block-heading\">Une figure de proue novatrice et authentique dans le secteur de la boulangerie-confiserie<\/h3>\n\n\n\n<p>L\u2019\u00abexcentrique\u00bb Daniel Amrein ne dirige pas une entreprise traditionnelle. Il a repris la boulangerie de village de son p\u00e8re il y a 33\u00a0ans pour remanier compl\u00e8tement son concept. Le laur\u00e9at de la \u00abcouronne boulang\u00e8re\u00bb n\u2019a pas de magasin, mais vend ses pains et ses produits de boulangerie directement depuis son fournil \u00e0 Wauwil ou sur le march\u00e9 de Lucerne. Daniel Amrein utilise des ingr\u00e9dients biologiques de la r\u00e9gion depuis le passage au nouveau mill\u00e9naire. Il cuit certaines sortes de pain dans un four \u00e0 bois sp\u00e9cial qui fait battre le c\u0153ur de tous les boulangers.<\/p>\n\n\n\n<p>A ce jour, de nombreux restaurants gastronomiques et h\u00f4tels de toute la Suisse s\u2019approvisionnent en pain aupr\u00e8s d\u2019eigenbr\u00f6tler Backwerke GmbH. Daniel Amrein est \u2013 dans le sens positif du terme \u2013 un \u00abfreak\u00bb et une figure de proue novatrice et authentique dans le secteur de la boulangerie-confiserie. Son concept et sa passion ont convaincu le jury de la \u00abcouronne boulang\u00e8re\u00bb.<\/p>\n\n\n\n<p>Outre eigenbr\u00f6tler Backwerke GmbH, les deux heureuses entreprises suivantes faisaient \u00e9galement partie des finalistes de la \u00abcouronne boulang\u00e8re 2022\u00bb:<\/p>\n\n\n\n<ul class=\"wp-block-list\"><li><strong>Boulangerie-p\u00e2tisserie-confiserie P. Cl\u00e9ment, Daillens (VD)<br><\/strong>Le propri\u00e9taire, Pascal Cl\u00e9ment, est une personne extr\u00eamement engag\u00e9e et novatrice, tr\u00e8s active au sein de l\u2019association (BCS). Son engagement est aussi tr\u00e8s marqu\u00e9 dans les villages dans lesquels il exploite des sites. N\u00e9 \u00e0 Daillens, l\u2019entrepreneur est \u00e9galement fan et partenaire commercial du club de hockey sur glace de Lausanne, le LHC. Sa client\u00e8le appr\u00e9cie notamment ses cr\u00e9ations humoristiques, telles que le \u00abpain Covid-19\u00bb ou le \u00abParme-Lin\u00bb (un sandwich en l\u2019honneur du conseiller f\u00e9d\u00e9ral Guy Parmelin).<\/li><li><strong>Jovi\u2019s glutenfreie B\u00e4ckerei, Berne<br><\/strong>La jeune entrepreneuse bernoise Jovana Beslac, Jovi pour les intimes, est elle-m\u00eame atteinte de coeliakie. Elle a ouvert en janvier&nbsp;2021 \u00e0 Berne sa propre boulangerie-confiserie sans gluten, l\u2019une des premi\u00e8res de Suisse sp\u00e9cialis\u00e9e dans le domaine. Son offre comprend des produits sans gluten, des pains et des friandises sans lactose, sans noix et sans \u0153ufs, ainsi que des produits v\u00e9g\u00e9taliens. Outre un magasin, l&#8217;entreprise dispose \u00e9galement d&#8217;une boutique en ligne.<\/li><\/ul>\n\n\n\n<h3 class=\"wp-block-heading\"><strong>70 boulangeries-confiseries en lice<\/strong><\/h3>\n\n\n\n<p>Au total, 70 entreprises de boulangerie-confiserie \u00e9taient en lice \u2013 apr\u00e8s nomination par des clients et clientes ou d\u00e9p\u00f4t d\u2019un dossier de candidature. Une d\u00e9l\u00e9gation du jury \u2013 comprenant la pr\u00e9sidente du jury Nicole Emmenegger (directrice de SHV), Daniel Daepp (directeur de Klipfel Levure SA), Mathias Roost (directeur de Levure Suisse SA), Silvan Hotz (pr\u00e9sident de la BCS), Urs Wellauer (directeur de la BCS) et Irene Muralt (boulangerie Muralt \u00e0 Ostermundigen) \u2013 s\u2019est rendue dans les entreprises pr\u00e9s\u00e9lectionn\u00e9es en vue de les \u00e9valuer.<\/p>\n\n\n\n<p>La SHV et la BCS f\u00e9licitent tous les nomin\u00e9s, ainsi que le laur\u00e9at de la \u00abcouronne boulang\u00e8re&nbsp;2022\u00bb, et leur souhaitent plein succ\u00e8s pour l\u2018avenir.<\/p>\n\n\n\n<h2 class=\"wp-block-heading\"><a href=\"https:\/\/www.baeckerkrone.ch\/fr\/\" target=\"_blank\" rel=\"noreferrer noopener\">Couronne boulang\u00e8re<\/a><\/h2>\n\n\n\n<hr class=\"wp-block-separator has-alpha-channel-opacity\"\/>\n","protected":false},"excerpt":{"rendered":"<p>La \u00abcouronne boulang\u00e8re&nbsp;2022\u00bb attribu\u00e9e \u00e0 eigenbr\u00f6tler Backwerke GmbH \u00e0 Wauwil (LU) Les places d\u2019honneur reviennent aux cantons de Vaud et de Berne La distinction nationale du secteur qu\u2019est la \u00abcouronne boulang\u00e8re\u00bb a \u00e9t\u00e9 remise cette ann\u00e9e \u00e0 eigenbr\u00f6tler Backwerke GmbH \u00e0 Wauwil (LU). L\u2019\u00abexcentrique\u00bb Daniel Amrein est \u2013 dans le sens positif du terme \u2013 un \u00abfreak\u00bb et une figure [&hellip;]<\/p>\n","protected":false},"author":1,"featured_media":5299,"parent":35292,"menu_order":0,"comment_status":"closed","ping_status":"closed","template":"","meta":{"_acf_changed":false,"footnotes":""},"class_list":["post-31896","page","type-page","status-publish","has-post-thumbnail","hentry"],"acf":[],"yoast_head":"<!-- This site is optimized with the Yoast SEO Premium plugin v26.8 (Yoast SEO v26.8) - https:\/\/yoast.com\/product\/yoast-seo-premium-wordpress\/ -->\n<title>Couronne de boulanger 2022 | SBC<\/title>\n<meta name=\"description\" content=\"La \u00abcouronne boulang\u00e8re\u00a02022\u00bb; Eigenbr\u00f6tler, Daniel Amrein\" \/>\n<meta name=\"robots\" content=\"index, follow, max-snippet:-1, max-image-preview:large, max-video-preview:-1\" \/>\n<link rel=\"canonical\" href=\"https:\/\/swissbaker.ch\/fr\/consommateur\/couronne-de-boulanger\/couronne-de-boulanger-2022\/\" \/>\n<meta property=\"og:locale\" content=\"fr_FR\" \/>\n<meta property=\"og:type\" content=\"article\" \/>\n<meta property=\"og:title\" content=\"Couronne de boulanger 2022\" \/>\n<meta property=\"og:description\" content=\"La \u00abcouronne boulang\u00e8re\u00a02022\u00bb; Eigenbr\u00f6tler, Daniel Amrein\" \/>\n<meta property=\"og:url\" content=\"https:\/\/swissbaker.ch\/fr\/consommateur\/couronne-de-boulanger\/couronne-de-boulanger-2022\/\" \/>\n<meta property=\"og:site_name\" content=\"SBC\" \/>\n<meta property=\"article:publisher\" content=\"https:\/\/www.facebook.com\/swissbaker.ch\" \/>\n<meta property=\"article:modified_time\" content=\"2022-06-15T07:18:14+00:00\" \/>\n<meta property=\"og:image\" content=\"https:\/\/swissbaker.ch\/wp-content\/uploads\/2022\/06\/baeckerkrone_2022_bild_3-scaled.jpg\" \/>\n\t<meta property=\"og:image:width\" content=\"1366\" \/>\n\t<meta property=\"og:image:height\" content=\"2048\" \/>\n\t<meta property=\"og:image:type\" content=\"image\/jpeg\" \/>\n<meta name=\"twitter:card\" content=\"summary_large_image\" \/>\n<meta name=\"twitter:site\" content=\"@ch_swissbaker\" \/>\n<meta name=\"twitter:label1\" content=\"Est. reading time\" \/>\n\t<meta name=\"twitter:data1\" content=\"4 minutes\" \/>\n<script type=\"application\/ld+json\" class=\"yoast-schema-graph\">{\"@context\":\"https:\/\/schema.org\",\"@graph\":[{\"@type\":\"WebPage\",\"@id\":\"https:\/\/swissbaker.ch\/fr\/consommateur\/couronne-de-boulanger\/couronne-de-boulanger-2022\/\",\"url\":\"https:\/\/swissbaker.ch\/fr\/consommateur\/couronne-de-boulanger\/couronne-de-boulanger-2022\/\",\"name\":\"Couronne de boulanger 2022 | SBC\",\"isPartOf\":{\"@id\":\"https:\/\/swissbaker.ch\/fr\/#website\"},\"primaryImageOfPage\":{\"@id\":\"https:\/\/swissbaker.ch\/fr\/consommateur\/couronne-de-boulanger\/couronne-de-boulanger-2022\/#primaryimage\"},\"image\":{\"@id\":\"https:\/\/swissbaker.ch\/fr\/consommateur\/couronne-de-boulanger\/couronne-de-boulanger-2022\/#primaryimage\"},\"thumbnailUrl\":\"https:\/\/swissbaker.ch\/wp-content\/uploads\/2022\/03\/11_1_baeckerkrone_d.jpeg\",\"datePublished\":\"2022-04-25T09:51:08+00:00\",\"dateModified\":\"2022-06-15T07:18:14+00:00\",\"description\":\"La \u00abcouronne boulang\u00e8re\u00a02022\u00bb; Eigenbr\u00f6tler, Daniel Amrein\",\"breadcrumb\":{\"@id\":\"https:\/\/swissbaker.ch\/fr\/consommateur\/couronne-de-boulanger\/couronne-de-boulanger-2022\/#breadcrumb\"},\"inLanguage\":\"fr-FR\",\"potentialAction\":[{\"@type\":\"ReadAction\",\"target\":[\"https:\/\/swissbaker.ch\/fr\/consommateur\/couronne-de-boulanger\/couronne-de-boulanger-2022\/\"]}]},{\"@type\":\"ImageObject\",\"inLanguage\":\"fr-FR\",\"@id\":\"https:\/\/swissbaker.ch\/fr\/consommateur\/couronne-de-boulanger\/couronne-de-boulanger-2022\/#primaryimage\",\"url\":\"https:\/\/swissbaker.ch\/wp-content\/uploads\/2022\/03\/11_1_baeckerkrone_d.jpeg\",\"contentUrl\":\"https:\/\/swissbaker.ch\/wp-content\/uploads\/2022\/03\/11_1_baeckerkrone_d.jpeg\",\"width\":800,\"height\":474,\"caption\":\"B\u00e4ckerkrone 2021 \u2013 die drei Finalisten stehen fest\"},{\"@type\":\"BreadcrumbList\",\"@id\":\"https:\/\/swissbaker.ch\/fr\/consommateur\/couronne-de-boulanger\/couronne-de-boulanger-2022\/#breadcrumb\",\"itemListElement\":[{\"@type\":\"ListItem\",\"position\":1,\"name\":\"\",\"item\":\"https:\/\/swissbaker.ch\/fr\/\"},{\"@type\":\"ListItem\",\"position\":2,\"name\":\"Consommateur\",\"item\":\"https:\/\/swissbaker.ch\/fr\/consommateur\/\"},{\"@type\":\"ListItem\",\"position\":3,\"name\":\"Couronne de boulanger\",\"item\":\"https:\/\/swissbaker.ch\/fr\/consommateur\/couronne-de-boulanger\/\"},{\"@type\":\"ListItem\",\"position\":4,\"name\":\"Couronne de boulanger 2022\"}]},{\"@type\":\"WebSite\",\"@id\":\"https:\/\/swissbaker.ch\/fr\/#website\",\"url\":\"https:\/\/swissbaker.ch\/fr\/\",\"name\":\"SBC\",\"description\":\"\",\"publisher\":{\"@id\":\"https:\/\/swissbaker.ch\/fr\/#organization\"},\"potentialAction\":[{\"@type\":\"SearchAction\",\"target\":{\"@type\":\"EntryPoint\",\"urlTemplate\":\"https:\/\/swissbaker.ch\/fr\/?s={search_term_string}\"},\"query-input\":{\"@type\":\"PropertyValueSpecification\",\"valueRequired\":true,\"valueName\":\"search_term_string\"}}],\"inLanguage\":\"fr-FR\"},{\"@type\":\"Organization\",\"@id\":\"https:\/\/swissbaker.ch\/fr\/#organization\",\"name\":\"Schweizerischer B\u00e4cker-Confiseurmeister-Verband\",\"url\":\"https:\/\/swissbaker.ch\/fr\/\",\"logo\":{\"@type\":\"ImageObject\",\"inLanguage\":\"fr-FR\",\"@id\":\"https:\/\/swissbaker.ch\/fr\/#\/schema\/logo\/image\/\",\"url\":\"https:\/\/swissbaker.ch\/wp-content\/uploads\/2022\/04\/sbc-logo-yoast.jpg\",\"contentUrl\":\"https:\/\/swissbaker.ch\/wp-content\/uploads\/2022\/04\/sbc-logo-yoast.jpg\",\"width\":512,\"height\":512,\"caption\":\"Schweizerischer B\u00e4cker-Confiseurmeister-Verband\"},\"image\":{\"@id\":\"https:\/\/swissbaker.ch\/fr\/#\/schema\/logo\/image\/\"},\"sameAs\":[\"https:\/\/www.facebook.com\/swissbaker.ch\",\"https:\/\/x.com\/ch_swissbaker\"]}]}<\/script>\n<!-- \/ Yoast SEO Premium plugin. -->","yoast_head_json":{"title":"Couronne de boulanger 2022 | SBC","description":"La \u00abcouronne boulang\u00e8re\u00a02022\u00bb; Eigenbr\u00f6tler, Daniel Amrein","robots":{"index":"index","follow":"follow","max-snippet":"max-snippet:-1","max-image-preview":"max-image-preview:large","max-video-preview":"max-video-preview:-1"},"canonical":"https:\/\/swissbaker.ch\/fr\/consommateur\/couronne-de-boulanger\/couronne-de-boulanger-2022\/","og_locale":"fr_FR","og_type":"article","og_title":"Couronne de boulanger 2022","og_description":"La \u00abcouronne boulang\u00e8re\u00a02022\u00bb; Eigenbr\u00f6tler, Daniel Amrein","og_url":"https:\/\/swissbaker.ch\/fr\/consommateur\/couronne-de-boulanger\/couronne-de-boulanger-2022\/","og_site_name":"SBC","article_publisher":"https:\/\/www.facebook.com\/swissbaker.ch","article_modified_time":"2022-06-15T07:18:14+00:00","og_image":[{"width":1366,"height":2048,"url":"https:\/\/swissbaker.ch\/wp-content\/uploads\/2022\/06\/baeckerkrone_2022_bild_3-scaled.jpg","type":"image\/jpeg"}],"twitter_card":"summary_large_image","twitter_site":"@ch_swissbaker","twitter_misc":{"Est. reading time":"4 minutes"},"schema":{"@context":"https:\/\/schema.org","@graph":[{"@type":"WebPage","@id":"https:\/\/swissbaker.ch\/fr\/consommateur\/couronne-de-boulanger\/couronne-de-boulanger-2022\/","url":"https:\/\/swissbaker.ch\/fr\/consommateur\/couronne-de-boulanger\/couronne-de-boulanger-2022\/","name":"Couronne de boulanger 2022 | SBC","isPartOf":{"@id":"https:\/\/swissbaker.ch\/fr\/#website"},"primaryImageOfPage":{"@id":"https:\/\/swissbaker.ch\/fr\/consommateur\/couronne-de-boulanger\/couronne-de-boulanger-2022\/#primaryimage"},"image":{"@id":"https:\/\/swissbaker.ch\/fr\/consommateur\/couronne-de-boulanger\/couronne-de-boulanger-2022\/#primaryimage"},"thumbnailUrl":"https:\/\/swissbaker.ch\/wp-content\/uploads\/2022\/03\/11_1_baeckerkrone_d.jpeg","datePublished":"2022-04-25T09:51:08+00:00","dateModified":"2022-06-15T07:18:14+00:00","description":"La \u00abcouronne boulang\u00e8re\u00a02022\u00bb; Eigenbr\u00f6tler, Daniel Amrein","breadcrumb":{"@id":"https:\/\/swissbaker.ch\/fr\/consommateur\/couronne-de-boulanger\/couronne-de-boulanger-2022\/#breadcrumb"},"inLanguage":"fr-FR","potentialAction":[{"@type":"ReadAction","target":["https:\/\/swissbaker.ch\/fr\/consommateur\/couronne-de-boulanger\/couronne-de-boulanger-2022\/"]}]},{"@type":"ImageObject","inLanguage":"fr-FR","@id":"https:\/\/swissbaker.ch\/fr\/consommateur\/couronne-de-boulanger\/couronne-de-boulanger-2022\/#primaryimage","url":"https:\/\/swissbaker.ch\/wp-content\/uploads\/2022\/03\/11_1_baeckerkrone_d.jpeg","contentUrl":"https:\/\/swissbaker.ch\/wp-content\/uploads\/2022\/03\/11_1_baeckerkrone_d.jpeg","width":800,"height":474,"caption":"B\u00e4ckerkrone 2021 \u2013 die drei Finalisten stehen fest"},{"@type":"BreadcrumbList","@id":"https:\/\/swissbaker.ch\/fr\/consommateur\/couronne-de-boulanger\/couronne-de-boulanger-2022\/#breadcrumb","itemListElement":[{"@type":"ListItem","position":1,"name":"","item":"https:\/\/swissbaker.ch\/fr\/"},{"@type":"ListItem","position":2,"name":"Consommateur","item":"https:\/\/swissbaker.ch\/fr\/consommateur\/"},{"@type":"ListItem","position":3,"name":"Couronne de boulanger","item":"https:\/\/swissbaker.ch\/fr\/consommateur\/couronne-de-boulanger\/"},{"@type":"ListItem","position":4,"name":"Couronne de boulanger 2022"}]},{"@type":"WebSite","@id":"https:\/\/swissbaker.ch\/fr\/#website","url":"https:\/\/swissbaker.ch\/fr\/","name":"SBC","description":"","publisher":{"@id":"https:\/\/swissbaker.ch\/fr\/#organization"},"potentialAction":[{"@type":"SearchAction","target":{"@type":"EntryPoint","urlTemplate":"https:\/\/swissbaker.ch\/fr\/?s={search_term_string}"},"query-input":{"@type":"PropertyValueSpecification","valueRequired":true,"valueName":"search_term_string"}}],"inLanguage":"fr-FR"},{"@type":"Organization","@id":"https:\/\/swissbaker.ch\/fr\/#organization","name":"Schweizerischer B\u00e4cker-Confiseurmeister-Verband","url":"https:\/\/swissbaker.ch\/fr\/","logo":{"@type":"ImageObject","inLanguage":"fr-FR","@id":"https:\/\/swissbaker.ch\/fr\/#\/schema\/logo\/image\/","url":"https:\/\/swissbaker.ch\/wp-content\/uploads\/2022\/04\/sbc-logo-yoast.jpg","contentUrl":"https:\/\/swissbaker.ch\/wp-content\/uploads\/2022\/04\/sbc-logo-yoast.jpg","width":512,"height":512,"caption":"Schweizerischer B\u00e4cker-Confiseurmeister-Verband"},"image":{"@id":"https:\/\/swissbaker.ch\/fr\/#\/schema\/logo\/image\/"},"sameAs":["https:\/\/www.facebook.com\/swissbaker.ch","https:\/\/x.com\/ch_swissbaker"]}]}},"_links":{"self":[{"href":"https:\/\/swissbaker.ch\/fr\/wp-json\/wp\/v2\/pages\/31896","targetHints":{"allow":["GET"]}}],"collection":[{"href":"https:\/\/swissbaker.ch\/fr\/wp-json\/wp\/v2\/pages"}],"about":[{"href":"https:\/\/swissbaker.ch\/fr\/wp-json\/wp\/v2\/types\/page"}],"author":[{"embeddable":true,"href":"https:\/\/swissbaker.ch\/fr\/wp-json\/wp\/v2\/users\/1"}],"replies":[{"embeddable":true,"href":"https:\/\/swissbaker.ch\/fr\/wp-json\/wp\/v2\/comments?post=31896"}],"version-history":[{"count":0,"href":"https:\/\/swissbaker.ch\/fr\/wp-json\/wp\/v2\/pages\/31896\/revisions"}],"up":[{"embeddable":true,"href":"https:\/\/swissbaker.ch\/fr\/wp-json\/wp\/v2\/pages\/35292"}],"wp:featuredmedia":[{"embeddable":true,"href":"https:\/\/swissbaker.ch\/fr\/wp-json\/wp\/v2\/media\/5299"}],"wp:attachment":[{"href":"https:\/\/swissbaker.ch\/fr\/wp-json\/wp\/v2\/media?parent=31896"}],"curies":[{"name":"wp","href":"https:\/\/api.w.org\/{rel}","templated":true}]}}