{"id":31885,"date":"2022-04-25T11:50:43","date_gmt":"2022-04-25T09:50:43","guid":{"rendered":"https:\/\/swissbaker.ch\/?page_id=31885"},"modified":"2024-06-07T14:55:53","modified_gmt":"2024-06-07T12:55:53","slug":"ambassadeur","status":"publish","type":"page","link":"https:\/\/swissbaker.ch\/fr\/consommateur\/ambassadeur\/","title":{"rendered":"Ambassadeurs"},"content":{"rendered":"\n<p>Le titre d\u2018\u00abAmbassadeur\/Ambassadrice du pain et du chocolat\u00bb est d\u00e9cern\u00e9 \u00e0 des personnalit\u00e9s ext\u00e9rieures au secteur se distinguant par leur engagement en faveur de la boulangerie-confiserie artisanale. Le premier ambassadeur du secteur a \u00e9t\u00e9 nomm\u00e9 en&nbsp;2018. L&#8217;Ambassadeur 2024 est le conseiller national Lorenz Hess (BE) il est pr\u00e9sident du groupe parlamentaire \u00abPain et confiserie\u00bb.<\/p>\n\n\n<div class=\"wp-block-image\">\n<figure class=\"aligncenter size-large\"><img decoding=\"async\" width=\"1024\" height=\"608\" src=\"https:\/\/swissbaker.ch\/wp-content\/uploads\/2024\/06\/lorenz_hess_web_neu-1024x608.jpg\" alt=\"\" class=\"wp-image-79629\" srcset=\"https:\/\/swissbaker.ch\/wp-content\/uploads\/2024\/06\/lorenz_hess_web_neu-1024x608.jpg 1024w, https:\/\/swissbaker.ch\/wp-content\/uploads\/2024\/06\/lorenz_hess_web_neu-768x456.jpg 768w, https:\/\/swissbaker.ch\/wp-content\/uploads\/2024\/06\/lorenz_hess_web_neu.jpg 1200w\" sizes=\"(max-width: 1024px) 100vw, 1024px\" \/><figcaption class=\"wp-element-caption\"><em>Lorenz Hess, \u00abAmbassadeur du pain et du chocolat 2024\u00bb<\/em><\/figcaption><\/figure>\n<\/div>\n\n\n<h2 class=\"wp-block-heading\" id=\"h-vous-trouverez-ci-apres-la-liste-des-ambassadeurs-et-ambassadrices\">Vous trouverez ci-apr\u00e8s la liste des ambassadeurs et ambassadrices:<\/h2>\n\n\n\n<ul class=\"wp-block-list\">\n<li>2024 : <strong>Lorenz Hess<\/strong>, conseiller national (Le Centre) et pr\u00e9sident du groupe parlamentaire \u00abPain et confiserie\u00bb<br><a href=\"https:\/\/swissbaker.ch\/wp-content\/uploads\/2024\/06\/communique_presse_bcs_ambassadeur_2024.pdf\">Communiqu\u00e9 de presse<\/a><\/li>\n<\/ul>\n\n\n\n<ul class=\"wp-block-list\">\n<li>2023 : <strong>\u00abCuche et Barbezat\u00bb<\/strong> deux comiques romands<br><a href=\"https:\/\/swissbaker.ch\/fr\/communique-de-presse\/cuche-et-barbezat-nommes-ambassadeurs-du-pain-et-du-chocolat-2023\/\" target=\"_blank\" rel=\"noreferrer noopener\">Communiqu\u00e9 de presse<\/a> et <a href=\"https:\/\/swissbaker.ch\/fr\/panissimo-news\/cuche-et-barbezat-sont-ambassadeurs-du-pain-et-du-chocolat\/\" target=\"_blank\" rel=\"noreferrer noopener\">portrait<\/a><\/li>\n<\/ul>\n\n\n\n<ul class=\"wp-block-list\">\n<li>2021\/2022 : <strong>Patrick Zbinden<\/strong>, analyste sensoriel et journaliste gastro<br><a href=\"https:\/\/swissbaker.ch\/wp-content\/uploads\/2021\/06\/communique_de_presse_bcs_ambassadeur_2021.pdf\" target=\"_blank\" rel=\"noreferrer noopener\">Communiqu\u00e9 de presse<\/a> et <a href=\"https:\/\/swissbaker.ch\/fr\/panissimo-news\/representant-du-gout-et-du-plaisir\/\" target=\"_blank\" rel=\"noreferrer noopener\">portrait<\/a><\/li>\n<\/ul>\n\n\n\n<ul class=\"wp-block-list\">\n<li>2019&nbsp;: <strong>Linda F\u00e4h<\/strong>, animatrice et chanteuse de vari\u00e9t\u00e9s<br><a href=\"https:\/\/swissbaker.ch\/wp-content\/uploads\/2019\/06\/communique_de_presse_ambassadrice_2019.pdf\" target=\"_blank\" rel=\"noreferrer noopener\">Communiqu\u00e9 de presse<\/a> et <a href=\"https:\/\/swissbaker.ch\/fr\/panissimo-news\/mon-amour-pour-la-boulangerie-confiserie\/\" target=\"_blank\" rel=\"noreferrer noopener\">blog<\/a><\/li>\n<\/ul>\n\n\n\n<ul class=\"wp-block-list\">\n<li>2018&nbsp;: <strong>Andr\u00e9 L\u00fcthi<\/strong>, boulanger-p\u00e2tissier de formation et voyagiste \u00e0 succ\u00e8s <br><a href=\"https:\/\/swissbaker.ch\/wp-content\/uploads\/2018\/06\/communique_de_presse_ambassadeur_2018.pdf\" target=\"_blank\" rel=\"noreferrer noopener\">Communiqu\u00e9 de presse<\/a> et <a href=\"https:\/\/swissbaker.ch\/fr\/panissimo-news\/de-boulanger-confiseur-a-voyagiste-prospere\/\">article<\/a><\/li>\n<\/ul>\n\n\n\n<div style=\"height:16px\" aria-hidden=\"true\" class=\"wp-block-spacer\"><\/div>\n","protected":false},"excerpt":{"rendered":"<p>Le titre d\u2018\u00abAmbassadeur\/Ambassadrice du pain et du chocolat\u00bb est d\u00e9cern\u00e9 \u00e0 des personnalit\u00e9s ext\u00e9rieures au secteur se distinguant par leur engagement en faveur de la boulangerie-confiserie artisanale. Le premier ambassadeur du secteur a \u00e9t\u00e9 nomm\u00e9 en&nbsp;2018. L&#8217;Ambassadeur 2024 est le conseiller national Lorenz Hess (BE) il est pr\u00e9sident du groupe parlamentaire \u00abPain et confiserie\u00bb. Vous trouverez ci-apr\u00e8s la liste des [&hellip;]<\/p>\n","protected":false},"author":1,"featured_media":0,"parent":31868,"menu_order":0,"comment_status":"closed","ping_status":"closed","template":"","meta":{"_acf_changed":false,"footnotes":""},"class_list":["post-31885","page","type-page","status-publish","hentry"],"acf":[],"yoast_head":"<!-- This site is optimized with the Yoast SEO Premium plugin v26.8 (Yoast SEO v26.8) - https:\/\/yoast.com\/product\/yoast-seo-premium-wordpress\/ -->\n<title>Ambassadeurs | SBC<\/title>\n<meta name=\"description\" content=\"Le titre d\u2018\u00abAmbassadeur du pain et du chocolat\u00bb est d\u00e9cern\u00e9 \u00e0 des personnalit\u00e9s ext\u00e9rieures au secteur se distinguant par leur engagement.\" \/>\n<meta name=\"robots\" content=\"index, follow, max-snippet:-1, max-image-preview:large, max-video-preview:-1\" \/>\n<link rel=\"canonical\" href=\"https:\/\/swissbaker.ch\/fr\/consommateur\/ambassadeur\/\" \/>\n<meta property=\"og:locale\" content=\"fr_FR\" \/>\n<meta property=\"og:type\" content=\"article\" \/>\n<meta property=\"og:title\" content=\"Ambassadeurs\" \/>\n<meta property=\"og:description\" content=\"Le titre d\u2018\u00abAmbassadeur du pain et du chocolat\u00bb est d\u00e9cern\u00e9 \u00e0 des personnalit\u00e9s ext\u00e9rieures au secteur se distinguant par leur engagement.\" \/>\n<meta property=\"og:url\" content=\"https:\/\/swissbaker.ch\/fr\/consommateur\/ambassadeur\/\" \/>\n<meta property=\"og:site_name\" content=\"SBC\" \/>\n<meta property=\"article:publisher\" content=\"https:\/\/www.facebook.com\/swissbaker.ch\" \/>\n<meta property=\"article:modified_time\" content=\"2024-06-07T12:55:53+00:00\" \/>\n<meta property=\"og:image\" content=\"https:\/\/swissbaker.ch\/wp-content\/uploads\/2024\/06\/lorenz_hess_web_neu-1024x608.jpg\" \/>\n<meta name=\"twitter:card\" content=\"summary_large_image\" \/>\n<meta name=\"twitter:site\" content=\"@ch_swissbaker\" \/>\n<meta name=\"twitter:label1\" content=\"Est. reading time\" \/>\n\t<meta name=\"twitter:data1\" content=\"1 minute\" \/>\n<script type=\"application\/ld+json\" class=\"yoast-schema-graph\">{\"@context\":\"https:\/\/schema.org\",\"@graph\":[{\"@type\":\"WebPage\",\"@id\":\"https:\/\/swissbaker.ch\/fr\/consommateur\/ambassadeur\/\",\"url\":\"https:\/\/swissbaker.ch\/fr\/consommateur\/ambassadeur\/\",\"name\":\"Ambassadeurs | SBC\",\"isPartOf\":{\"@id\":\"https:\/\/swissbaker.ch\/fr\/#website\"},\"primaryImageOfPage\":{\"@id\":\"https:\/\/swissbaker.ch\/fr\/consommateur\/ambassadeur\/#primaryimage\"},\"image\":{\"@id\":\"https:\/\/swissbaker.ch\/fr\/consommateur\/ambassadeur\/#primaryimage\"},\"thumbnailUrl\":\"https:\/\/swissbaker.ch\/wp-content\/uploads\/2024\/06\/lorenz_hess_web_neu-1024x608.jpg\",\"datePublished\":\"2022-04-25T09:50:43+00:00\",\"dateModified\":\"2024-06-07T12:55:53+00:00\",\"description\":\"Le titre d\u2018\u00abAmbassadeur du pain et du chocolat\u00bb est d\u00e9cern\u00e9 \u00e0 des personnalit\u00e9s ext\u00e9rieures au secteur se distinguant par leur engagement.\",\"breadcrumb\":{\"@id\":\"https:\/\/swissbaker.ch\/fr\/consommateur\/ambassadeur\/#breadcrumb\"},\"inLanguage\":\"fr-FR\",\"potentialAction\":[{\"@type\":\"ReadAction\",\"target\":[\"https:\/\/swissbaker.ch\/fr\/consommateur\/ambassadeur\/\"]}]},{\"@type\":\"ImageObject\",\"inLanguage\":\"fr-FR\",\"@id\":\"https:\/\/swissbaker.ch\/fr\/consommateur\/ambassadeur\/#primaryimage\",\"url\":\"https:\/\/swissbaker.ch\/wp-content\/uploads\/2024\/06\/lorenz_hess_web_neu-1024x608.jpg\",\"contentUrl\":\"https:\/\/swissbaker.ch\/wp-content\/uploads\/2024\/06\/lorenz_hess_web_neu-1024x608.jpg\"},{\"@type\":\"BreadcrumbList\",\"@id\":\"https:\/\/swissbaker.ch\/fr\/consommateur\/ambassadeur\/#breadcrumb\",\"itemListElement\":[{\"@type\":\"ListItem\",\"position\":1,\"name\":\"\",\"item\":\"https:\/\/swissbaker.ch\/fr\/\"},{\"@type\":\"ListItem\",\"position\":2,\"name\":\"Consommateur\",\"item\":\"https:\/\/swissbaker.ch\/fr\/consommateur\/\"},{\"@type\":\"ListItem\",\"position\":3,\"name\":\"Ambassadeurs\"}]},{\"@type\":\"WebSite\",\"@id\":\"https:\/\/swissbaker.ch\/fr\/#website\",\"url\":\"https:\/\/swissbaker.ch\/fr\/\",\"name\":\"SBC\",\"description\":\"\",\"publisher\":{\"@id\":\"https:\/\/swissbaker.ch\/fr\/#organization\"},\"potentialAction\":[{\"@type\":\"SearchAction\",\"target\":{\"@type\":\"EntryPoint\",\"urlTemplate\":\"https:\/\/swissbaker.ch\/fr\/?s={search_term_string}\"},\"query-input\":{\"@type\":\"PropertyValueSpecification\",\"valueRequired\":true,\"valueName\":\"search_term_string\"}}],\"inLanguage\":\"fr-FR\"},{\"@type\":\"Organization\",\"@id\":\"https:\/\/swissbaker.ch\/fr\/#organization\",\"name\":\"Schweizerischer B\u00e4cker-Confiseurmeister-Verband\",\"url\":\"https:\/\/swissbaker.ch\/fr\/\",\"logo\":{\"@type\":\"ImageObject\",\"inLanguage\":\"fr-FR\",\"@id\":\"https:\/\/swissbaker.ch\/fr\/#\/schema\/logo\/image\/\",\"url\":\"https:\/\/swissbaker.ch\/wp-content\/uploads\/2022\/04\/sbc-logo-yoast.jpg\",\"contentUrl\":\"https:\/\/swissbaker.ch\/wp-content\/uploads\/2022\/04\/sbc-logo-yoast.jpg\",\"width\":512,\"height\":512,\"caption\":\"Schweizerischer B\u00e4cker-Confiseurmeister-Verband\"},\"image\":{\"@id\":\"https:\/\/swissbaker.ch\/fr\/#\/schema\/logo\/image\/\"},\"sameAs\":[\"https:\/\/www.facebook.com\/swissbaker.ch\",\"https:\/\/x.com\/ch_swissbaker\"]}]}<\/script>\n<!-- \/ Yoast SEO Premium plugin. -->","yoast_head_json":{"title":"Ambassadeurs | SBC","description":"Le titre d\u2018\u00abAmbassadeur du pain et du chocolat\u00bb est d\u00e9cern\u00e9 \u00e0 des personnalit\u00e9s ext\u00e9rieures au secteur se distinguant par leur engagement.","robots":{"index":"index","follow":"follow","max-snippet":"max-snippet:-1","max-image-preview":"max-image-preview:large","max-video-preview":"max-video-preview:-1"},"canonical":"https:\/\/swissbaker.ch\/fr\/consommateur\/ambassadeur\/","og_locale":"fr_FR","og_type":"article","og_title":"Ambassadeurs","og_description":"Le titre d\u2018\u00abAmbassadeur du pain et du chocolat\u00bb est d\u00e9cern\u00e9 \u00e0 des personnalit\u00e9s ext\u00e9rieures au secteur se distinguant par leur engagement.","og_url":"https:\/\/swissbaker.ch\/fr\/consommateur\/ambassadeur\/","og_site_name":"SBC","article_publisher":"https:\/\/www.facebook.com\/swissbaker.ch","article_modified_time":"2024-06-07T12:55:53+00:00","og_image":[{"url":"https:\/\/swissbaker.ch\/wp-content\/uploads\/2024\/06\/lorenz_hess_web_neu-1024x608.jpg","type":"","width":"","height":""}],"twitter_card":"summary_large_image","twitter_site":"@ch_swissbaker","twitter_misc":{"Est. reading time":"1 minute"},"schema":{"@context":"https:\/\/schema.org","@graph":[{"@type":"WebPage","@id":"https:\/\/swissbaker.ch\/fr\/consommateur\/ambassadeur\/","url":"https:\/\/swissbaker.ch\/fr\/consommateur\/ambassadeur\/","name":"Ambassadeurs | SBC","isPartOf":{"@id":"https:\/\/swissbaker.ch\/fr\/#website"},"primaryImageOfPage":{"@id":"https:\/\/swissbaker.ch\/fr\/consommateur\/ambassadeur\/#primaryimage"},"image":{"@id":"https:\/\/swissbaker.ch\/fr\/consommateur\/ambassadeur\/#primaryimage"},"thumbnailUrl":"https:\/\/swissbaker.ch\/wp-content\/uploads\/2024\/06\/lorenz_hess_web_neu-1024x608.jpg","datePublished":"2022-04-25T09:50:43+00:00","dateModified":"2024-06-07T12:55:53+00:00","description":"Le titre d\u2018\u00abAmbassadeur du pain et du chocolat\u00bb est d\u00e9cern\u00e9 \u00e0 des personnalit\u00e9s ext\u00e9rieures au secteur se distinguant par leur engagement.","breadcrumb":{"@id":"https:\/\/swissbaker.ch\/fr\/consommateur\/ambassadeur\/#breadcrumb"},"inLanguage":"fr-FR","potentialAction":[{"@type":"ReadAction","target":["https:\/\/swissbaker.ch\/fr\/consommateur\/ambassadeur\/"]}]},{"@type":"ImageObject","inLanguage":"fr-FR","@id":"https:\/\/swissbaker.ch\/fr\/consommateur\/ambassadeur\/#primaryimage","url":"https:\/\/swissbaker.ch\/wp-content\/uploads\/2024\/06\/lorenz_hess_web_neu-1024x608.jpg","contentUrl":"https:\/\/swissbaker.ch\/wp-content\/uploads\/2024\/06\/lorenz_hess_web_neu-1024x608.jpg"},{"@type":"BreadcrumbList","@id":"https:\/\/swissbaker.ch\/fr\/consommateur\/ambassadeur\/#breadcrumb","itemListElement":[{"@type":"ListItem","position":1,"name":"","item":"https:\/\/swissbaker.ch\/fr\/"},{"@type":"ListItem","position":2,"name":"Consommateur","item":"https:\/\/swissbaker.ch\/fr\/consommateur\/"},{"@type":"ListItem","position":3,"name":"Ambassadeurs"}]},{"@type":"WebSite","@id":"https:\/\/swissbaker.ch\/fr\/#website","url":"https:\/\/swissbaker.ch\/fr\/","name":"SBC","description":"","publisher":{"@id":"https:\/\/swissbaker.ch\/fr\/#organization"},"potentialAction":[{"@type":"SearchAction","target":{"@type":"EntryPoint","urlTemplate":"https:\/\/swissbaker.ch\/fr\/?s={search_term_string}"},"query-input":{"@type":"PropertyValueSpecification","valueRequired":true,"valueName":"search_term_string"}}],"inLanguage":"fr-FR"},{"@type":"Organization","@id":"https:\/\/swissbaker.ch\/fr\/#organization","name":"Schweizerischer B\u00e4cker-Confiseurmeister-Verband","url":"https:\/\/swissbaker.ch\/fr\/","logo":{"@type":"ImageObject","inLanguage":"fr-FR","@id":"https:\/\/swissbaker.ch\/fr\/#\/schema\/logo\/image\/","url":"https:\/\/swissbaker.ch\/wp-content\/uploads\/2022\/04\/sbc-logo-yoast.jpg","contentUrl":"https:\/\/swissbaker.ch\/wp-content\/uploads\/2022\/04\/sbc-logo-yoast.jpg","width":512,"height":512,"caption":"Schweizerischer B\u00e4cker-Confiseurmeister-Verband"},"image":{"@id":"https:\/\/swissbaker.ch\/fr\/#\/schema\/logo\/image\/"},"sameAs":["https:\/\/www.facebook.com\/swissbaker.ch","https:\/\/x.com\/ch_swissbaker"]}]}},"_links":{"self":[{"href":"https:\/\/swissbaker.ch\/fr\/wp-json\/wp\/v2\/pages\/31885","targetHints":{"allow":["GET"]}}],"collection":[{"href":"https:\/\/swissbaker.ch\/fr\/wp-json\/wp\/v2\/pages"}],"about":[{"href":"https:\/\/swissbaker.ch\/fr\/wp-json\/wp\/v2\/types\/page"}],"author":[{"embeddable":true,"href":"https:\/\/swissbaker.ch\/fr\/wp-json\/wp\/v2\/users\/1"}],"replies":[{"embeddable":true,"href":"https:\/\/swissbaker.ch\/fr\/wp-json\/wp\/v2\/comments?post=31885"}],"version-history":[{"count":0,"href":"https:\/\/swissbaker.ch\/fr\/wp-json\/wp\/v2\/pages\/31885\/revisions"}],"up":[{"embeddable":true,"href":"https:\/\/swissbaker.ch\/fr\/wp-json\/wp\/v2\/pages\/31868"}],"wp:attachment":[{"href":"https:\/\/swissbaker.ch\/fr\/wp-json\/wp\/v2\/media?parent=31885"}],"curies":[{"name":"wp","href":"https:\/\/api.w.org\/{rel}","templated":true}]}}