{"id":124755,"date":"2023-08-29T07:26:14","date_gmt":"2023-08-29T05:26:14","guid":{"rendered":"https:\/\/swissbaker.ch\/?page_id=124755"},"modified":"2026-01-14T11:52:28","modified_gmt":"2026-01-14T10:52:28","slug":"concours-du-praline-a-leau-de-vie-edition-gin","status":"publish","type":"page","link":"https:\/\/swissbaker.ch\/fr\/concours-du-praline-a-leau-de-vie-edition-gin\/","title":{"rendered":"Concours du pralin\u00e9 \u00e0 l\u2019eau-de-vie \u2013 \u00e9dition gin"},"content":{"rendered":"\n<p><strong>Croquant, cr\u00e9meux, surprenant: ton pralin\u00e9 au gin peut \u00eatre tout ce que tu veux. Laisse libre cours \u00e0 ta cr\u00e9ativit\u00e9, \u00e0 ton audace et \u00e0 ta passion pour le m\u00e9tier dans le cadre du concours du pralin\u00e9 \u00e0 l\u2019eau-de-vie 2026. Qu\u2019il soit fruit\u00e9, \u00e9pic\u00e9, fantaisiste ou classique, l\u2019essentiel est que ton pralin\u00e9 ravisse les sens.<\/strong><\/p>\n\n\n\n<p>Nous ne recherchons pas seulement le meilleur pralin\u00e9 au gin. Nous recherchons un chef-d\u2019\u0153uvre authentique, plein de personnalit\u00e9 et de passion. Montre ce que tu vaux et fais de ce concours ton moment de gloire!<\/p>\n\n\n\n<p class=\"has-text-color has-link-color wp-elements-29bb075018432490ab5c70b3ed0dffa3\" style=\"color:#cc9933;font-size:18px;font-style:normal;font-weight:600\">La date limite d&#8217;inscription \u00e9tait fix\u00e9e au 1er d\u00e9cembre 2025. Plus de 50 participants se sont inscrits. Nous nous r\u00e9jouissons d&#8217;ores et d\u00e9j\u00e0 de d\u00e9couvrir leursnombreuses cr\u00e9ations de pralin\u00e9s !<\/p>\n\n\n\n<div style=\"height:33px\" aria-hidden=\"true\" class=\"wp-block-spacer\"><\/div>\n\n\n<div class=\"wp-block-image\">\n<figure class=\"aligncenter size-full\"><img decoding=\"async\" width=\"700\" height=\"230\" src=\"https:\/\/swissbaker.ch\/wp-content\/uploads\/2025\/08\/pev_praline_quer.jpg\" alt=\"\" class=\"wp-image-124847\"\/><\/figure>\n<\/div>\n\n\n<div style=\"height:32px\" aria-hidden=\"true\" class=\"wp-block-spacer\"><\/div>\n\n\n\n<h2 class=\"wp-block-heading\" id=\"h-dates-importantes\">Dates importantes<\/h2>\n\n\n\n<div class=\"wp-block-media-text is-stacked-on-mobile\" style=\"grid-template-columns:39% auto\"><figure class=\"wp-block-media-text__media\"><img decoding=\"async\" width=\"567\" height=\"567\" src=\"https:\/\/swissbaker.ch\/wp-content\/uploads\/2025\/08\/logo_pev_2026.jpg\" alt=\"\" class=\"wp-image-124382 size-full\" srcset=\"https:\/\/swissbaker.ch\/wp-content\/uploads\/2025\/08\/logo_pev_2026.jpg 567w, https:\/\/swissbaker.ch\/wp-content\/uploads\/2025\/08\/logo_pev_2026-150x150.jpg 150w\" sizes=\"(max-width: 567px) 100vw, 567px\" \/><\/figure><div class=\"wp-block-media-text__content\">\n<ul class=\"wp-block-list\">\n<li class=\"has-text-color has-link-color wp-elements-b15efbada9e8102c1b708bbf32dfd179\" style=\"color:#cc9933\"><strong>Date limite d&#8217;envoi des dossiers complets: 9 janvier 2026<\/strong><\/li>\n\n\n\n<li><strong>Remise des pralin\u00e9s: du 26 au 28 janvier 2026<\/strong><\/li>\n\n\n\n<li><strong>Evaluation du jury: le 30 janvier 2026<\/strong><\/li>\n\n\n\n<li><strong>Remise des prix: le 21 f\u00e9vrier 2026<\/strong><\/li>\n<\/ul>\n<\/div><\/div>\n\n\n\n<p>Tous les participants et participantes sont cordialement invit\u00e9s \u00e0 assister \u00e0 la c\u00e9r\u00e9monie de remise des prix, un \u00e9v\u00e9nement \u00e0 ne pas manquer. Note bien la date dans ton agenda!<\/p>\n\n\n\n<div style=\"height:28px\" aria-hidden=\"true\" class=\"wp-block-spacer\"><\/div>\n\n\n\n<div class=\"wp-block-buttons\">\n<div class=\"wp-block-button\"><a class=\"wp-block-button__link has-background wp-element-button\" href=\"https:\/\/swissbaker.ch\/wp-content\/uploads\/2025\/10\/pev2026_web-pdf-fr.pdf\" style=\"background-color:#cc9933\"><strong>Conditions de participation &amp; d\u00e9tails<\/strong><\/a><\/div>\n<\/div>\n\n\n\n<div style=\"height:28px\" aria-hidden=\"true\" class=\"wp-block-spacer\"><\/div>\n\n\n\n<div class=\"wp-block-buttons\">\n<div class=\"wp-block-button\"><a class=\"wp-block-button__link has-background wp-element-button\" href=\"https:\/\/swissbaker.ch\/wp-content\/uploads\/2025\/11\/anforderungen_pev2026_vorlage_fr.docx\" style=\"background-color:#cc9933\" target=\"_blank\" rel=\"noreferrer noopener\"><strong>Exigences et conseils<\/strong><\/a><\/div>\n<\/div>\n\n\n\n<div style=\"height:40px\" aria-hidden=\"true\" class=\"wp-block-spacer\"><\/div>\n\n\n\n<h2 class=\"wp-block-heading\" id=\"h-qui-peut-participer\">Qui peut participer ?<\/h2>\n\n\n\n<p>Tous les confiseurs et confiseuses, chocolatiers et chocolati\u00e8res, boulangers et boulang\u00e8res, membres de la BCS ou travaillant dans une entreprise membre de cette derni\u00e8re, ainsi que les apprentis et apprenties, sont les bienvenus. Tu te distingues par ta curiosit\u00e9 et ta cr\u00e9ativit\u00e9, et tu as envie de nouveaut\u00e9? Alors tu es au bon endroit!<\/p>\n\n\n\n<p><strong>Remarque importante :<\/strong><br>Tu souhaites participer au concours en tant que professionnel ou professionnelle, mais tu n\u2019es pas membre de la BCS et\/ou tu ne travailles pas dans une entreprise membre de cette derni\u00e8re? Envoie un bref courrier \u00e9lectronique \u00e0 <a href=\"mailto:claudia.vernocchi@swissbaker.ch\">claudia.vernocchi@swissbaker.ch<\/a> pour faire part de ta motivation. Les organisateurs du concours examineront volontiers ta demande avec attention.<\/p>\n\n\n\n<h2 class=\"wp-block-heading\" id=\"h-participation-gratuite\">Participation gratuite<\/h2>\n\n\n\n<p>La participation \u00e9tant gratuite, ce concours t\u2019offre non seulement la chance de remporter de superbes prix, mais aussi de recevoir de pr\u00e9cieux commentaires sur ton pralin\u00e9 et ton histoire.<\/p>\n\n\n\n<h2 class=\"wp-block-heading\" id=\"h-ta-mission\">Ta mission<\/h2>\n\n\n\n<p>Cr\u00e9e un pralin\u00e9 au gin dans les r\u00e8gles de l\u2019art de la confiserie et de la chocolaterie. Utilise pour cela du gin provenant d\u2019une distillerie suisse, avec ou sans alcool. Tu es libre de choisir la forme, les ingr\u00e9dients et la pr\u00e9sentation, l\u2019important \u00e9tant que tu soumettes une histoire qui va avec (mot-cl\u00e9: storytelling).<\/p>\n\n\n\n<h2 class=\"wp-block-heading\" id=\"h-pourquoi-participer\">Pourquoi participer ?<\/h2>\n\n\n\n<p>Ose le frisson de la nouveaut\u00e9! Montre ce que signifie l\u2019excellence artisanale. Tu pourras non seulement gagner des prix, mais aussi de l\u2019inspiration, de la fiert\u00e9 et de nouveaux contacts.<\/p>\n\n\n\n<h2 class=\"wp-block-heading\" id=\"h-des-questions\">Des questions ?<\/h2>\n\n\n\n<p>Nous sommes l\u00e0 pour toi!<br>Distilleries et gin : Augustin Mettler \u2013 <a href=\"mailto:info@schweizer-brenner.ch\">info@schweizer-brenner.ch<\/a><br>Concours en g\u00e9n\u00e9ral : Claudia Vernocchi \u2013 <a href=\"mailto:claudia.vernocchi@swissbaker.ch\">claudia.vernocchi@swissbaker.ch<\/a><\/p>\n\n\n\n<hr class=\"wp-block-separator has-alpha-channel-opacity\"\/>\n\n\n\n<h2 class=\"wp-block-heading\" id=\"h-impressions-mediatiques-des-dernieres-distinctions\">Impressions m\u00e9diatiques des derni\u00e8res distinctions<\/h2>\n\n\n\n<ul class=\"wp-block-list\">\n<li><strong><a href=\"https:\/\/swissbaker.ch\/fr\/panissimo-news\/galerie\/concours-du-praline-a-leau-de-vie-2024\/\" target=\"_blank\" rel=\"noreferrer noopener\">Journ\u00e9e du jury, concours pralin\u00e9 2024 &#8230;\u00bb<\/a><\/strong><\/li>\n\n\n\n<li><a href=\"https:\/\/swissbaker.ch\/fr\/panissimo-news\/vingt-trois-pralines-une-gagnante-radieuse\/\"><strong>Vingt-trois pralin\u00e9s, une gagnante radieuse \u2026\u00bb<\/strong><\/a><\/li>\n\n\n\n<li><a href=\"https:\/\/swissbaker.ch\/fr\/panissimo-news\/la-victoire-grace-a-une-rarete\/\"><strong>La victoire gr\u00e2ce \u00e0 une raret\u00e9 \u2026\u00bb<\/strong><\/a><\/li>\n<\/ul>\n","protected":false},"excerpt":{"rendered":"<p>Croquant, cr\u00e9meux, surprenant: ton pralin\u00e9 au gin peut \u00eatre tout ce que tu veux. Laisse libre cours \u00e0 ta cr\u00e9ativit\u00e9, \u00e0 ton audace et \u00e0 ta passion pour le m\u00e9tier dans le cadre du concours du pralin\u00e9 \u00e0 l\u2019eau-de-vie 2026. Qu\u2019il soit fruit\u00e9, \u00e9pic\u00e9, fantaisiste ou classique, l\u2019essentiel est que ton pralin\u00e9 ravisse les sens. Nous ne recherchons pas seulement [&hellip;]<\/p>\n","protected":false},"author":5,"featured_media":124379,"parent":0,"menu_order":0,"comment_status":"closed","ping_status":"closed","template":"","meta":{"_acf_changed":false,"footnotes":""},"class_list":["post-124755","page","type-page","status-publish","has-post-thumbnail","hentry"],"acf":[],"yoast_head":"<!-- This site is optimized with the Yoast SEO Premium plugin v26.8 (Yoast SEO v26.8) - https:\/\/yoast.com\/product\/yoast-seo-premium-wordpress\/ -->\n<title>Concours du pralin\u00e9 \u00e0 l\u2019eau-de-vie \u2013 \u00e9dition gin | SBC<\/title>\n<meta name=\"description\" content=\"Concours du pralin\u00e9 \u00e0 l\u2019eau-de-vie 2026 \u2013 \u00e9dition gin\" \/>\n<meta name=\"robots\" content=\"index, follow, max-snippet:-1, max-image-preview:large, max-video-preview:-1\" \/>\n<link rel=\"canonical\" href=\"https:\/\/swissbaker.ch\/fr\/concours-du-praline-a-leau-de-vie-edition-gin\/\" \/>\n<meta property=\"og:locale\" content=\"fr_FR\" \/>\n<meta property=\"og:type\" content=\"article\" \/>\n<meta property=\"og:title\" content=\"Concours du pralin\u00e9 \u00e0 l\u2019eau-de-vie \u2013 \u00e9dition gin\" \/>\n<meta property=\"og:description\" content=\"Concours du pralin\u00e9 \u00e0 l\u2019eau-de-vie 2026 \u2013 \u00e9dition gin\" \/>\n<meta property=\"og:url\" content=\"https:\/\/swissbaker.ch\/fr\/concours-du-praline-a-leau-de-vie-edition-gin\/\" \/>\n<meta property=\"og:site_name\" content=\"SBC\" \/>\n<meta property=\"article:publisher\" content=\"https:\/\/www.facebook.com\/swissbaker.ch\" \/>\n<meta property=\"article:modified_time\" content=\"2026-01-14T10:52:28+00:00\" \/>\n<meta property=\"og:image\" content=\"https:\/\/swissbaker.ch\/wp-content\/uploads\/2025\/08\/header_web.jpg\" \/>\n\t<meta property=\"og:image:width\" content=\"1200\" \/>\n\t<meta property=\"og:image:height\" content=\"712\" \/>\n\t<meta property=\"og:image:type\" content=\"image\/jpeg\" \/>\n<meta name=\"twitter:card\" content=\"summary_large_image\" \/>\n<meta name=\"twitter:site\" content=\"@ch_swissbaker\" \/>\n<meta name=\"twitter:label1\" content=\"Est. reading time\" \/>\n\t<meta name=\"twitter:data1\" content=\"2 minutes\" \/>\n<script type=\"application\/ld+json\" class=\"yoast-schema-graph\">{\"@context\":\"https:\/\/schema.org\",\"@graph\":[{\"@type\":\"WebPage\",\"@id\":\"https:\/\/swissbaker.ch\/fr\/concours-du-praline-a-leau-de-vie-edition-gin\/\",\"url\":\"https:\/\/swissbaker.ch\/fr\/concours-du-praline-a-leau-de-vie-edition-gin\/\",\"name\":\"Concours du pralin\u00e9 \u00e0 l\u2019eau-de-vie \u2013 \u00e9dition gin | SBC\",\"isPartOf\":{\"@id\":\"https:\/\/swissbaker.ch\/fr\/#website\"},\"primaryImageOfPage\":{\"@id\":\"https:\/\/swissbaker.ch\/fr\/concours-du-praline-a-leau-de-vie-edition-gin\/#primaryimage\"},\"image\":{\"@id\":\"https:\/\/swissbaker.ch\/fr\/concours-du-praline-a-leau-de-vie-edition-gin\/#primaryimage\"},\"thumbnailUrl\":\"https:\/\/swissbaker.ch\/wp-content\/uploads\/2025\/08\/header_web.jpg\",\"datePublished\":\"2023-08-29T05:26:14+00:00\",\"dateModified\":\"2026-01-14T10:52:28+00:00\",\"description\":\"Concours du pralin\u00e9 \u00e0 l\u2019eau-de-vie 2026 \u2013 \u00e9dition gin\",\"breadcrumb\":{\"@id\":\"https:\/\/swissbaker.ch\/fr\/concours-du-praline-a-leau-de-vie-edition-gin\/#breadcrumb\"},\"inLanguage\":\"fr-FR\",\"potentialAction\":[{\"@type\":\"ReadAction\",\"target\":[\"https:\/\/swissbaker.ch\/fr\/concours-du-praline-a-leau-de-vie-edition-gin\/\"]}]},{\"@type\":\"ImageObject\",\"inLanguage\":\"fr-FR\",\"@id\":\"https:\/\/swissbaker.ch\/fr\/concours-du-praline-a-leau-de-vie-edition-gin\/#primaryimage\",\"url\":\"https:\/\/swissbaker.ch\/wp-content\/uploads\/2025\/08\/header_web.jpg\",\"contentUrl\":\"https:\/\/swissbaker.ch\/wp-content\/uploads\/2025\/08\/header_web.jpg\",\"width\":1200,\"height\":712},{\"@type\":\"BreadcrumbList\",\"@id\":\"https:\/\/swissbaker.ch\/fr\/concours-du-praline-a-leau-de-vie-edition-gin\/#breadcrumb\",\"itemListElement\":[{\"@type\":\"ListItem\",\"position\":1,\"name\":\"\",\"item\":\"https:\/\/swissbaker.ch\/fr\/\"},{\"@type\":\"ListItem\",\"position\":2,\"name\":\"Concours du pralin\u00e9 \u00e0 l\u2019eau-de-vie \u2013 \u00e9dition gin\"}]},{\"@type\":\"WebSite\",\"@id\":\"https:\/\/swissbaker.ch\/fr\/#website\",\"url\":\"https:\/\/swissbaker.ch\/fr\/\",\"name\":\"SBC\",\"description\":\"\",\"publisher\":{\"@id\":\"https:\/\/swissbaker.ch\/fr\/#organization\"},\"potentialAction\":[{\"@type\":\"SearchAction\",\"target\":{\"@type\":\"EntryPoint\",\"urlTemplate\":\"https:\/\/swissbaker.ch\/fr\/?s={search_term_string}\"},\"query-input\":{\"@type\":\"PropertyValueSpecification\",\"valueRequired\":true,\"valueName\":\"search_term_string\"}}],\"inLanguage\":\"fr-FR\"},{\"@type\":\"Organization\",\"@id\":\"https:\/\/swissbaker.ch\/fr\/#organization\",\"name\":\"Schweizerischer B\u00e4cker-Confiseurmeister-Verband\",\"url\":\"https:\/\/swissbaker.ch\/fr\/\",\"logo\":{\"@type\":\"ImageObject\",\"inLanguage\":\"fr-FR\",\"@id\":\"https:\/\/swissbaker.ch\/fr\/#\/schema\/logo\/image\/\",\"url\":\"https:\/\/swissbaker.ch\/wp-content\/uploads\/2022\/04\/sbc-logo-yoast.jpg\",\"contentUrl\":\"https:\/\/swissbaker.ch\/wp-content\/uploads\/2022\/04\/sbc-logo-yoast.jpg\",\"width\":512,\"height\":512,\"caption\":\"Schweizerischer B\u00e4cker-Confiseurmeister-Verband\"},\"image\":{\"@id\":\"https:\/\/swissbaker.ch\/fr\/#\/schema\/logo\/image\/\"},\"sameAs\":[\"https:\/\/www.facebook.com\/swissbaker.ch\",\"https:\/\/x.com\/ch_swissbaker\"]}]}<\/script>\n<!-- \/ Yoast SEO Premium plugin. -->","yoast_head_json":{"title":"Concours du pralin\u00e9 \u00e0 l\u2019eau-de-vie \u2013 \u00e9dition gin | SBC","description":"Concours du pralin\u00e9 \u00e0 l\u2019eau-de-vie 2026 \u2013 \u00e9dition gin","robots":{"index":"index","follow":"follow","max-snippet":"max-snippet:-1","max-image-preview":"max-image-preview:large","max-video-preview":"max-video-preview:-1"},"canonical":"https:\/\/swissbaker.ch\/fr\/concours-du-praline-a-leau-de-vie-edition-gin\/","og_locale":"fr_FR","og_type":"article","og_title":"Concours du pralin\u00e9 \u00e0 l\u2019eau-de-vie \u2013 \u00e9dition gin","og_description":"Concours du pralin\u00e9 \u00e0 l\u2019eau-de-vie 2026 \u2013 \u00e9dition gin","og_url":"https:\/\/swissbaker.ch\/fr\/concours-du-praline-a-leau-de-vie-edition-gin\/","og_site_name":"SBC","article_publisher":"https:\/\/www.facebook.com\/swissbaker.ch","article_modified_time":"2026-01-14T10:52:28+00:00","og_image":[{"width":1200,"height":712,"url":"https:\/\/swissbaker.ch\/wp-content\/uploads\/2025\/08\/header_web.jpg","type":"image\/jpeg"}],"twitter_card":"summary_large_image","twitter_site":"@ch_swissbaker","twitter_misc":{"Est. reading time":"2 minutes"},"schema":{"@context":"https:\/\/schema.org","@graph":[{"@type":"WebPage","@id":"https:\/\/swissbaker.ch\/fr\/concours-du-praline-a-leau-de-vie-edition-gin\/","url":"https:\/\/swissbaker.ch\/fr\/concours-du-praline-a-leau-de-vie-edition-gin\/","name":"Concours du pralin\u00e9 \u00e0 l\u2019eau-de-vie \u2013 \u00e9dition gin | SBC","isPartOf":{"@id":"https:\/\/swissbaker.ch\/fr\/#website"},"primaryImageOfPage":{"@id":"https:\/\/swissbaker.ch\/fr\/concours-du-praline-a-leau-de-vie-edition-gin\/#primaryimage"},"image":{"@id":"https:\/\/swissbaker.ch\/fr\/concours-du-praline-a-leau-de-vie-edition-gin\/#primaryimage"},"thumbnailUrl":"https:\/\/swissbaker.ch\/wp-content\/uploads\/2025\/08\/header_web.jpg","datePublished":"2023-08-29T05:26:14+00:00","dateModified":"2026-01-14T10:52:28+00:00","description":"Concours du pralin\u00e9 \u00e0 l\u2019eau-de-vie 2026 \u2013 \u00e9dition gin","breadcrumb":{"@id":"https:\/\/swissbaker.ch\/fr\/concours-du-praline-a-leau-de-vie-edition-gin\/#breadcrumb"},"inLanguage":"fr-FR","potentialAction":[{"@type":"ReadAction","target":["https:\/\/swissbaker.ch\/fr\/concours-du-praline-a-leau-de-vie-edition-gin\/"]}]},{"@type":"ImageObject","inLanguage":"fr-FR","@id":"https:\/\/swissbaker.ch\/fr\/concours-du-praline-a-leau-de-vie-edition-gin\/#primaryimage","url":"https:\/\/swissbaker.ch\/wp-content\/uploads\/2025\/08\/header_web.jpg","contentUrl":"https:\/\/swissbaker.ch\/wp-content\/uploads\/2025\/08\/header_web.jpg","width":1200,"height":712},{"@type":"BreadcrumbList","@id":"https:\/\/swissbaker.ch\/fr\/concours-du-praline-a-leau-de-vie-edition-gin\/#breadcrumb","itemListElement":[{"@type":"ListItem","position":1,"name":"","item":"https:\/\/swissbaker.ch\/fr\/"},{"@type":"ListItem","position":2,"name":"Concours du pralin\u00e9 \u00e0 l\u2019eau-de-vie \u2013 \u00e9dition gin"}]},{"@type":"WebSite","@id":"https:\/\/swissbaker.ch\/fr\/#website","url":"https:\/\/swissbaker.ch\/fr\/","name":"SBC","description":"","publisher":{"@id":"https:\/\/swissbaker.ch\/fr\/#organization"},"potentialAction":[{"@type":"SearchAction","target":{"@type":"EntryPoint","urlTemplate":"https:\/\/swissbaker.ch\/fr\/?s={search_term_string}"},"query-input":{"@type":"PropertyValueSpecification","valueRequired":true,"valueName":"search_term_string"}}],"inLanguage":"fr-FR"},{"@type":"Organization","@id":"https:\/\/swissbaker.ch\/fr\/#organization","name":"Schweizerischer B\u00e4cker-Confiseurmeister-Verband","url":"https:\/\/swissbaker.ch\/fr\/","logo":{"@type":"ImageObject","inLanguage":"fr-FR","@id":"https:\/\/swissbaker.ch\/fr\/#\/schema\/logo\/image\/","url":"https:\/\/swissbaker.ch\/wp-content\/uploads\/2022\/04\/sbc-logo-yoast.jpg","contentUrl":"https:\/\/swissbaker.ch\/wp-content\/uploads\/2022\/04\/sbc-logo-yoast.jpg","width":512,"height":512,"caption":"Schweizerischer B\u00e4cker-Confiseurmeister-Verband"},"image":{"@id":"https:\/\/swissbaker.ch\/fr\/#\/schema\/logo\/image\/"},"sameAs":["https:\/\/www.facebook.com\/swissbaker.ch","https:\/\/x.com\/ch_swissbaker"]}]}},"_links":{"self":[{"href":"https:\/\/swissbaker.ch\/fr\/wp-json\/wp\/v2\/pages\/124755","targetHints":{"allow":["GET"]}}],"collection":[{"href":"https:\/\/swissbaker.ch\/fr\/wp-json\/wp\/v2\/pages"}],"about":[{"href":"https:\/\/swissbaker.ch\/fr\/wp-json\/wp\/v2\/types\/page"}],"author":[{"embeddable":true,"href":"https:\/\/swissbaker.ch\/fr\/wp-json\/wp\/v2\/users\/5"}],"replies":[{"embeddable":true,"href":"https:\/\/swissbaker.ch\/fr\/wp-json\/wp\/v2\/comments?post=124755"}],"version-history":[{"count":0,"href":"https:\/\/swissbaker.ch\/fr\/wp-json\/wp\/v2\/pages\/124755\/revisions"}],"wp:featuredmedia":[{"embeddable":true,"href":"https:\/\/swissbaker.ch\/fr\/wp-json\/wp\/v2\/media\/124379"}],"wp:attachment":[{"href":"https:\/\/swissbaker.ch\/fr\/wp-json\/wp\/v2\/media?parent=124755"}],"curies":[{"name":"wp","href":"https:\/\/api.w.org\/{rel}","templated":true}]}}