{"id":117217,"date":"2025-02-21T14:12:38","date_gmt":"2025-02-21T13:12:38","guid":{"rendered":"https:\/\/swissbaker.ch\/?page_id=117217"},"modified":"2025-09-23T11:43:44","modified_gmt":"2025-09-23T09:43:44","slug":"berne-2025","status":"publish","type":"page","link":"https:\/\/swissbaker.ch\/fr\/berne-2025\/","title":{"rendered":"SwissSkills 2025 \u00e0 Berne"},"content":{"rendered":"\n<p><strong>Les SwissSkills 2025 ont eu lieu \u00e0 Berne du 17 au 21 septembre 2025. Lors de la quatri\u00e8me \u00e9dition des championnats suisses des m\u00e9tiers entralis\u00e9s, 150 professions ont \u00e9t\u00e9 pr\u00e9sent\u00e9es et les meilleurs apprentis de plus de 94 m\u00e9tiers suisses se sont affront\u00e9s pour remporter des m\u00e9dailles.<\/strong><\/p>\n\n\n\n<p>Au milieu, les meilleurs aux proc\u00e9dures de qualification (examens de fin d\u2019apprentissage) 2024 et 2025 des boulangers-p\u00e2tissiers-confiseurs CFC dans les orientations boulangerie-p\u00e2tisserie et p\u00e2tisserie-confiserie ainsi que des gestionnaires du commerce de d\u00e9tail CFC se sont disput\u00e9 les titres de champion suisse. Les championnats suisses sont un tremplin vers des championnats internationaux des m\u00e9tiers et un atout important pour l\u2019avenir professionnel.<\/p>\n\n\n\n<h2 class=\"wp-block-heading\" id=\"h-nous-felicitons-les-medaillees\">Nous f\u00e9licitons les m\u00e9daill\u00e9es !<\/h2>\n\n\n\n<h3 class=\"wp-block-heading\" id=\"h-boulangere-patissiere-confiseuse-cfc-boulanger-patissier-confiseur-cfc-orientation-boulangerie-patisserie\">Boulang\u00e8re-p\u00e2tissi\u00e8re-confiseuse CFC \/ boulanger-p\u00e2tissier-confiseur CFC, orientation \u00abboulangerie-p\u00e2tisserie\u00bb<\/h3>\n\n\n\n<figure class=\"wp-block-image size-large is-resized\"><img decoding=\"async\" width=\"768\" height=\"1024\" src=\"https:\/\/swissbaker.ch\/wp-content\/uploads\/2025\/09\/20250920_swissskills_sieger-8-768x1024.jpg\" alt=\"\" class=\"wp-image-127008\" style=\"width:521px;height:auto\" srcset=\"https:\/\/swissbaker.ch\/wp-content\/uploads\/2025\/09\/20250920_swissskills_sieger-8-768x1024.jpg 768w, https:\/\/swissbaker.ch\/wp-content\/uploads\/2025\/09\/20250920_swissskills_sieger-8-1152x1536.jpg 1152w, https:\/\/swissbaker.ch\/wp-content\/uploads\/2025\/09\/20250920_swissskills_sieger-8.jpg 1200w\" sizes=\"(max-width: 768px) 100vw, 768px\" \/><\/figure>\n\n\n\n<ul class=\"wp-block-list\">\n<li><strong>M\u00e9daille d\u2019or:<\/strong>&nbsp;Gwenda Boesch, B\u00e4ckerei-Caf\u00e9 Betschart, Bonstetten<\/li>\n\n\n\n<li><strong>M\u00e9daille d\u2019argent:<\/strong>&nbsp;Rahel Meier, H\u00f6rnli Hemberg AG, Hemberg<\/li>\n\n\n\n<li><strong>M\u00e9daille de bronze:<\/strong>&nbsp;Nadine Matter, B\u00e4ckerei Lanz AG, Bern<\/li>\n<\/ul>\n\n\n\n<div style=\"height:28px\" aria-hidden=\"true\" class=\"wp-block-spacer\"><\/div>\n\n\n\n<h3 class=\"wp-block-heading\" id=\"h-boulangere-patissiere-confiseuse-cfc-boulanger-patissier-confiseur-cfc-orientation-patisserie-confiserie\">Boulang\u00e8re-p\u00e2tissi\u00e8re-confiseuse CFC \/ boulanger-p\u00e2tissier-confiseur CFC, orientation \u00abp\u00e2tisserie-confiserie\u00bb<\/h3>\n\n\n\n<figure class=\"wp-block-image size-large is-resized\"><img decoding=\"async\" width=\"768\" height=\"1024\" src=\"https:\/\/swissbaker.ch\/wp-content\/uploads\/2025\/09\/20250920_swissskills_sieger-2-768x1024.jpg\" alt=\"\" class=\"wp-image-126996\" style=\"width:543px;height:auto\" srcset=\"https:\/\/swissbaker.ch\/wp-content\/uploads\/2025\/09\/20250920_swissskills_sieger-2-768x1024.jpg 768w, https:\/\/swissbaker.ch\/wp-content\/uploads\/2025\/09\/20250920_swissskills_sieger-2-1152x1536.jpg 1152w, https:\/\/swissbaker.ch\/wp-content\/uploads\/2025\/09\/20250920_swissskills_sieger-2-1536x2048.jpg 1536w, https:\/\/swissbaker.ch\/wp-content\/uploads\/2025\/09\/20250920_swissskills_sieger-2.jpg 1920w\" sizes=\"(max-width: 768px) 100vw, 768px\" \/><\/figure>\n\n\n\n<ul class=\"wp-block-list\">\n<li><strong>M\u00e9daille d\u2019or:<\/strong>&nbsp;Regula Baschung, L\u00e4derach (Schweiz) AG, Ennenda<\/li>\n\n\n\n<li><strong>M\u00e9daille d\u2019argent:<\/strong>&nbsp;Marlene Bruderer, Confiserie Roggwiller AG, St. Gallen<\/li>\n\n\n\n<li><strong>M\u00e9daille de bronze:<\/strong>\u00a0Sina Plattner, Kunz AG art of sweets, Frick<\/li>\n<\/ul>\n\n\n\n<div style=\"height:34px\" aria-hidden=\"true\" class=\"wp-block-spacer\"><\/div>\n\n\n\n<h3 class=\"wp-block-heading\" id=\"h-gestionnaire-du-commerce-de-detail-cfc-boulangerie-patisserie-confiserie\">Gestionnaire du commerce de d\u00e9tail CFC, boulangerie-p\u00e2tisserie-confiserie<\/h3>\n\n\n\n<figure class=\"wp-block-image size-large is-resized\"><img decoding=\"async\" width=\"768\" height=\"1024\" src=\"https:\/\/swissbaker.ch\/wp-content\/uploads\/2025\/09\/20250920_swissskills_sieger-6-768x1024.jpg\" alt=\"\" class=\"wp-image-127004\" style=\"width:550px;height:auto\" srcset=\"https:\/\/swissbaker.ch\/wp-content\/uploads\/2025\/09\/20250920_swissskills_sieger-6-768x1024.jpg 768w, https:\/\/swissbaker.ch\/wp-content\/uploads\/2025\/09\/20250920_swissskills_sieger-6-1152x1536.jpg 1152w, https:\/\/swissbaker.ch\/wp-content\/uploads\/2025\/09\/20250920_swissskills_sieger-6-1536x2048.jpg 1536w, https:\/\/swissbaker.ch\/wp-content\/uploads\/2025\/09\/20250920_swissskills_sieger-6.jpg 1920w\" sizes=\"(max-width: 768px) 100vw, 768px\" \/><\/figure>\n\n\n\n<ul class=\"wp-block-list\">\n<li><strong>M\u00e9daille d\u2019or:<\/strong>&nbsp;Anna Putzi, Maron Chur AG, Chur<\/li>\n\n\n\n<li><strong>M\u00e9daille d\u2019argent:<\/strong>&nbsp;Fabia Stocker, B\u00e4ckerei &amp; Konditorei Schell GmbH, B\u00fcron<\/li>\n\n\n\n<li><strong>M\u00e9daille de bronze:<\/strong>&nbsp;Fabienne Leonie Mohn, Confiserie Spr\u00fcngli AG, Z\u00fcrich<\/li>\n<\/ul>\n\n\n\n<p><\/p>\n","protected":false},"excerpt":{"rendered":"<p>Les SwissSkills 2025 ont eu lieu \u00e0 Berne du 17 au 21 septembre 2025. Lors de la quatri\u00e8me \u00e9dition des championnats suisses des m\u00e9tiers entralis\u00e9s, 150 professions ont \u00e9t\u00e9 pr\u00e9sent\u00e9es et les meilleurs apprentis de plus de 94 m\u00e9tiers suisses se sont affront\u00e9s pour remporter des m\u00e9dailles. Au milieu, les meilleurs aux proc\u00e9dures de qualification (examens de fin d\u2019apprentissage) 2024 [&hellip;]<\/p>\n","protected":false},"author":5,"featured_media":127260,"parent":0,"menu_order":0,"comment_status":"closed","ping_status":"closed","template":"","meta":{"_acf_changed":true,"footnotes":""},"class_list":["post-117217","page","type-page","status-publish","has-post-thumbnail","hentry"],"acf":[],"yoast_head":"<!-- This site is optimized with the Yoast SEO Premium plugin v26.8 (Yoast SEO v26.8) - https:\/\/yoast.com\/product\/yoast-seo-premium-wordpress\/ -->\n<title>SwissSkills 2025 \u00e0 Berne | SBC<\/title>\n<meta name=\"robots\" content=\"index, follow, max-snippet:-1, max-image-preview:large, max-video-preview:-1\" \/>\n<link rel=\"canonical\" href=\"https:\/\/swissbaker.ch\/fr\/berne-2025\/\" \/>\n<meta property=\"og:locale\" content=\"fr_FR\" \/>\n<meta property=\"og:type\" content=\"article\" \/>\n<meta property=\"og:title\" content=\"SwissSkills 2025 \u00e0 Berne\" \/>\n<meta property=\"og:description\" content=\"Les SwissSkills 2025 ont eu lieu \u00e0 Berne du 17 au 21 septembre 2025. Lors de la quatri\u00e8me \u00e9dition des championnats suisses des m\u00e9tiers entralis\u00e9s, 150 professions ont \u00e9t\u00e9 pr\u00e9sent\u00e9es et les meilleurs apprentis de plus de 94 m\u00e9tiers suisses se sont affront\u00e9s pour remporter des m\u00e9dailles. Au milieu, les meilleurs aux proc\u00e9dures de qualification (examens de fin d\u2019apprentissage) 2024 [&hellip;]\" \/>\n<meta property=\"og:url\" content=\"https:\/\/swissbaker.ch\/fr\/berne-2025\/\" \/>\n<meta property=\"og:site_name\" content=\"SBC\" \/>\n<meta property=\"article:publisher\" content=\"https:\/\/www.facebook.com\/swissbaker.ch\" \/>\n<meta property=\"article:modified_time\" content=\"2025-09-23T09:43:44+00:00\" \/>\n<meta property=\"og:image\" content=\"https:\/\/swissbaker.ch\/wp-content\/uploads\/2025\/09\/swissskills_2025_anrissbild.jpg\" \/>\n\t<meta property=\"og:image:width\" content=\"1200\" \/>\n\t<meta property=\"og:image:height\" content=\"712\" \/>\n\t<meta property=\"og:image:type\" content=\"image\/jpeg\" \/>\n<meta name=\"twitter:card\" content=\"summary_large_image\" \/>\n<meta name=\"twitter:site\" content=\"@ch_swissbaker\" \/>\n<meta name=\"twitter:label1\" content=\"Est. reading time\" \/>\n\t<meta name=\"twitter:data1\" content=\"1 minute\" \/>\n<script type=\"application\/ld+json\" class=\"yoast-schema-graph\">{\"@context\":\"https:\/\/schema.org\",\"@graph\":[{\"@type\":\"WebPage\",\"@id\":\"https:\/\/swissbaker.ch\/fr\/berne-2025\/\",\"url\":\"https:\/\/swissbaker.ch\/fr\/berne-2025\/\",\"name\":\"SwissSkills 2025 \u00e0 Berne | SBC\",\"isPartOf\":{\"@id\":\"https:\/\/swissbaker.ch\/fr\/#website\"},\"primaryImageOfPage\":{\"@id\":\"https:\/\/swissbaker.ch\/fr\/berne-2025\/#primaryimage\"},\"image\":{\"@id\":\"https:\/\/swissbaker.ch\/fr\/berne-2025\/#primaryimage\"},\"thumbnailUrl\":\"https:\/\/swissbaker.ch\/wp-content\/uploads\/2025\/09\/swissskills_2025_anrissbild.jpg\",\"datePublished\":\"2025-02-21T13:12:38+00:00\",\"dateModified\":\"2025-09-23T09:43:44+00:00\",\"breadcrumb\":{\"@id\":\"https:\/\/swissbaker.ch\/fr\/berne-2025\/#breadcrumb\"},\"inLanguage\":\"fr-FR\",\"potentialAction\":[{\"@type\":\"ReadAction\",\"target\":[\"https:\/\/swissbaker.ch\/fr\/berne-2025\/\"]}]},{\"@type\":\"ImageObject\",\"inLanguage\":\"fr-FR\",\"@id\":\"https:\/\/swissbaker.ch\/fr\/berne-2025\/#primaryimage\",\"url\":\"https:\/\/swissbaker.ch\/wp-content\/uploads\/2025\/09\/swissskills_2025_anrissbild.jpg\",\"contentUrl\":\"https:\/\/swissbaker.ch\/wp-content\/uploads\/2025\/09\/swissskills_2025_anrissbild.jpg\",\"width\":1200,\"height\":712},{\"@type\":\"BreadcrumbList\",\"@id\":\"https:\/\/swissbaker.ch\/fr\/berne-2025\/#breadcrumb\",\"itemListElement\":[{\"@type\":\"ListItem\",\"position\":1,\"name\":\"\",\"item\":\"https:\/\/swissbaker.ch\/fr\/\"},{\"@type\":\"ListItem\",\"position\":2,\"name\":\"SwissSkills 2025 \u00e0 Berne\"}]},{\"@type\":\"WebSite\",\"@id\":\"https:\/\/swissbaker.ch\/fr\/#website\",\"url\":\"https:\/\/swissbaker.ch\/fr\/\",\"name\":\"SBC\",\"description\":\"\",\"publisher\":{\"@id\":\"https:\/\/swissbaker.ch\/fr\/#organization\"},\"potentialAction\":[{\"@type\":\"SearchAction\",\"target\":{\"@type\":\"EntryPoint\",\"urlTemplate\":\"https:\/\/swissbaker.ch\/fr\/?s={search_term_string}\"},\"query-input\":{\"@type\":\"PropertyValueSpecification\",\"valueRequired\":true,\"valueName\":\"search_term_string\"}}],\"inLanguage\":\"fr-FR\"},{\"@type\":\"Organization\",\"@id\":\"https:\/\/swissbaker.ch\/fr\/#organization\",\"name\":\"Schweizerischer B\u00e4cker-Confiseurmeister-Verband\",\"url\":\"https:\/\/swissbaker.ch\/fr\/\",\"logo\":{\"@type\":\"ImageObject\",\"inLanguage\":\"fr-FR\",\"@id\":\"https:\/\/swissbaker.ch\/fr\/#\/schema\/logo\/image\/\",\"url\":\"https:\/\/swissbaker.ch\/wp-content\/uploads\/2022\/04\/sbc-logo-yoast.jpg\",\"contentUrl\":\"https:\/\/swissbaker.ch\/wp-content\/uploads\/2022\/04\/sbc-logo-yoast.jpg\",\"width\":512,\"height\":512,\"caption\":\"Schweizerischer B\u00e4cker-Confiseurmeister-Verband\"},\"image\":{\"@id\":\"https:\/\/swissbaker.ch\/fr\/#\/schema\/logo\/image\/\"},\"sameAs\":[\"https:\/\/www.facebook.com\/swissbaker.ch\",\"https:\/\/x.com\/ch_swissbaker\"]}]}<\/script>\n<!-- \/ Yoast SEO Premium plugin. -->","yoast_head_json":{"title":"SwissSkills 2025 \u00e0 Berne | SBC","robots":{"index":"index","follow":"follow","max-snippet":"max-snippet:-1","max-image-preview":"max-image-preview:large","max-video-preview":"max-video-preview:-1"},"canonical":"https:\/\/swissbaker.ch\/fr\/berne-2025\/","og_locale":"fr_FR","og_type":"article","og_title":"SwissSkills 2025 \u00e0 Berne","og_description":"Les SwissSkills 2025 ont eu lieu \u00e0 Berne du 17 au 21 septembre 2025. Lors de la quatri\u00e8me \u00e9dition des championnats suisses des m\u00e9tiers entralis\u00e9s, 150 professions ont \u00e9t\u00e9 pr\u00e9sent\u00e9es et les meilleurs apprentis de plus de 94 m\u00e9tiers suisses se sont affront\u00e9s pour remporter des m\u00e9dailles. Au milieu, les meilleurs aux proc\u00e9dures de qualification (examens de fin d\u2019apprentissage) 2024 [&hellip;]","og_url":"https:\/\/swissbaker.ch\/fr\/berne-2025\/","og_site_name":"SBC","article_publisher":"https:\/\/www.facebook.com\/swissbaker.ch","article_modified_time":"2025-09-23T09:43:44+00:00","og_image":[{"width":1200,"height":712,"url":"https:\/\/swissbaker.ch\/wp-content\/uploads\/2025\/09\/swissskills_2025_anrissbild.jpg","type":"image\/jpeg"}],"twitter_card":"summary_large_image","twitter_site":"@ch_swissbaker","twitter_misc":{"Est. reading time":"1 minute"},"schema":{"@context":"https:\/\/schema.org","@graph":[{"@type":"WebPage","@id":"https:\/\/swissbaker.ch\/fr\/berne-2025\/","url":"https:\/\/swissbaker.ch\/fr\/berne-2025\/","name":"SwissSkills 2025 \u00e0 Berne | SBC","isPartOf":{"@id":"https:\/\/swissbaker.ch\/fr\/#website"},"primaryImageOfPage":{"@id":"https:\/\/swissbaker.ch\/fr\/berne-2025\/#primaryimage"},"image":{"@id":"https:\/\/swissbaker.ch\/fr\/berne-2025\/#primaryimage"},"thumbnailUrl":"https:\/\/swissbaker.ch\/wp-content\/uploads\/2025\/09\/swissskills_2025_anrissbild.jpg","datePublished":"2025-02-21T13:12:38+00:00","dateModified":"2025-09-23T09:43:44+00:00","breadcrumb":{"@id":"https:\/\/swissbaker.ch\/fr\/berne-2025\/#breadcrumb"},"inLanguage":"fr-FR","potentialAction":[{"@type":"ReadAction","target":["https:\/\/swissbaker.ch\/fr\/berne-2025\/"]}]},{"@type":"ImageObject","inLanguage":"fr-FR","@id":"https:\/\/swissbaker.ch\/fr\/berne-2025\/#primaryimage","url":"https:\/\/swissbaker.ch\/wp-content\/uploads\/2025\/09\/swissskills_2025_anrissbild.jpg","contentUrl":"https:\/\/swissbaker.ch\/wp-content\/uploads\/2025\/09\/swissskills_2025_anrissbild.jpg","width":1200,"height":712},{"@type":"BreadcrumbList","@id":"https:\/\/swissbaker.ch\/fr\/berne-2025\/#breadcrumb","itemListElement":[{"@type":"ListItem","position":1,"name":"","item":"https:\/\/swissbaker.ch\/fr\/"},{"@type":"ListItem","position":2,"name":"SwissSkills 2025 \u00e0 Berne"}]},{"@type":"WebSite","@id":"https:\/\/swissbaker.ch\/fr\/#website","url":"https:\/\/swissbaker.ch\/fr\/","name":"SBC","description":"","publisher":{"@id":"https:\/\/swissbaker.ch\/fr\/#organization"},"potentialAction":[{"@type":"SearchAction","target":{"@type":"EntryPoint","urlTemplate":"https:\/\/swissbaker.ch\/fr\/?s={search_term_string}"},"query-input":{"@type":"PropertyValueSpecification","valueRequired":true,"valueName":"search_term_string"}}],"inLanguage":"fr-FR"},{"@type":"Organization","@id":"https:\/\/swissbaker.ch\/fr\/#organization","name":"Schweizerischer B\u00e4cker-Confiseurmeister-Verband","url":"https:\/\/swissbaker.ch\/fr\/","logo":{"@type":"ImageObject","inLanguage":"fr-FR","@id":"https:\/\/swissbaker.ch\/fr\/#\/schema\/logo\/image\/","url":"https:\/\/swissbaker.ch\/wp-content\/uploads\/2022\/04\/sbc-logo-yoast.jpg","contentUrl":"https:\/\/swissbaker.ch\/wp-content\/uploads\/2022\/04\/sbc-logo-yoast.jpg","width":512,"height":512,"caption":"Schweizerischer B\u00e4cker-Confiseurmeister-Verband"},"image":{"@id":"https:\/\/swissbaker.ch\/fr\/#\/schema\/logo\/image\/"},"sameAs":["https:\/\/www.facebook.com\/swissbaker.ch","https:\/\/x.com\/ch_swissbaker"]}]}},"_links":{"self":[{"href":"https:\/\/swissbaker.ch\/fr\/wp-json\/wp\/v2\/pages\/117217","targetHints":{"allow":["GET"]}}],"collection":[{"href":"https:\/\/swissbaker.ch\/fr\/wp-json\/wp\/v2\/pages"}],"about":[{"href":"https:\/\/swissbaker.ch\/fr\/wp-json\/wp\/v2\/types\/page"}],"author":[{"embeddable":true,"href":"https:\/\/swissbaker.ch\/fr\/wp-json\/wp\/v2\/users\/5"}],"replies":[{"embeddable":true,"href":"https:\/\/swissbaker.ch\/fr\/wp-json\/wp\/v2\/comments?post=117217"}],"version-history":[{"count":0,"href":"https:\/\/swissbaker.ch\/fr\/wp-json\/wp\/v2\/pages\/117217\/revisions"}],"wp:featuredmedia":[{"embeddable":true,"href":"https:\/\/swissbaker.ch\/fr\/wp-json\/wp\/v2\/media\/127260"}],"wp:attachment":[{"href":"https:\/\/swissbaker.ch\/fr\/wp-json\/wp\/v2\/media?parent=117217"}],"curies":[{"name":"wp","href":"https:\/\/api.w.org\/{rel}","templated":true}]}}