{"id":116428,"date":"2025-01-31T08:15:58","date_gmt":"2025-01-31T07:15:58","guid":{"rendered":"https:\/\/swissbaker.ch\/?page_id=116428"},"modified":"2025-10-22T11:37:19","modified_gmt":"2025-10-22T09:37:19","slug":"divers","status":"publish","type":"page","link":"https:\/\/swissbaker.ch\/fr\/divers\/","title":{"rendered":"Divers"},"content":{"rendered":"\n<h2 class=\"wp-block-heading\" id=\"h-communication\">Communication<\/h2>\n\n\n\n<div class=\"wp-block-file\"><a id=\"wp-block-file--media-784df034-ddab-48f0-a08e-01d7d8bf0f2f\" href=\"https:\/\/swissbaker.ch\/wp-content\/uploads\/2025\/10\/202508_medien-handbuch_f.pdf\">Guide: communication_avec_les_m\u00e9dias I 2025<\/a><a href=\"https:\/\/swissbaker.ch\/wp-content\/uploads\/2025\/10\/202508_medien-handbuch_f.pdf\" class=\"wp-block-file__button wp-element-button\" download aria-describedby=\"wp-block-file--media-784df034-ddab-48f0-a08e-01d7d8bf0f2f\">Herunterladen<\/a><\/div>\n\n\n\n<div style=\"height:27px\" aria-hidden=\"true\" class=\"wp-block-spacer\"><\/div>\n\n\n\n<h2 class=\"wp-block-heading\" id=\"h-securite-au-travail-et-protection-de-la-sante\">S\u00e9curit\u00e9 au travail et protection de la sant\u00e9<\/h2>\n\n\n\n<div class=\"wp-block-file\"><a id=\"wp-block-file--media-66d8c743-dd22-46b8-9aa0-5f15394d3f65\" href=\"https:\/\/swissbaker.ch\/wp-content\/uploads\/2025\/02\/nachtarbeit_intranet_f.pdf\">Travail de nuit : chapitre actualis\u00e9 : 25.02.2025<\/a><a href=\"https:\/\/swissbaker.ch\/wp-content\/uploads\/2025\/02\/nachtarbeit_intranet_f.pdf\" class=\"wp-block-file__button wp-element-button\" download aria-describedby=\"wp-block-file--media-66d8c743-dd22-46b8-9aa0-5f15394d3f65\">Herunterladen<\/a><\/div>\n\n\n\n<div style=\"height:25px\" aria-hidden=\"true\" class=\"wp-block-spacer\"><\/div>\n\n\n\n<h2 class=\"wp-block-heading\" id=\"h-cybersecurite\">Cybersecurit\u00e9<\/h2>\n\n\n\n<div class=\"wp-block-file\"><a id=\"wp-block-file--media-716cdee6-66c9-4104-810d-22780034dd07\" href=\"https:\/\/swissbaker.ch\/wp-content\/uploads\/2024\/12\/astuces_cybersecurite_12_2024.pdf\">Ab\u00e9c\u00e9daire de l\u2019hygi\u00e8ne informatique<\/a><a href=\"https:\/\/swissbaker.ch\/wp-content\/uploads\/2024\/12\/astuces_cybersecurite_12_2024.pdf\" class=\"wp-block-file__button wp-element-button\" download aria-describedby=\"wp-block-file--media-716cdee6-66c9-4104-810d-22780034dd07\">Herunterladen<\/a><\/div>\n\n\n\n<div style=\"height:38px\" aria-hidden=\"true\" class=\"wp-block-spacer\"><\/div>\n\n\n\n<h2 class=\"wp-block-heading\" id=\"h-enquete-de-la-bcs-2024\">Enqu\u00eate de la BCS 2024<\/h2>\n\n\n\n<div class=\"wp-block-file\"><a id=\"wp-block-file--media-36017a77-33c6-4dcd-89d7-2dc6d2b1cef6\" href=\"https:\/\/swissbaker.ch\/wp-content\/uploads\/2024\/06\/mitgliederumfrage_2024_fr.pdf\">Enqu\u00eate de la BCS : les r\u00e9sultats<\/a><a href=\"https:\/\/swissbaker.ch\/wp-content\/uploads\/2024\/06\/mitgliederumfrage_2024_fr.pdf\" class=\"wp-block-file__button wp-element-button\" download aria-describedby=\"wp-block-file--media-36017a77-33c6-4dcd-89d7-2dc6d2b1cef6\">Herunterladen<\/a><\/div>\n\n\n\n<div style=\"height:26px\" aria-hidden=\"true\" class=\"wp-block-spacer\"><\/div>\n\n\n\n<h2 class=\"wp-block-heading\" id=\"h-calcul-de-la-majoration\">Calcul de la majoration<\/h2>\n\n\n\n<div class=\"wp-block-file\"><a id=\"wp-block-file--media-0f2b67b9-c9ee-4c80-ae79-0af5c602254e\" href=\"https:\/\/swissbaker.ch\/wp-content\/uploads\/2024\/06\/zuschlagskalkulation_juni-2024_f.pdf\">Calcul de la majoration: explication I 06.2024<\/a><a href=\"https:\/\/swissbaker.ch\/wp-content\/uploads\/2024\/06\/zuschlagskalkulation_juni-2024_f.pdf\" class=\"wp-block-file__button wp-element-button\" download aria-describedby=\"wp-block-file--media-0f2b67b9-c9ee-4c80-ae79-0af5c602254e\">Herunterladen<\/a><\/div>\n\n\n\n<div class=\"wp-block-file\"><a id=\"wp-block-file--media-793f27a6-0d98-4af4-ac8e-f537110b510a\" href=\"https:\/\/swissbaker.ch\/wp-content\/uploads\/2024\/06\/grundkostenzuschlaege_f.xlsx\">Calcul de la majoration.xlsx<\/a><a href=\"https:\/\/swissbaker.ch\/wp-content\/uploads\/2024\/06\/grundkostenzuschlaege_f.xlsx\" class=\"wp-block-file__button wp-element-button\" download aria-describedby=\"wp-block-file--media-793f27a6-0d98-4af4-ac8e-f537110b510a\">Herunterladen<\/a><\/div>\n\n\n\n<div style=\"height:25px\" aria-hidden=\"true\" class=\"wp-block-spacer\"><\/div>\n\n\n\n<h2 class=\"wp-block-heading\">Nouvelle loi sur la protection des donn\u00e9es \u00e0 partir du 1<sup>er<\/sup> septembre<\/h2>\n\n\n\n<div class=\"wp-block-file\"><a id=\"wp-block-file--media-871f05a2-03e7-481a-8c5d-5ba0c69639de\" href=\"https:\/\/swissbaker.ch\/wp-content\/uploads\/2023\/09\/230823-div_hinweise-dse-muster_f.pdf\">Remarque sur les mod\u00e8les DPD<\/a><a href=\"https:\/\/swissbaker.ch\/wp-content\/uploads\/2023\/09\/230823-div_hinweise-dse-muster_f.pdf\" class=\"wp-block-file__button wp-element-button\" download aria-describedby=\"wp-block-file--media-871f05a2-03e7-481a-8c5d-5ba0c69639de\">Herunterladen<\/a><\/div>\n\n\n\n<div class=\"wp-block-file\"><a id=\"wp-block-file--media-8c71ce6c-b021-4684-93fd-3dbb2709a599\" href=\"https:\/\/swissbaker.ch\/wp-content\/uploads\/2023\/09\/230831-div_muster-datenschutzerklarung-bc-betriebe_f.pdf\">Mod\u00e8le DPD pour les entreprises.pdf<\/a><a href=\"https:\/\/swissbaker.ch\/wp-content\/uploads\/2023\/09\/230831-div_muster-datenschutzerklarung-bc-betriebe_f.pdf\" class=\"wp-block-file__button wp-element-button\" download aria-describedby=\"wp-block-file--media-8c71ce6c-b021-4684-93fd-3dbb2709a599\">Herunterladen<\/a><\/div>\n\n\n\n<div class=\"wp-block-file\"><a id=\"wp-block-file--media-d88183a5-18dd-4796-9e6d-6870ce0dc635\" href=\"https:\/\/swissbaker.ch\/wp-content\/uploads\/2023\/09\/230831-div_muster-datenschutzerklarung-bc-betriebe_f.docx\">Mod\u00e8le DPD pour les entreprises.docx<\/a><a href=\"https:\/\/swissbaker.ch\/wp-content\/uploads\/2023\/09\/230831-div_muster-datenschutzerklarung-bc-betriebe_f.docx\" class=\"wp-block-file__button wp-element-button\" download aria-describedby=\"wp-block-file--media-d88183a5-18dd-4796-9e6d-6870ce0dc635\">Herunterladen<\/a><\/div>\n\n\n\n<div class=\"wp-block-file\"><a id=\"wp-block-file--media-9b1c1336-996d-4037-b3b5-524c17a2aaef\" href=\"https:\/\/swissbaker.ch\/wp-content\/uploads\/2023\/09\/230823-div_adv-muster_f.pdf\">Mod\u00e8le d\u2019accord TDC possible.pdf<\/a><a href=\"https:\/\/swissbaker.ch\/wp-content\/uploads\/2023\/09\/230823-div_adv-muster_f.pdf\" class=\"wp-block-file__button wp-element-button\" download aria-describedby=\"wp-block-file--media-9b1c1336-996d-4037-b3b5-524c17a2aaef\">Herunterladen<\/a><\/div>\n\n\n\n<div class=\"wp-block-file\"><a id=\"wp-block-file--media-d39e3c96-8cac-40cb-a8a3-9f512a6fc417\" href=\"https:\/\/swissbaker.ch\/wp-content\/uploads\/2023\/09\/230823-div_adv-muster_f.docx\">Mod\u00e8le d\u2019accord TDC possible.docx<\/a><a href=\"https:\/\/swissbaker.ch\/wp-content\/uploads\/2023\/09\/230823-div_adv-muster_f.docx\" class=\"wp-block-file__button wp-element-button\" download aria-describedby=\"wp-block-file--media-d39e3c96-8cac-40cb-a8a3-9f512a6fc417\">Herunterladen<\/a><\/div>\n\n\n\n<div style=\"height:26px\" aria-hidden=\"true\" class=\"wp-block-spacer\"><\/div>\n\n\n\n<h2 class=\"wp-block-heading\" id=\"h-le-manque-de-personnelqualifie-et-l-inflazion\">Le manque de personnelqualifi\u00e9 et l&#8217;inflazion<\/h2>\n\n\n\n<div class=\"wp-block-file\"><a id=\"wp-block-file--media-2fe269cf-bef8-48a7-a77e-5874b7e67c0d\" href=\"https:\/\/swissbaker.ch\/wp-content\/uploads\/2023\/01\/antworten_umfrage_2023-01.pdf\">R\u00e9ponses de sondage sur le manque de personnel qualifi\u00e9 et la hausse des co\u00fbts | 01.2023<\/a><a href=\"https:\/\/swissbaker.ch\/wp-content\/uploads\/2023\/01\/antworten_umfrage_2023-01.pdf\" class=\"wp-block-file__button wp-element-button\" download aria-describedby=\"wp-block-file--media-2fe269cf-bef8-48a7-a77e-5874b7e67c0d\">Herunterladen<\/a><\/div>\n\n\n\n<div style=\"height:25px\" aria-hidden=\"true\" class=\"wp-block-spacer\"><\/div>\n\n\n\n<h2 class=\"wp-block-heading\" id=\"h-augmentation-des-prix-commuication\">Augmentation des prix \u2013 commuication<\/h2>\n\n\n\n<div class=\"wp-block-file\"><a id=\"wp-block-file--media-f832ab95-e58e-4b3d-acb3-b211697c0deb\" href=\"https:\/\/swissbaker.ch\/wp-content\/uploads\/2022\/09\/preiserhoehungen_energie_-kommunizieren_textevorlagen_09_2022_f-1.docx\">Augmentation des prix \u2013 \u00e9nergie \u2013 communication I _9.2022<\/a><a href=\"https:\/\/swissbaker.ch\/wp-content\/uploads\/2022\/09\/preiserhoehungen_energie_-kommunizieren_textevorlagen_09_2022_f-1.docx\" class=\"wp-block-file__button wp-element-button\" download aria-describedby=\"wp-block-file--media-f832ab95-e58e-4b3d-acb3-b211697c0deb\">Herunterladen<\/a><\/div>\n\n\n\n<p>Article \u00abPanissimo\u00bb: <a href=\"https:\/\/swissbaker.ch\/fr\/panissimo-news\/calculez-et-agissez-maintenant\/\" target=\"_blank\" rel=\"noreferrer noopener\">Calculez et agissez maintenant!<\/a><\/p>\n\n\n\n<p>Article \u00abPanissimo\u00bb: <a href=\"https:\/\/swissbaker.ch\/fr\/panissimo-news\/analyser-adapter-communiquer\/\" target=\"_blank\" rel=\"noreferrer noopener\">Analyser, adapter, communiquer<\/a><\/p>\n\n\n\n<p>Article \u00abPanissimo\u00bb: <a href=\"https:\/\/swissbaker.ch\/fr\/panissimo-news\/prix-a-verifier-et-a-ajuster-si-necessaire\/\" target=\"_blank\" rel=\"noreferrer noopener\">Prix \u00e0 v\u00e9rifier et \u00e0 ajuster si n\u00e9cessaire<\/a><\/p>\n\n\n\n<div style=\"height:25px\" aria-hidden=\"true\" class=\"wp-block-spacer\"><\/div>\n\n\n\n<h2 class=\"wp-block-heading\" id=\"h-penurie-d-electricite\">Penurie d&#8217;\u00e9lectricit\u00e9<\/h2>\n\n\n\n<div class=\"wp-block-file\"><a id=\"wp-block-file--media-c216790a-6ea6-4cf3-9fda-3a8042c44012\" href=\"https:\/\/swissbaker.ch\/wp-content\/uploads\/2023\/09\/20230905_strombeschaffung_f.pdf\">Recommandation BCS &#8211; Strat\u00e9gie d&#8217;approvisionnement en \u00e9lectricit\u00e9 I 9.2023<\/a><a href=\"https:\/\/swissbaker.ch\/wp-content\/uploads\/2023\/09\/20230905_strombeschaffung_f.pdf\" class=\"wp-block-file__button wp-element-button\" download aria-describedby=\"wp-block-file--media-c216790a-6ea6-4cf3-9fda-3a8042c44012\">Herunterladen<\/a><\/div>\n\n\n\n<div class=\"wp-block-file\"><a id=\"wp-block-file--media-64aad587-f40c-4121-a2e7-b57aa9d9ebe0\" href=\"https:\/\/swissbaker.ch\/wp-content\/uploads\/2023\/03\/sbc_faktenblatt_energiepreise_230317_f.pdf\">Fiche d&#8217;information sur les prix de l&#8217;energie I 3.2023<\/a><a href=\"https:\/\/swissbaker.ch\/wp-content\/uploads\/2023\/03\/sbc_faktenblatt_energiepreise_230317_f.pdf\" class=\"wp-block-file__button wp-element-button\" download aria-describedby=\"wp-block-file--media-64aad587-f40c-4121-a2e7-b57aa9d9ebe0\">Herunterladen<\/a><\/div>\n\n\n\n<div class=\"wp-block-file\"><a id=\"wp-block-file--media-4f6fdf6d-58a0-4f19-9f71-dd9f9d1ea4e5\" href=\"https:\/\/swissbaker.ch\/wp-content\/uploads\/2022\/09\/sbc_energiemangellage_faktenblatt_f_220909.pdf\">Fiche d\u2019information: p\u00e9nurie d&#8217;\u00e9nergie I  9.2022<\/a><a href=\"https:\/\/swissbaker.ch\/wp-content\/uploads\/2022\/09\/sbc_energiemangellage_faktenblatt_f_220909.pdf\" class=\"wp-block-file__button wp-element-button\" download aria-describedby=\"wp-block-file--media-4f6fdf6d-58a0-4f19-9f71-dd9f9d1ea4e5\">Herunterladen<\/a><\/div>\n\n\n\n<div class=\"wp-block-file\"><a id=\"wp-block-file--media-4a66ba28-1fc3-450c-9e2b-bdd80e1cdc38\" href=\"https:\/\/swissbaker.ch\/wp-content\/uploads\/2022\/11\/indemnite_en_cas_de_reduction_de_lhoraire_de_travail_dans_le_contexte_actuel_du_nov_2022.pdf\">Indemnit\u00e9 RHT dans le contexte actuel du march\u00e9 de l\u2019\u00e9nergiee &#8211; usam I 11.2022<\/a><a href=\"https:\/\/swissbaker.ch\/wp-content\/uploads\/2022\/11\/indemnite_en_cas_de_reduction_de_lhoraire_de_travail_dans_le_contexte_actuel_du_nov_2022.pdf\" class=\"wp-block-file__button wp-element-button\" download aria-describedby=\"wp-block-file--media-4a66ba28-1fc3-450c-9e2b-bdd80e1cdc38\">Herunterladen<\/a><\/div>\n\n\n\n<div class=\"wp-block-file\"><a id=\"wp-block-file--media-6b69fc5c-ebcf-4fa7-a2ae-5764974f08c3\" href=\"https:\/\/swissbaker.ch\/wp-content\/uploads\/2023\/02\/energie_auto-declaration_gestion..pdf\">Energie auto-declaration \u2013 gestion<\/a><a href=\"https:\/\/swissbaker.ch\/wp-content\/uploads\/2023\/02\/energie_auto-declaration_gestion..pdf\" class=\"wp-block-file__button wp-element-button\" download aria-describedby=\"wp-block-file--media-6b69fc5c-ebcf-4fa7-a2ae-5764974f08c3\">Herunterladen<\/a><\/div>\n\n\n\n<div class=\"wp-block-file\"><a id=\"wp-block-file--media-874b29d0-eb7c-4f34-aba9-feeca8ab0bf6\" href=\"https:\/\/swissbaker.ch\/wp-content\/uploads\/2023\/02\/energie_auto-declaration_technique.pdf\">Energie auto-declaration_- technique<\/a><a href=\"https:\/\/swissbaker.ch\/wp-content\/uploads\/2023\/02\/energie_auto-declaration_technique.pdf\" class=\"wp-block-file__button wp-element-button\" download aria-describedby=\"wp-block-file--media-874b29d0-eb7c-4f34-aba9-feeca8ab0bf6\">Herunterladen<\/a><\/div>\n\n\n\n<div class=\"wp-block-file\"><a id=\"wp-block-file--media-848c6615-2967-437a-a496-a10855bacb80\" href=\"https:\/\/swissbaker.ch\/wp-content\/uploads\/2022\/09\/sbc_auswertung-mitgliederbefragung-energie_f.pdf\">R\u00e9sultats de l\u2019enqu\u00eate \u00abApprovisionnement en \u00e9nergie\u00bb  I 9.2022<\/a><a href=\"https:\/\/swissbaker.ch\/wp-content\/uploads\/2022\/09\/sbc_auswertung-mitgliederbefragung-energie_f.pdf\" class=\"wp-block-file__button wp-element-button\" download aria-describedby=\"wp-block-file--media-848c6615-2967-437a-a496-a10855bacb80\">Herunterladen<\/a><\/div>\n\n\n\n<div class=\"wp-block-file\"><a id=\"wp-block-file--media-d8db7831-ed50-4c51-b447-777df9237638\" href=\"https:\/\/swissbaker.ch\/wp-content\/uploads\/2022\/11\/communautes-dautoconsommation-ca-et-rcp-usam-15-septembre.pdf\">Communautes d&#8217;autoconsommation CA et RCP &#8211; usam I 9.2022<\/a><a href=\"https:\/\/swissbaker.ch\/wp-content\/uploads\/2022\/11\/communautes-dautoconsommation-ca-et-rcp-usam-15-septembre.pdf\" class=\"wp-block-file__button wp-element-button\" download aria-describedby=\"wp-block-file--media-d8db7831-ed50-4c51-b447-777df9237638\">Herunterladen<\/a><\/div>\n\n\n\n<div style=\"height:25px\" aria-hidden=\"true\" class=\"wp-block-spacer\"><\/div>\n\n\n\n<h2 class=\"wp-block-heading\" id=\"h-\"><\/h2>\n","protected":false},"excerpt":{"rendered":"<p>Communication S\u00e9curit\u00e9 au travail et protection de la sant\u00e9 Cybersecurit\u00e9 Enqu\u00eate de la BCS 2024 Calcul de la majoration Nouvelle loi sur la protection des donn\u00e9es \u00e0 partir du 1er septembre Le manque de personnelqualifi\u00e9 et l&#8217;inflazion Augmentation des prix \u2013 commuication Article \u00abPanissimo\u00bb: Calculez et agissez maintenant! Article \u00abPanissimo\u00bb: Analyser, adapter, communiquer Article \u00abPanissimo\u00bb: Prix \u00e0 v\u00e9rifier et \u00e0 [&hellip;]<\/p>\n","protected":false},"author":5,"featured_media":0,"parent":0,"menu_order":0,"comment_status":"closed","ping_status":"closed","template":"page-intranet.php","meta":{"_acf_changed":false,"footnotes":""},"class_list":["post-116428","page","type-page","status-publish","hentry"],"acf":[],"yoast_head":"<!-- This site is optimized with the Yoast SEO Premium plugin v26.8 (Yoast SEO v26.8) - https:\/\/yoast.com\/product\/yoast-seo-premium-wordpress\/ -->\n<title>Divers | SBC<\/title>\n<meta name=\"robots\" content=\"index, follow, max-snippet:-1, max-image-preview:large, max-video-preview:-1\" \/>\n<link rel=\"canonical\" href=\"https:\/\/swissbaker.ch\/fr\/divers\/\" \/>\n<meta property=\"og:locale\" content=\"fr_FR\" \/>\n<meta property=\"og:type\" content=\"article\" \/>\n<meta property=\"og:title\" content=\"Divers\" \/>\n<meta property=\"og:description\" content=\"Communication S\u00e9curit\u00e9 au travail et protection de la sant\u00e9 Cybersecurit\u00e9 Enqu\u00eate de la BCS 2024 Calcul de la majoration Nouvelle loi sur la protection des donn\u00e9es \u00e0 partir du 1er septembre Le manque de personnelqualifi\u00e9 et l&#8217;inflazion Augmentation des prix \u2013 commuication Article \u00abPanissimo\u00bb: Calculez et agissez maintenant! Article \u00abPanissimo\u00bb: Analyser, adapter, communiquer Article \u00abPanissimo\u00bb: Prix \u00e0 v\u00e9rifier et \u00e0 [&hellip;]\" \/>\n<meta property=\"og:url\" content=\"https:\/\/swissbaker.ch\/fr\/divers\/\" \/>\n<meta property=\"og:site_name\" content=\"SBC\" \/>\n<meta property=\"article:publisher\" content=\"https:\/\/www.facebook.com\/swissbaker.ch\" \/>\n<meta property=\"article:modified_time\" content=\"2025-10-22T09:37:19+00:00\" \/>\n<meta property=\"og:image\" content=\"https:\/\/swissbaker.ch\/wp-content\/uploads\/2022\/04\/sbc-logo-yoast.jpg\" \/>\n\t<meta property=\"og:image:width\" content=\"512\" \/>\n\t<meta property=\"og:image:height\" content=\"512\" \/>\n\t<meta property=\"og:image:type\" content=\"image\/jpeg\" \/>\n<meta name=\"twitter:card\" content=\"summary_large_image\" \/>\n<meta name=\"twitter:site\" content=\"@ch_swissbaker\" \/>\n<meta name=\"twitter:label1\" content=\"Est. reading time\" \/>\n\t<meta name=\"twitter:data1\" content=\"1 minute\" \/>\n<script type=\"application\/ld+json\" class=\"yoast-schema-graph\">{\"@context\":\"https:\/\/schema.org\",\"@graph\":[{\"@type\":\"WebPage\",\"@id\":\"https:\/\/swissbaker.ch\/fr\/divers\/\",\"url\":\"https:\/\/swissbaker.ch\/fr\/divers\/\",\"name\":\"Divers | SBC\",\"isPartOf\":{\"@id\":\"https:\/\/swissbaker.ch\/fr\/#website\"},\"datePublished\":\"2025-01-31T07:15:58+00:00\",\"dateModified\":\"2025-10-22T09:37:19+00:00\",\"breadcrumb\":{\"@id\":\"https:\/\/swissbaker.ch\/fr\/divers\/#breadcrumb\"},\"inLanguage\":\"fr-FR\",\"potentialAction\":[{\"@type\":\"ReadAction\",\"target\":[\"https:\/\/swissbaker.ch\/fr\/divers\/\"]}]},{\"@type\":\"BreadcrumbList\",\"@id\":\"https:\/\/swissbaker.ch\/fr\/divers\/#breadcrumb\",\"itemListElement\":[{\"@type\":\"ListItem\",\"position\":1,\"name\":\"\",\"item\":\"https:\/\/swissbaker.ch\/fr\/\"},{\"@type\":\"ListItem\",\"position\":2,\"name\":\"Divers\"}]},{\"@type\":\"WebSite\",\"@id\":\"https:\/\/swissbaker.ch\/fr\/#website\",\"url\":\"https:\/\/swissbaker.ch\/fr\/\",\"name\":\"SBC\",\"description\":\"\",\"publisher\":{\"@id\":\"https:\/\/swissbaker.ch\/fr\/#organization\"},\"potentialAction\":[{\"@type\":\"SearchAction\",\"target\":{\"@type\":\"EntryPoint\",\"urlTemplate\":\"https:\/\/swissbaker.ch\/fr\/?s={search_term_string}\"},\"query-input\":{\"@type\":\"PropertyValueSpecification\",\"valueRequired\":true,\"valueName\":\"search_term_string\"}}],\"inLanguage\":\"fr-FR\"},{\"@type\":\"Organization\",\"@id\":\"https:\/\/swissbaker.ch\/fr\/#organization\",\"name\":\"Schweizerischer B\u00e4cker-Confiseurmeister-Verband\",\"url\":\"https:\/\/swissbaker.ch\/fr\/\",\"logo\":{\"@type\":\"ImageObject\",\"inLanguage\":\"fr-FR\",\"@id\":\"https:\/\/swissbaker.ch\/fr\/#\/schema\/logo\/image\/\",\"url\":\"https:\/\/swissbaker.ch\/wp-content\/uploads\/2022\/04\/sbc-logo-yoast.jpg\",\"contentUrl\":\"https:\/\/swissbaker.ch\/wp-content\/uploads\/2022\/04\/sbc-logo-yoast.jpg\",\"width\":512,\"height\":512,\"caption\":\"Schweizerischer B\u00e4cker-Confiseurmeister-Verband\"},\"image\":{\"@id\":\"https:\/\/swissbaker.ch\/fr\/#\/schema\/logo\/image\/\"},\"sameAs\":[\"https:\/\/www.facebook.com\/swissbaker.ch\",\"https:\/\/x.com\/ch_swissbaker\"]}]}<\/script>\n<!-- \/ Yoast SEO Premium plugin. -->","yoast_head_json":{"title":"Divers | SBC","robots":{"index":"index","follow":"follow","max-snippet":"max-snippet:-1","max-image-preview":"max-image-preview:large","max-video-preview":"max-video-preview:-1"},"canonical":"https:\/\/swissbaker.ch\/fr\/divers\/","og_locale":"fr_FR","og_type":"article","og_title":"Divers","og_description":"Communication S\u00e9curit\u00e9 au travail et protection de la sant\u00e9 Cybersecurit\u00e9 Enqu\u00eate de la BCS 2024 Calcul de la majoration Nouvelle loi sur la protection des donn\u00e9es \u00e0 partir du 1er septembre Le manque de personnelqualifi\u00e9 et l&#8217;inflazion Augmentation des prix \u2013 commuication Article \u00abPanissimo\u00bb: Calculez et agissez maintenant! Article \u00abPanissimo\u00bb: Analyser, adapter, communiquer Article \u00abPanissimo\u00bb: Prix \u00e0 v\u00e9rifier et \u00e0 [&hellip;]","og_url":"https:\/\/swissbaker.ch\/fr\/divers\/","og_site_name":"SBC","article_publisher":"https:\/\/www.facebook.com\/swissbaker.ch","article_modified_time":"2025-10-22T09:37:19+00:00","og_image":[{"width":512,"height":512,"url":"https:\/\/swissbaker.ch\/wp-content\/uploads\/2022\/04\/sbc-logo-yoast.jpg","type":"image\/jpeg"}],"twitter_card":"summary_large_image","twitter_site":"@ch_swissbaker","twitter_misc":{"Est. reading time":"1 minute"},"schema":{"@context":"https:\/\/schema.org","@graph":[{"@type":"WebPage","@id":"https:\/\/swissbaker.ch\/fr\/divers\/","url":"https:\/\/swissbaker.ch\/fr\/divers\/","name":"Divers | SBC","isPartOf":{"@id":"https:\/\/swissbaker.ch\/fr\/#website"},"datePublished":"2025-01-31T07:15:58+00:00","dateModified":"2025-10-22T09:37:19+00:00","breadcrumb":{"@id":"https:\/\/swissbaker.ch\/fr\/divers\/#breadcrumb"},"inLanguage":"fr-FR","potentialAction":[{"@type":"ReadAction","target":["https:\/\/swissbaker.ch\/fr\/divers\/"]}]},{"@type":"BreadcrumbList","@id":"https:\/\/swissbaker.ch\/fr\/divers\/#breadcrumb","itemListElement":[{"@type":"ListItem","position":1,"name":"","item":"https:\/\/swissbaker.ch\/fr\/"},{"@type":"ListItem","position":2,"name":"Divers"}]},{"@type":"WebSite","@id":"https:\/\/swissbaker.ch\/fr\/#website","url":"https:\/\/swissbaker.ch\/fr\/","name":"SBC","description":"","publisher":{"@id":"https:\/\/swissbaker.ch\/fr\/#organization"},"potentialAction":[{"@type":"SearchAction","target":{"@type":"EntryPoint","urlTemplate":"https:\/\/swissbaker.ch\/fr\/?s={search_term_string}"},"query-input":{"@type":"PropertyValueSpecification","valueRequired":true,"valueName":"search_term_string"}}],"inLanguage":"fr-FR"},{"@type":"Organization","@id":"https:\/\/swissbaker.ch\/fr\/#organization","name":"Schweizerischer B\u00e4cker-Confiseurmeister-Verband","url":"https:\/\/swissbaker.ch\/fr\/","logo":{"@type":"ImageObject","inLanguage":"fr-FR","@id":"https:\/\/swissbaker.ch\/fr\/#\/schema\/logo\/image\/","url":"https:\/\/swissbaker.ch\/wp-content\/uploads\/2022\/04\/sbc-logo-yoast.jpg","contentUrl":"https:\/\/swissbaker.ch\/wp-content\/uploads\/2022\/04\/sbc-logo-yoast.jpg","width":512,"height":512,"caption":"Schweizerischer B\u00e4cker-Confiseurmeister-Verband"},"image":{"@id":"https:\/\/swissbaker.ch\/fr\/#\/schema\/logo\/image\/"},"sameAs":["https:\/\/www.facebook.com\/swissbaker.ch","https:\/\/x.com\/ch_swissbaker"]}]}},"_links":{"self":[{"href":"https:\/\/swissbaker.ch\/fr\/wp-json\/wp\/v2\/pages\/116428","targetHints":{"allow":["GET"]}}],"collection":[{"href":"https:\/\/swissbaker.ch\/fr\/wp-json\/wp\/v2\/pages"}],"about":[{"href":"https:\/\/swissbaker.ch\/fr\/wp-json\/wp\/v2\/types\/page"}],"author":[{"embeddable":true,"href":"https:\/\/swissbaker.ch\/fr\/wp-json\/wp\/v2\/users\/5"}],"replies":[{"embeddable":true,"href":"https:\/\/swissbaker.ch\/fr\/wp-json\/wp\/v2\/comments?post=116428"}],"version-history":[{"count":0,"href":"https:\/\/swissbaker.ch\/fr\/wp-json\/wp\/v2\/pages\/116428\/revisions"}],"wp:attachment":[{"href":"https:\/\/swissbaker.ch\/fr\/wp-json\/wp\/v2\/media?parent=116428"}],"curies":[{"name":"wp","href":"https:\/\/api.w.org\/{rel}","templated":true}]}}