{"version":"1.0","provider_name":"SBC","provider_url":"https:\/\/swissbaker.ch\/fr\/","author_name":"azureart","author_url":"https:\/\/swissbaker.ch\/fr\/panissimo-news\/author\/pixel-ahoi\/","title":"Transfert \u00e0 la fondation de pr\u00e9voyance Panvicaplus","type":"rich","width":600,"height":338,"html":"<blockquote class=\"wp-embedded-content\" data-secret=\"gDUzJNkYPF\"><a href=\"https:\/\/swissbaker.ch\/fr\/panissimo-news\/transfert-a-la-fondation-de-prevoyance-panvicaplus\/\">Transfert \u00e0 la fondation de pr\u00e9voyance Panvicaplus<\/a><\/blockquote><iframe sandbox=\"allow-scripts\" security=\"restricted\" src=\"https:\/\/swissbaker.ch\/fr\/panissimo-news\/transfert-a-la-fondation-de-prevoyance-panvicaplus\/embed\/#?secret=gDUzJNkYPF\" width=\"600\" height=\"338\" title=\"&#8220;Transfert \u00e0 la fondation de pr\u00e9voyance Panvicaplus&#8221; &#8212; SBC\" data-secret=\"gDUzJNkYPF\" frameborder=\"0\" marginwidth=\"0\" marginheight=\"0\" scrolling=\"no\" class=\"wp-embedded-content\"><\/iframe><script type=\"text\/javascript\">\n\/* <![CDATA[ *\/\n\/*! This file is auto-generated *\/\n!function(d,l){\"use strict\";l.querySelector&&d.addEventListener&&\"undefined\"!=typeof URL&&(d.wp=d.wp||{},d.wp.receiveEmbedMessage||(d.wp.receiveEmbedMessage=function(e){var t=e.data;if((t||t.secret||t.message||t.value)&&!\/[^a-zA-Z0-9]\/.test(t.secret)){for(var s,r,n,a=l.querySelectorAll('iframe[data-secret=\"'+t.secret+'\"]'),o=l.querySelectorAll('blockquote[data-secret=\"'+t.secret+'\"]'),c=new RegExp(\"^https?:$\",\"i\"),i=0;i<o.length;i++)o[i].style.display=\"none\";for(i=0;i<a.length;i++)s=a[i],e.source===s.contentWindow&&(s.removeAttribute(\"style\"),\"height\"===t.message?(1e3<(r=parseInt(t.value,10))?r=1e3:~~r<200&&(r=200),s.height=r):\"link\"===t.message&&(r=new URL(s.getAttribute(\"src\")),n=new URL(t.value),c.test(n.protocol))&&n.host===r.host&&l.activeElement===s&&(d.top.location.href=t.value))}},d.addEventListener(\"message\",d.wp.receiveEmbedMessage,!1),l.addEventListener(\"DOMContentLoaded\",function(){for(var e,t,s=l.querySelectorAll(\"iframe.wp-embedded-content\"),r=0;r<s.length;r++)(t=(e=s[r]).getAttribute(\"data-secret\"))||(t=Math.random().toString(36).substring(2,12),e.src+=\"#?secret=\"+t,e.setAttribute(\"data-secret\",t)),e.contentWindow.postMessage({message:\"ready\",secret:t},\"*\")},!1)))}(window,document);\n\/\/# sourceURL=https:\/\/swissbaker.ch\/wp-includes\/js\/wp-embed.min.js\n\/* ]]> *\/\n<\/script>\n","thumbnail_url":"https:\/\/swissbaker.ch\/wp-content\/uploads\/2022\/04\/Remo-Keller_031_Ausschnitt_c-4.jpg","thumbnail_width":800,"thumbnail_height":474,"description":"Publireportage \u2013 \u00ab\u2009Quel est le sort des assur\u00e9s qui ne sont pas d\u2019accord avec le changement de caisse de pension\u2009?\u2009\u00bb Le changement de caisse de pension est effectu\u00e9 sur le fondement d\u2019une d\u00e9cision prise par la majorit\u00e9, qui s\u2019applique \u00e9galement aux assur\u00e9s qui ne partagent pas cet avis. Les caisses de pension se caract\u00e9risent par la collectivit\u00e9. En Suisse, les [&hellip;]"}