{"version":"1.0","provider_name":"SBC","provider_url":"https:\/\/swissbaker.ch\/fr\/","author_name":"Simon Nussbaum","author_url":"https:\/\/swissbaker.ch\/fr\/panissimo-news\/author\/simon-nussbaum\/","title":"Session de printemps du Parlement f\u00e9d\u00e9ral","type":"rich","width":600,"height":338,"html":"<blockquote class=\"wp-embedded-content\" data-secret=\"PpB0C739aV\"><a href=\"https:\/\/swissbaker.ch\/fr\/panissimo-news\/session-de-printemps-du-parlement-federal\/\">Session de printemps du Parlement f\u00e9d\u00e9ral<\/a><\/blockquote><iframe sandbox=\"allow-scripts\" security=\"restricted\" src=\"https:\/\/swissbaker.ch\/fr\/panissimo-news\/session-de-printemps-du-parlement-federal\/embed\/#?secret=PpB0C739aV\" width=\"600\" height=\"338\" title=\"&#8220;Session de printemps du Parlement f\u00e9d\u00e9ral&#8221; &#8212; SBC\" data-secret=\"PpB0C739aV\" frameborder=\"0\" marginwidth=\"0\" marginheight=\"0\" scrolling=\"no\" class=\"wp-embedded-content\"><\/iframe><script type=\"text\/javascript\">\n\/* <![CDATA[ *\/\n\/*! This file is auto-generated *\/\n!function(d,l){\"use strict\";l.querySelector&&d.addEventListener&&\"undefined\"!=typeof URL&&(d.wp=d.wp||{},d.wp.receiveEmbedMessage||(d.wp.receiveEmbedMessage=function(e){var t=e.data;if((t||t.secret||t.message||t.value)&&!\/[^a-zA-Z0-9]\/.test(t.secret)){for(var s,r,n,a=l.querySelectorAll('iframe[data-secret=\"'+t.secret+'\"]'),o=l.querySelectorAll('blockquote[data-secret=\"'+t.secret+'\"]'),c=new RegExp(\"^https?:$\",\"i\"),i=0;i<o.length;i++)o[i].style.display=\"none\";for(i=0;i<a.length;i++)s=a[i],e.source===s.contentWindow&&(s.removeAttribute(\"style\"),\"height\"===t.message?(1e3<(r=parseInt(t.value,10))?r=1e3:~~r<200&&(r=200),s.height=r):\"link\"===t.message&&(r=new URL(s.getAttribute(\"src\")),n=new URL(t.value),c.test(n.protocol))&&n.host===r.host&&l.activeElement===s&&(d.top.location.href=t.value))}},d.addEventListener(\"message\",d.wp.receiveEmbedMessage,!1),l.addEventListener(\"DOMContentLoaded\",function(){for(var e,t,s=l.querySelectorAll(\"iframe.wp-embedded-content\"),r=0;r<s.length;r++)(t=(e=s[r]).getAttribute(\"data-secret\"))||(t=Math.random().toString(36).substring(2,12),e.src+=\"#?secret=\"+t,e.setAttribute(\"data-secret\",t)),e.contentWindow.postMessage({message:\"ready\",secret:t},\"*\")},!1)))}(window,document);\n\/\/# sourceURL=https:\/\/swissbaker.ch\/wp-includes\/js\/wp-embed.min.js\n\/* ]]> *\/\n<\/script>\n","thumbnail_url":"https:\/\/swissbaker.ch\/wp-content\/uploads\/2024\/03\/urs_wellauer_2024.jpg","thumbnail_width":1200,"thumbnail_height":712,"description":"Les Chambres f\u00e9d\u00e9rales ont approuv\u00e9 le 15\u202fmars en votations finales les quatorze objets mis sous toit lors de la session de printemps. Le Parlement a notamment adopt\u00e9 la loi f\u00e9d\u00e9rale sur la r\u00e9duction des \u00e9missions de CO\u2082, la loi f\u00e9d\u00e9rale sur le dossier \u00e9lectronique du patient (financement transitoire), l\u2019arr\u00eat\u00e9 f\u00e9d\u00e9ral relatif \u00e0 la modification des \u00e9tapes d\u2019am\u00e9nagement de l\u2019infrastructure ferroviaire et la loi f\u00e9d\u00e9rale sur les r\u00e9sidences secondaires."}