{"version":"1.0","provider_name":"SBC","provider_url":"https:\/\/swissbaker.ch\/fr\/","author_name":"azureart","author_url":"https:\/\/swissbaker.ch\/fr\/panissimo-news\/author\/pixel-ahoi\/","title":"\u00ab\u2009R\u00e9solument optimiste et combatif\u2009\u00bb","type":"rich","width":600,"height":338,"html":"<blockquote class=\"wp-embedded-content\" data-secret=\"nZQQZmdPLb\"><a href=\"https:\/\/swissbaker.ch\/fr\/panissimo-news\/resolument-optimiste-et-combatif\/\">\u00ab\u2009R\u00e9solument optimiste et combatif\u2009\u00bb<\/a><\/blockquote><iframe sandbox=\"allow-scripts\" security=\"restricted\" src=\"https:\/\/swissbaker.ch\/fr\/panissimo-news\/resolument-optimiste-et-combatif\/embed\/#?secret=nZQQZmdPLb\" width=\"600\" height=\"338\" title=\"&#8220;\u00ab\u2009R\u00e9solument optimiste et combatif\u2009\u00bb&#8221; &#8212; SBC\" data-secret=\"nZQQZmdPLb\" frameborder=\"0\" marginwidth=\"0\" marginheight=\"0\" scrolling=\"no\" class=\"wp-embedded-content\"><\/iframe><script type=\"text\/javascript\">\n\/* <![CDATA[ *\/\n\/*! This file is auto-generated *\/\n!function(d,l){\"use strict\";l.querySelector&&d.addEventListener&&\"undefined\"!=typeof URL&&(d.wp=d.wp||{},d.wp.receiveEmbedMessage||(d.wp.receiveEmbedMessage=function(e){var t=e.data;if((t||t.secret||t.message||t.value)&&!\/[^a-zA-Z0-9]\/.test(t.secret)){for(var s,r,n,a=l.querySelectorAll('iframe[data-secret=\"'+t.secret+'\"]'),o=l.querySelectorAll('blockquote[data-secret=\"'+t.secret+'\"]'),c=new RegExp(\"^https?:$\",\"i\"),i=0;i<o.length;i++)o[i].style.display=\"none\";for(i=0;i<a.length;i++)s=a[i],e.source===s.contentWindow&&(s.removeAttribute(\"style\"),\"height\"===t.message?(1e3<(r=parseInt(t.value,10))?r=1e3:~~r<200&&(r=200),s.height=r):\"link\"===t.message&&(r=new URL(s.getAttribute(\"src\")),n=new URL(t.value),c.test(n.protocol))&&n.host===r.host&&l.activeElement===s&&(d.top.location.href=t.value))}},d.addEventListener(\"message\",d.wp.receiveEmbedMessage,!1),l.addEventListener(\"DOMContentLoaded\",function(){for(var e,t,s=l.querySelectorAll(\"iframe.wp-embedded-content\"),r=0;r<s.length;r++)(t=(e=s[r]).getAttribute(\"data-secret\"))||(t=Math.random().toString(36).substring(2,12),e.src+=\"#?secret=\"+t,e.setAttribute(\"data-secret\",t)),e.contentWindow.postMessage({message:\"ready\",secret:t},\"*\")},!1)))}(window,document);\n\/\/# sourceURL=https:\/\/swissbaker.ch\/wp-includes\/js\/wp-embed.min.js\n\/* ]]> *\/\n<\/script>\n","thumbnail_url":"https:\/\/swissbaker.ch\/wp-content\/uploads\/2022\/05\/2_1_audergon.jpeg","thumbnail_width":800,"thumbnail_height":474,"description":"A Grolley (FR), Au Vieux Grenier SA a f\u00eat\u00e9 ses 20 ans, l\u2019ann\u00e9e derni\u00e8re. Le coronavirus a mis \u00e0 mal les festivit\u00e9s. L\u2019entreprise s\u2019est d\u2019ailleurs retrouv\u00e9e \u00e0 l\u2019arr\u00eat fin ao\u00fbt d\u00e9but septembre, \u00e0 la suite d\u2019un test positif. Retour sur cette fermeture et ses cons\u00e9quences avec son propri\u00e9taire Christian Audergon. Christian Audergon, propri\u00e9taire et administrateur d\u2019Au Vieux Grenier SA \u00e0 [&hellip;]"}