{"version":"1.0","provider_name":"SBC","provider_url":"https:\/\/swissbaker.ch\/fr\/","author_name":"azureart","author_url":"https:\/\/swissbaker.ch\/fr\/panissimo-news\/author\/pixel-ahoi\/","title":"Rabais pour r\u00e9servation anticip\u00e9e jusqu\u2019au 30\u202favril","type":"rich","width":600,"height":338,"html":"<blockquote class=\"wp-embedded-content\" data-secret=\"ZxzEOk122l\"><a href=\"https:\/\/swissbaker.ch\/fr\/panissimo-news\/rabais-pour-reservation-anticipee-jusquau-30-avril\/\">Rabais pour r\u00e9servation anticip\u00e9e jusqu\u2019au 30\u202favril<\/a><\/blockquote><iframe sandbox=\"allow-scripts\" security=\"restricted\" src=\"https:\/\/swissbaker.ch\/fr\/panissimo-news\/rabais-pour-reservation-anticipee-jusquau-30-avril\/embed\/#?secret=ZxzEOk122l\" width=\"600\" height=\"338\" title=\"&#8220;Rabais pour r\u00e9servation anticip\u00e9e jusqu\u2019au 30\u202favril&#8221; &#8212; SBC\" data-secret=\"ZxzEOk122l\" frameborder=\"0\" marginwidth=\"0\" marginheight=\"0\" scrolling=\"no\" class=\"wp-embedded-content\"><\/iframe><script type=\"text\/javascript\">\n\/* <![CDATA[ *\/\n\/*! This file is auto-generated *\/\n!function(d,l){\"use strict\";l.querySelector&&d.addEventListener&&\"undefined\"!=typeof URL&&(d.wp=d.wp||{},d.wp.receiveEmbedMessage||(d.wp.receiveEmbedMessage=function(e){var t=e.data;if((t||t.secret||t.message||t.value)&&!\/[^a-zA-Z0-9]\/.test(t.secret)){for(var s,r,n,a=l.querySelectorAll('iframe[data-secret=\"'+t.secret+'\"]'),o=l.querySelectorAll('blockquote[data-secret=\"'+t.secret+'\"]'),c=new RegExp(\"^https?:$\",\"i\"),i=0;i<o.length;i++)o[i].style.display=\"none\";for(i=0;i<a.length;i++)s=a[i],e.source===s.contentWindow&&(s.removeAttribute(\"style\"),\"height\"===t.message?(1e3<(r=parseInt(t.value,10))?r=1e3:~~r<200&&(r=200),s.height=r):\"link\"===t.message&&(r=new URL(s.getAttribute(\"src\")),n=new URL(t.value),c.test(n.protocol))&&n.host===r.host&&l.activeElement===s&&(d.top.location.href=t.value))}},d.addEventListener(\"message\",d.wp.receiveEmbedMessage,!1),l.addEventListener(\"DOMContentLoaded\",function(){for(var e,t,s=l.querySelectorAll(\"iframe.wp-embedded-content\"),r=0;r<s.length;r++)(t=(e=s[r]).getAttribute(\"data-secret\"))||(t=Math.random().toString(36).substring(2,12),e.src+=\"#?secret=\"+t,e.setAttribute(\"data-secret\",t)),e.contentWindow.postMessage({message:\"ready\",secret:t},\"*\")},!1)))}(window,document);\n\/\/# sourceURL=https:\/\/swissbaker.ch\/wp-includes\/js\/wp-embed.min.js\n\/* ]]> *\/\n<\/script>\n","thumbnail_url":"https:\/\/swissbaker.ch\/wp-content\/uploads\/2022\/04\/csm_plakat_fbk2019_A4_d_fb_rabatt_web_9f90dc4f26.jpg","thumbnail_width":427,"thumbnail_height":600,"description":"La prochaine FBK aura lieu du 17 au 20\u202fmars 2019 \u00e0 Berne. Les exposants peuvent profiter d\u2019un rabais pour r\u00e9servation anticip\u00e9e de 10\u202ffrancs par m2 de stand en cas d\u2019inscription d\u2019ici au 30\u202favril 2018. Le team de la FBK est fier d\u2019accueillir \u00e0 la Foire sp\u00e9cialis\u00e9e suisse en mat\u00e9riel de boulangerie, p\u00e2tisserie et confiserie (FBK) pr\u00e8s de 25\u2009000 visiteurs, soit [&hellip;]"}