{"version":"1.0","provider_name":"SBC","provider_url":"https:\/\/swissbaker.ch\/fr\/","author_name":"azureart","author_url":"https:\/\/swissbaker.ch\/fr\/panissimo-news\/author\/pixel-ahoi\/","title":"Panettones tessinois au Palais f\u00e9d\u00e9ral","type":"rich","width":600,"height":338,"html":"<blockquote class=\"wp-embedded-content\" data-secret=\"JihJSiO7DP\"><a href=\"https:\/\/swissbaker.ch\/fr\/panissimo-news\/panettones-tessinois-au-palais-federal\/\">Panettones tessinois au Palais f\u00e9d\u00e9ral<\/a><\/blockquote><iframe sandbox=\"allow-scripts\" security=\"restricted\" src=\"https:\/\/swissbaker.ch\/fr\/panissimo-news\/panettones-tessinois-au-palais-federal\/embed\/#?secret=JihJSiO7DP\" width=\"600\" height=\"338\" title=\"&#8220;Panettones tessinois au Palais f\u00e9d\u00e9ral&#8221; &#8212; SBC\" data-secret=\"JihJSiO7DP\" frameborder=\"0\" marginwidth=\"0\" marginheight=\"0\" scrolling=\"no\" class=\"wp-embedded-content\"><\/iframe><script type=\"text\/javascript\">\n\/* <![CDATA[ *\/\n\/*! This file is auto-generated *\/\n!function(d,l){\"use strict\";l.querySelector&&d.addEventListener&&\"undefined\"!=typeof URL&&(d.wp=d.wp||{},d.wp.receiveEmbedMessage||(d.wp.receiveEmbedMessage=function(e){var t=e.data;if((t||t.secret||t.message||t.value)&&!\/[^a-zA-Z0-9]\/.test(t.secret)){for(var s,r,n,a=l.querySelectorAll('iframe[data-secret=\"'+t.secret+'\"]'),o=l.querySelectorAll('blockquote[data-secret=\"'+t.secret+'\"]'),c=new RegExp(\"^https?:$\",\"i\"),i=0;i<o.length;i++)o[i].style.display=\"none\";for(i=0;i<a.length;i++)s=a[i],e.source===s.contentWindow&&(s.removeAttribute(\"style\"),\"height\"===t.message?(1e3<(r=parseInt(t.value,10))?r=1e3:~~r<200&&(r=200),s.height=r):\"link\"===t.message&&(r=new URL(s.getAttribute(\"src\")),n=new URL(t.value),c.test(n.protocol))&&n.host===r.host&&l.activeElement===s&&(d.top.location.href=t.value))}},d.addEventListener(\"message\",d.wp.receiveEmbedMessage,!1),l.addEventListener(\"DOMContentLoaded\",function(){for(var e,t,s=l.querySelectorAll(\"iframe.wp-embedded-content\"),r=0;r<s.length;r++)(t=(e=s[r]).getAttribute(\"data-secret\"))||(t=Math.random().toString(36).substring(2,12),e.src+=\"#?secret=\"+t,e.setAttribute(\"data-secret\",t)),e.contentWindow.postMessage({message:\"ready\",secret:t},\"*\")},!1)))}(window,document);\n\/\/# sourceURL=https:\/\/swissbaker.ch\/wp-includes\/js\/wp-embed.min.js\n\/* ]]> *\/\n<\/script>\n","thumbnail_url":"https:\/\/swissbaker.ch\/wp-content\/uploads\/2022\/04\/Tessiner_Panettone_im_Bundeshaus_140075_nl.jpg","thumbnail_width":600,"thumbnail_height":600,"description":"Cela a constitu\u00e9 le point culminant du 100e anniversaire des boulangers-confiseurs tessinois : ce matin, au Caf\u00e9 des Alpes du Palais f\u00e9d\u00e9ral, ils ont distribu\u00e9 aux parlementaires environ soixante kilogrammes de panettone \u00ab tradizionale \u00bb et \u00ab nostrano \u00bb. Ils ont ainsi d\u00e9livr\u00e9 un message de qualit\u00e9 en faveur de leur canton et de notre artisanat. \u00ab De plus, nous [&hellip;]"}