{"version":"1.0","provider_name":"SBC","provider_url":"https:\/\/swissbaker.ch\/fr\/","author_name":"azureart","author_url":"https:\/\/swissbaker.ch\/fr\/panissimo-news\/author\/pixel-ahoi\/","title":"Lisa Frunz remplace Maja Fahrni","type":"rich","width":600,"height":338,"html":"<blockquote class=\"wp-embedded-content\" data-secret=\"WWjFLjvtIG\"><a href=\"https:\/\/swissbaker.ch\/fr\/panissimo-news\/lisa-frunz-remplace-maja-fahrni\/\">Lisa Frunz remplace Maja Fahrni<\/a><\/blockquote><iframe sandbox=\"allow-scripts\" security=\"restricted\" src=\"https:\/\/swissbaker.ch\/fr\/panissimo-news\/lisa-frunz-remplace-maja-fahrni\/embed\/#?secret=WWjFLjvtIG\" width=\"600\" height=\"338\" title=\"&#8220;Lisa Frunz remplace Maja Fahrni&#8221; &#8212; SBC\" data-secret=\"WWjFLjvtIG\" frameborder=\"0\" marginwidth=\"0\" marginheight=\"0\" scrolling=\"no\" class=\"wp-embedded-content\"><\/iframe><script type=\"text\/javascript\">\n\/* <![CDATA[ *\/\n\/*! This file is auto-generated *\/\n!function(d,l){\"use strict\";l.querySelector&&d.addEventListener&&\"undefined\"!=typeof URL&&(d.wp=d.wp||{},d.wp.receiveEmbedMessage||(d.wp.receiveEmbedMessage=function(e){var t=e.data;if((t||t.secret||t.message||t.value)&&!\/[^a-zA-Z0-9]\/.test(t.secret)){for(var s,r,n,a=l.querySelectorAll('iframe[data-secret=\"'+t.secret+'\"]'),o=l.querySelectorAll('blockquote[data-secret=\"'+t.secret+'\"]'),c=new RegExp(\"^https?:$\",\"i\"),i=0;i<o.length;i++)o[i].style.display=\"none\";for(i=0;i<a.length;i++)s=a[i],e.source===s.contentWindow&&(s.removeAttribute(\"style\"),\"height\"===t.message?(1e3<(r=parseInt(t.value,10))?r=1e3:~~r<200&&(r=200),s.height=r):\"link\"===t.message&&(r=new URL(s.getAttribute(\"src\")),n=new URL(t.value),c.test(n.protocol))&&n.host===r.host&&l.activeElement===s&&(d.top.location.href=t.value))}},d.addEventListener(\"message\",d.wp.receiveEmbedMessage,!1),l.addEventListener(\"DOMContentLoaded\",function(){for(var e,t,s=l.querySelectorAll(\"iframe.wp-embedded-content\"),r=0;r<s.length;r++)(t=(e=s[r]).getAttribute(\"data-secret\"))||(t=Math.random().toString(36).substring(2,12),e.src+=\"#?secret=\"+t,e.setAttribute(\"data-secret\",t)),e.contentWindow.postMessage({message:\"ready\",secret:t},\"*\")},!1)))}(window,document);\n\/\/# sourceURL=https:\/\/swissbaker.ch\/wp-includes\/js\/wp-embed.min.js\n\/* ]]> *\/\n<\/script>\n","thumbnail_url":"https:\/\/swissbaker.ch\/wp-content\/uploads\/2022\/04\/Maja-Fahrni.jpeg","thumbnail_width":800,"thumbnail_height":474,"description":"Les responsables de l\u2019Association suisse des patrons boulangers-confiseurs (BCS) ont cherch\u00e9 pendant deux ans une repr\u00e9sentante du commerce de d\u00e9tail pour le comit\u00e9 directeur de l\u2019\u00e9poque, qu\u2019Irene Muralt avait quitt\u00e9 en 2016 pour des raisons de dur\u00e9e de mandat. Il a fallu attendre longtemps avant que leurs efforts ne portent leurs fruits. Le si\u00e8ge vacant pendant une ann\u00e9e a donn\u00e9 [&hellip;]"}