{"version":"1.0","provider_name":"SBC","provider_url":"https:\/\/swissbaker.ch\/fr\/","author_name":"azureart","author_url":"https:\/\/swissbaker.ch\/fr\/panissimo-news\/author\/pixel-ahoi\/","title":"L\u2019ann\u00e9e 2018 s\u2019annonce passionnante","type":"rich","width":600,"height":338,"html":"<blockquote class=\"wp-embedded-content\" data-secret=\"mbt8QI8Wbw\"><a href=\"https:\/\/swissbaker.ch\/fr\/panissimo-news\/lannee-2018-sannonce-passionnante\/\">L\u2019ann\u00e9e 2018 s\u2019annonce passionnante<\/a><\/blockquote><iframe sandbox=\"allow-scripts\" security=\"restricted\" src=\"https:\/\/swissbaker.ch\/fr\/panissimo-news\/lannee-2018-sannonce-passionnante\/embed\/#?secret=mbt8QI8Wbw\" width=\"600\" height=\"338\" title=\"&#8220;L\u2019ann\u00e9e 2018 s\u2019annonce passionnante&#8221; &#8212; SBC\" data-secret=\"mbt8QI8Wbw\" frameborder=\"0\" marginwidth=\"0\" marginheight=\"0\" scrolling=\"no\" class=\"wp-embedded-content\"><\/iframe><script type=\"text\/javascript\">\n\/* <![CDATA[ *\/\n\/*! This file is auto-generated *\/\n!function(d,l){\"use strict\";l.querySelector&&d.addEventListener&&\"undefined\"!=typeof URL&&(d.wp=d.wp||{},d.wp.receiveEmbedMessage||(d.wp.receiveEmbedMessage=function(e){var t=e.data;if((t||t.secret||t.message||t.value)&&!\/[^a-zA-Z0-9]\/.test(t.secret)){for(var s,r,n,a=l.querySelectorAll('iframe[data-secret=\"'+t.secret+'\"]'),o=l.querySelectorAll('blockquote[data-secret=\"'+t.secret+'\"]'),c=new RegExp(\"^https?:$\",\"i\"),i=0;i<o.length;i++)o[i].style.display=\"none\";for(i=0;i<a.length;i++)s=a[i],e.source===s.contentWindow&&(s.removeAttribute(\"style\"),\"height\"===t.message?(1e3<(r=parseInt(t.value,10))?r=1e3:~~r<200&&(r=200),s.height=r):\"link\"===t.message&&(r=new URL(s.getAttribute(\"src\")),n=new URL(t.value),c.test(n.protocol))&&n.host===r.host&&l.activeElement===s&&(d.top.location.href=t.value))}},d.addEventListener(\"message\",d.wp.receiveEmbedMessage,!1),l.addEventListener(\"DOMContentLoaded\",function(){for(var e,t,s=l.querySelectorAll(\"iframe.wp-embedded-content\"),r=0;r<s.length;r++)(t=(e=s[r]).getAttribute(\"data-secret\"))||(t=Math.random().toString(36).substring(2,12),e.src+=\"#?secret=\"+t,e.setAttribute(\"data-secret\",t)),e.contentWindow.postMessage({message:\"ready\",secret:t},\"*\")},!1)))}(window,document);\n\/\/# sourceURL=https:\/\/swissbaker.ch\/wp-includes\/js\/wp-embed.min.js\n\/* ]]> *\/\n<\/script>\n","thumbnail_url":"https:\/\/swissbaker.ch\/wp-content\/uploads\/2022\/05\/didier_ecoffey_terroir-fribourg.jpg","thumbnail_width":600,"thumbnail_height":600,"description":"Les v\u0153ux de Didier Ecoffey, pr\u00e9sident de l\u2019ARABPC. Passionnante parce que, comme tous les deux ans, les boulangers-p\u00e2tissiers-confiseurs de Suisse pourront faire \u00e9talage de tout leur savoir-faire, leur talent et leur cr\u00e9ativit\u00e9 \u00e0 l\u2019occasion du Swiss Bakery Trophy (SBT) dans le cadre du Salon suisse des go\u00fbts et terroirs \u00e0 Bulle, du 31\u202foctobre au 4\u202fnovembre. Je vous encourage \u00e0 vous [&hellip;]"}