{"version":"1.0","provider_name":"SBC","provider_url":"https:\/\/swissbaker.ch\/fr\/","author_name":"Simon Nussbaum","author_url":"https:\/\/swissbaker.ch\/fr\/panissimo-news\/author\/simon-nussbaum\/","title":"La branche se r\u00e9unit \u00e0 Berne","type":"rich","width":600,"height":338,"html":"<blockquote class=\"wp-embedded-content\" data-secret=\"8Knby4CBI7\"><a href=\"https:\/\/swissbaker.ch\/fr\/panissimo-news\/la-branche-se-reunit-a-berne\/\">La branche se r\u00e9unit \u00e0 Berne<\/a><\/blockquote><iframe sandbox=\"allow-scripts\" security=\"restricted\" src=\"https:\/\/swissbaker.ch\/fr\/panissimo-news\/la-branche-se-reunit-a-berne\/embed\/#?secret=8Knby4CBI7\" width=\"600\" height=\"338\" title=\"&#8220;La branche se r\u00e9unit \u00e0 Berne&#8221; &#8212; SBC\" data-secret=\"8Knby4CBI7\" frameborder=\"0\" marginwidth=\"0\" marginheight=\"0\" scrolling=\"no\" class=\"wp-embedded-content\"><\/iframe><script type=\"text\/javascript\">\n\/* <![CDATA[ *\/\n\/*! This file is auto-generated *\/\n!function(d,l){\"use strict\";l.querySelector&&d.addEventListener&&\"undefined\"!=typeof URL&&(d.wp=d.wp||{},d.wp.receiveEmbedMessage||(d.wp.receiveEmbedMessage=function(e){var t=e.data;if((t||t.secret||t.message||t.value)&&!\/[^a-zA-Z0-9]\/.test(t.secret)){for(var s,r,n,a=l.querySelectorAll('iframe[data-secret=\"'+t.secret+'\"]'),o=l.querySelectorAll('blockquote[data-secret=\"'+t.secret+'\"]'),c=new RegExp(\"^https?:$\",\"i\"),i=0;i<o.length;i++)o[i].style.display=\"none\";for(i=0;i<a.length;i++)s=a[i],e.source===s.contentWindow&&(s.removeAttribute(\"style\"),\"height\"===t.message?(1e3<(r=parseInt(t.value,10))?r=1e3:~~r<200&&(r=200),s.height=r):\"link\"===t.message&&(r=new URL(s.getAttribute(\"src\")),n=new URL(t.value),c.test(n.protocol))&&n.host===r.host&&l.activeElement===s&&(d.top.location.href=t.value))}},d.addEventListener(\"message\",d.wp.receiveEmbedMessage,!1),l.addEventListener(\"DOMContentLoaded\",function(){for(var e,t,s=l.querySelectorAll(\"iframe.wp-embedded-content\"),r=0;r<s.length;r++)(t=(e=s[r]).getAttribute(\"data-secret\"))||(t=Math.random().toString(36).substring(2,12),e.src+=\"#?secret=\"+t,e.setAttribute(\"data-secret\",t)),e.contentWindow.postMessage({message:\"ready\",secret:t},\"*\")},!1)))}(window,document);\n\/\/# sourceURL=https:\/\/swissbaker.ch\/wp-includes\/js\/wp-embed.min.js\n\/* ]]> *\/\n<\/script>\n","thumbnail_url":"https:\/\/swissbaker.ch\/wp-content\/uploads\/2026\/03\/header_kongress_2.jpg","thumbnail_width":1200,"thumbnail_height":712,"description":"Le 140e\u00a0congr\u00e8s de l'Association suisse des patrons boulangers-confiseurs aura lieu le 9\u00a0juin au centre des congr\u00e8s de Bernexpo AG, \u00e0 Berne. D\u00e8s la veille, les d\u00e9l\u00e9gu\u00e9s, les d\u00e9l\u00e9gu\u00e9es et les membres de la BCS se retrouveront pour la quatri\u00e8me \u00e9dition de l'\u00e9v\u00e9nement de r\u00e9seautage \u2013 un pr\u00e9lude plein de perspectives."}