{"version":"1.0","provider_name":"SBC","provider_url":"https:\/\/swissbaker.ch\/fr\/","author_name":"Franzisca Ellenberger","author_url":"https:\/\/swissbaker.ch\/fr\/panissimo-news\/author\/franzisca-ellenberger\/","title":"BROTFEST IN \u00d6STERREICH","type":"rich","width":600,"height":338,"html":"<blockquote class=\"wp-embedded-content\" data-secret=\"2Ibp84DzDW\"><a href=\"https:\/\/swissbaker.ch\/fr\/panissimo-news\/galerie\/brotfest-in-oesterreich\/\">BROTFEST IN \u00d6STERREICH<\/a><\/blockquote><iframe sandbox=\"allow-scripts\" security=\"restricted\" src=\"https:\/\/swissbaker.ch\/fr\/panissimo-news\/galerie\/brotfest-in-oesterreich\/embed\/#?secret=2Ibp84DzDW\" width=\"600\" height=\"338\" title=\"&#8220;BROTFEST IN \u00d6STERREICH&#8221; &#8212; SBC\" data-secret=\"2Ibp84DzDW\" frameborder=\"0\" marginwidth=\"0\" marginheight=\"0\" scrolling=\"no\" class=\"wp-embedded-content\"><\/iframe><script type=\"text\/javascript\">\n\/* <![CDATA[ *\/\n\/*! This file is auto-generated *\/\n!function(d,l){\"use strict\";l.querySelector&&d.addEventListener&&\"undefined\"!=typeof URL&&(d.wp=d.wp||{},d.wp.receiveEmbedMessage||(d.wp.receiveEmbedMessage=function(e){var t=e.data;if((t||t.secret||t.message||t.value)&&!\/[^a-zA-Z0-9]\/.test(t.secret)){for(var s,r,n,a=l.querySelectorAll('iframe[data-secret=\"'+t.secret+'\"]'),o=l.querySelectorAll('blockquote[data-secret=\"'+t.secret+'\"]'),c=new RegExp(\"^https?:$\",\"i\"),i=0;i<o.length;i++)o[i].style.display=\"none\";for(i=0;i<a.length;i++)s=a[i],e.source===s.contentWindow&&(s.removeAttribute(\"style\"),\"height\"===t.message?(1e3<(r=parseInt(t.value,10))?r=1e3:~~r<200&&(r=200),s.height=r):\"link\"===t.message&&(r=new URL(s.getAttribute(\"src\")),n=new URL(t.value),c.test(n.protocol))&&n.host===r.host&&l.activeElement===s&&(d.top.location.href=t.value))}},d.addEventListener(\"message\",d.wp.receiveEmbedMessage,!1),l.addEventListener(\"DOMContentLoaded\",function(){for(var e,t,s=l.querySelectorAll(\"iframe.wp-embedded-content\"),r=0;r<s.length;r++)(t=(e=s[r]).getAttribute(\"data-secret\"))||(t=Math.random().toString(36).substring(2,12),e.src+=\"#?secret=\"+t,e.setAttribute(\"data-secret\",t)),e.contentWindow.postMessage({message:\"ready\",secret:t},\"*\")},!1)))}(window,document);\n\/\/# sourceURL=https:\/\/swissbaker.ch\/wp-includes\/js\/wp-embed.min.js\n\/* ]]> *\/\n<\/script>\n","thumbnail_url":"https:\/\/swissbaker.ch\/wp-content\/uploads\/2023\/10\/brotfest-rauris-1422-scaled.jpg","thumbnail_width":2048,"thumbnail_height":1367,"description":"Das f\u00fcnfte Rauriser Brotfest fand vom 30. September bis 1. Oktober in Rauris(AT) statt. Am Samstag standen reichlich Symposien von internationalen G\u00e4stenaus der B\u00e4cker-Confiseurbranche auf dem Programm, zu denen auch derB\u00e4ckerkronengewinner 2022 Daniel Amrein aus Wauwil (LU) und Werner Kastder B\u00e4ckerei Kast aus Reute (AR) z\u00e4hlten. Als Abrundung strahlte ein Brotkinodie Dokumentationsreihe \u00abDie Brotrebellen\u00bb des Bayrischen Rundfunks aus. Diedurch das [&hellip;]"}