{"version":"1.0","provider_name":"SBC","provider_url":"https:\/\/swissbaker.ch\/fr\/","author_name":"azureart","author_url":"https:\/\/swissbaker.ch\/fr\/panissimo-news\/author\/pixel-ahoi\/","title":"Exposition de la rel\u00e8ve fribourgeoise \u00e0 Bulle","type":"rich","width":600,"height":338,"html":"<blockquote class=\"wp-embedded-content\" data-secret=\"8OlsMzdUdO\"><a href=\"https:\/\/swissbaker.ch\/fr\/panissimo-news\/exposition-de-la-releve-fribourgeoise-a-bulle\/\">Exposition de la rel\u00e8ve fribourgeoise \u00e0 Bulle<\/a><\/blockquote><iframe sandbox=\"allow-scripts\" security=\"restricted\" src=\"https:\/\/swissbaker.ch\/fr\/panissimo-news\/exposition-de-la-releve-fribourgeoise-a-bulle\/embed\/#?secret=8OlsMzdUdO\" width=\"600\" height=\"338\" title=\"&#8220;Exposition de la rel\u00e8ve fribourgeoise \u00e0 Bulle&#8221; &#8212; SBC\" data-secret=\"8OlsMzdUdO\" frameborder=\"0\" marginwidth=\"0\" marginheight=\"0\" scrolling=\"no\" class=\"wp-embedded-content\"><\/iframe><script type=\"text\/javascript\">\n\/* <![CDATA[ *\/\n\/*! This file is auto-generated *\/\n!function(d,l){\"use strict\";l.querySelector&&d.addEventListener&&\"undefined\"!=typeof URL&&(d.wp=d.wp||{},d.wp.receiveEmbedMessage||(d.wp.receiveEmbedMessage=function(e){var t=e.data;if((t||t.secret||t.message||t.value)&&!\/[^a-zA-Z0-9]\/.test(t.secret)){for(var s,r,n,a=l.querySelectorAll('iframe[data-secret=\"'+t.secret+'\"]'),o=l.querySelectorAll('blockquote[data-secret=\"'+t.secret+'\"]'),c=new RegExp(\"^https?:$\",\"i\"),i=0;i<o.length;i++)o[i].style.display=\"none\";for(i=0;i<a.length;i++)s=a[i],e.source===s.contentWindow&&(s.removeAttribute(\"style\"),\"height\"===t.message?(1e3<(r=parseInt(t.value,10))?r=1e3:~~r<200&&(r=200),s.height=r):\"link\"===t.message&&(r=new URL(s.getAttribute(\"src\")),n=new URL(t.value),c.test(n.protocol))&&n.host===r.host&&l.activeElement===s&&(d.top.location.href=t.value))}},d.addEventListener(\"message\",d.wp.receiveEmbedMessage,!1),l.addEventListener(\"DOMContentLoaded\",function(){for(var e,t,s=l.querySelectorAll(\"iframe.wp-embedded-content\"),r=0;r<s.length;r++)(t=(e=s[r]).getAttribute(\"data-secret\"))||(t=Math.random().toString(36).substring(2,12),e.src+=\"#?secret=\"+t,e.setAttribute(\"data-secret\",t)),e.contentWindow.postMessage({message:\"ready\",secret:t},\"*\")},!1)))}(window,document);\n\/\/# sourceURL=https:\/\/swissbaker.ch\/wp-includes\/js\/wp-embed.min.js\n\/* ]]> *\/\n<\/script>\n","thumbnail_url":"https:\/\/swissbaker.ch\/wp-content\/uploads\/2022\/05\/nl-22.1_expo_apprentis_bulle.jpg","thumbnail_width":800,"thumbnail_height":474,"description":"Le concours des apprentis fribourgeois boulangers-p\u00e2tissiers-confiseurs et gestionnaires du commerce de d\u00e9tail s\u2019est d\u00e9roul\u00e9 \u00e0 Bulle, \u00e0 l\u2019occasion du Salon des go\u00fbts et terroir. Les visiteurs ont pu appr\u00e9cier 82 cr\u00e9ations de ces 2e et 3e ann\u00e9es sur le th\u00e8me \u00ab\u2009Br\u00e9sil, Chocolat \u2013 Caf\u00e9\u2009\u00bb. Dix m\u00e9daill\u00e9s d\u2019orVingt-sept jeunes sont repartis avec une m\u00e9daille\u2009: dix or, six argent et onze bronze. [&hellip;]"}