{"version":"1.0","provider_name":"SBC","provider_url":"https:\/\/swissbaker.ch\/fr\/","author_name":"Simon Nussbaum","author_url":"https:\/\/swissbaker.ch\/fr\/panissimo-news\/author\/simon-nussbaum\/","title":"Des d\u00e9cisions d\u00e9terminantes au comit\u00e9 central","type":"rich","width":600,"height":338,"html":"<blockquote class=\"wp-embedded-content\" data-secret=\"P7LyB97Dce\"><a href=\"https:\/\/swissbaker.ch\/fr\/panissimo-news\/des-decisions-determinantes-au-comite-central\/\">Des d\u00e9cisions d\u00e9terminantes au comit\u00e9 central<\/a><\/blockquote><iframe sandbox=\"allow-scripts\" security=\"restricted\" src=\"https:\/\/swissbaker.ch\/fr\/panissimo-news\/des-decisions-determinantes-au-comite-central\/embed\/#?secret=P7LyB97Dce\" width=\"600\" height=\"338\" title=\"&#8220;Des d\u00e9cisions d\u00e9terminantes au comit\u00e9 central&#8221; &#8212; SBC\" data-secret=\"P7LyB97Dce\" frameborder=\"0\" marginwidth=\"0\" marginheight=\"0\" scrolling=\"no\" class=\"wp-embedded-content\"><\/iframe><script type=\"text\/javascript\">\n\/* <![CDATA[ *\/\n\/*! This file is auto-generated *\/\n!function(d,l){\"use strict\";l.querySelector&&d.addEventListener&&\"undefined\"!=typeof URL&&(d.wp=d.wp||{},d.wp.receiveEmbedMessage||(d.wp.receiveEmbedMessage=function(e){var t=e.data;if((t||t.secret||t.message||t.value)&&!\/[^a-zA-Z0-9]\/.test(t.secret)){for(var s,r,n,a=l.querySelectorAll('iframe[data-secret=\"'+t.secret+'\"]'),o=l.querySelectorAll('blockquote[data-secret=\"'+t.secret+'\"]'),c=new RegExp(\"^https?:$\",\"i\"),i=0;i<o.length;i++)o[i].style.display=\"none\";for(i=0;i<a.length;i++)s=a[i],e.source===s.contentWindow&&(s.removeAttribute(\"style\"),\"height\"===t.message?(1e3<(r=parseInt(t.value,10))?r=1e3:~~r<200&&(r=200),s.height=r):\"link\"===t.message&&(r=new URL(s.getAttribute(\"src\")),n=new URL(t.value),c.test(n.protocol))&&n.host===r.host&&l.activeElement===s&&(d.top.location.href=t.value))}},d.addEventListener(\"message\",d.wp.receiveEmbedMessage,!1),l.addEventListener(\"DOMContentLoaded\",function(){for(var e,t,s=l.querySelectorAll(\"iframe.wp-embedded-content\"),r=0;r<s.length;r++)(t=(e=s[r]).getAttribute(\"data-secret\"))||(t=Math.random().toString(36).substring(2,12),e.src+=\"#?secret=\"+t,e.setAttribute(\"data-secret\",t)),e.contentWindow.postMessage({message:\"ready\",secret:t},\"*\")},!1)))}(window,document);\n\/\/# sourceURL=https:\/\/swissbaker.ch\/wp-includes\/js\/wp-embed.min.js\n\/* ]]> *\/\n<\/script>\n","thumbnail_url":"https:\/\/swissbaker.ch\/wp-content\/uploads\/2022\/05\/zentralvorstand_in_kuerze-2.jpeg","thumbnail_width":800,"thumbnail_height":474,"description":"Comme le veut la tradition, la derni\u00e8re r\u00e9union du comit\u00e9 central de l'ann\u00e9e s\u2019est d\u00e9roul\u00e9e sur deux jours, avec un temps fort culinaire, un d\u00e9licieux souper \u00e0 l'Ecole professionnelle Richemont. Pendant les deux jours de s\u00e9ance (les 10 et 11 d\u00e9cembre), le travail et les discussions ont \u00e9t\u00e9 acharn\u00e9s, des compromis ont \u00e9t\u00e9 trouv\u00e9s et des d\u00e9cisions importantes prises. L'essentiel en bref ci-apr\u00e8s."}