{"version":"1.0","provider_name":"SBC","provider_url":"https:\/\/swissbaker.ch\/fr\/","author_name":"azureart","author_url":"https:\/\/swissbaker.ch\/fr\/panissimo-news\/author\/pixel-ahoi\/","title":"De grands pr\u00e9judices pour l\u2019\u00e9conomie suisse","type":"rich","width":600,"height":338,"html":"<blockquote class=\"wp-embedded-content\" data-secret=\"K9kSows4SB\"><a href=\"https:\/\/swissbaker.ch\/fr\/panissimo-news\/de-grands-prejudices-pour-leconomie-suisse\/\">De grands pr\u00e9judices pour l\u2019\u00e9conomie suisse<\/a><\/blockquote><iframe sandbox=\"allow-scripts\" security=\"restricted\" src=\"https:\/\/swissbaker.ch\/fr\/panissimo-news\/de-grands-prejudices-pour-leconomie-suisse\/embed\/#?secret=K9kSows4SB\" width=\"600\" height=\"338\" title=\"&#8220;De grands pr\u00e9judices pour l\u2019\u00e9conomie suisse&#8221; &#8212; SBC\" data-secret=\"K9kSows4SB\" frameborder=\"0\" marginwidth=\"0\" marginheight=\"0\" scrolling=\"no\" class=\"wp-embedded-content\"><\/iframe><script type=\"text\/javascript\">\n\/* <![CDATA[ *\/\n\/*! This file is auto-generated *\/\n!function(d,l){\"use strict\";l.querySelector&&d.addEventListener&&\"undefined\"!=typeof URL&&(d.wp=d.wp||{},d.wp.receiveEmbedMessage||(d.wp.receiveEmbedMessage=function(e){var t=e.data;if((t||t.secret||t.message||t.value)&&!\/[^a-zA-Z0-9]\/.test(t.secret)){for(var s,r,n,a=l.querySelectorAll('iframe[data-secret=\"'+t.secret+'\"]'),o=l.querySelectorAll('blockquote[data-secret=\"'+t.secret+'\"]'),c=new RegExp(\"^https?:$\",\"i\"),i=0;i<o.length;i++)o[i].style.display=\"none\";for(i=0;i<a.length;i++)s=a[i],e.source===s.contentWindow&&(s.removeAttribute(\"style\"),\"height\"===t.message?(1e3<(r=parseInt(t.value,10))?r=1e3:~~r<200&&(r=200),s.height=r):\"link\"===t.message&&(r=new URL(s.getAttribute(\"src\")),n=new URL(t.value),c.test(n.protocol))&&n.host===r.host&&l.activeElement===s&&(d.top.location.href=t.value))}},d.addEventListener(\"message\",d.wp.receiveEmbedMessage,!1),l.addEventListener(\"DOMContentLoaded\",function(){for(var e,t,s=l.querySelectorAll(\"iframe.wp-embedded-content\"),r=0;r<s.length;r++)(t=(e=s[r]).getAttribute(\"data-secret\"))||(t=Math.random().toString(36).substring(2,12),e.src+=\"#?secret=\"+t,e.setAttribute(\"data-secret\",t)),e.contentWindow.postMessage({message:\"ready\",secret:t},\"*\")},!1)))}(window,document);\n\/\/# sourceURL=https:\/\/swissbaker.ch\/wp-includes\/js\/wp-embed.min.js\n\/* ]]> *\/\n<\/script>\n","thumbnail_url":"https:\/\/swissbaker.ch\/wp-content\/uploads\/2022\/03\/4_2_fairpreis_beiz.jpeg","thumbnail_width":800,"thumbnail_height":474,"description":"Des milliards de francs \u00e9chappent chaque ann\u00e9e \u00e0 l\u2019\u00e9conomie suisse, en raison des fortes majorations de prix impos\u00e9es par des producteurs et des fournisseurs, selon une r\u00e9cente \u00e9tude. L\u2019ancien surveillant des prix Rudolf Strahm estime \u00e0 pr\u00e8s de 15 milliards la perte subie. Une \u00e9tude de la Haute \u00e9cole sp\u00e9cialis\u00e9e du nord-ouest de la Suisse (FHNW) pour le compte de [&hellip;]"}