{"version":"1.0","provider_name":"SBC","provider_url":"https:\/\/swissbaker.ch\/fr\/","author_name":"Simon Nussbaum","author_url":"https:\/\/swissbaker.ch\/fr\/panissimo-news\/author\/simon-nussbaum\/","title":"Congr\u00e8s de la BCS: Elections et d\u00e9missions","type":"rich","width":600,"height":338,"html":"<blockquote class=\"wp-embedded-content\" data-secret=\"ewJzisRzkI\"><a href=\"https:\/\/swissbaker.ch\/fr\/panissimo-news\/congres-de-la-bcs-elections-et-demissions\/\">Congr\u00e8s de la BCS: Elections et d\u00e9missions<\/a><\/blockquote><iframe sandbox=\"allow-scripts\" security=\"restricted\" src=\"https:\/\/swissbaker.ch\/fr\/panissimo-news\/congres-de-la-bcs-elections-et-demissions\/embed\/#?secret=ewJzisRzkI\" width=\"600\" height=\"338\" title=\"&#8220;Congr\u00e8s de la BCS: Elections et d\u00e9missions&#8221; &#8212; SBC\" data-secret=\"ewJzisRzkI\" frameborder=\"0\" marginwidth=\"0\" marginheight=\"0\" scrolling=\"no\" class=\"wp-embedded-content\"><\/iframe><script type=\"text\/javascript\">\n\/* <![CDATA[ *\/\n\/*! This file is auto-generated *\/\n!function(d,l){\"use strict\";l.querySelector&&d.addEventListener&&\"undefined\"!=typeof URL&&(d.wp=d.wp||{},d.wp.receiveEmbedMessage||(d.wp.receiveEmbedMessage=function(e){var t=e.data;if((t||t.secret||t.message||t.value)&&!\/[^a-zA-Z0-9]\/.test(t.secret)){for(var s,r,n,a=l.querySelectorAll('iframe[data-secret=\"'+t.secret+'\"]'),o=l.querySelectorAll('blockquote[data-secret=\"'+t.secret+'\"]'),c=new RegExp(\"^https?:$\",\"i\"),i=0;i<o.length;i++)o[i].style.display=\"none\";for(i=0;i<a.length;i++)s=a[i],e.source===s.contentWindow&&(s.removeAttribute(\"style\"),\"height\"===t.message?(1e3<(r=parseInt(t.value,10))?r=1e3:~~r<200&&(r=200),s.height=r):\"link\"===t.message&&(r=new URL(s.getAttribute(\"src\")),n=new URL(t.value),c.test(n.protocol))&&n.host===r.host&&l.activeElement===s&&(d.top.location.href=t.value))}},d.addEventListener(\"message\",d.wp.receiveEmbedMessage,!1),l.addEventListener(\"DOMContentLoaded\",function(){for(var e,t,s=l.querySelectorAll(\"iframe.wp-embedded-content\"),r=0;r<s.length;r++)(t=(e=s[r]).getAttribute(\"data-secret\"))||(t=Math.random().toString(36).substring(2,12),e.src+=\"#?secret=\"+t,e.setAttribute(\"data-secret\",t)),e.contentWindow.postMessage({message:\"ready\",secret:t},\"*\")},!1)))}(window,document);\n\/\/# sourceURL=https:\/\/swissbaker.ch\/wp-includes\/js\/wp-embed.min.js\n\/* ]]> *\/\n<\/script>\n","thumbnail_url":"https:\/\/swissbaker.ch\/wp-content\/uploads\/2025\/06\/12_2_kongress.jpg","thumbnail_width":1200,"thumbnail_height":712,"description":"Lors de l'assembl\u00e9e des d\u00e9l\u00e9gu\u00e9s de la BCS le 17 juin \u00e0 Berne, le pr\u00e9sident de l'association Silvan Hotz et le comit\u00e9 central ont \u00e9t\u00e9 reconduits dans leurs fonctions pour deux ans suppl\u00e9mentaires sous les applaudissements. G\u00e9rard Fornerod, pr\u00e9sident r\u00e9gional de Suisse romande, a \u00e9t\u00e9 \u00e9lu au comit\u00e9."}