{"version":"1.0","provider_name":"SBC","provider_url":"https:\/\/swissbaker.ch\/fr\/","author_name":"Simon Nussbaum","author_url":"https:\/\/swissbaker.ch\/fr\/panissimo-news\/author\/simon-nussbaum\/","title":"Comit\u00e9 central en bref - d\u00e9cisions notables","type":"rich","width":600,"height":338,"html":"<blockquote class=\"wp-embedded-content\" data-secret=\"1LDZwn1Oku\"><a href=\"https:\/\/swissbaker.ch\/fr\/panissimo-news\/comite-central-en-bref-decisions-notables\/\">Comit\u00e9 central en bref &#8211; d\u00e9cisions notables<\/a><\/blockquote><iframe sandbox=\"allow-scripts\" security=\"restricted\" src=\"https:\/\/swissbaker.ch\/fr\/panissimo-news\/comite-central-en-bref-decisions-notables\/embed\/#?secret=1LDZwn1Oku\" width=\"600\" height=\"338\" title=\"&#8220;Comit\u00e9 central en bref &#8211; d\u00e9cisions notables&#8221; &#8212; SBC\" data-secret=\"1LDZwn1Oku\" frameborder=\"0\" marginwidth=\"0\" marginheight=\"0\" scrolling=\"no\" class=\"wp-embedded-content\"><\/iframe><script type=\"text\/javascript\">\n\/* <![CDATA[ *\/\n\/*! This file is auto-generated *\/\n!function(d,l){\"use strict\";l.querySelector&&d.addEventListener&&\"undefined\"!=typeof URL&&(d.wp=d.wp||{},d.wp.receiveEmbedMessage||(d.wp.receiveEmbedMessage=function(e){var t=e.data;if((t||t.secret||t.message||t.value)&&!\/[^a-zA-Z0-9]\/.test(t.secret)){for(var s,r,n,a=l.querySelectorAll('iframe[data-secret=\"'+t.secret+'\"]'),o=l.querySelectorAll('blockquote[data-secret=\"'+t.secret+'\"]'),c=new RegExp(\"^https?:$\",\"i\"),i=0;i<o.length;i++)o[i].style.display=\"none\";for(i=0;i<a.length;i++)s=a[i],e.source===s.contentWindow&&(s.removeAttribute(\"style\"),\"height\"===t.message?(1e3<(r=parseInt(t.value,10))?r=1e3:~~r<200&&(r=200),s.height=r):\"link\"===t.message&&(r=new URL(s.getAttribute(\"src\")),n=new URL(t.value),c.test(n.protocol))&&n.host===r.host&&l.activeElement===s&&(d.top.location.href=t.value))}},d.addEventListener(\"message\",d.wp.receiveEmbedMessage,!1),l.addEventListener(\"DOMContentLoaded\",function(){for(var e,t,s=l.querySelectorAll(\"iframe.wp-embedded-content\"),r=0;r<s.length;r++)(t=(e=s[r]).getAttribute(\"data-secret\"))||(t=Math.random().toString(36).substring(2,12),e.src+=\"#?secret=\"+t,e.setAttribute(\"data-secret\",t)),e.contentWindow.postMessage({message:\"ready\",secret:t},\"*\")},!1)))}(window,document);\n\/\/# sourceURL=https:\/\/swissbaker.ch\/wp-includes\/js\/wp-embed.min.js\n\/* ]]> *\/\n<\/script>\n","thumbnail_url":"https:\/\/swissbaker.ch\/wp-content\/uploads\/2024\/03\/5_2_zv_in_kurze_maerz_24.jpg","thumbnail_width":1200,"thumbnail_height":712,"description":"Convention collective de travail et r\u00e9vision totale de la formation \u2013 des d\u00e9cisions notables ont \u00e9t\u00e9 prises lors de la s\u00e9ance de deux jours du CC qui s\u2019est tenue les 27\u00a0et 28 f\u00e9vrier: le projet de nouvelle convention collective de travail a \u00e9t\u00e9 approuv\u00e9 \u00e0 l'unanimit\u00e9 apr\u00e8s une discussion approfondie. La formation professionnelle et continue, le marketing \u2013 avec notamment le succ\u00e8s de la campagne des Rois \u2013 et la politique \u00e9taient \u00e9galement \u00e0 l\u2019ordre du jour."}