{"version":"1.0","provider_name":"SBC","provider_url":"https:\/\/swissbaker.ch\/fr\/","author_name":"azureart","author_url":"https:\/\/swissbaker.ch\/fr\/panissimo-news\/author\/pixel-ahoi\/","title":"Comit\u00e9 central en bref","type":"rich","width":600,"height":338,"html":"<blockquote class=\"wp-embedded-content\" data-secret=\"GfGlkKJubO\"><a href=\"https:\/\/swissbaker.ch\/fr\/panissimo-news\/comite-central-en-bref-5\/\">Comit\u00e9 central en bref<\/a><\/blockquote><iframe sandbox=\"allow-scripts\" security=\"restricted\" src=\"https:\/\/swissbaker.ch\/fr\/panissimo-news\/comite-central-en-bref-5\/embed\/#?secret=GfGlkKJubO\" width=\"600\" height=\"338\" title=\"&#8220;Comit\u00e9 central en bref&#8221; &#8212; SBC\" data-secret=\"GfGlkKJubO\" frameborder=\"0\" marginwidth=\"0\" marginheight=\"0\" scrolling=\"no\" class=\"wp-embedded-content\"><\/iframe><script type=\"text\/javascript\">\n\/* <![CDATA[ *\/\n\/*! This file is auto-generated *\/\n!function(d,l){\"use strict\";l.querySelector&&d.addEventListener&&\"undefined\"!=typeof URL&&(d.wp=d.wp||{},d.wp.receiveEmbedMessage||(d.wp.receiveEmbedMessage=function(e){var t=e.data;if((t||t.secret||t.message||t.value)&&!\/[^a-zA-Z0-9]\/.test(t.secret)){for(var s,r,n,a=l.querySelectorAll('iframe[data-secret=\"'+t.secret+'\"]'),o=l.querySelectorAll('blockquote[data-secret=\"'+t.secret+'\"]'),c=new RegExp(\"^https?:$\",\"i\"),i=0;i<o.length;i++)o[i].style.display=\"none\";for(i=0;i<a.length;i++)s=a[i],e.source===s.contentWindow&&(s.removeAttribute(\"style\"),\"height\"===t.message?(1e3<(r=parseInt(t.value,10))?r=1e3:~~r<200&&(r=200),s.height=r):\"link\"===t.message&&(r=new URL(s.getAttribute(\"src\")),n=new URL(t.value),c.test(n.protocol))&&n.host===r.host&&l.activeElement===s&&(d.top.location.href=t.value))}},d.addEventListener(\"message\",d.wp.receiveEmbedMessage,!1),l.addEventListener(\"DOMContentLoaded\",function(){for(var e,t,s=l.querySelectorAll(\"iframe.wp-embedded-content\"),r=0;r<s.length;r++)(t=(e=s[r]).getAttribute(\"data-secret\"))||(t=Math.random().toString(36).substring(2,12),e.src+=\"#?secret=\"+t,e.setAttribute(\"data-secret\",t)),e.contentWindow.postMessage({message:\"ready\",secret:t},\"*\")},!1)))}(window,document);\n\/\/# sourceURL=https:\/\/swissbaker.ch\/wp-includes\/js\/wp-embed.min.js\n\/* ]]> *\/\n<\/script>\n","thumbnail_url":"https:\/\/swissbaker.ch\/wp-content\/uploads\/2022\/03\/zentralvorstand_in_kuerze-5.jpeg","thumbnail_width":800,"thumbnail_height":474,"description":"En fin d\u2019ann\u00e9e, le comit\u00e9 central de l\u2019Association suisse des patrons boulangers-confiseurs (BCS) se r\u00e9unit g\u00e9n\u00e9ralement pour une s\u00e9ance de deux jours \u00e0 l\u2019Ecole professionnelle Richemont de Lucerne. La s\u00e9ance en question n\u2019a pas eu lieu en raison de la situation actuelle li\u00e9e au coronavirus; une vid\u00e9oconf\u00e9rence a \u00e9t\u00e9 r\u00e9alis\u00e9e avec un programme r\u00e9duit, la r\u00e9union de deux jours \u00e9tant [&hellip;]"}