{"version":"1.0","provider_name":"SBC","provider_url":"https:\/\/swissbaker.ch\/fr\/","author_name":"azureart","author_url":"https:\/\/swissbaker.ch\/fr\/panissimo-news\/author\/pixel-ahoi\/","title":"Classique, v\u00e9gane, r\u00e9gionale et saisonni\u00e8re","type":"rich","width":600,"height":338,"html":"<blockquote class=\"wp-embedded-content\" data-secret=\"KhO4OJ3Ez0\"><a href=\"https:\/\/swissbaker.ch\/fr\/panissimo-news\/classique-vegane-regionale-et-saisonniere\/\">Classique, v\u00e9gane, r\u00e9gionale et saisonni\u00e8re<\/a><\/blockquote><iframe sandbox=\"allow-scripts\" security=\"restricted\" src=\"https:\/\/swissbaker.ch\/fr\/panissimo-news\/classique-vegane-regionale-et-saisonniere\/embed\/#?secret=KhO4OJ3Ez0\" width=\"600\" height=\"338\" title=\"&#8220;Classique, v\u00e9gane, r\u00e9gionale et saisonni\u00e8re&#8221; &#8212; SBC\" data-secret=\"KhO4OJ3Ez0\" frameborder=\"0\" marginwidth=\"0\" marginheight=\"0\" scrolling=\"no\" class=\"wp-embedded-content\"><\/iframe><script type=\"text\/javascript\">\n\/* <![CDATA[ *\/\n\/*! This file is auto-generated *\/\n!function(d,l){\"use strict\";l.querySelector&&d.addEventListener&&\"undefined\"!=typeof URL&&(d.wp=d.wp||{},d.wp.receiveEmbedMessage||(d.wp.receiveEmbedMessage=function(e){var t=e.data;if((t||t.secret||t.message||t.value)&&!\/[^a-zA-Z0-9]\/.test(t.secret)){for(var s,r,n,a=l.querySelectorAll('iframe[data-secret=\"'+t.secret+'\"]'),o=l.querySelectorAll('blockquote[data-secret=\"'+t.secret+'\"]'),c=new RegExp(\"^https?:$\",\"i\"),i=0;i<o.length;i++)o[i].style.display=\"none\";for(i=0;i<a.length;i++)s=a[i],e.source===s.contentWindow&&(s.removeAttribute(\"style\"),\"height\"===t.message?(1e3<(r=parseInt(t.value,10))?r=1e3:~~r<200&&(r=200),s.height=r):\"link\"===t.message&&(r=new URL(s.getAttribute(\"src\")),n=new URL(t.value),c.test(n.protocol))&&n.host===r.host&&l.activeElement===s&&(d.top.location.href=t.value))}},d.addEventListener(\"message\",d.wp.receiveEmbedMessage,!1),l.addEventListener(\"DOMContentLoaded\",function(){for(var e,t,s=l.querySelectorAll(\"iframe.wp-embedded-content\"),r=0;r<s.length;r++)(t=(e=s[r]).getAttribute(\"data-secret\"))||(t=Math.random().toString(36).substring(2,12),e.src+=\"#?secret=\"+t,e.setAttribute(\"data-secret\",t)),e.contentWindow.postMessage({message:\"ready\",secret:t},\"*\")},!1)))}(window,document);\n\/\/# sourceURL=https:\/\/swissbaker.ch\/wp-includes\/js\/wp-embed.min.js\n\/* ]]> *\/\n<\/script>\n","thumbnail_url":"https:\/\/swissbaker.ch\/wp-content\/uploads\/2022\/03\/14_1_gelato_header.jpeg","thumbnail_width":800,"thumbnail_height":474,"description":"Les \u00ab\u2009gelaterias\u2009\u00bb ont enfin repris vie, pour le plus grand bonheur des petits et grands. \u00ab\u2009panissimo\u2009\u00bb s\u2019est entretenu sur la qualit\u00e9, les tendances et l\u2019artisanat avec quatre artisans du secteur. Un ar\u00f4me cors\u00e9 et un point de fusion optimal Thomas Enzen, propri\u00e9taire de la \u00ab\u2009gelateria\u2009\u00bb S-Enzen sur la terrasse de la Coll\u00e9giale \u00e0 Berne, mise sur des fruits de saison [&hellip;]"}