{"version":"1.0","provider_name":"SBC","provider_url":"https:\/\/swissbaker.ch\/fr\/","author_name":"Elina Laich","author_url":"https:\/\/swissbaker.ch\/fr\/panissimo-news\/author\/elina-laich\/","title":"\u00ab\u2009C'est une fiert\u00e9\u2009\u00bb","type":"rich","width":600,"height":338,"html":"<blockquote class=\"wp-embedded-content\" data-secret=\"0Lkj63X61G\"><a href=\"https:\/\/swissbaker.ch\/fr\/panissimo-news\/cest-une-fierte\/\">\u00ab\u2009C&#8217;est une fiert\u00e9\u2009\u00bb<\/a><\/blockquote><iframe sandbox=\"allow-scripts\" security=\"restricted\" src=\"https:\/\/swissbaker.ch\/fr\/panissimo-news\/cest-une-fierte\/embed\/#?secret=0Lkj63X61G\" width=\"600\" height=\"338\" title=\"&#8220;\u00ab\u2009C&#8217;est une fiert\u00e9\u2009\u00bb&#8221; &#8212; SBC\" data-secret=\"0Lkj63X61G\" frameborder=\"0\" marginwidth=\"0\" marginheight=\"0\" scrolling=\"no\" class=\"wp-embedded-content\"><\/iframe><script type=\"text\/javascript\">\n\/* <![CDATA[ *\/\n\/*! This file is auto-generated *\/\n!function(d,l){\"use strict\";l.querySelector&&d.addEventListener&&\"undefined\"!=typeof URL&&(d.wp=d.wp||{},d.wp.receiveEmbedMessage||(d.wp.receiveEmbedMessage=function(e){var t=e.data;if((t||t.secret||t.message||t.value)&&!\/[^a-zA-Z0-9]\/.test(t.secret)){for(var s,r,n,a=l.querySelectorAll('iframe[data-secret=\"'+t.secret+'\"]'),o=l.querySelectorAll('blockquote[data-secret=\"'+t.secret+'\"]'),c=new RegExp(\"^https?:$\",\"i\"),i=0;i<o.length;i++)o[i].style.display=\"none\";for(i=0;i<a.length;i++)s=a[i],e.source===s.contentWindow&&(s.removeAttribute(\"style\"),\"height\"===t.message?(1e3<(r=parseInt(t.value,10))?r=1e3:~~r<200&&(r=200),s.height=r):\"link\"===t.message&&(r=new URL(s.getAttribute(\"src\")),n=new URL(t.value),c.test(n.protocol))&&n.host===r.host&&l.activeElement===s&&(d.top.location.href=t.value))}},d.addEventListener(\"message\",d.wp.receiveEmbedMessage,!1),l.addEventListener(\"DOMContentLoaded\",function(){for(var e,t,s=l.querySelectorAll(\"iframe.wp-embedded-content\"),r=0;r<s.length;r++)(t=(e=s[r]).getAttribute(\"data-secret\"))||(t=Math.random().toString(36).substring(2,12),e.src+=\"#?secret=\"+t,e.setAttribute(\"data-secret\",t)),e.contentWindow.postMessage({message:\"ready\",secret:t},\"*\")},!1)))}(window,document);\n\/\/# sourceURL=https:\/\/swissbaker.ch\/wp-includes\/js\/wp-embed.min.js\n\/* ]]> *\/\n<\/script>\n","thumbnail_url":"https:\/\/swissbaker.ch\/wp-content\/uploads\/2022\/06\/1_kongress_22-71-scaled.jpg","thumbnail_width":2048,"thumbnail_height":1366,"description":"Le boulanger \u00ab\u2009Eigenbr\u00f6tler\u2009\u00bb de Wauwil (LU), Daniel Amrein, a remport\u00e9 le titre de la couronne boulang\u00e8re, lors du congr\u00e8s de la BCS. En compagnie de Jovi\u2019s glutenfreie B\u00e4ckerei \u00e0 Berne, la boulangerie P. Cl\u00e9ment \u00e0 Daillens (VD) est aussi mont\u00e9e sur le podium. Entretien avec son propri\u00e9taire Pascal Cl\u00e9ment\u2026 F\u00e9licitations Pascal Cl\u00e9ment&nbsp;! Vous ne portez pas la couronne boulang\u00e8re, mais [&hellip;]"}